{"id":112814,"date":"2024-08-27T09:13:13","date_gmt":"2024-08-27T07:13:13","guid":{"rendered":"https:\/\/gitesdewallonie.be\/hebergements\/%type%\/%region%\/gite-du-plateau-ciel\/"},"modified":"2024-08-27T09:13:13","modified_gmt":"2024-08-27T07:13:13","slug":"gite-du-plateau-ciel","status":"publish","type":"lodging","link":"https:\/\/gitesdewallonie.be\/en\/find-an-accommodation\/accommodation\/profondeville\/gite-du-plateau-ciel\/","title":{"rendered":"G\u00eete du Plateau: Ciel"},"content":{"rendered":"","protected":false},"template":"","meta":{"lodging_type":"gite","lodging_UID":"8ddbb69eb48c4da8b9ee0a4fd068b8da","lodging_pk":"356","lodging_description_fr":"<p>Dans les annexes d'une ancienne fermette typique de la vall\u00e9e namuroise, deux g\u00eetes dont un sp\u00e9cialement adapt\u00e9 et \u00e9quip\u00e9 pour personnes \u00e0 mobilit\u00e9 r\u00e9duite.\r\nPotager et jardin d'agr\u00e9ment avec \u00e9quipements de loisirs pour enfants.<\/p><p>Endroit isol\u00e9, tr\u00e8s calme \u00e0 l'or\u00e9e du bois. \r\nTerrasse priv\u00e9e \u00e0 l'\u00e9tage, parking ais\u00e9, nombreuses promenades.\r\nVolont\u00e9 de s'inscrire dans le tourisme durable: panneaux solaires pour production d'eau chaude, r\u00e9cup\u00e9ration eau de pluie, panneaux photovolta\u00efques, compost.\r\nVerger et potager bio :environnement ouvert sur la campagne, pr\u00e9sence d'animaux domestiques (poules, moutons, \u00e2ne, chevaux..)\r\nFaune et flore sauvage aux alentours.\r\nLes abords de l'h\u00e9bergement sont particuli\u00e8rement adapt\u00e9s aux familles avec enfants jeunes et moins jeunes: vaste espace de jeux pour les enfants, acc\u00e8s possible (sous conditions) aux infrastructures priv\u00e9es: tennis, p\u00e9tanque, piscine\/\u00e9tang.<\/p>","lodging_description_nl":"<p>Twee gites in de bijgebouwen van een oude fermette, typisch voor de Naamse valleien. Een van beide gites is speciaal aangepast en uitgerust voor personen met beperkte mobiliteit.\r\nMoestuin en siertuin met recreatiemogelijkheden voor kinderen.<\/p><p>Afgelegen, zeer rustige plek aan de rand van het bos.\r\nEigen terras boven, makkelijk parkeren, veel wandelmogelijkheden.\r\nEngagement voor duurzaam toerisme: zonnepanelen voor warmwaterproductie, regenwaterrecuperatie, fotovolta\u00efsche panelen, compost.\r\nBoomgaard en biologische moestuin: omgeving open naar het platteland, aanwezigheid van huisdieren (kippen, schapen, ezels, paarden, enz.)\r\nWilde fauna en flora in de omgeving.\r\nDe omgeving van onze accommodatie is perfect voor gezinnen met jonge en oude kinderen: grote speelruimte voor kinderen, mogelijke toegang (onder voorwaarden) tot priv\u00e9faciliteiten: tennis, petanquebaan, zwembad\/vijver.<\/p>","lodging_description_en":"<p>WIthin the outhouses of a small and old typical farm of the Namur Valley, you can find 2 holiday homes with everything you need, especially for guests with reduced mobility.\r\nThere is a vegetable patch and garden with lots of things to play with for your children.<\/p><p>Nicely tucked away near the edge of the woodlands, you also have the comfort of a private terrace, lots of parking space and numerous possibilities for walks.\r\nWith a push to make this tourist destination a durable one, there are solar panels for hot water, a rainwater collector, photovoltaic cells and a composter.\r\nThere is also an organic vegetable patch and an orchard with the additional presence of domesticated animals (chickens, sheep, a donkey, horses and more).\r\nPlenty of flora and fauna in the surrounding area.\r\nThere is a large playing area for children. Subject to terms and conditions, there is additional access to private facilities such as the tennis court, bowling green, the swimming pool\/lake.<\/p>","lodging_email":"","lodging_website":"http:\/\/www.gitesduplateau.be","lodging_lat":"50.378148911858","lodging_lng":"4.8433828353882","lodging_locality":"Bois-de-Villers","lodging_commune":"Profondeville","lodging_owner":"9eff138567484aeab4cd76ab6f4fcb2a","lodging_zip_code":"5170","lodging_street":"Rue L\u00e9on Dosimont","lodging_number":"61","lodging_ranking":"2","lodging_accessi_url":"","lodging_gallery":"","lodging_elloha_product_id":"","lodging_elloha_offer_id":"","lodging_elloha_id":"","lodging_elloha_price_from":"","lodging_experience_title_fr":"","lodging_experience_title_nl":"","lodging_experience_title_en":"","lodging_experience_content_fr":"","lodging_experience_content_nl":"","lodging_experience_content_en":"","lodging_expert_content_fr":"","lodging_expert_content_nl":"","lodging_expert_content_en":"","lodging_expert_id":"","lodging_testimonials_tripadvisor":"","lodging_testimonials_google":"","lodging_testimonials_booking":"","lodging_real_min_capacity":"","lodging_max_capacity":"7","lodging_min_capacity":"5","lodging_min_night":"","lodging_number_of_bathrooms":"1","lodging_number_of_bedrooms":"2","lodging_number_of_levels":"2","lodging_smoking_accommodation":"","lodging_surface_area":"98","lodging_animals_accepted":"","lodging_peb_class":"A","lodging_peb_code":"20200605018950","lodging_peb_primary":"48","lodging_peb_total":"4686","lodging_nearby_distance":"","lodging_room_description":"{\"salon-salle-a-manger\":1,\"coin-cuisine\":1,\"salle-de-bain\":1}","lodging_other_informations":"{\"a-emporter\":{\"en\":\"Bath towels and kitchen towels not provided.rnBed sheets and covers are provided for you.\",\"fr\":\"Essuies de bain et de cuisine non fournis.rnLiterie et draps de lit fournis.\",\"nl\":\"Bad- en keukenlinnen zijn niet aanwezig.rnBeddengoed en lakens zijn wel aanwezig.\"},\"heure-darrivee\":{\"en\":\"Between 6 PM to 8 PM.\",\"fr\":\"entre 18 et 20 h\",\"nl\":\"tussen 18u en 20u\"},\"heure-de-depart\":{\"en\":\"2 pm at the latest\",\"fr\":\"14h au plus tard\",\"nl\":\"uiterlijk om 14u\"}}","lodging_charge":"","lodging_charge_amount":"","lodging_code_cgt":"GRNA3633","lodging_bedding":"[{\"roomtype\":\"chambre\",\"bedding\":[\"1-lit-double-ou-2-lits-simples\"]},{\"roomtype\":\"chambre\",\"bedding\":[\"3-lits-simples\"]},{\"roomtype\":\"salon\",\"bedding\":[\"1-canape-convertible\"]}]","lodging_lodgings_relation":"","lodging_hosting_advantages":"[\"terrasse\"]","lodging_3dvue":"","lodging_video":"","lodging_streetview":"","lodging_percent":"{\"peb\":100,\"other_informations\":100,\"localisation\":100,\"rates\":{\"2025\":100,\"2026\":0,\"2027\":0},\"general\":83,\"equipments\":100,\"medias\":100,\"total\":76}","lodging_mentions":"[]"},"lodging_type":[33],"lodging_official_category":[4563],"lodging_subtype":[],"lodging_situation":[8909,8910,8912],"lodging_layout":[420],"lodging_bedding":[],"lodging_additional_rate_type":[],"lodging_external_equipment":[9082,8893,8896,9005,9163,8897,8898,8899],"lodging_household_appliances":[9001,8882,9020,9002,8884,8885,8886,8887,8888,9003,8889,9004,8891],"lodging_interior_equipment":[8875,8999,8877,9000,8879,8880,8881],"lodging_sport_and_leisure":[9167,8900,9117,8901,9214,9118,9100,9161,9162],"lodging_type_of_stay":[9057],"lodging_adapted_to":[],"lodging_wellness":[],"lodging_baby":[9099,8904,8905,8906,9089],"lodging_business_mice":[],"lodging_accessibility":[],"lodging_nearby":[],"lodging_car_motorcycle_bike":[8908],"lodging_room_type":[],"lodging_thematic":[],"lodging_status":[167],"lodging_other_informations":[],"class_list":["post-112814","lodging","type-lodging","status-publish","hentry","lodging_type-gite","lodging_official_category-gite","lodging_situation-a-la-campagne","lodging_situation-au-bord-de-la-foret","lodging_situation-au-bord-des-champs","lodging_layout-hebergement-mitoyen","lodging_external_equipment-balcon","lodging_external_equipment-barbecue","lodging_external_equipment-jardin","lodging_external_equipment-jardin-cloture","lodging_external_equipment-potager","lodging_external_equipment-salon-de-jardin","lodging_external_equipment-terrasse","lodging_external_equipment-verger","lodging_household_appliances-aspirateur","lodging_household_appliances-bouilloire-electrique","lodging_household_appliances-cafetiere","lodging_household_appliances-fer-et-table-a-repasser","lodging_household_appliances-four","lodging_household_appliances-grille-pain","lodging_household_appliances-lave-linge","lodging_household_appliances-lave-vaisselle","lodging_household_appliances-machine-a-cafe","lodging_household_appliances-micro-ondes","lodging_household_appliances-mixeur","lodging_household_appliances-plaque-de-cuisson-vitroceramique","lodging_household_appliances-refrigerateur","lodging_interior_equipment-feu-ouvert","lodging_interior_equipment-lecteur-dvd","lodging_interior_equipment-penderie","lodging_interior_equipment-radio","lodging_interior_equipment-seche-cheveux","lodging_interior_equipment-television","lodging_interior_equipment-wi-fi","lodging_sport_and_leisure-bac-a-sable","lodging_sport_and_leisure-badminton","lodging_sport_and_leisure-billard","lodging_sport_and_leisure-jeux-de-societe","lodging_sport_and_leisure-panier-de-basket","lodging_sport_and_leisure-salle-de-jeux","lodging_sport_and_leisure-table-de-ping-pong","lodging_sport_and_leisure-toboggan","lodging_sport_and_leisure-trampoline","lodging_type_of_stay-en-famille","lodging_baby-baignoire-bebe","lodging_baby-chaise-pour-enfant","lodging_baby-chauffe-biberon","lodging_baby-lit-bebe","lodging_baby-table-a-langer","lodging_car_motorcycle_bike-parking-prive","lodging_status-published"],"yoast_head":"<!-- This site is optimized with the Yoast SEO Premium plugin v26.7 (Yoast SEO v26.7) - https:\/\/yoast.com\/wordpress\/plugins\/seo\/ -->\n<title>G\u00eete du Plateau: Ciel - gitesdewallonie.be<\/title>\n<meta name=\"robots\" content=\"index, follow, max-snippet:-1, max-image-preview:large, max-video-preview:-1\" \/>\n<link rel=\"canonical\" href=\"https:\/\/gitesdewallonie.be\/en\/find-an-accommodation\/accommodation\/profondeville\/gite-du-plateau-ciel\/\" \/>\n<meta property=\"og:locale\" content=\"en_US\" \/>\n<meta property=\"og:type\" content=\"article\" \/>\n<meta property=\"og:title\" content=\"G\u00eete du Plateau: Ciel\" \/>\n<meta property=\"og:url\" content=\"https:\/\/gitesdewallonie.be\/en\/find-an-accommodation\/accommodation\/profondeville\/gite-du-plateau-ciel\/\" \/>\n<meta property=\"og:site_name\" content=\"gitesdewallonie.be\" \/>\n<meta property=\"article:publisher\" content=\"https:\/\/www.facebook.com\/GitesdeWallonie\" \/>\n<meta name=\"twitter:card\" content=\"summary_large_image\" \/>\n<script type=\"application\/ld+json\" class=\"yoast-schema-graph\">{\"@context\":\"https:\/\/schema.org\",\"@graph\":[{\"@type\":\"WebPage\",\"@id\":\"https:\/\/gitesdewallonie.be\/en\/find-an-accommodation\/accommodation\/profondeville\/gite-du-plateau-ciel\/\",\"url\":\"https:\/\/gitesdewallonie.be\/en\/find-an-accommodation\/accommodation\/profondeville\/gite-du-plateau-ciel\/\",\"name\":\"G\u00eete du Plateau: Ciel - gitesdewallonie.be\",\"isPartOf\":{\"@id\":\"https:\/\/gitesdewallonie.be\/en\/#website\"},\"datePublished\":\"2024-08-27T07:13:13+00:00\",\"breadcrumb\":{\"@id\":\"https:\/\/gitesdewallonie.be\/en\/find-an-accommodation\/accommodation\/profondeville\/gite-du-plateau-ciel\/#breadcrumb\"},\"inLanguage\":\"en-US\",\"potentialAction\":[{\"@type\":\"ReadAction\",\"target\":[\"https:\/\/gitesdewallonie.be\/en\/find-an-accommodation\/accommodation\/profondeville\/gite-du-plateau-ciel\/\"]}]},{\"@type\":\"BreadcrumbList\",\"@id\":\"https:\/\/gitesdewallonie.be\/en\/find-an-accommodation\/accommodation\/profondeville\/gite-du-plateau-ciel\/#breadcrumb\",\"itemListElement\":[{\"@type\":\"ListItem\",\"position\":1,\"name\":\"Accueil\",\"item\":\"https:\/\/gitesdewallonie.be\/en\/\"},{\"@type\":\"ListItem\",\"position\":2,\"name\":\"H\u00e9bergements\",\"item\":\"https:\/\/gitesdewallonie.be\/en\/hebergements\/%type%\/%region%\/\"},{\"@type\":\"ListItem\",\"position\":3,\"name\":\"G\u00eete du Plateau: Ciel\"}]},{\"@type\":\"WebSite\",\"@id\":\"https:\/\/gitesdewallonie.be\/en\/#website\",\"url\":\"https:\/\/gitesdewallonie.be\/en\/\",\"name\":\"F\u00e9d\u00e9ration des G\u00eetes et Chambres d'h\u00f4tes de Wallonie\",\"description\":\"\",\"publisher\":{\"@id\":\"https:\/\/gitesdewallonie.be\/en\/#organization\"},\"potentialAction\":[{\"@type\":\"SearchAction\",\"target\":{\"@type\":\"EntryPoint\",\"urlTemplate\":\"https:\/\/gitesdewallonie.be\/en\/?s={search_term_string}\"},\"query-input\":{\"@type\":\"PropertyValueSpecification\",\"valueRequired\":true,\"valueName\":\"search_term_string\"}}],\"inLanguage\":\"en-US\"},{\"@type\":\"Organization\",\"@id\":\"https:\/\/gitesdewallonie.be\/en\/#organization\",\"name\":\"F\u00e9d\u00e9ration des G\u00eetes et Chambres d'h\u00f4tes de Wallonie\",\"alternateName\":\"GDW\",\"url\":\"https:\/\/gitesdewallonie.be\/en\/\",\"logo\":{\"@type\":\"ImageObject\",\"inLanguage\":\"en-US\",\"@id\":\"https:\/\/gitesdewallonie.be\/en\/#\/schema\/logo\/image\/\",\"url\":\"https:\/\/gitesdewallonie.be\/wp-content\/uploads\/2024\/08\/logo-gdw.svg\",\"contentUrl\":\"https:\/\/gitesdewallonie.be\/wp-content\/uploads\/2024\/08\/logo-gdw.svg\",\"caption\":\"F\u00e9d\u00e9ration des G\u00eetes et Chambres d'h\u00f4tes de Wallonie\"},\"image\":{\"@id\":\"https:\/\/gitesdewallonie.be\/en\/#\/schema\/logo\/image\/\"},\"sameAs\":[\"https:\/\/www.facebook.com\/GitesdeWallonie\",\"https:\/\/www.instagram.com\/gitesdewallonie.be\/\"]}]}<\/script>\n<!-- \/ Yoast SEO Premium plugin. -->","yoast_head_json":{"title":"G\u00eete du Plateau: Ciel - gitesdewallonie.be","robots":{"index":"index","follow":"follow","max-snippet":"max-snippet:-1","max-image-preview":"max-image-preview:large","max-video-preview":"max-video-preview:-1"},"canonical":"https:\/\/gitesdewallonie.be\/en\/find-an-accommodation\/accommodation\/profondeville\/gite-du-plateau-ciel\/","og_locale":"en_US","og_type":"article","og_title":"G\u00eete du Plateau: Ciel","og_url":"https:\/\/gitesdewallonie.be\/en\/find-an-accommodation\/accommodation\/profondeville\/gite-du-plateau-ciel\/","og_site_name":"gitesdewallonie.be","article_publisher":"https:\/\/www.facebook.com\/GitesdeWallonie","twitter_card":"summary_large_image","schema":{"@context":"https:\/\/schema.org","@graph":[{"@type":"WebPage","@id":"https:\/\/gitesdewallonie.be\/en\/find-an-accommodation\/accommodation\/profondeville\/gite-du-plateau-ciel\/","url":"https:\/\/gitesdewallonie.be\/en\/find-an-accommodation\/accommodation\/profondeville\/gite-du-plateau-ciel\/","name":"G\u00eete du Plateau: Ciel - gitesdewallonie.be","isPartOf":{"@id":"https:\/\/gitesdewallonie.be\/en\/#website"},"datePublished":"2024-08-27T07:13:13+00:00","breadcrumb":{"@id":"https:\/\/gitesdewallonie.be\/en\/find-an-accommodation\/accommodation\/profondeville\/gite-du-plateau-ciel\/#breadcrumb"},"inLanguage":"en-US","potentialAction":[{"@type":"ReadAction","target":["https:\/\/gitesdewallonie.be\/en\/find-an-accommodation\/accommodation\/profondeville\/gite-du-plateau-ciel\/"]}]},{"@type":"BreadcrumbList","@id":"https:\/\/gitesdewallonie.be\/en\/find-an-accommodation\/accommodation\/profondeville\/gite-du-plateau-ciel\/#breadcrumb","itemListElement":[{"@type":"ListItem","position":1,"name":"Accueil","item":"https:\/\/gitesdewallonie.be\/en\/"},{"@type":"ListItem","position":2,"name":"H\u00e9bergements","item":"https:\/\/gitesdewallonie.be\/en\/hebergements\/%type%\/%region%\/"},{"@type":"ListItem","position":3,"name":"G\u00eete du Plateau: Ciel"}]},{"@type":"WebSite","@id":"https:\/\/gitesdewallonie.be\/en\/#website","url":"https:\/\/gitesdewallonie.be\/en\/","name":"F\u00e9d\u00e9ration des G\u00eetes et Chambres d'h\u00f4tes de Wallonie","description":"","publisher":{"@id":"https:\/\/gitesdewallonie.be\/en\/#organization"},"potentialAction":[{"@type":"SearchAction","target":{"@type":"EntryPoint","urlTemplate":"https:\/\/gitesdewallonie.be\/en\/?s={search_term_string}"},"query-input":{"@type":"PropertyValueSpecification","valueRequired":true,"valueName":"search_term_string"}}],"inLanguage":"en-US"},{"@type":"Organization","@id":"https:\/\/gitesdewallonie.be\/en\/#organization","name":"F\u00e9d\u00e9ration des G\u00eetes et Chambres d'h\u00f4tes de Wallonie","alternateName":"GDW","url":"https:\/\/gitesdewallonie.be\/en\/","logo":{"@type":"ImageObject","inLanguage":"en-US","@id":"https:\/\/gitesdewallonie.be\/en\/#\/schema\/logo\/image\/","url":"https:\/\/gitesdewallonie.be\/wp-content\/uploads\/2024\/08\/logo-gdw.svg","contentUrl":"https:\/\/gitesdewallonie.be\/wp-content\/uploads\/2024\/08\/logo-gdw.svg","caption":"F\u00e9d\u00e9ration des G\u00eetes et Chambres d'h\u00f4tes de Wallonie"},"image":{"@id":"https:\/\/gitesdewallonie.be\/en\/#\/schema\/logo\/image\/"},"sameAs":["https:\/\/www.facebook.com\/GitesdeWallonie","https:\/\/www.instagram.com\/gitesdewallonie.be\/"]}]}},"_links":{"self":[{"href":"https:\/\/gitesdewallonie.be\/en\/wp-json\/wp\/v2\/lodging\/112814","targetHints":{"allow":["GET"]}}],"collection":[{"href":"https:\/\/gitesdewallonie.be\/en\/wp-json\/wp\/v2\/lodging"}],"about":[{"href":"https:\/\/gitesdewallonie.be\/en\/wp-json\/wp\/v2\/types\/lodging"}],"wp:attachment":[{"href":"https:\/\/gitesdewallonie.be\/en\/wp-json\/wp\/v2\/media?parent=112814"}],"wp:term":[{"taxonomy":"lodging_type","embeddable":true,"href":"https:\/\/gitesdewallonie.be\/en\/wp-json\/wp\/v2\/lodging_type?post=112814"},{"taxonomy":"lodging_official_category","embeddable":true,"href":"https:\/\/gitesdewallonie.be\/en\/wp-json\/wp\/v2\/lodging_official_category?post=112814"},{"taxonomy":"lodging_subtype","embeddable":true,"href":"https:\/\/gitesdewallonie.be\/en\/wp-json\/wp\/v2\/lodging_subtype?post=112814"},{"taxonomy":"lodging_situation","embeddable":true,"href":"https:\/\/gitesdewallonie.be\/en\/wp-json\/wp\/v2\/lodging_situation?post=112814"},{"taxonomy":"lodging_layout","embeddable":true,"href":"https:\/\/gitesdewallonie.be\/en\/wp-json\/wp\/v2\/lodging_layout?post=112814"},{"taxonomy":"lodging_bedding","embeddable":true,"href":"https:\/\/gitesdewallonie.be\/en\/wp-json\/wp\/v2\/lodging_bedding?post=112814"},{"taxonomy":"lodging_additional_rate_type","embeddable":true,"href":"https:\/\/gitesdewallonie.be\/en\/wp-json\/wp\/v2\/lodging_additional_rate_type?post=112814"},{"taxonomy":"lodging_external_equipment","embeddable":true,"href":"https:\/\/gitesdewallonie.be\/en\/wp-json\/wp\/v2\/lodging_external_equipment?post=112814"},{"taxonomy":"lodging_household_appliances","embeddable":true,"href":"https:\/\/gitesdewallonie.be\/en\/wp-json\/wp\/v2\/lodging_household_appliances?post=112814"},{"taxonomy":"lodging_interior_equipment","embeddable":true,"href":"https:\/\/gitesdewallonie.be\/en\/wp-json\/wp\/v2\/lodging_interior_equipment?post=112814"},{"taxonomy":"lodging_sport_and_leisure","embeddable":true,"href":"https:\/\/gitesdewallonie.be\/en\/wp-json\/wp\/v2\/lodging_sport_and_leisure?post=112814"},{"taxonomy":"lodging_type_of_stay","embeddable":true,"href":"https:\/\/gitesdewallonie.be\/en\/wp-json\/wp\/v2\/lodging_type_of_stay?post=112814"},{"taxonomy":"lodging_adapted_to","embeddable":true,"href":"https:\/\/gitesdewallonie.be\/en\/wp-json\/wp\/v2\/lodging_adapted_to?post=112814"},{"taxonomy":"lodging_wellness","embeddable":true,"href":"https:\/\/gitesdewallonie.be\/en\/wp-json\/wp\/v2\/lodging_wellness?post=112814"},{"taxonomy":"lodging_baby","embeddable":true,"href":"https:\/\/gitesdewallonie.be\/en\/wp-json\/wp\/v2\/lodging_baby?post=112814"},{"taxonomy":"lodging_business_mice","embeddable":true,"href":"https:\/\/gitesdewallonie.be\/en\/wp-json\/wp\/v2\/lodging_business_mice?post=112814"},{"taxonomy":"lodging_accessibility","embeddable":true,"href":"https:\/\/gitesdewallonie.be\/en\/wp-json\/wp\/v2\/lodging_accessibility?post=112814"},{"taxonomy":"lodging_nearby","embeddable":true,"href":"https:\/\/gitesdewallonie.be\/en\/wp-json\/wp\/v2\/lodging_nearby?post=112814"},{"taxonomy":"lodging_car_motorcycle_bike","embeddable":true,"href":"https:\/\/gitesdewallonie.be\/en\/wp-json\/wp\/v2\/lodging_car_motorcycle_bike?post=112814"},{"taxonomy":"lodging_room_type","embeddable":true,"href":"https:\/\/gitesdewallonie.be\/en\/wp-json\/wp\/v2\/lodging_room_type?post=112814"},{"taxonomy":"lodging_thematic","embeddable":true,"href":"https:\/\/gitesdewallonie.be\/en\/wp-json\/wp\/v2\/lodging_thematic?post=112814"},{"taxonomy":"lodging_status","embeddable":true,"href":"https:\/\/gitesdewallonie.be\/en\/wp-json\/wp\/v2\/lodging_status?post=112814"},{"taxonomy":"lodging_other_informations","embeddable":true,"href":"https:\/\/gitesdewallonie.be\/en\/wp-json\/wp\/v2\/lodging_other_informations?post=112814"}],"curies":[{"name":"wp","href":"https:\/\/api.w.org\/{rel}","templated":true}]}}