{"id":112815,"date":"2024-08-27T09:13:14","date_gmt":"2024-08-27T07:13:14","guid":{"rendered":"https:\/\/gitesdewallonie.be\/hebergements\/%type%\/%region%\/gite-du-plateau-terre\/"},"modified":"2024-08-27T09:13:14","modified_gmt":"2024-08-27T07:13:14","slug":"gite-du-plateau-terre","status":"publish","type":"lodging","link":"https:\/\/gitesdewallonie.be\/en\/find-an-accommodation\/accommodation\/profondeville\/gite-du-plateau-terre\/","title":{"rendered":"G\u00eete du Plateau: Terre"},"content":{"rendered":"","protected":false},"template":"","meta":{"lodging_type":"gite","lodging_UID":"69a4bff39fe6430481a65c9a13064041","lodging_pk":"355","lodging_description_fr":"<p>Dans les annexes d'une ancienne fermette typique de la vall\u00e9e namuroise, deux g\u00eetes dont un sp\u00e9cialement adapt\u00e9 et \u00e9quip\u00e9 pour personnes \u00e0 mobilit\u00e9 r\u00e9duite. Potager et jardin d'agr\u00e9ment avec \u00e9quipements de loisirs pour enfants.<\/p><p>Endroit isol\u00e9, tr\u00e8s calme \u00e0 l'or\u00e9e du bois. \r\nHabitation de plein pied adapt\u00e9e et \u00e9quip\u00e9e pour PMR (personnes \u00e0 mobilit\u00e9 r\u00e9duite) exemples: salle de bain, cuisine, portes, lit, espaces de d\u00e9placements.\r\nTerrasse spacieuse individuelle, acc\u00e8s et parking ais\u00e9. Nombreuses promenades accessibles.\r\nG\u00eete labellis\u00e9 \"Cl\u00e9 verte\"; panneaux pour production eau chaude, r\u00e9cup\u00e9ration eau de pluie, panneaux photovolta\u00efques,  \r\nVerger et potager bio; environnement  ouvert sur la campagne, pr\u00e9sence d'animaux domestiques (poules, moutons, \u00e2ne, chevaux,...) Faune et flore sauvage aux alentours.\r\nLes abords de l'h\u00e9bergement sont particuli\u00e8rement adapt\u00e9s aux familles avec enfants jeunes et moins jeunes: vaste zone de jeux pour enfants: acc\u00e8s possibles aux infrastructures priv\u00e9es (sous conditions): tennis, piste de p\u00e9tanque, piscine\/\u00e9tang.<\/p>","lodging_description_nl":"<p>Twee g\u00eetes in de bijgebouwen van een oude boerderij die typisch is voor de vallei van Namen, waarvan er \u00e9\u00e9n speciaal is aangepast en uitgerust voor mensen met beperkte mobiliteit. Moestuin en siertuin met recreatiemogelijkheden voor kinderen.<\/p><p>Afgelegen, zeer rustige plek aan de rand van het bos.\r\nGelijkvloers huis aangepast en uitgerust voor mensen met beperkte mobiliteit; bv.: badkamer, keuken, deuren, bed, gangen.\r\nRuim individueel terras, gemakkelijke toegang en parkeergelegenheid. Veel toegankelijke wandelingen.\r\nHuisje met het label \"Cl\u00e9 verte\"; zonnepanelen voor warmwaterproductie, regenwaterrecuperatie, fotovolta\u00efsche panelen\u2026\r\nBiologische boomgaard en moestuin; omgeving open naar het platteland, aanwezigheid van huisdieren (kippen, schapen, ezels, paarden, ...). Wilde fauna en flora in de omgeving.\r\nDe omgeving van de accommodatie is bijzonder geschikt voor gezinnen met jonge en iets oudere kinderen: grote speelruimte voor kinderen; mogelijke toegang tot priv\u00e9-infrastructuur (onder voorwaarden): tennis, petanquebaan, zwembad \/ vijver.<\/p>","lodging_description_en":"<p>Within the outhouses of a small and old typical farm of the Namur Valley, you can find 2 well-equipped holiday homes with one specially adapted for guests with reduced mobility.\r\nThere is a vegetable patch and garden with lots of things to play with for your children.<\/p><p>Nicely tucked away near the edge of the woodlands, you can find a dwelling on the ground floor level that is perfectly adapted for guests with reduced mobility. There are also large individual terraces with easy access to the parking spaces. There are many accessible walking paths. \r\nThis holiday home is labelled \u201ccl\u00e9 verte\u201d (green key) due to the presence of solar panels for hot water, the rainwater collector, photovoltaic cells, composter... organic vegetable patch and orchard. The place opens onto the countryside with the presence of domesticated animals such as chickens, sheep, donkeys, horses and more. There is lots of wild flora and fauna in the surrounding area. The nearby surroundings are particularly adapted to families with young children and less young ones. There is a large playzone for kids as well as possible access to private structures (subject to terms and conditions) such as the tennis court, the bowling green and the swimming pool\/lake.<\/p>","lodging_email":"","lodging_website":"http:\/\/www.gitesduplateau.be","lodging_lat":"50.3782693","lodging_lng":"4.8433522199399","lodging_locality":"Bois-de-Villers","lodging_commune":"Profondeville","lodging_owner":"9eff138567484aeab4cd76ab6f4fcb2a","lodging_zip_code":"5170","lodging_street":"Rue L\u00e9on Dosimont","lodging_number":"61","lodging_ranking":"","lodging_accessi_url":"","lodging_gallery":"","lodging_elloha_product_id":"","lodging_elloha_offer_id":"","lodging_elloha_id":"","lodging_elloha_price_from":"","lodging_experience_title_fr":"","lodging_experience_title_nl":"","lodging_experience_title_en":"","lodging_experience_content_fr":"","lodging_experience_content_nl":"","lodging_experience_content_en":"","lodging_expert_content_fr":"","lodging_expert_content_nl":"","lodging_expert_content_en":"","lodging_expert_id":"","lodging_testimonials_tripadvisor":"","lodging_testimonials_google":"","lodging_testimonials_booking":"","lodging_real_min_capacity":"","lodging_max_capacity":"6","lodging_min_capacity":"4","lodging_min_night":"1","lodging_number_of_bathrooms":"1","lodging_number_of_bedrooms":"2","lodging_number_of_levels":"1","lodging_smoking_accommodation":"","lodging_surface_area":"71","lodging_animals_accepted":"","lodging_peb_class":"AP","lodging_peb_code":"20200605017453","lodging_peb_primary":"31","lodging_peb_total":"2393","lodging_nearby_distance":"","lodging_room_description":"{\"coin-cuisine\":1,\"salon-salle-a-manger\":1,\"salle-de-bain\":1}","lodging_other_informations":"{\"a-emporter\":{\"en\":\"Bath towels and kitchen towels not provided.rnBed sheets and covers are provided for you.\",\"fr\":\"Essuies de bain et de cuisine non fournis.rnLiterie et draps de lit fournis.\",\"nl\":\"Bad- en keukenlinnen zijn niet aanwezig.rnBeddengoed en lakens zijn wel aanwezig.\"},\"heure-darrivee\":{\"en\":\"Between 6 pm and 8 pm\",\"fr\":\"Entre 18h et 20h\",\"nl\":\"Tussen 18u en 20u\"},\"heure-de-depart\":{\"en\":\"2 pm at the latest\",\"fr\":\"14h au plus tard\",\"nl\":\"uiterlijk om 14u\"}}","lodging_charge":"","lodging_charge_amount":"","lodging_code_cgt":"GRNA3632","lodging_bedding":"[{\"roomtype\":\"chambre\",\"bedding\":[\"2-lits-simples\"]},{\"roomtype\":\"chambre\",\"bedding\":[\"1-lit-double-ou-2-lits-simples\"]},{\"roomtype\":\"salon\",\"bedding\":[\"1-canape-convertible\"]}]","lodging_lodgings_relation":"","lodging_hosting_advantages":"[\"wi-fi\",\"barbecue\",\"lave-vaisselle\",\"lave-linge\"]","lodging_3dvue":"","lodging_video":"","lodging_streetview":"","lodging_percent":"{\"peb\":100,\"other_informations\":100,\"localisation\":100,\"rates\":{\"2025\":100,\"2026\":0,\"2027\":0},\"general\":83,\"equipments\":100,\"medias\":100,\"total\":76}","lodging_mentions":"[]"},"lodging_type":[33],"lodging_official_category":[4563],"lodging_subtype":[],"lodging_situation":[8909,8910,8912],"lodging_layout":[420],"lodging_bedding":[],"lodging_additional_rate_type":[],"lodging_external_equipment":[8893,9056,8896,9005,9163,8897,8898,8899],"lodging_household_appliances":[9001,8882,9020,8883,9002,8885,8886,8887,8888,9003,9114,8891],"lodging_interior_equipment":[8999,8877,9000,8879,8880,8881],"lodging_sport_and_leisure":[9167,8900,9219,8901,9214,8902,9236,9161,9162,9101],"lodging_type_of_stay":[9057],"lodging_adapted_to":[],"lodging_wellness":[],"lodging_baby":[9099,9203,8904,8905,8906,9089],"lodging_business_mice":[],"lodging_accessibility":[9150],"lodging_nearby":[],"lodging_car_motorcycle_bike":[8907,8908],"lodging_room_type":[],"lodging_thematic":[],"lodging_status":[167],"lodging_other_informations":[],"class_list":["post-112815","lodging","type-lodging","status-publish","hentry","lodging_type-gite","lodging_official_category-gite","lodging_situation-a-la-campagne","lodging_situation-au-bord-de-la-foret","lodging_situation-au-bord-des-champs","lodging_layout-hebergement-mitoyen","lodging_external_equipment-barbecue","lodging_external_equipment-cour","lodging_external_equipment-jardin","lodging_external_equipment-jardin-cloture","lodging_external_equipment-potager","lodging_external_equipment-salon-de-jardin","lodging_external_equipment-terrasse","lodging_external_equipment-verger","lodging_household_appliances-aspirateur","lodging_household_appliances-bouilloire-electrique","lodging_household_appliances-cafetiere","lodging_household_appliances-congelateur","lodging_household_appliances-fer-et-table-a-repasser","lodging_household_appliances-grille-pain","lodging_household_appliances-lave-linge","lodging_household_appliances-lave-vaisselle","lodging_household_appliances-machine-a-cafe","lodging_household_appliances-micro-ondes","lodging_household_appliances-plaque-de-cuisson-electrique","lodging_household_appliances-refrigerateur","lodging_interior_equipment-lecteur-dvd","lodging_interior_equipment-penderie","lodging_interior_equipment-radio","lodging_interior_equipment-seche-cheveux","lodging_interior_equipment-television","lodging_interior_equipment-wi-fi","lodging_sport_and_leisure-bac-a-sable","lodging_sport_and_leisure-badminton","lodging_sport_and_leisure-but-de-football","lodging_sport_and_leisure-jeux-de-societe","lodging_sport_and_leisure-panier-de-basket","lodging_sport_and_leisure-terrain-de-petanque","lodging_sport_and_leisure-terrain-de-tennis","lodging_sport_and_leisure-toboggan","lodging_sport_and_leisure-trampoline","lodging_sport_and_leisure-volley","lodging_type_of_stay-en-famille","lodging_baby-baignoire-bebe","lodging_baby-berceau","lodging_baby-chaise-pour-enfant","lodging_baby-chauffe-biberon","lodging_baby-lit-bebe","lodging_baby-table-a-langer","lodging_accessibility-logement-de-plain-pied","lodging_car_motorcycle_bike-local-a-velo","lodging_car_motorcycle_bike-parking-prive","lodging_status-published"],"yoast_head":"<!-- This site is optimized with the Yoast SEO Premium plugin v26.7 (Yoast SEO v26.7) - https:\/\/yoast.com\/wordpress\/plugins\/seo\/ -->\n<title>G\u00eete du Plateau: Terre - gitesdewallonie.be<\/title>\n<meta name=\"robots\" content=\"index, follow, max-snippet:-1, max-image-preview:large, max-video-preview:-1\" \/>\n<link rel=\"canonical\" href=\"https:\/\/gitesdewallonie.be\/en\/find-an-accommodation\/accommodation\/profondeville\/gite-du-plateau-terre\/\" \/>\n<meta property=\"og:locale\" content=\"en_US\" \/>\n<meta property=\"og:type\" content=\"article\" \/>\n<meta property=\"og:title\" content=\"G\u00eete du Plateau: Terre\" \/>\n<meta property=\"og:url\" content=\"https:\/\/gitesdewallonie.be\/en\/find-an-accommodation\/accommodation\/profondeville\/gite-du-plateau-terre\/\" \/>\n<meta property=\"og:site_name\" content=\"gitesdewallonie.be\" \/>\n<meta property=\"article:publisher\" content=\"https:\/\/www.facebook.com\/GitesdeWallonie\" \/>\n<meta name=\"twitter:card\" content=\"summary_large_image\" \/>\n<script type=\"application\/ld+json\" class=\"yoast-schema-graph\">{\"@context\":\"https:\/\/schema.org\",\"@graph\":[{\"@type\":\"WebPage\",\"@id\":\"https:\/\/gitesdewallonie.be\/en\/find-an-accommodation\/accommodation\/profondeville\/gite-du-plateau-terre\/\",\"url\":\"https:\/\/gitesdewallonie.be\/en\/find-an-accommodation\/accommodation\/profondeville\/gite-du-plateau-terre\/\",\"name\":\"G\u00eete du Plateau: Terre - gitesdewallonie.be\",\"isPartOf\":{\"@id\":\"https:\/\/gitesdewallonie.be\/en\/#website\"},\"datePublished\":\"2024-08-27T07:13:14+00:00\",\"breadcrumb\":{\"@id\":\"https:\/\/gitesdewallonie.be\/en\/find-an-accommodation\/accommodation\/profondeville\/gite-du-plateau-terre\/#breadcrumb\"},\"inLanguage\":\"en-US\",\"potentialAction\":[{\"@type\":\"ReadAction\",\"target\":[\"https:\/\/gitesdewallonie.be\/en\/find-an-accommodation\/accommodation\/profondeville\/gite-du-plateau-terre\/\"]}]},{\"@type\":\"BreadcrumbList\",\"@id\":\"https:\/\/gitesdewallonie.be\/en\/find-an-accommodation\/accommodation\/profondeville\/gite-du-plateau-terre\/#breadcrumb\",\"itemListElement\":[{\"@type\":\"ListItem\",\"position\":1,\"name\":\"Accueil\",\"item\":\"https:\/\/gitesdewallonie.be\/en\/\"},{\"@type\":\"ListItem\",\"position\":2,\"name\":\"H\u00e9bergements\",\"item\":\"https:\/\/gitesdewallonie.be\/en\/hebergements\/%type%\/%region%\/\"},{\"@type\":\"ListItem\",\"position\":3,\"name\":\"G\u00eete du Plateau: Terre\"}]},{\"@type\":\"WebSite\",\"@id\":\"https:\/\/gitesdewallonie.be\/en\/#website\",\"url\":\"https:\/\/gitesdewallonie.be\/en\/\",\"name\":\"F\u00e9d\u00e9ration des G\u00eetes et Chambres d'h\u00f4tes de Wallonie\",\"description\":\"\",\"publisher\":{\"@id\":\"https:\/\/gitesdewallonie.be\/en\/#organization\"},\"potentialAction\":[{\"@type\":\"SearchAction\",\"target\":{\"@type\":\"EntryPoint\",\"urlTemplate\":\"https:\/\/gitesdewallonie.be\/en\/?s={search_term_string}\"},\"query-input\":{\"@type\":\"PropertyValueSpecification\",\"valueRequired\":true,\"valueName\":\"search_term_string\"}}],\"inLanguage\":\"en-US\"},{\"@type\":\"Organization\",\"@id\":\"https:\/\/gitesdewallonie.be\/en\/#organization\",\"name\":\"F\u00e9d\u00e9ration des G\u00eetes et Chambres d'h\u00f4tes de Wallonie\",\"alternateName\":\"GDW\",\"url\":\"https:\/\/gitesdewallonie.be\/en\/\",\"logo\":{\"@type\":\"ImageObject\",\"inLanguage\":\"en-US\",\"@id\":\"https:\/\/gitesdewallonie.be\/en\/#\/schema\/logo\/image\/\",\"url\":\"https:\/\/gitesdewallonie.be\/wp-content\/uploads\/2024\/08\/logo-gdw.svg\",\"contentUrl\":\"https:\/\/gitesdewallonie.be\/wp-content\/uploads\/2024\/08\/logo-gdw.svg\",\"caption\":\"F\u00e9d\u00e9ration des G\u00eetes et Chambres d'h\u00f4tes de Wallonie\"},\"image\":{\"@id\":\"https:\/\/gitesdewallonie.be\/en\/#\/schema\/logo\/image\/\"},\"sameAs\":[\"https:\/\/www.facebook.com\/GitesdeWallonie\",\"https:\/\/www.instagram.com\/gitesdewallonie.be\/\"]}]}<\/script>\n<!-- \/ Yoast SEO Premium plugin. -->","yoast_head_json":{"title":"G\u00eete du Plateau: Terre - gitesdewallonie.be","robots":{"index":"index","follow":"follow","max-snippet":"max-snippet:-1","max-image-preview":"max-image-preview:large","max-video-preview":"max-video-preview:-1"},"canonical":"https:\/\/gitesdewallonie.be\/en\/find-an-accommodation\/accommodation\/profondeville\/gite-du-plateau-terre\/","og_locale":"en_US","og_type":"article","og_title":"G\u00eete du Plateau: Terre","og_url":"https:\/\/gitesdewallonie.be\/en\/find-an-accommodation\/accommodation\/profondeville\/gite-du-plateau-terre\/","og_site_name":"gitesdewallonie.be","article_publisher":"https:\/\/www.facebook.com\/GitesdeWallonie","twitter_card":"summary_large_image","schema":{"@context":"https:\/\/schema.org","@graph":[{"@type":"WebPage","@id":"https:\/\/gitesdewallonie.be\/en\/find-an-accommodation\/accommodation\/profondeville\/gite-du-plateau-terre\/","url":"https:\/\/gitesdewallonie.be\/en\/find-an-accommodation\/accommodation\/profondeville\/gite-du-plateau-terre\/","name":"G\u00eete du Plateau: Terre - gitesdewallonie.be","isPartOf":{"@id":"https:\/\/gitesdewallonie.be\/en\/#website"},"datePublished":"2024-08-27T07:13:14+00:00","breadcrumb":{"@id":"https:\/\/gitesdewallonie.be\/en\/find-an-accommodation\/accommodation\/profondeville\/gite-du-plateau-terre\/#breadcrumb"},"inLanguage":"en-US","potentialAction":[{"@type":"ReadAction","target":["https:\/\/gitesdewallonie.be\/en\/find-an-accommodation\/accommodation\/profondeville\/gite-du-plateau-terre\/"]}]},{"@type":"BreadcrumbList","@id":"https:\/\/gitesdewallonie.be\/en\/find-an-accommodation\/accommodation\/profondeville\/gite-du-plateau-terre\/#breadcrumb","itemListElement":[{"@type":"ListItem","position":1,"name":"Accueil","item":"https:\/\/gitesdewallonie.be\/en\/"},{"@type":"ListItem","position":2,"name":"H\u00e9bergements","item":"https:\/\/gitesdewallonie.be\/en\/hebergements\/%type%\/%region%\/"},{"@type":"ListItem","position":3,"name":"G\u00eete du Plateau: Terre"}]},{"@type":"WebSite","@id":"https:\/\/gitesdewallonie.be\/en\/#website","url":"https:\/\/gitesdewallonie.be\/en\/","name":"F\u00e9d\u00e9ration des G\u00eetes et Chambres d'h\u00f4tes de Wallonie","description":"","publisher":{"@id":"https:\/\/gitesdewallonie.be\/en\/#organization"},"potentialAction":[{"@type":"SearchAction","target":{"@type":"EntryPoint","urlTemplate":"https:\/\/gitesdewallonie.be\/en\/?s={search_term_string}"},"query-input":{"@type":"PropertyValueSpecification","valueRequired":true,"valueName":"search_term_string"}}],"inLanguage":"en-US"},{"@type":"Organization","@id":"https:\/\/gitesdewallonie.be\/en\/#organization","name":"F\u00e9d\u00e9ration des G\u00eetes et Chambres d'h\u00f4tes de Wallonie","alternateName":"GDW","url":"https:\/\/gitesdewallonie.be\/en\/","logo":{"@type":"ImageObject","inLanguage":"en-US","@id":"https:\/\/gitesdewallonie.be\/en\/#\/schema\/logo\/image\/","url":"https:\/\/gitesdewallonie.be\/wp-content\/uploads\/2024\/08\/logo-gdw.svg","contentUrl":"https:\/\/gitesdewallonie.be\/wp-content\/uploads\/2024\/08\/logo-gdw.svg","caption":"F\u00e9d\u00e9ration des G\u00eetes et Chambres d'h\u00f4tes de Wallonie"},"image":{"@id":"https:\/\/gitesdewallonie.be\/en\/#\/schema\/logo\/image\/"},"sameAs":["https:\/\/www.facebook.com\/GitesdeWallonie","https:\/\/www.instagram.com\/gitesdewallonie.be\/"]}]}},"_links":{"self":[{"href":"https:\/\/gitesdewallonie.be\/en\/wp-json\/wp\/v2\/lodging\/112815","targetHints":{"allow":["GET"]}}],"collection":[{"href":"https:\/\/gitesdewallonie.be\/en\/wp-json\/wp\/v2\/lodging"}],"about":[{"href":"https:\/\/gitesdewallonie.be\/en\/wp-json\/wp\/v2\/types\/lodging"}],"wp:attachment":[{"href":"https:\/\/gitesdewallonie.be\/en\/wp-json\/wp\/v2\/media?parent=112815"}],"wp:term":[{"taxonomy":"lodging_type","embeddable":true,"href":"https:\/\/gitesdewallonie.be\/en\/wp-json\/wp\/v2\/lodging_type?post=112815"},{"taxonomy":"lodging_official_category","embeddable":true,"href":"https:\/\/gitesdewallonie.be\/en\/wp-json\/wp\/v2\/lodging_official_category?post=112815"},{"taxonomy":"lodging_subtype","embeddable":true,"href":"https:\/\/gitesdewallonie.be\/en\/wp-json\/wp\/v2\/lodging_subtype?post=112815"},{"taxonomy":"lodging_situation","embeddable":true,"href":"https:\/\/gitesdewallonie.be\/en\/wp-json\/wp\/v2\/lodging_situation?post=112815"},{"taxonomy":"lodging_layout","embeddable":true,"href":"https:\/\/gitesdewallonie.be\/en\/wp-json\/wp\/v2\/lodging_layout?post=112815"},{"taxonomy":"lodging_bedding","embeddable":true,"href":"https:\/\/gitesdewallonie.be\/en\/wp-json\/wp\/v2\/lodging_bedding?post=112815"},{"taxonomy":"lodging_additional_rate_type","embeddable":true,"href":"https:\/\/gitesdewallonie.be\/en\/wp-json\/wp\/v2\/lodging_additional_rate_type?post=112815"},{"taxonomy":"lodging_external_equipment","embeddable":true,"href":"https:\/\/gitesdewallonie.be\/en\/wp-json\/wp\/v2\/lodging_external_equipment?post=112815"},{"taxonomy":"lodging_household_appliances","embeddable":true,"href":"https:\/\/gitesdewallonie.be\/en\/wp-json\/wp\/v2\/lodging_household_appliances?post=112815"},{"taxonomy":"lodging_interior_equipment","embeddable":true,"href":"https:\/\/gitesdewallonie.be\/en\/wp-json\/wp\/v2\/lodging_interior_equipment?post=112815"},{"taxonomy":"lodging_sport_and_leisure","embeddable":true,"href":"https:\/\/gitesdewallonie.be\/en\/wp-json\/wp\/v2\/lodging_sport_and_leisure?post=112815"},{"taxonomy":"lodging_type_of_stay","embeddable":true,"href":"https:\/\/gitesdewallonie.be\/en\/wp-json\/wp\/v2\/lodging_type_of_stay?post=112815"},{"taxonomy":"lodging_adapted_to","embeddable":true,"href":"https:\/\/gitesdewallonie.be\/en\/wp-json\/wp\/v2\/lodging_adapted_to?post=112815"},{"taxonomy":"lodging_wellness","embeddable":true,"href":"https:\/\/gitesdewallonie.be\/en\/wp-json\/wp\/v2\/lodging_wellness?post=112815"},{"taxonomy":"lodging_baby","embeddable":true,"href":"https:\/\/gitesdewallonie.be\/en\/wp-json\/wp\/v2\/lodging_baby?post=112815"},{"taxonomy":"lodging_business_mice","embeddable":true,"href":"https:\/\/gitesdewallonie.be\/en\/wp-json\/wp\/v2\/lodging_business_mice?post=112815"},{"taxonomy":"lodging_accessibility","embeddable":true,"href":"https:\/\/gitesdewallonie.be\/en\/wp-json\/wp\/v2\/lodging_accessibility?post=112815"},{"taxonomy":"lodging_nearby","embeddable":true,"href":"https:\/\/gitesdewallonie.be\/en\/wp-json\/wp\/v2\/lodging_nearby?post=112815"},{"taxonomy":"lodging_car_motorcycle_bike","embeddable":true,"href":"https:\/\/gitesdewallonie.be\/en\/wp-json\/wp\/v2\/lodging_car_motorcycle_bike?post=112815"},{"taxonomy":"lodging_room_type","embeddable":true,"href":"https:\/\/gitesdewallonie.be\/en\/wp-json\/wp\/v2\/lodging_room_type?post=112815"},{"taxonomy":"lodging_thematic","embeddable":true,"href":"https:\/\/gitesdewallonie.be\/en\/wp-json\/wp\/v2\/lodging_thematic?post=112815"},{"taxonomy":"lodging_status","embeddable":true,"href":"https:\/\/gitesdewallonie.be\/en\/wp-json\/wp\/v2\/lodging_status?post=112815"},{"taxonomy":"lodging_other_informations","embeddable":true,"href":"https:\/\/gitesdewallonie.be\/en\/wp-json\/wp\/v2\/lodging_other_informations?post=112815"}],"curies":[{"name":"wp","href":"https:\/\/api.w.org\/{rel}","templated":true}]}}