{"id":112907,"date":"2024-08-27T09:13:39","date_gmt":"2024-08-27T07:13:39","guid":{"rendered":"https:\/\/gitesdewallonie.be\/hebergements\/%type%\/%region%\/la-barriere-alezane\/"},"modified":"2024-10-23T09:49:43","modified_gmt":"2024-10-23T07:49:43","slug":"la-barriere-alezane","status":"publish","type":"lodging","link":"https:\/\/gitesdewallonie.be\/en\/find-an-accommodation\/farmhouse-bb\/mons\/la-barriere-alezane\/","title":{"rendered":"La Barri\u00e8re Alezane"},"content":{"rendered":"","protected":false},"template":"","meta":{"lodging_type":"chambre-hote","lodging_UID":"04b796958fa244e5bee1cff1efd7f319","lodging_pk":"3109","lodging_description_fr":"<p>Ferme r\u00e9nov\u00e9e orient\u00e9e culture.\r\nId\u00e9ales pour les couples ou en famille.\r\nChambre accueillante et en toute simplicit\u00e9. Un m\u00e9lange harmonieux de style contemporain tout en respectant l'esprit des lieux.<\/p><p>Nous sommes situ\u00e9 \u00e0 7 km de la ville de Mons et \u00e0 8 km de la ville de Binche. Situation id\u00e9ale pour visiter Mons capital culturelle 2015 et le folklore de Binche. Profitez \u00e9galement des balades dans notre campagne.\r\nUn petit d\u00e9jeuner gourmand sous forme de buffet est offert avec la chambre, flexibilit\u00e9 pour l'heure du service.\r\nAcc\u00e8s facile en voiture et en transport en commun. Possibilit\u00e9 de s\u00e9curiser les v\u00e9los. Parking ais\u00e9 dans la cour de la ferme.\r\nAvis aux allergiques, c'est une ferme et pr\u00e9sence dans la maison de chien et chats.\r\nLes chambres sont orient\u00e9es c\u00f4t\u00e9s rue, pav\u00e9e et peu fr\u00e9quent\u00e9e mais le bruit des voitures peu d\u00e9ranger. L'acc\u00e8s aux chambres se fait par un ancien escalier, assez raide.\r\nProduits d'accueil dans la chambre ainsi que la salle de bain\r\nLe nom provient d\u2019une part du lieudit \u2018La barri\u00e8re\u2019 o\u00f9 l\u2019on raconte qu\u2019\u00e0 l\u2019\u00e9poque des diligences, il y avait une barri\u00e8re avec un droit de passage pour aller d\u2019une ville \u00e0 l\u2019autre. D\u2019autre part, Alezane, la couleur de la robe de nos chevaux, les Haflinger.<\/p>","lodging_description_nl":"<p>Gerenoveerde cultuurgerichte hoeve.\r\nIdeaal voor koppels of gezinnen.\r\nGezellige en eenvoudige kamer. Een harmonieuze mix van eigentijdse stijl met respect voor de ziel van deze plaats.<\/p><p>Wij bevinden ons op 7 km van Bergen en op 8 km van Binche. Ideale ligging dus om Bergen culturele hoofdstad 2015 en de folklore van Binche te bezoeken. Geniet ook van wandelingen op ons platteland.\r\nIn de kamerprijs is een gastronomisch ontbijtbuffet inbegrepen, opgediend volgens flexibele uren.\r\nVlotte bereikbaarheid met auto en openbaar vervoer. Mogelijkheid om fietsen veilig te stallen. Gemakkelijk parkeren op de binnenplaats van de boerderij.\r\nOpmerking voor mensen met een allergie, het is een boerderij en er zijn honden en katten in huis.\r\nDe kamers kijken uit op de rustige straat met kasseien, maar het geluid van auto\u2019s kan storend zijn. De toegang tot de slaapkamers is via een oude trap, die vrij steil is.\r\nWelkomstproducten in de kamer en de badkamer\r\nDe naam komt enerzijds van de plaats genaamd 'La Barri\u00e8re' waar naar verluidt in de tijd van de postkoetsen een slagboom stond met een doorgangsrecht om van de ene stad naar de andere te gaan. Anderzijds verwijst Alezane (kastanjebruin) naar de vachtkleur van onze Halflinger paarden.<\/p>","lodging_description_en":"<p>This renovated farmhouse is full of culture and ideal for couples and families. \r\nThe bedroom is welcoming and simple with a mix of the original styling of the house and modern improvements.<\/p><p>We are located 7 km from the city of Mons and 8 km from the city of Binche. This is the ideal location to visit Mons, the cultural capital of 2015 and the folklore of Binche. You can also enjoy walks in our countryside.\r\nA gourmet buffet breakfast is included, with flexibility for the time of service.\r\nEasy access by car and public transport. Possibility of securely storing bicycles. The residence also has spacious parking in the courtyard of the farm.\r\nNotice to allergy sufferers: The residence is a farm and there are dogs and cats in the house.\r\nThe rooms are facing the paved and non-congested street, but there is some noise from the cars that pass. Access to the bedrooms is through an old staircase, which is quite steep for some people.\r\nA welcome pack is located in the room and the bathroom.\r\nThe name comes on the one hand from the place called 'La Barri\u00e8re' which goes back to the time of the stagecoaches, where there was a barrier with a right of way to go from one city to another. On the other hand, Alezane (chestnut), is the colour of the coat of our horses, the Haflingers.<\/p>","lodging_email":"info@barriere-alezane.be","lodging_website":"http:\/\/www.barriere-alezane.be\/","lodging_lat":"50.4307891578","lodging_lng":"4.05051112175","lodging_locality":"Villers-Saint-Ghislain","lodging_commune":"Mons","lodging_owner":"1214a96c798a4fa2b791aa9514b6e333","lodging_zip_code":"7031","lodging_street":"Rue de Vellereille","lodging_number":"1","lodging_ranking":"4","lodging_accessi_url":"","lodging_gallery":"","lodging_elloha_product_id":"","lodging_elloha_offer_id":"","lodging_elloha_id":"","lodging_elloha_price_from":"","lodging_experience_title_fr":"","lodging_experience_title_nl":"","lodging_experience_title_en":"","lodging_experience_content_fr":"","lodging_experience_content_nl":"","lodging_experience_content_en":"","lodging_expert_content_fr":"","lodging_expert_content_nl":"","lodging_expert_content_en":"","lodging_expert_id":"","lodging_testimonials_tripadvisor":"","lodging_testimonials_google":"","lodging_testimonials_booking":"","lodging_real_min_capacity":"","lodging_max_capacity":"9","lodging_min_capacity":"1","lodging_min_night":"","lodging_number_of_bathrooms":"1","lodging_number_of_bedrooms":"3","lodging_number_of_levels":"2","lodging_smoking_accommodation":"non","lodging_surface_area":"","lodging_animals_accepted":"0","lodging_peb_class":"","lodging_peb_code":"","lodging_peb_primary":"","lodging_peb_total":"","lodging_nearby_distance":"[{\"type_of_activity\":\"boulangerie\",\"distance\":0}]","lodging_room_description":"","lodging_other_informations":"","lodging_charge":"","lodging_charge_amount":"","lodging_code_cgt":"","lodging_bedding":"","lodging_lodgings_relation":"","lodging_hosting_advantages":"[\"terrasse\"]","lodging_3dvue":"","lodging_video":"","lodging_streetview":"","lodging_percent":"{\"peb\":0,\"other_informations\":0,\"localisation\":100,\"general\":80,\"equipments\":100,\"medias\":100,\"total\":63}","lodging_mentions":"[]"},"lodging_type":[34],"lodging_official_category":[4731],"lodging_subtype":[],"lodging_situation":[8909,9103,9008],"lodging_layout":[420],"lodging_bedding":[],"lodging_additional_rate_type":[],"lodging_external_equipment":[9056,8898],"lodging_household_appliances":[8882,8891],"lodging_interior_equipment":[9042,8879,9035,8880,8881],"lodging_sport_and_leisure":[],"lodging_type_of_stay":[9220,9023],"lodging_adapted_to":[],"lodging_wellness":[9085],"lodging_baby":[8904,8906],"lodging_business_mice":[9044],"lodging_accessibility":[],"lodging_nearby":[],"lodging_car_motorcycle_bike":[8908],"lodging_room_type":[],"lodging_thematic":[],"lodging_status":[167],"lodging_other_informations":[],"class_list":["post-112907","lodging","type-lodging","status-publish","hentry","lodging_type-chambre-dhotes","lodging_official_category-farmbedandbreakfast","lodging_situation-a-la-campagne","lodging_situation-dans-un-village","lodging_situation-le-long-dune-route","lodging_layout-hebergement-mitoyen","lodging_external_equipment-cour","lodging_external_equipment-terrasse","lodging_household_appliances-bouilloire-electrique","lodging_household_appliances-refrigerateur","lodging_interior_equipment-articles-de-toilette-gratuits","lodging_interior_equipment-seche-cheveux","lodging_interior_equipment-serviettes-de-toilette","lodging_interior_equipment-television","lodging_interior_equipment-wi-fi","lodging_type_of_stay-a-la-ferme","lodging_type_of_stay-en-couple","lodging_wellness-douche-hydromassante","lodging_baby-chaise-pour-enfant","lodging_baby-lit-bebe","lodging_business_mice-espace-de-travail","lodging_car_motorcycle_bike-parking-prive","lodging_status-published"],"yoast_head":"<!-- This site is optimized with the Yoast SEO Premium plugin v26.7 (Yoast SEO v26.7) - https:\/\/yoast.com\/wordpress\/plugins\/seo\/ -->\n<title>La Barri\u00e8re Alezane - gitesdewallonie.be<\/title>\n<meta name=\"robots\" content=\"index, follow, max-snippet:-1, max-image-preview:large, max-video-preview:-1\" \/>\n<link rel=\"canonical\" href=\"https:\/\/gitesdewallonie.be\/en\/find-an-accommodation\/farmhouse-bb\/mons\/la-barriere-alezane\/\" \/>\n<meta property=\"og:locale\" content=\"en_US\" \/>\n<meta property=\"og:type\" content=\"article\" \/>\n<meta property=\"og:title\" content=\"La Barri\u00e8re Alezane\" \/>\n<meta property=\"og:url\" content=\"https:\/\/gitesdewallonie.be\/en\/find-an-accommodation\/farmhouse-bb\/mons\/la-barriere-alezane\/\" \/>\n<meta property=\"og:site_name\" content=\"gitesdewallonie.be\" \/>\n<meta property=\"article:publisher\" content=\"https:\/\/www.facebook.com\/GitesdeWallonie\" \/>\n<meta property=\"article:modified_time\" content=\"2024-10-23T07:49:43+00:00\" \/>\n<meta name=\"twitter:card\" content=\"summary_large_image\" \/>\n<script type=\"application\/ld+json\" class=\"yoast-schema-graph\">{\"@context\":\"https:\/\/schema.org\",\"@graph\":[{\"@type\":\"WebPage\",\"@id\":\"https:\/\/gitesdewallonie.be\/en\/find-an-accommodation\/farmhouse-bb\/mons\/la-barriere-alezane\/\",\"url\":\"https:\/\/gitesdewallonie.be\/en\/find-an-accommodation\/farmhouse-bb\/mons\/la-barriere-alezane\/\",\"name\":\"La Barri\u00e8re Alezane - gitesdewallonie.be\",\"isPartOf\":{\"@id\":\"https:\/\/gitesdewallonie.be\/en\/#website\"},\"datePublished\":\"2024-08-27T07:13:39+00:00\",\"dateModified\":\"2024-10-23T07:49:43+00:00\",\"breadcrumb\":{\"@id\":\"https:\/\/gitesdewallonie.be\/en\/find-an-accommodation\/farmhouse-bb\/mons\/la-barriere-alezane\/#breadcrumb\"},\"inLanguage\":\"en-US\",\"potentialAction\":[{\"@type\":\"ReadAction\",\"target\":[\"https:\/\/gitesdewallonie.be\/en\/find-an-accommodation\/farmhouse-bb\/mons\/la-barriere-alezane\/\"]}]},{\"@type\":\"BreadcrumbList\",\"@id\":\"https:\/\/gitesdewallonie.be\/en\/find-an-accommodation\/farmhouse-bb\/mons\/la-barriere-alezane\/#breadcrumb\",\"itemListElement\":[{\"@type\":\"ListItem\",\"position\":1,\"name\":\"Accueil\",\"item\":\"https:\/\/gitesdewallonie.be\/en\/\"},{\"@type\":\"ListItem\",\"position\":2,\"name\":\"H\u00e9bergements\",\"item\":\"https:\/\/gitesdewallonie.be\/en\/hebergements\/%type%\/%region%\/\"},{\"@type\":\"ListItem\",\"position\":3,\"name\":\"Chambre d'h\u00f4tes pour 9 personnes \u00e0 Villers-Saint-Ghislain La Barri\u00e8re Alezane\"}]},{\"@type\":\"WebSite\",\"@id\":\"https:\/\/gitesdewallonie.be\/en\/#website\",\"url\":\"https:\/\/gitesdewallonie.be\/en\/\",\"name\":\"F\u00e9d\u00e9ration des G\u00eetes et Chambres d'h\u00f4tes de Wallonie\",\"description\":\"\",\"publisher\":{\"@id\":\"https:\/\/gitesdewallonie.be\/en\/#organization\"},\"potentialAction\":[{\"@type\":\"SearchAction\",\"target\":{\"@type\":\"EntryPoint\",\"urlTemplate\":\"https:\/\/gitesdewallonie.be\/en\/?s={search_term_string}\"},\"query-input\":{\"@type\":\"PropertyValueSpecification\",\"valueRequired\":true,\"valueName\":\"search_term_string\"}}],\"inLanguage\":\"en-US\"},{\"@type\":\"Organization\",\"@id\":\"https:\/\/gitesdewallonie.be\/en\/#organization\",\"name\":\"F\u00e9d\u00e9ration des G\u00eetes et Chambres d'h\u00f4tes de Wallonie\",\"alternateName\":\"GDW\",\"url\":\"https:\/\/gitesdewallonie.be\/en\/\",\"logo\":{\"@type\":\"ImageObject\",\"inLanguage\":\"en-US\",\"@id\":\"https:\/\/gitesdewallonie.be\/en\/#\/schema\/logo\/image\/\",\"url\":\"https:\/\/gitesdewallonie.be\/wp-content\/uploads\/2024\/08\/logo-gdw.svg\",\"contentUrl\":\"https:\/\/gitesdewallonie.be\/wp-content\/uploads\/2024\/08\/logo-gdw.svg\",\"caption\":\"F\u00e9d\u00e9ration des G\u00eetes et Chambres d'h\u00f4tes de Wallonie\"},\"image\":{\"@id\":\"https:\/\/gitesdewallonie.be\/en\/#\/schema\/logo\/image\/\"},\"sameAs\":[\"https:\/\/www.facebook.com\/GitesdeWallonie\",\"https:\/\/www.instagram.com\/gitesdewallonie.be\/\"]}]}<\/script>\n<!-- \/ Yoast SEO Premium plugin. -->","yoast_head_json":{"title":"La Barri\u00e8re Alezane - gitesdewallonie.be","robots":{"index":"index","follow":"follow","max-snippet":"max-snippet:-1","max-image-preview":"max-image-preview:large","max-video-preview":"max-video-preview:-1"},"canonical":"https:\/\/gitesdewallonie.be\/en\/find-an-accommodation\/farmhouse-bb\/mons\/la-barriere-alezane\/","og_locale":"en_US","og_type":"article","og_title":"La Barri\u00e8re Alezane","og_url":"https:\/\/gitesdewallonie.be\/en\/find-an-accommodation\/farmhouse-bb\/mons\/la-barriere-alezane\/","og_site_name":"gitesdewallonie.be","article_publisher":"https:\/\/www.facebook.com\/GitesdeWallonie","article_modified_time":"2024-10-23T07:49:43+00:00","twitter_card":"summary_large_image","schema":{"@context":"https:\/\/schema.org","@graph":[{"@type":"WebPage","@id":"https:\/\/gitesdewallonie.be\/en\/find-an-accommodation\/farmhouse-bb\/mons\/la-barriere-alezane\/","url":"https:\/\/gitesdewallonie.be\/en\/find-an-accommodation\/farmhouse-bb\/mons\/la-barriere-alezane\/","name":"La Barri\u00e8re Alezane - gitesdewallonie.be","isPartOf":{"@id":"https:\/\/gitesdewallonie.be\/en\/#website"},"datePublished":"2024-08-27T07:13:39+00:00","dateModified":"2024-10-23T07:49:43+00:00","breadcrumb":{"@id":"https:\/\/gitesdewallonie.be\/en\/find-an-accommodation\/farmhouse-bb\/mons\/la-barriere-alezane\/#breadcrumb"},"inLanguage":"en-US","potentialAction":[{"@type":"ReadAction","target":["https:\/\/gitesdewallonie.be\/en\/find-an-accommodation\/farmhouse-bb\/mons\/la-barriere-alezane\/"]}]},{"@type":"BreadcrumbList","@id":"https:\/\/gitesdewallonie.be\/en\/find-an-accommodation\/farmhouse-bb\/mons\/la-barriere-alezane\/#breadcrumb","itemListElement":[{"@type":"ListItem","position":1,"name":"Accueil","item":"https:\/\/gitesdewallonie.be\/en\/"},{"@type":"ListItem","position":2,"name":"H\u00e9bergements","item":"https:\/\/gitesdewallonie.be\/en\/hebergements\/%type%\/%region%\/"},{"@type":"ListItem","position":3,"name":"Chambre d'h\u00f4tes pour 9 personnes \u00e0 Villers-Saint-Ghislain La Barri\u00e8re Alezane"}]},{"@type":"WebSite","@id":"https:\/\/gitesdewallonie.be\/en\/#website","url":"https:\/\/gitesdewallonie.be\/en\/","name":"F\u00e9d\u00e9ration des G\u00eetes et Chambres d'h\u00f4tes de Wallonie","description":"","publisher":{"@id":"https:\/\/gitesdewallonie.be\/en\/#organization"},"potentialAction":[{"@type":"SearchAction","target":{"@type":"EntryPoint","urlTemplate":"https:\/\/gitesdewallonie.be\/en\/?s={search_term_string}"},"query-input":{"@type":"PropertyValueSpecification","valueRequired":true,"valueName":"search_term_string"}}],"inLanguage":"en-US"},{"@type":"Organization","@id":"https:\/\/gitesdewallonie.be\/en\/#organization","name":"F\u00e9d\u00e9ration des G\u00eetes et Chambres d'h\u00f4tes de Wallonie","alternateName":"GDW","url":"https:\/\/gitesdewallonie.be\/en\/","logo":{"@type":"ImageObject","inLanguage":"en-US","@id":"https:\/\/gitesdewallonie.be\/en\/#\/schema\/logo\/image\/","url":"https:\/\/gitesdewallonie.be\/wp-content\/uploads\/2024\/08\/logo-gdw.svg","contentUrl":"https:\/\/gitesdewallonie.be\/wp-content\/uploads\/2024\/08\/logo-gdw.svg","caption":"F\u00e9d\u00e9ration des G\u00eetes et Chambres d'h\u00f4tes de Wallonie"},"image":{"@id":"https:\/\/gitesdewallonie.be\/en\/#\/schema\/logo\/image\/"},"sameAs":["https:\/\/www.facebook.com\/GitesdeWallonie","https:\/\/www.instagram.com\/gitesdewallonie.be\/"]}]}},"_links":{"self":[{"href":"https:\/\/gitesdewallonie.be\/en\/wp-json\/wp\/v2\/lodging\/112907","targetHints":{"allow":["GET"]}}],"collection":[{"href":"https:\/\/gitesdewallonie.be\/en\/wp-json\/wp\/v2\/lodging"}],"about":[{"href":"https:\/\/gitesdewallonie.be\/en\/wp-json\/wp\/v2\/types\/lodging"}],"wp:attachment":[{"href":"https:\/\/gitesdewallonie.be\/en\/wp-json\/wp\/v2\/media?parent=112907"}],"wp:term":[{"taxonomy":"lodging_type","embeddable":true,"href":"https:\/\/gitesdewallonie.be\/en\/wp-json\/wp\/v2\/lodging_type?post=112907"},{"taxonomy":"lodging_official_category","embeddable":true,"href":"https:\/\/gitesdewallonie.be\/en\/wp-json\/wp\/v2\/lodging_official_category?post=112907"},{"taxonomy":"lodging_subtype","embeddable":true,"href":"https:\/\/gitesdewallonie.be\/en\/wp-json\/wp\/v2\/lodging_subtype?post=112907"},{"taxonomy":"lodging_situation","embeddable":true,"href":"https:\/\/gitesdewallonie.be\/en\/wp-json\/wp\/v2\/lodging_situation?post=112907"},{"taxonomy":"lodging_layout","embeddable":true,"href":"https:\/\/gitesdewallonie.be\/en\/wp-json\/wp\/v2\/lodging_layout?post=112907"},{"taxonomy":"lodging_bedding","embeddable":true,"href":"https:\/\/gitesdewallonie.be\/en\/wp-json\/wp\/v2\/lodging_bedding?post=112907"},{"taxonomy":"lodging_additional_rate_type","embeddable":true,"href":"https:\/\/gitesdewallonie.be\/en\/wp-json\/wp\/v2\/lodging_additional_rate_type?post=112907"},{"taxonomy":"lodging_external_equipment","embeddable":true,"href":"https:\/\/gitesdewallonie.be\/en\/wp-json\/wp\/v2\/lodging_external_equipment?post=112907"},{"taxonomy":"lodging_household_appliances","embeddable":true,"href":"https:\/\/gitesdewallonie.be\/en\/wp-json\/wp\/v2\/lodging_household_appliances?post=112907"},{"taxonomy":"lodging_interior_equipment","embeddable":true,"href":"https:\/\/gitesdewallonie.be\/en\/wp-json\/wp\/v2\/lodging_interior_equipment?post=112907"},{"taxonomy":"lodging_sport_and_leisure","embeddable":true,"href":"https:\/\/gitesdewallonie.be\/en\/wp-json\/wp\/v2\/lodging_sport_and_leisure?post=112907"},{"taxonomy":"lodging_type_of_stay","embeddable":true,"href":"https:\/\/gitesdewallonie.be\/en\/wp-json\/wp\/v2\/lodging_type_of_stay?post=112907"},{"taxonomy":"lodging_adapted_to","embeddable":true,"href":"https:\/\/gitesdewallonie.be\/en\/wp-json\/wp\/v2\/lodging_adapted_to?post=112907"},{"taxonomy":"lodging_wellness","embeddable":true,"href":"https:\/\/gitesdewallonie.be\/en\/wp-json\/wp\/v2\/lodging_wellness?post=112907"},{"taxonomy":"lodging_baby","embeddable":true,"href":"https:\/\/gitesdewallonie.be\/en\/wp-json\/wp\/v2\/lodging_baby?post=112907"},{"taxonomy":"lodging_business_mice","embeddable":true,"href":"https:\/\/gitesdewallonie.be\/en\/wp-json\/wp\/v2\/lodging_business_mice?post=112907"},{"taxonomy":"lodging_accessibility","embeddable":true,"href":"https:\/\/gitesdewallonie.be\/en\/wp-json\/wp\/v2\/lodging_accessibility?post=112907"},{"taxonomy":"lodging_nearby","embeddable":true,"href":"https:\/\/gitesdewallonie.be\/en\/wp-json\/wp\/v2\/lodging_nearby?post=112907"},{"taxonomy":"lodging_car_motorcycle_bike","embeddable":true,"href":"https:\/\/gitesdewallonie.be\/en\/wp-json\/wp\/v2\/lodging_car_motorcycle_bike?post=112907"},{"taxonomy":"lodging_room_type","embeddable":true,"href":"https:\/\/gitesdewallonie.be\/en\/wp-json\/wp\/v2\/lodging_room_type?post=112907"},{"taxonomy":"lodging_thematic","embeddable":true,"href":"https:\/\/gitesdewallonie.be\/en\/wp-json\/wp\/v2\/lodging_thematic?post=112907"},{"taxonomy":"lodging_status","embeddable":true,"href":"https:\/\/gitesdewallonie.be\/en\/wp-json\/wp\/v2\/lodging_status?post=112907"},{"taxonomy":"lodging_other_informations","embeddable":true,"href":"https:\/\/gitesdewallonie.be\/en\/wp-json\/wp\/v2\/lodging_other_informations?post=112907"}],"curies":[{"name":"wp","href":"https:\/\/api.w.org\/{rel}","templated":true}]}}