{"id":113033,"date":"2024-08-27T09:14:11","date_gmt":"2024-08-27T07:14:11","guid":{"rendered":"https:\/\/gitesdewallonie.be\/hebergements\/%type%\/%region%\/la-ferme-oubliee\/"},"modified":"2024-08-27T09:14:11","modified_gmt":"2024-08-27T07:14:11","slug":"la-ferme-oubliee","status":"publish","type":"lodging","link":"https:\/\/gitesdewallonie.be\/en\/find-an-accommodation\/holiday-furnished-lodging\/paliseul\/la-ferme-oubliee\/","title":{"rendered":"La Ferme Oubli\u00e9e"},"content":{"rendered":"","protected":false},"template":"","meta":{"lodging_type":"gite","lodging_UID":"4d867844d93b46d79cd10725e7901522","lodging_pk":"1850","lodging_description_fr":"Superbe g\u00eete avec sauna et bain \u00e0 bulles (tous les frais et le nettoyage sont inclus dans le prix). \n\nSitu\u00e9 dans un hameau rural calme, le g\u00eete se trouve au d\u00e9part des balades balis\u00e9es et circuits VTT. La jolie et spacieuse maison est situ\u00e9e dans le centre du village tranquille de Fays-Les-Veneurs, un village bois\u00e9 situ\u00e9 dans la vall\u00e9e de la Semois, avec de vastes prairies et des collines merveilleusement vallonn\u00e9es. \n\nLa maison confortable est \u00e9quip\u00e9e pour 11 \u00e0 12 adultes et 2 b\u00e9b\u00e9s. Elle dispose du chauffage central et comprend un s\u00e9jour spacieux, une cuisine enti\u00e8rement \u00e9quip\u00e9e, cinq chambres avec rideaux occultants (une chambre avec douche et lavabo est en rez-de-chauss\u00e9e), une salle de douche et une salle de bains avec un double sauna infrarouge avec luminoth\u00e9rapie. Jardin cl\u00f4tur\u00e9. \n\nLa terrasse expos\u00e9e sud et le jardin adjacent sont enti\u00e8rement clos, ce qui garantit une intimit\u00e9 ultime. De l'autre c\u00f4t\u00e9 du mur du jardin, il y a un deuxi\u00e8me jardin arbor\u00e9. Internet sans fil (Wifi) est disponible. \n\nIl y a un parking sur place (4 voitures). Fays-Les-Veneurs appartient \u00e0 Paliseul, largement connu pour ses magnifiques sentiers de randonn\u00e9e et de VTT, dont plusieurs partent \u00e0 proximit\u00e9 de la maison.","lodging_description_nl":"Prachtig vakantiehuis met sauna en bubbelbad (alle kosten en schoonmaak zijn inbegrepen in de prijs). Gelegen in een rustig landelijk gehucht, het huis ligt aan het begin van gemarkeerde wandelroutes en mountainbikeroutes. Het mooie en ruime huis is gelegen in het centrum van het rustige dorp Fays-Les-Veneurs, een bosrijk dorp gelegen in de vallei van de Semois, met uitgestrekte weilanden en prachtig glooiende heuvels. Het comfortabele huis is geschikt voor 11 tot 12 volwassenen en 2 baby's. Het heeft centrale verwarming en bestaat uit een ruime woonkamer, een volledig uitgeruste keuken, vijf slaapkamers met verduisterende gordijnen (een slaapkamer met douche en wastafel bevindt zich op de begane grond), een doucheruimte en een badkamer met een dubbele infrarood sauna met lichttherapie. Omheinde tuin. Het zuidelijk gelegen terras en aangrenzende tuin zijn volledig omheind, wat zorgt voor ultieme privacy. Aan de andere kant van de tuinmuur is er een tweede aangelegde tuin. Draadloos internet (Wifi) is beschikbaar. Er is parkeergelegenheid op het terrein (4 auto's). Fays-Les-Veneurs behoort tot Paliseul, bekend om zijn prachtige wandel- en mountainbikeroutes, waarvan er verschillende in de buurt van het huis beginnen.","lodging_description_en":"Beautiful cottage with sauna and hot tub (all fees and cleaning are included in the price). Located in a quiet rural hamlet, the cottage is at the starting point of marked walks and mountain bike trails. The lovely and spacious house is situated in the center of the peaceful village of Fays-Les-Veneurs, a wooded village nestled in the Semois Valley, with vast meadows and wonderfully rolling hills. The comfortable house is equipped for 11 to 12 adults and 2 babies. It has central heating and includes a spacious living room, a fully equipped kitchen, five bedrooms with blackout curtains (one bedroom with shower and sink is on the ground floor), a shower room and a bathroom with a double infrared sauna with light therapy. Fenced garden. The south-facing terrace and adjacent garden are fully enclosed, ensuring ultimate privacy. On the other side of the garden wall, there is a second wooded garden. Wireless internet (Wifi) is available. There is parking on site (4 cars). Fays-Les-Veneurs belongs to Paliseul, widely known for its beautiful hiking and mountain biking trails, several of which start near the house.","lodging_email":"lafermeoubliee@telenet.be","lodging_website":"https:\/\/lafermeoubliee.be\/fr\/home-fr\/","lodging_lat":"49.8658118939","lodging_lng":"5.16191124916","lodging_locality":"Fays-les-Veneurs","lodging_commune":"Paliseul","lodging_owner":"a76cfce33e364acbb3bf9f25ec844181","lodging_zip_code":"6856","lodging_street":"rue du Seigneur","lodging_number":"4A","lodging_ranking":"3","lodging_accessi_url":"","lodging_gallery":"","lodging_elloha_product_id":"","lodging_elloha_offer_id":"","lodging_elloha_id":"","lodging_elloha_price_from":"","lodging_experience_title_fr":"","lodging_experience_title_nl":"","lodging_experience_title_en":"","lodging_experience_content_fr":"","lodging_experience_content_nl":"","lodging_experience_content_en":"","lodging_expert_content_fr":"","lodging_expert_content_nl":"","lodging_expert_content_en":"","lodging_expert_id":"","lodging_testimonials_tripadvisor":"","lodging_testimonials_google":"","lodging_testimonials_booking":"","lodging_real_min_capacity":"","lodging_max_capacity":"12","lodging_min_capacity":"11","lodging_min_night":"2","lodging_number_of_bathrooms":"2","lodging_number_of_bedrooms":"5","lodging_number_of_levels":"2","lodging_smoking_accommodation":"non","lodging_surface_area":"200","lodging_animals_accepted":"1","lodging_peb_class":"D","lodging_peb_code":"20200605023577","lodging_peb_primary":"","lodging_peb_total":"","lodging_nearby_distance":"[{\"type_of_activity\":\"foret\",\"distance\":1},{\"type_of_activity\":\"gare\",\"distance\":5},{\"type_of_activity\":\"magasins\",\"distance\":5},{\"type_of_activity\":\"boulangerie\",\"distance\":5},{\"type_of_activity\":\"marche\",\"distance\":5},{\"type_of_activity\":\"pharmacie\",\"distance\":5},{\"type_of_activity\":\"peche\",\"distance\":8},{\"type_of_activity\":\"randonnee\",\"distance\":0},{\"type_of_activity\":\"restaurants\",\"distance\":0},{\"type_of_activity\":\"riviere\",\"distance\":8},{\"type_of_activity\":\"sports-nautiques\",\"distance\":8},{\"type_of_activity\":\"vtt\",\"distance\":0}]","lodging_room_description":"{\"salon-salle-a-manger\":1,\"cuisine\":1,\"salles-de-bain\":2,\"toilettes\":3}","lodging_other_informations":"{\"heure-de-depart\":{\"fr\":\"dimanche : 20.00 h. - autres jours : 11.00 h.\",\"nl\":\"zondag: 20.00 uur - andere dagen: 11.00 uur\",\"en\":\"Sunday: 8:00 p.m. - other days: 11:00 a.m.\"}}","lodging_charge":"","lodging_charge_amount":"","lodging_code_cgt":"HEB-TE-846386-B10C","lodging_bedding":"[{\"roomtype\":\"chambre\",\"bedding\":[\"1-lit-double\"]},{\"roomtype\":\"chambre\",\"bedding\":[\"1-lit-double\",\"1-lit-bebe\",\"1-canape-convertible\"]},{\"roomtype\":\"chambre\",\"bedding\":[\"2-lits-simples\"]},{\"roomtype\":\"chambre\",\"bedding\":[\"3-lits-simples\"]},{\"roomtype\":\"chambre\",\"bedding\":[\"2-lits-simples\",\"1-lit-bebe\"]}]","lodging_lodgings_relation":"","lodging_hosting_advantages":"[\"sauna\",\"baignoire-balneo\",\"chambre-au-rez-de-chaussee\",\"jardin-cloture\",\"barbecue\",\"terrasse\"]","lodging_3dvue":"","lodging_video":"","lodging_streetview":"","lodging_percent":"{\"peb\":0,\"other_informations\":100,\"localisation\":100,\"rates\":{\"2026\":98,\"2027\":1,\"2028\":0},\"general\":100,\"equipments\":100,\"medias\":100,\"total\":67}","lodging_mentions":"[]"},"lodging_type":[33],"lodging_official_category":[4604],"lodging_subtype":[],"lodging_situation":[8909,9007],"lodging_layout":[366],"lodging_bedding":[],"lodging_additional_rate_type":[],"lodging_external_equipment":[8893,9056,8896,9005,8897,8898],"lodging_household_appliances":[9001,8882,9020,8883,9002,8884,8885,8886,8887,8888,9003,8889,9004,8891],"lodging_interior_equipment":[8874,8999,9000,8879,8880,8881],"lodging_sport_and_leisure":[8901],"lodging_type_of_stay":[9098,9057,9107],"lodging_adapted_to":[],"lodging_wellness":[9083,9088],"lodging_baby":[8904,8906,9089],"lodging_business_mice":[9044],"lodging_accessibility":[9275],"lodging_nearby":[],"lodging_car_motorcycle_bike":[8908],"lodging_room_type":[],"lodging_thematic":[],"lodging_status":[167],"lodging_other_informations":[],"class_list":["post-113033","lodging","type-lodging","status-publish","hentry","lodging_type-gite","lodging_official_category-hollidaygite","lodging_situation-a-la-campagne","lodging_situation-dans-un-hameau","lodging_layout-hebergement-non-mitoyen","lodging_external_equipment-barbecue","lodging_external_equipment-cour","lodging_external_equipment-jardin","lodging_external_equipment-jardin-cloture","lodging_external_equipment-salon-de-jardin","lodging_external_equipment-terrasse","lodging_household_appliances-aspirateur","lodging_household_appliances-bouilloire-electrique","lodging_household_appliances-cafetiere","lodging_household_appliances-congelateur","lodging_household_appliances-fer-et-table-a-repasser","lodging_household_appliances-four","lodging_household_appliances-grille-pain","lodging_household_appliances-lave-linge","lodging_household_appliances-lave-vaisselle","lodging_household_appliances-machine-a-cafe","lodging_household_appliances-micro-ondes","lodging_household_appliances-mixeur","lodging_household_appliances-plaque-de-cuisson-vitroceramique","lodging_household_appliances-refrigerateur","lodging_interior_equipment-bibliotheque","lodging_interior_equipment-lecteur-dvd","lodging_interior_equipment-radio","lodging_interior_equipment-seche-cheveux","lodging_interior_equipment-television","lodging_interior_equipment-wi-fi","lodging_sport_and_leisure-jeux-de-societe","lodging_type_of_stay-animaux-admis","lodging_type_of_stay-en-famille","lodging_type_of_stay-en-groupe","lodging_wellness-baignoire-balneo","lodging_wellness-sauna","lodging_baby-chaise-pour-enfant","lodging_baby-lit-bebe","lodging_baby-table-a-langer","lodging_business_mice-espace-de-travail","lodging_accessibility-chambre-au-rez-de-chaussee","lodging_car_motorcycle_bike-parking-prive","lodging_status-published"],"yoast_head":"<!-- This site is optimized with the Yoast SEO Premium plugin v26.7 (Yoast SEO v26.7) - https:\/\/yoast.com\/wordpress\/plugins\/seo\/ -->\n<title>La Ferme Oubli\u00e9e - gitesdewallonie.be<\/title>\n<meta name=\"robots\" content=\"index, follow, max-snippet:-1, max-image-preview:large, max-video-preview:-1\" \/>\n<link rel=\"canonical\" href=\"https:\/\/gitesdewallonie.be\/en\/find-an-accommodation\/holiday-furnished-lodging\/paliseul\/la-ferme-oubliee\/\" \/>\n<meta property=\"og:locale\" content=\"en_US\" \/>\n<meta property=\"og:type\" content=\"article\" \/>\n<meta property=\"og:title\" content=\"La Ferme Oubli\u00e9e\" \/>\n<meta property=\"og:url\" content=\"https:\/\/gitesdewallonie.be\/en\/find-an-accommodation\/holiday-furnished-lodging\/paliseul\/la-ferme-oubliee\/\" \/>\n<meta property=\"og:site_name\" content=\"gitesdewallonie.be\" \/>\n<meta property=\"article:publisher\" content=\"https:\/\/www.facebook.com\/GitesdeWallonie\" \/>\n<meta name=\"twitter:card\" content=\"summary_large_image\" \/>\n<script type=\"application\/ld+json\" class=\"yoast-schema-graph\">{\"@context\":\"https:\/\/schema.org\",\"@graph\":[{\"@type\":\"WebPage\",\"@id\":\"https:\/\/gitesdewallonie.be\/en\/find-an-accommodation\/holiday-furnished-lodging\/paliseul\/la-ferme-oubliee\/\",\"url\":\"https:\/\/gitesdewallonie.be\/en\/find-an-accommodation\/holiday-furnished-lodging\/paliseul\/la-ferme-oubliee\/\",\"name\":\"La Ferme Oubli\u00e9e - gitesdewallonie.be\",\"isPartOf\":{\"@id\":\"https:\/\/gitesdewallonie.be\/en\/#website\"},\"datePublished\":\"2024-08-27T07:14:11+00:00\",\"breadcrumb\":{\"@id\":\"https:\/\/gitesdewallonie.be\/en\/find-an-accommodation\/holiday-furnished-lodging\/paliseul\/la-ferme-oubliee\/#breadcrumb\"},\"inLanguage\":\"en-US\",\"potentialAction\":[{\"@type\":\"ReadAction\",\"target\":[\"https:\/\/gitesdewallonie.be\/en\/find-an-accommodation\/holiday-furnished-lodging\/paliseul\/la-ferme-oubliee\/\"]}]},{\"@type\":\"BreadcrumbList\",\"@id\":\"https:\/\/gitesdewallonie.be\/en\/find-an-accommodation\/holiday-furnished-lodging\/paliseul\/la-ferme-oubliee\/#breadcrumb\",\"itemListElement\":[{\"@type\":\"ListItem\",\"position\":1,\"name\":\"Accueil\",\"item\":\"https:\/\/gitesdewallonie.be\/en\/\"},{\"@type\":\"ListItem\",\"position\":2,\"name\":\"H\u00e9bergements\",\"item\":\"https:\/\/gitesdewallonie.be\/en\/hebergements\/%type%\/%region%\/\"},{\"@type\":\"ListItem\",\"position\":3,\"name\":\"G\u00eete pour 12 personnes \u00e0 Fays-les-Veneurs La Ferme Oubli\u00e9e\"}]},{\"@type\":\"WebSite\",\"@id\":\"https:\/\/gitesdewallonie.be\/en\/#website\",\"url\":\"https:\/\/gitesdewallonie.be\/en\/\",\"name\":\"F\u00e9d\u00e9ration des G\u00eetes et Chambres d'h\u00f4tes de Wallonie\",\"description\":\"\",\"publisher\":{\"@id\":\"https:\/\/gitesdewallonie.be\/en\/#organization\"},\"potentialAction\":[{\"@type\":\"SearchAction\",\"target\":{\"@type\":\"EntryPoint\",\"urlTemplate\":\"https:\/\/gitesdewallonie.be\/en\/?s={search_term_string}\"},\"query-input\":{\"@type\":\"PropertyValueSpecification\",\"valueRequired\":true,\"valueName\":\"search_term_string\"}}],\"inLanguage\":\"en-US\"},{\"@type\":\"Organization\",\"@id\":\"https:\/\/gitesdewallonie.be\/en\/#organization\",\"name\":\"F\u00e9d\u00e9ration des G\u00eetes et Chambres d'h\u00f4tes de Wallonie\",\"alternateName\":\"GDW\",\"url\":\"https:\/\/gitesdewallonie.be\/en\/\",\"logo\":{\"@type\":\"ImageObject\",\"inLanguage\":\"en-US\",\"@id\":\"https:\/\/gitesdewallonie.be\/en\/#\/schema\/logo\/image\/\",\"url\":\"https:\/\/gitesdewallonie.be\/wp-content\/uploads\/2024\/08\/logo-gdw.svg\",\"contentUrl\":\"https:\/\/gitesdewallonie.be\/wp-content\/uploads\/2024\/08\/logo-gdw.svg\",\"caption\":\"F\u00e9d\u00e9ration des G\u00eetes et Chambres d'h\u00f4tes de Wallonie\"},\"image\":{\"@id\":\"https:\/\/gitesdewallonie.be\/en\/#\/schema\/logo\/image\/\"},\"sameAs\":[\"https:\/\/www.facebook.com\/GitesdeWallonie\",\"https:\/\/www.instagram.com\/gitesdewallonie.be\/\"]}]}<\/script>\n<!-- \/ Yoast SEO Premium plugin. -->","yoast_head_json":{"title":"La Ferme Oubli\u00e9e - gitesdewallonie.be","robots":{"index":"index","follow":"follow","max-snippet":"max-snippet:-1","max-image-preview":"max-image-preview:large","max-video-preview":"max-video-preview:-1"},"canonical":"https:\/\/gitesdewallonie.be\/en\/find-an-accommodation\/holiday-furnished-lodging\/paliseul\/la-ferme-oubliee\/","og_locale":"en_US","og_type":"article","og_title":"La Ferme Oubli\u00e9e","og_url":"https:\/\/gitesdewallonie.be\/en\/find-an-accommodation\/holiday-furnished-lodging\/paliseul\/la-ferme-oubliee\/","og_site_name":"gitesdewallonie.be","article_publisher":"https:\/\/www.facebook.com\/GitesdeWallonie","twitter_card":"summary_large_image","schema":{"@context":"https:\/\/schema.org","@graph":[{"@type":"WebPage","@id":"https:\/\/gitesdewallonie.be\/en\/find-an-accommodation\/holiday-furnished-lodging\/paliseul\/la-ferme-oubliee\/","url":"https:\/\/gitesdewallonie.be\/en\/find-an-accommodation\/holiday-furnished-lodging\/paliseul\/la-ferme-oubliee\/","name":"La Ferme Oubli\u00e9e - gitesdewallonie.be","isPartOf":{"@id":"https:\/\/gitesdewallonie.be\/en\/#website"},"datePublished":"2024-08-27T07:14:11+00:00","breadcrumb":{"@id":"https:\/\/gitesdewallonie.be\/en\/find-an-accommodation\/holiday-furnished-lodging\/paliseul\/la-ferme-oubliee\/#breadcrumb"},"inLanguage":"en-US","potentialAction":[{"@type":"ReadAction","target":["https:\/\/gitesdewallonie.be\/en\/find-an-accommodation\/holiday-furnished-lodging\/paliseul\/la-ferme-oubliee\/"]}]},{"@type":"BreadcrumbList","@id":"https:\/\/gitesdewallonie.be\/en\/find-an-accommodation\/holiday-furnished-lodging\/paliseul\/la-ferme-oubliee\/#breadcrumb","itemListElement":[{"@type":"ListItem","position":1,"name":"Accueil","item":"https:\/\/gitesdewallonie.be\/en\/"},{"@type":"ListItem","position":2,"name":"H\u00e9bergements","item":"https:\/\/gitesdewallonie.be\/en\/hebergements\/%type%\/%region%\/"},{"@type":"ListItem","position":3,"name":"G\u00eete pour 12 personnes \u00e0 Fays-les-Veneurs La Ferme Oubli\u00e9e"}]},{"@type":"WebSite","@id":"https:\/\/gitesdewallonie.be\/en\/#website","url":"https:\/\/gitesdewallonie.be\/en\/","name":"F\u00e9d\u00e9ration des G\u00eetes et Chambres d'h\u00f4tes de Wallonie","description":"","publisher":{"@id":"https:\/\/gitesdewallonie.be\/en\/#organization"},"potentialAction":[{"@type":"SearchAction","target":{"@type":"EntryPoint","urlTemplate":"https:\/\/gitesdewallonie.be\/en\/?s={search_term_string}"},"query-input":{"@type":"PropertyValueSpecification","valueRequired":true,"valueName":"search_term_string"}}],"inLanguage":"en-US"},{"@type":"Organization","@id":"https:\/\/gitesdewallonie.be\/en\/#organization","name":"F\u00e9d\u00e9ration des G\u00eetes et Chambres d'h\u00f4tes de Wallonie","alternateName":"GDW","url":"https:\/\/gitesdewallonie.be\/en\/","logo":{"@type":"ImageObject","inLanguage":"en-US","@id":"https:\/\/gitesdewallonie.be\/en\/#\/schema\/logo\/image\/","url":"https:\/\/gitesdewallonie.be\/wp-content\/uploads\/2024\/08\/logo-gdw.svg","contentUrl":"https:\/\/gitesdewallonie.be\/wp-content\/uploads\/2024\/08\/logo-gdw.svg","caption":"F\u00e9d\u00e9ration des G\u00eetes et Chambres d'h\u00f4tes de Wallonie"},"image":{"@id":"https:\/\/gitesdewallonie.be\/en\/#\/schema\/logo\/image\/"},"sameAs":["https:\/\/www.facebook.com\/GitesdeWallonie","https:\/\/www.instagram.com\/gitesdewallonie.be\/"]}]}},"_links":{"self":[{"href":"https:\/\/gitesdewallonie.be\/en\/wp-json\/wp\/v2\/lodging\/113033","targetHints":{"allow":["GET"]}}],"collection":[{"href":"https:\/\/gitesdewallonie.be\/en\/wp-json\/wp\/v2\/lodging"}],"about":[{"href":"https:\/\/gitesdewallonie.be\/en\/wp-json\/wp\/v2\/types\/lodging"}],"wp:attachment":[{"href":"https:\/\/gitesdewallonie.be\/en\/wp-json\/wp\/v2\/media?parent=113033"}],"wp:term":[{"taxonomy":"lodging_type","embeddable":true,"href":"https:\/\/gitesdewallonie.be\/en\/wp-json\/wp\/v2\/lodging_type?post=113033"},{"taxonomy":"lodging_official_category","embeddable":true,"href":"https:\/\/gitesdewallonie.be\/en\/wp-json\/wp\/v2\/lodging_official_category?post=113033"},{"taxonomy":"lodging_subtype","embeddable":true,"href":"https:\/\/gitesdewallonie.be\/en\/wp-json\/wp\/v2\/lodging_subtype?post=113033"},{"taxonomy":"lodging_situation","embeddable":true,"href":"https:\/\/gitesdewallonie.be\/en\/wp-json\/wp\/v2\/lodging_situation?post=113033"},{"taxonomy":"lodging_layout","embeddable":true,"href":"https:\/\/gitesdewallonie.be\/en\/wp-json\/wp\/v2\/lodging_layout?post=113033"},{"taxonomy":"lodging_bedding","embeddable":true,"href":"https:\/\/gitesdewallonie.be\/en\/wp-json\/wp\/v2\/lodging_bedding?post=113033"},{"taxonomy":"lodging_additional_rate_type","embeddable":true,"href":"https:\/\/gitesdewallonie.be\/en\/wp-json\/wp\/v2\/lodging_additional_rate_type?post=113033"},{"taxonomy":"lodging_external_equipment","embeddable":true,"href":"https:\/\/gitesdewallonie.be\/en\/wp-json\/wp\/v2\/lodging_external_equipment?post=113033"},{"taxonomy":"lodging_household_appliances","embeddable":true,"href":"https:\/\/gitesdewallonie.be\/en\/wp-json\/wp\/v2\/lodging_household_appliances?post=113033"},{"taxonomy":"lodging_interior_equipment","embeddable":true,"href":"https:\/\/gitesdewallonie.be\/en\/wp-json\/wp\/v2\/lodging_interior_equipment?post=113033"},{"taxonomy":"lodging_sport_and_leisure","embeddable":true,"href":"https:\/\/gitesdewallonie.be\/en\/wp-json\/wp\/v2\/lodging_sport_and_leisure?post=113033"},{"taxonomy":"lodging_type_of_stay","embeddable":true,"href":"https:\/\/gitesdewallonie.be\/en\/wp-json\/wp\/v2\/lodging_type_of_stay?post=113033"},{"taxonomy":"lodging_adapted_to","embeddable":true,"href":"https:\/\/gitesdewallonie.be\/en\/wp-json\/wp\/v2\/lodging_adapted_to?post=113033"},{"taxonomy":"lodging_wellness","embeddable":true,"href":"https:\/\/gitesdewallonie.be\/en\/wp-json\/wp\/v2\/lodging_wellness?post=113033"},{"taxonomy":"lodging_baby","embeddable":true,"href":"https:\/\/gitesdewallonie.be\/en\/wp-json\/wp\/v2\/lodging_baby?post=113033"},{"taxonomy":"lodging_business_mice","embeddable":true,"href":"https:\/\/gitesdewallonie.be\/en\/wp-json\/wp\/v2\/lodging_business_mice?post=113033"},{"taxonomy":"lodging_accessibility","embeddable":true,"href":"https:\/\/gitesdewallonie.be\/en\/wp-json\/wp\/v2\/lodging_accessibility?post=113033"},{"taxonomy":"lodging_nearby","embeddable":true,"href":"https:\/\/gitesdewallonie.be\/en\/wp-json\/wp\/v2\/lodging_nearby?post=113033"},{"taxonomy":"lodging_car_motorcycle_bike","embeddable":true,"href":"https:\/\/gitesdewallonie.be\/en\/wp-json\/wp\/v2\/lodging_car_motorcycle_bike?post=113033"},{"taxonomy":"lodging_room_type","embeddable":true,"href":"https:\/\/gitesdewallonie.be\/en\/wp-json\/wp\/v2\/lodging_room_type?post=113033"},{"taxonomy":"lodging_thematic","embeddable":true,"href":"https:\/\/gitesdewallonie.be\/en\/wp-json\/wp\/v2\/lodging_thematic?post=113033"},{"taxonomy":"lodging_status","embeddable":true,"href":"https:\/\/gitesdewallonie.be\/en\/wp-json\/wp\/v2\/lodging_status?post=113033"},{"taxonomy":"lodging_other_informations","embeddable":true,"href":"https:\/\/gitesdewallonie.be\/en\/wp-json\/wp\/v2\/lodging_other_informations?post=113033"}],"curies":[{"name":"wp","href":"https:\/\/api.w.org\/{rel}","templated":true}]}}