{"id":113328,"date":"2024-08-27T09:15:27","date_gmt":"2024-08-27T07:15:27","guid":{"rendered":"https:\/\/gitesdewallonie.be\/hebergements\/%type%\/%region%\/le-chalet-pointu-du-bout-du-monde\/"},"modified":"2024-08-27T09:15:27","modified_gmt":"2024-08-27T07:15:27","slug":"le-chalet-pointu-du-bout-du-monde","status":"publish","type":"lodging","link":"https:\/\/gitesdewallonie.be\/en\/find-an-accommodation\/rural-holiday-home\/la-roche-en-ardenne\/le-chalet-pointu-du-bout-du-monde\/","title":{"rendered":"Le Chalet Pointu du Bout du Monde"},"content":{"rendered":"","protected":false},"template":"","meta":{"lodging_type":"gite","lodging_UID":"0f3ab1ef22e84a1d8d0a1ff05a9c9222","lodging_pk":"3289","lodging_description_fr":"<p>Amateur de nature, de randonn\u00e9e, d\u2019histoire\u2026 Notre adorable chalet, sa situation et son environnement exceptionnels, offrant libert\u00e9 et authenticit\u00e9, vous raviront ! Nous sommes au c\u0153ur de l\u2019Ardenne belge, dans un village typique appel\u00e9 Cielle, qui offre l\u2019un des plus beaux panoramas de la r\u00e9gion. A seulement 2 km de la vall\u00e9e de l\u2019Ourthe et 3,5 km de la ville de La Roche-en-Ardenne, o\u00f9 se c\u00f4toient des vestiges celtiques, m\u00e9di\u00e9vaux, et des 2 guerres. Cette situation donne une proximit\u00e9 avec les restaurants, les commerces, et les activit\u00e9s (kayak, march\u00e9s, mus\u00e9es, carnaval, patinoire, manifestations sportives et culturelles, \u2026) mais offre le luxe de s\u00e9journer \u00e0 l\u2019\u00e9cart de ce centre pris\u00e9. Notre rue est une impasse d\u2019o\u00f9 d\u00e9butent des randonn\u00e9es dont vous pourrez adapter la distance et le d\u00e9nivel\u00e9 comme bon vous semble, \u00e0 pied, en VTT, en ski de fond, et d\u00e9couvrir les points de vue remarquables. Vous profiterez du grand terrain arbor\u00e9 de 20 ares o\u00f9 la biodiversit\u00e9 s\u2019exprime pleinement, avec un point de vue exceptionnel... Le Chalet, pos\u00e9 sur un solide sous-bassement en pierres du pays, lumineux avec ses velux et \u00e0 sa baie vitr\u00e9e, est agr\u00e9ment\u00e9 par la chaleur du po\u00eale \u00e0 bois, instrument hivernal indispensable lorsqu\u2019on vit en for\u00eat ardennaise (un chauffage central \u00e0 mazout compl\u00e8te ce confort). Le premier panier de bois est offert. Nid douillet confortable et tr\u00e8s cosy, id\u00e9al pour une cellule familiale, pour 2 couples, ou pour un t\u00e9l\u00e9travail revigorant. Avec ses escaliers, il n'est pas accessible de fa\u00e7on autonome aux PMR. Pour respecter l'authenticit\u00e9 et la qui\u00e9tude du village, l'h\u00e9bergement ne convient pas pour les f\u00eates, ce qui n'emp\u00eache pas de d\u00e9guster de bonnes bi\u00e8res ou autres boissons du pays, au calme devant une flamb\u00e9e dehors par une douce nuit d'\u00e9t\u00e9. Le b\u00e2timent n'est pas adapt\u00e9 pour recevoir nos amis \u00e0 4 pattes.<\/p><p>Des questions ? Envoyez-nous un email, nous nous ferons un plaisir de vous r\u00e9pondre.<\/p>","lodging_description_nl":"Natuurliefhebbers, wandelaars, geschiedenisliefhebbers... Onze charmante chalet, met zijn uitzonderlijke ligging en omgeving, die vrijheid en authenticiteit biedt, zal u bekoren! We bevinden ons in het hart van de Belgische Ardennen, in een typisch dorp genaamd Cielle, dat een van de mooiste panorama's van de regio biedt. Slechts 2 km van de Ourthe-vallei en 3,5 km van de stad La Roche-en-Ardenne, waar Keltische, middeleeuwse en oorlogsru\u00efnes samenkomen. Deze locatie biedt nabijheid tot restaurants, winkels en activiteiten (kajakken, markten, musea, carnaval, ijsbaan, sportieve en culturele evenementen, ...), maar biedt ook de luxe om te verblijven buiten dit populaire centrum. Onze straat is een doodlopende weg waar wandelingen beginnen die u kunt aanpassen aan de afstand en hoogteverschil die u wenst, te voet, met de mountainbike, op langlaufski's, en ontdek opmerkelijke uitzichtpunten. U zult genieten van het grote beboste terrein van 20 are waar de biodiversiteit volledig tot uiting komt, met een uitzonderlijk uitzicht... De Chalet, gelegen op een stevig stenen onderbouw, licht met zijn dakramen en grote ramen, wordt opgefleurd door de warmte van de houtkachel, een onmisbaar winterinstrument wanneer men in het Ardense bos leeft (centrale verwarming op stookolie zorgt voor extra comfort). Het eerste mandje hout wordt aangeboden. Gezellig en zeer knus nest, ideaal voor een gezinsverblijf, voor 2 koppels, of voor verkwikkend telewerken. Vanwege de trappen is het niet zelfstandig toegankelijk voor mindervaliden. Om de authenticiteit en rust van het dorp te respecteren, is de accommodatie niet geschikt voor feesten, maar dat weerhoudt u er niet van om rustig van goede lokale bieren of andere drankjes te genieten voor een knapperend haardvuur op een zachte zomeravond. Het gebouw is niet geschikt om onze viervoetige vrienden te ontvangen.\n\nVragen? Stuur ons een e-mail, we zullen u graag antwoorden.","lodging_description_en":"<p>Nature lover, hiker, history enthusiast... Our lovely chalet, its exceptional location and environment, offering freedom and authenticity, will delight you! We are in the heart of the Belgian Ardennes, in a typical village called Cielle, which offers one of the most beautiful panoramas in the region. Just 2 km from the Ourthe valley and 3.5 km from the town of La Roche-en-Ardenne, where Celtic, medieval, and wartime remnants coexist. This location provides proximity to restaurants, shops, and activities (kayaking, markets, museums, carnival, ice skating, sports and cultural events, etc.) but offers the luxury of staying away from this popular center. Our street is a dead end where hikes start, with distances and elevation that you can adjust as you wish, on foot, by mountain bike, cross-country skiing, and discover remarkable viewpoints. You will enjoy the large wooded plot of 20 ares where biodiversity is fully expressed, with an exceptional view... The Chalet, set on a solid stone foundation, bright with its skylights and bay window, is enhanced by the warmth of the wood stove, an essential winter instrument when living in the Ardennes forest (oil central heating complements this comfort). The first basket of wood is offered. Cozy and very cozy nest, ideal for a family unit, for 2 couples, or for invigorating telecommuting. With its stairs, it is not accessible independently to people with reduced mobility. To respect the authenticity and tranquility of the village, the accommodation is not suitable for parties, which does not prevent enjoying good beers or other local drinks, quietly in front of a fire outside on a gentle summer night. The building is not suitable for hosting our four-legged friends.<\/p><p>Questions? Send us an email, we will be happy to answer you.<\/p>","lodging_email":"chaletpointu.cielle@gmail.com","lodging_website":"http:\/\/facebook.com\/Le-Chalet-pointu-du-Bout-du-Monde-110798070535054\/","lodging_lat":"50.198227674078","lodging_lng":"5.5640280246735","lodging_locality":"Cielle","lodging_commune":"La Roche-en-Ardenne","lodging_owner":"ce4bda04365140b5ae9a0a8b53017f36","lodging_zip_code":"6980","lodging_street":"Rue de la For\u00eat","lodging_number":"18","lodging_ranking":"2","lodging_accessi_url":"","lodging_gallery":"","lodging_elloha_product_id":"","lodging_elloha_offer_id":"","lodging_elloha_id":"","lodging_elloha_price_from":"","lodging_experience_title_fr":"","lodging_experience_title_nl":"","lodging_experience_title_en":"","lodging_experience_content_fr":"","lodging_experience_content_nl":"","lodging_experience_content_en":"","lodging_expert_content_fr":"","lodging_expert_content_nl":"","lodging_expert_content_en":"","lodging_expert_id":"","lodging_testimonials_tripadvisor":"","lodging_testimonials_google":"","lodging_testimonials_booking":"","lodging_real_min_capacity":"","lodging_max_capacity":"5","lodging_min_capacity":"4","lodging_min_night":"1","lodging_number_of_bathrooms":"1","lodging_number_of_bedrooms":"2","lodging_number_of_levels":"2","lodging_smoking_accommodation":"non","lodging_surface_area":"85","lodging_animals_accepted":"0","lodging_peb_class":"D","lodging_peb_code":"20190510016335","lodging_peb_primary":"340","lodging_peb_total":"24252","lodging_nearby_distance":"[{\"type_of_activity\":\"boulangerie\",\"distance\":5},{\"type_of_activity\":\"bureau-de-poste\",\"distance\":5},{\"type_of_activity\":\"foret\",\"distance\":0},{\"type_of_activity\":\"gare\",\"distance\":23},{\"type_of_activity\":\"hopital\",\"distance\":23},{\"type_of_activity\":\"magasins\",\"distance\":5},{\"type_of_activity\":\"peche\",\"distance\":2},{\"type_of_activity\":\"randonnee\",\"distance\":0},{\"type_of_activity\":\"ravel\",\"distance\":2},{\"type_of_activity\":\"riviere\",\"distance\":2}]","lodging_room_description":"{\"buanderie\":1,\"cuisine\":1,\"salle-de-bain\":1,\"salle-a-manger\":1,\"cave\":1,\"salon\":1}","lodging_other_informations":"{\"a-emporter\":{\"fr\":\"Draps de lit : chaque lit dispose de prot\u00e8ges-matelas, d'oreiller et de couette. Dimensions :\\nlit 160x200 cm + lit 140x200 cm + lit 90x190 cm et couette 240x230 cm + 200x200 cm + 140x200 cm ; Serviettes de bain ; \\nessuies de vaisselle ;\\ncharbon de bois pour le barbecue.\",\"nl\":\"Beddengoed: elk bed heeft een matrasbeschermer, kussen en dekbed. Afmetingen: bed van 160x200 cm + bed van 140x200 cm + bed van 90x190 cm en dekbed van 240x230 cm + 200x200 cm + 140x200 cm; Badhanddoeken; Theedoeken; Houtskool voor de barbecue.\",\"en\":\"Bed sheets: each bed comes with mattress protectors, pillows, and duvets. Dimensions:\\n160x200 cm bed + 140x200 cm bed + 90x190 cm bed and duvet 240x230 cm + 200x200 cm + 140x200 cm; Bath towels;\\ndish towels;\\ncharcoal for the barbecue.\"},\"heure-darrivee\":{\"fr\":\"17 h\",\"nl\":\"17 uur\",\"en\":\"5:00 PM\"},\"heure-de-depart\":{\"fr\":\"12 h\",\"nl\":\"12 uur\",\"en\":\"12 p.m.\"}}","lodging_charge":"","lodging_charge_amount":"","lodging_code_cgt":"","lodging_bedding":"[{\"roomtype\":\"chambre\",\"bedding\":[\"1-lit-double\"]},{\"roomtype\":\"chambre\",\"bedding\":[\"1-lit-simple\",\"1-lit-double\"]}]","lodging_lodgings_relation":"","lodging_hosting_advantages":"[\"poele\",\"jardin\",\"wi-fi\",\"parking-prive\",\"balcon\",\"garage-moto\"]","lodging_3dvue":"","lodging_video":"","lodging_streetview":"","lodging_percent":"{\"peb\":100,\"other_informations\":100,\"localisation\":100,\"rates\":{\"2026\":100,\"2027\":0,\"2028\":0},\"general\":100,\"equipments\":100,\"medias\":100,\"total\":78}","lodging_mentions":""},"lodging_type":[33],"lodging_official_category":[4380],"lodging_subtype":[4614],"lodging_situation":[8909,8910,8912,9103],"lodging_layout":[366],"lodging_bedding":[],"lodging_additional_rate_type":[],"lodging_external_equipment":[9082,8893,9056,8896,8898],"lodging_household_appliances":[9001,8882,9020,8883,9002,8884,8885,8886,8887,8888,9003,9004,8891],"lodging_interior_equipment":[8874,8999,8877,8878,9000,8879,8880,8881],"lodging_sport_and_leisure":[8901],"lodging_type_of_stay":[],"lodging_adapted_to":[],"lodging_wellness":[],"lodging_baby":[],"lodging_business_mice":[],"lodging_accessibility":[],"lodging_nearby":[],"lodging_car_motorcycle_bike":[9127,8907,8908],"lodging_room_type":[],"lodging_thematic":[],"lodging_status":[167],"lodging_other_informations":[],"class_list":["post-113328","lodging","type-lodging","status-publish","hentry","lodging_type-gite","lodging_official_category-ruralgite","lodging_subtype-chalet","lodging_situation-a-la-campagne","lodging_situation-au-bord-de-la-foret","lodging_situation-au-bord-des-champs","lodging_situation-dans-un-village","lodging_layout-hebergement-non-mitoyen","lodging_external_equipment-balcon","lodging_external_equipment-barbecue","lodging_external_equipment-cour","lodging_external_equipment-jardin","lodging_external_equipment-terrasse","lodging_household_appliances-aspirateur","lodging_household_appliances-bouilloire-electrique","lodging_household_appliances-cafetiere","lodging_household_appliances-congelateur","lodging_household_appliances-fer-et-table-a-repasser","lodging_household_appliances-four","lodging_household_appliances-grille-pain","lodging_household_appliances-lave-linge","lodging_household_appliances-lave-vaisselle","lodging_household_appliances-machine-a-cafe","lodging_household_appliances-micro-ondes","lodging_household_appliances-plaque-de-cuisson-vitroceramique","lodging_household_appliances-refrigerateur","lodging_interior_equipment-bibliotheque","lodging_interior_equipment-lecteur-dvd","lodging_interior_equipment-penderie","lodging_interior_equipment-poele","lodging_interior_equipment-radio","lodging_interior_equipment-seche-cheveux","lodging_interior_equipment-television","lodging_interior_equipment-wi-fi","lodging_sport_and_leisure-jeux-de-societe","lodging_car_motorcycle_bike-garage-moto","lodging_car_motorcycle_bike-local-a-velo","lodging_car_motorcycle_bike-parking-prive","lodging_status-published"],"yoast_head":"<!-- This site is optimized with the Yoast SEO Premium plugin v26.7 (Yoast SEO v26.7) - https:\/\/yoast.com\/wordpress\/plugins\/seo\/ -->\n<title>Le Chalet Pointu du Bout du Monde - gitesdewallonie.be<\/title>\n<meta name=\"robots\" content=\"index, follow, max-snippet:-1, max-image-preview:large, max-video-preview:-1\" \/>\n<link rel=\"canonical\" href=\"https:\/\/gitesdewallonie.be\/en\/find-an-accommodation\/rural-holiday-home\/la-roche-en-ardenne\/le-chalet-pointu-du-bout-du-monde\/\" \/>\n<meta property=\"og:locale\" content=\"en_US\" \/>\n<meta property=\"og:type\" content=\"article\" \/>\n<meta property=\"og:title\" content=\"Le Chalet Pointu du Bout du Monde\" \/>\n<meta property=\"og:url\" content=\"https:\/\/gitesdewallonie.be\/en\/find-an-accommodation\/rural-holiday-home\/la-roche-en-ardenne\/le-chalet-pointu-du-bout-du-monde\/\" \/>\n<meta property=\"og:site_name\" content=\"gitesdewallonie.be\" \/>\n<meta property=\"article:publisher\" content=\"https:\/\/www.facebook.com\/GitesdeWallonie\" \/>\n<meta name=\"twitter:card\" content=\"summary_large_image\" \/>\n<script type=\"application\/ld+json\" class=\"yoast-schema-graph\">{\"@context\":\"https:\/\/schema.org\",\"@graph\":[{\"@type\":\"WebPage\",\"@id\":\"https:\/\/gitesdewallonie.be\/en\/find-an-accommodation\/rural-holiday-home\/la-roche-en-ardenne\/le-chalet-pointu-du-bout-du-monde\/\",\"url\":\"https:\/\/gitesdewallonie.be\/en\/find-an-accommodation\/rural-holiday-home\/la-roche-en-ardenne\/le-chalet-pointu-du-bout-du-monde\/\",\"name\":\"Le Chalet Pointu du Bout du Monde - gitesdewallonie.be\",\"isPartOf\":{\"@id\":\"https:\/\/gitesdewallonie.be\/en\/#website\"},\"datePublished\":\"2024-08-27T07:15:27+00:00\",\"breadcrumb\":{\"@id\":\"https:\/\/gitesdewallonie.be\/en\/find-an-accommodation\/rural-holiday-home\/la-roche-en-ardenne\/le-chalet-pointu-du-bout-du-monde\/#breadcrumb\"},\"inLanguage\":\"en-US\",\"potentialAction\":[{\"@type\":\"ReadAction\",\"target\":[\"https:\/\/gitesdewallonie.be\/en\/find-an-accommodation\/rural-holiday-home\/la-roche-en-ardenne\/le-chalet-pointu-du-bout-du-monde\/\"]}]},{\"@type\":\"BreadcrumbList\",\"@id\":\"https:\/\/gitesdewallonie.be\/en\/find-an-accommodation\/rural-holiday-home\/la-roche-en-ardenne\/le-chalet-pointu-du-bout-du-monde\/#breadcrumb\",\"itemListElement\":[{\"@type\":\"ListItem\",\"position\":1,\"name\":\"Accueil\",\"item\":\"https:\/\/gitesdewallonie.be\/en\/\"},{\"@type\":\"ListItem\",\"position\":2,\"name\":\"H\u00e9bergements\",\"item\":\"https:\/\/gitesdewallonie.be\/en\/hebergements\/%type%\/%region%\/\"},{\"@type\":\"ListItem\",\"position\":3,\"name\":\"Chalet pour 5 personnes \u00e0 Cielle Le Chalet Pointu du Bout du Monde\"}]},{\"@type\":\"WebSite\",\"@id\":\"https:\/\/gitesdewallonie.be\/en\/#website\",\"url\":\"https:\/\/gitesdewallonie.be\/en\/\",\"name\":\"F\u00e9d\u00e9ration des G\u00eetes et Chambres d'h\u00f4tes de Wallonie\",\"description\":\"\",\"publisher\":{\"@id\":\"https:\/\/gitesdewallonie.be\/en\/#organization\"},\"potentialAction\":[{\"@type\":\"SearchAction\",\"target\":{\"@type\":\"EntryPoint\",\"urlTemplate\":\"https:\/\/gitesdewallonie.be\/en\/?s={search_term_string}\"},\"query-input\":{\"@type\":\"PropertyValueSpecification\",\"valueRequired\":true,\"valueName\":\"search_term_string\"}}],\"inLanguage\":\"en-US\"},{\"@type\":\"Organization\",\"@id\":\"https:\/\/gitesdewallonie.be\/en\/#organization\",\"name\":\"F\u00e9d\u00e9ration des G\u00eetes et Chambres d'h\u00f4tes de Wallonie\",\"alternateName\":\"GDW\",\"url\":\"https:\/\/gitesdewallonie.be\/en\/\",\"logo\":{\"@type\":\"ImageObject\",\"inLanguage\":\"en-US\",\"@id\":\"https:\/\/gitesdewallonie.be\/en\/#\/schema\/logo\/image\/\",\"url\":\"https:\/\/gitesdewallonie.be\/wp-content\/uploads\/2024\/08\/logo-gdw.svg\",\"contentUrl\":\"https:\/\/gitesdewallonie.be\/wp-content\/uploads\/2024\/08\/logo-gdw.svg\",\"caption\":\"F\u00e9d\u00e9ration des G\u00eetes et Chambres d'h\u00f4tes de Wallonie\"},\"image\":{\"@id\":\"https:\/\/gitesdewallonie.be\/en\/#\/schema\/logo\/image\/\"},\"sameAs\":[\"https:\/\/www.facebook.com\/GitesdeWallonie\",\"https:\/\/www.instagram.com\/gitesdewallonie.be\/\"]}]}<\/script>\n<!-- \/ Yoast SEO Premium plugin. -->","yoast_head_json":{"title":"Le Chalet Pointu du Bout du Monde - gitesdewallonie.be","robots":{"index":"index","follow":"follow","max-snippet":"max-snippet:-1","max-image-preview":"max-image-preview:large","max-video-preview":"max-video-preview:-1"},"canonical":"https:\/\/gitesdewallonie.be\/en\/find-an-accommodation\/rural-holiday-home\/la-roche-en-ardenne\/le-chalet-pointu-du-bout-du-monde\/","og_locale":"en_US","og_type":"article","og_title":"Le Chalet Pointu du Bout du Monde","og_url":"https:\/\/gitesdewallonie.be\/en\/find-an-accommodation\/rural-holiday-home\/la-roche-en-ardenne\/le-chalet-pointu-du-bout-du-monde\/","og_site_name":"gitesdewallonie.be","article_publisher":"https:\/\/www.facebook.com\/GitesdeWallonie","twitter_card":"summary_large_image","schema":{"@context":"https:\/\/schema.org","@graph":[{"@type":"WebPage","@id":"https:\/\/gitesdewallonie.be\/en\/find-an-accommodation\/rural-holiday-home\/la-roche-en-ardenne\/le-chalet-pointu-du-bout-du-monde\/","url":"https:\/\/gitesdewallonie.be\/en\/find-an-accommodation\/rural-holiday-home\/la-roche-en-ardenne\/le-chalet-pointu-du-bout-du-monde\/","name":"Le Chalet Pointu du Bout du Monde - gitesdewallonie.be","isPartOf":{"@id":"https:\/\/gitesdewallonie.be\/en\/#website"},"datePublished":"2024-08-27T07:15:27+00:00","breadcrumb":{"@id":"https:\/\/gitesdewallonie.be\/en\/find-an-accommodation\/rural-holiday-home\/la-roche-en-ardenne\/le-chalet-pointu-du-bout-du-monde\/#breadcrumb"},"inLanguage":"en-US","potentialAction":[{"@type":"ReadAction","target":["https:\/\/gitesdewallonie.be\/en\/find-an-accommodation\/rural-holiday-home\/la-roche-en-ardenne\/le-chalet-pointu-du-bout-du-monde\/"]}]},{"@type":"BreadcrumbList","@id":"https:\/\/gitesdewallonie.be\/en\/find-an-accommodation\/rural-holiday-home\/la-roche-en-ardenne\/le-chalet-pointu-du-bout-du-monde\/#breadcrumb","itemListElement":[{"@type":"ListItem","position":1,"name":"Accueil","item":"https:\/\/gitesdewallonie.be\/en\/"},{"@type":"ListItem","position":2,"name":"H\u00e9bergements","item":"https:\/\/gitesdewallonie.be\/en\/hebergements\/%type%\/%region%\/"},{"@type":"ListItem","position":3,"name":"Chalet pour 5 personnes \u00e0 Cielle Le Chalet Pointu du Bout du Monde"}]},{"@type":"WebSite","@id":"https:\/\/gitesdewallonie.be\/en\/#website","url":"https:\/\/gitesdewallonie.be\/en\/","name":"F\u00e9d\u00e9ration des G\u00eetes et Chambres d'h\u00f4tes de Wallonie","description":"","publisher":{"@id":"https:\/\/gitesdewallonie.be\/en\/#organization"},"potentialAction":[{"@type":"SearchAction","target":{"@type":"EntryPoint","urlTemplate":"https:\/\/gitesdewallonie.be\/en\/?s={search_term_string}"},"query-input":{"@type":"PropertyValueSpecification","valueRequired":true,"valueName":"search_term_string"}}],"inLanguage":"en-US"},{"@type":"Organization","@id":"https:\/\/gitesdewallonie.be\/en\/#organization","name":"F\u00e9d\u00e9ration des G\u00eetes et Chambres d'h\u00f4tes de Wallonie","alternateName":"GDW","url":"https:\/\/gitesdewallonie.be\/en\/","logo":{"@type":"ImageObject","inLanguage":"en-US","@id":"https:\/\/gitesdewallonie.be\/en\/#\/schema\/logo\/image\/","url":"https:\/\/gitesdewallonie.be\/wp-content\/uploads\/2024\/08\/logo-gdw.svg","contentUrl":"https:\/\/gitesdewallonie.be\/wp-content\/uploads\/2024\/08\/logo-gdw.svg","caption":"F\u00e9d\u00e9ration des G\u00eetes et Chambres d'h\u00f4tes de Wallonie"},"image":{"@id":"https:\/\/gitesdewallonie.be\/en\/#\/schema\/logo\/image\/"},"sameAs":["https:\/\/www.facebook.com\/GitesdeWallonie","https:\/\/www.instagram.com\/gitesdewallonie.be\/"]}]}},"_links":{"self":[{"href":"https:\/\/gitesdewallonie.be\/en\/wp-json\/wp\/v2\/lodging\/113328","targetHints":{"allow":["GET"]}}],"collection":[{"href":"https:\/\/gitesdewallonie.be\/en\/wp-json\/wp\/v2\/lodging"}],"about":[{"href":"https:\/\/gitesdewallonie.be\/en\/wp-json\/wp\/v2\/types\/lodging"}],"wp:attachment":[{"href":"https:\/\/gitesdewallonie.be\/en\/wp-json\/wp\/v2\/media?parent=113328"}],"wp:term":[{"taxonomy":"lodging_type","embeddable":true,"href":"https:\/\/gitesdewallonie.be\/en\/wp-json\/wp\/v2\/lodging_type?post=113328"},{"taxonomy":"lodging_official_category","embeddable":true,"href":"https:\/\/gitesdewallonie.be\/en\/wp-json\/wp\/v2\/lodging_official_category?post=113328"},{"taxonomy":"lodging_subtype","embeddable":true,"href":"https:\/\/gitesdewallonie.be\/en\/wp-json\/wp\/v2\/lodging_subtype?post=113328"},{"taxonomy":"lodging_situation","embeddable":true,"href":"https:\/\/gitesdewallonie.be\/en\/wp-json\/wp\/v2\/lodging_situation?post=113328"},{"taxonomy":"lodging_layout","embeddable":true,"href":"https:\/\/gitesdewallonie.be\/en\/wp-json\/wp\/v2\/lodging_layout?post=113328"},{"taxonomy":"lodging_bedding","embeddable":true,"href":"https:\/\/gitesdewallonie.be\/en\/wp-json\/wp\/v2\/lodging_bedding?post=113328"},{"taxonomy":"lodging_additional_rate_type","embeddable":true,"href":"https:\/\/gitesdewallonie.be\/en\/wp-json\/wp\/v2\/lodging_additional_rate_type?post=113328"},{"taxonomy":"lodging_external_equipment","embeddable":true,"href":"https:\/\/gitesdewallonie.be\/en\/wp-json\/wp\/v2\/lodging_external_equipment?post=113328"},{"taxonomy":"lodging_household_appliances","embeddable":true,"href":"https:\/\/gitesdewallonie.be\/en\/wp-json\/wp\/v2\/lodging_household_appliances?post=113328"},{"taxonomy":"lodging_interior_equipment","embeddable":true,"href":"https:\/\/gitesdewallonie.be\/en\/wp-json\/wp\/v2\/lodging_interior_equipment?post=113328"},{"taxonomy":"lodging_sport_and_leisure","embeddable":true,"href":"https:\/\/gitesdewallonie.be\/en\/wp-json\/wp\/v2\/lodging_sport_and_leisure?post=113328"},{"taxonomy":"lodging_type_of_stay","embeddable":true,"href":"https:\/\/gitesdewallonie.be\/en\/wp-json\/wp\/v2\/lodging_type_of_stay?post=113328"},{"taxonomy":"lodging_adapted_to","embeddable":true,"href":"https:\/\/gitesdewallonie.be\/en\/wp-json\/wp\/v2\/lodging_adapted_to?post=113328"},{"taxonomy":"lodging_wellness","embeddable":true,"href":"https:\/\/gitesdewallonie.be\/en\/wp-json\/wp\/v2\/lodging_wellness?post=113328"},{"taxonomy":"lodging_baby","embeddable":true,"href":"https:\/\/gitesdewallonie.be\/en\/wp-json\/wp\/v2\/lodging_baby?post=113328"},{"taxonomy":"lodging_business_mice","embeddable":true,"href":"https:\/\/gitesdewallonie.be\/en\/wp-json\/wp\/v2\/lodging_business_mice?post=113328"},{"taxonomy":"lodging_accessibility","embeddable":true,"href":"https:\/\/gitesdewallonie.be\/en\/wp-json\/wp\/v2\/lodging_accessibility?post=113328"},{"taxonomy":"lodging_nearby","embeddable":true,"href":"https:\/\/gitesdewallonie.be\/en\/wp-json\/wp\/v2\/lodging_nearby?post=113328"},{"taxonomy":"lodging_car_motorcycle_bike","embeddable":true,"href":"https:\/\/gitesdewallonie.be\/en\/wp-json\/wp\/v2\/lodging_car_motorcycle_bike?post=113328"},{"taxonomy":"lodging_room_type","embeddable":true,"href":"https:\/\/gitesdewallonie.be\/en\/wp-json\/wp\/v2\/lodging_room_type?post=113328"},{"taxonomy":"lodging_thematic","embeddable":true,"href":"https:\/\/gitesdewallonie.be\/en\/wp-json\/wp\/v2\/lodging_thematic?post=113328"},{"taxonomy":"lodging_status","embeddable":true,"href":"https:\/\/gitesdewallonie.be\/en\/wp-json\/wp\/v2\/lodging_status?post=113328"},{"taxonomy":"lodging_other_informations","embeddable":true,"href":"https:\/\/gitesdewallonie.be\/en\/wp-json\/wp\/v2\/lodging_other_informations?post=113328"}],"curies":[{"name":"wp","href":"https:\/\/api.w.org\/{rel}","templated":true}]}}