{"id":113368,"date":"2024-08-27T09:15:37","date_gmt":"2024-08-27T07:15:37","guid":{"rendered":"https:\/\/gitesdewallonie.be\/hebergements\/%type%\/%region%\/gites-laiche22-le-colvert\/"},"modified":"2025-04-14T15:14:23","modified_gmt":"2025-04-14T13:14:23","slug":"gites-laiche-22-le-colvert","status":"publish","type":"lodging","link":"https:\/\/gitesdewallonie.be\/en\/find-an-accommodation\/rural-holiday-home\/florenville\/gites-laiche-22-le-colvert\/","title":{"rendered":"G\u00eetes Laiche 22 : Le Colvert"},"content":{"rendered":"","protected":false},"template":"","meta":{"lodging_type":"gite","lodging_UID":"e60239d76e354f61b67f5f130d6e6915","lodging_pk":"26","lodging_description_fr":"Ancienne Ferme au coeur du village avec le jardin au bord de l'eau (la Semois) , \u00e0 l'or\u00e9e d'une superbe for\u00eat, les Epioux. Fronti\u00e8re fran\u00e7aise et commerces \u00e0 2 km.\nLe g\u00eete contigu au g\u00eete le brochet vous procure le bonheur de vivre au calme, son orientation Sud Ouest. Du g\u00eete et de la terrasse la vue exceptionnelle sur la rivi\u00e8re (Semois)et la campagne, . Vous ne serez pas d\u00e9rang\u00e9 par la N83 . Pour les enfants une plaine de jeux \u00e0 500m. P\u00eache, kayak et amusement dans la rivi\u00e8re face au g\u00eete Possibilit\u00e9 d'h\u00e9berger des v\u00e9los et moto dans un local s\u00e9curis\u00e9.\n<br>\nNouveau syst\u00e8me de chauffage central chaudi\u00e8re basse condensation\nUNIQUEMDENT SUR DEMANDE CHIEN ADMIS 25\u20ac PAR SEJOUR","lodging_description_nl":"I am looking for a new job opportunity in the marketing field.","lodging_description_en":"I am sorry, I do not have any text to translate. Could you please provide me with the text you would like me to translate into English?","lodging_email":"piretcl@gmail.com   ","lodging_website":"http:\/\/www.gitelaiche.be\/","lodging_lat":"49.709999657058","lodging_lng":"5.278465747806","lodging_locality":"Chassepierre","lodging_commune":"Florenville","lodging_owner":"626d3b41fbeb4409bb55571ecbad0c23","lodging_zip_code":"6824","lodging_street":"Rue Laiche","lodging_number":"22","lodging_ranking":"3","lodging_accessi_url":"","lodging_gallery":"","lodging_elloha_product_id":"","lodging_elloha_offer_id":"","lodging_elloha_id":"","lodging_elloha_price_from":"","lodging_experience_title_fr":"","lodging_experience_title_nl":"","lodging_experience_title_en":"","lodging_experience_content_fr":"","lodging_experience_content_nl":"","lodging_experience_content_en":"","lodging_expert_content_fr":"","lodging_expert_content_nl":"","lodging_expert_content_en":"","lodging_expert_id":"","lodging_testimonials_tripadvisor":"","lodging_testimonials_google":"","lodging_testimonials_booking":"","lodging_real_min_capacity":"","lodging_max_capacity":"6","lodging_min_capacity":"4","lodging_min_night":"2","lodging_number_of_bathrooms":"1","lodging_number_of_bedrooms":"2","lodging_number_of_levels":"2","lodging_smoking_accommodation":"","lodging_surface_area":"126","lodging_animals_accepted":"1","lodging_peb_class":"","lodging_peb_code":"","lodging_peb_primary":"","lodging_peb_total":"","lodging_nearby_distance":"","lodging_room_description":"{\"salon-salle-a-manger\":1,\"coin-cuisine\":1,\"salle-de-bain\":1,\"toilettes\":2}","lodging_other_informations":"{\"heure-darrivee\":{\"fr\":\"Entre entre 16h et 18h\",\"nl\":\"Tussen 16.00 en 18.00 uur.\",\"en\":\"Between 4pm and 6pm.\"},\"heure-de-depart\":{\"fr\":\"D\u00e9part avant 10h30 si s\u00e9jour d'une semaine. D\u00e9part en fin de journ\u00e9e si s\u00e9jour un WE.\",\"nl\":\"Vertrek voor 10.30 uur bij een verblijf van een week. Vertrek aan het einde van de dag bij een weekendverblijf.\",\"en\":\"Departure before 10:30 am for a one-week stay. Departure at the end of the day for a weekend stay.\"},\"informations\":{\"fr\":\"Nos tarifs s'appliquent ttc ( c'est \u00e0 dire s\u00e9jour, charges, nettoyage) nous offrons le bois.\\nSi un chien: 25\u20ac\/par s\u00e9jour ,uniquement sur demande.\",\"nl\":\"Onze tarieven zijn inclusief btw (dat wil zeggen verblijf, kosten, schoonmaak) en wij bieden hout aan.\\nIndien een hond: 25\u20ac\/per verblijf, alleen op verzoek.\",\"en\":\"Our rates apply all taxes included (i.e. stay, charges, cleaning), we offer wood. If a dog: 25\u20ac per stay, only on request.\"}}","lodging_charge":"","lodging_charge_amount":"","lodging_code_cgt":"GRLX0542","lodging_bedding":"[{\"roomtype\":\"chambre\",\"bedding\":[\"1-lit-double\"]},{\"roomtype\":\"chambre\",\"bedding\":[\"2-lits-simples\"]},{\"roomtype\":\"mezzanine\",\"bedding\":[\"2-lits-simples\"]}]","lodging_lodgings_relation":"","lodging_hosting_advantages":"[\"jardin\",\"salon-de-jardin\",\"parking-prive\",\"local-a-velo\",\"terrasse\",\"poele\"]","lodging_3dvue":"","lodging_video":"","lodging_streetview":"","lodging_percent":"{\"peb\":0,\"other_informations\":100,\"localisation\":100,\"rates\":{\"2026\":100,\"2027\":1,\"2028\":0},\"general\":92,\"equipments\":100,\"medias\":100,\"total\":66}","lodging_mentions":"[]"},"lodging_type":[33],"lodging_official_category":[4380],"lodging_subtype":[],"lodging_situation":[8909,8911,9103],"lodging_layout":[420],"lodging_bedding":[],"lodging_additional_rate_type":[],"lodging_external_equipment":[8893,9115,8896,8897,8898],"lodging_household_appliances":[9001,8882,9020,9002,8884,8885,8886,8887,8888,9003,8889,9055,8891],"lodging_interior_equipment":[8877,8878,8879,8880,8881],"lodging_sport_and_leisure":[],"lodging_type_of_stay":[9021,9098,9174],"lodging_adapted_to":[],"lodging_wellness":[],"lodging_baby":[],"lodging_business_mice":[],"lodging_accessibility":[],"lodging_nearby":[],"lodging_car_motorcycle_bike":[9127,8907,8908,9036],"lodging_room_type":[],"lodging_thematic":[],"lodging_status":[167],"lodging_other_informations":[],"class_list":["post-113368","lodging","type-lodging","status-publish","hentry","lodging_type-gite","lodging_official_category-ruralgite","lodging_situation-a-la-campagne","lodging_situation-au-bord-de-leau","lodging_situation-dans-un-village","lodging_layout-hebergement-mitoyen","lodging_external_equipment-barbecue","lodging_external_equipment-borne-de-recharge-pour-velo-electrique","lodging_external_equipment-jardin","lodging_external_equipment-salon-de-jardin","lodging_external_equipment-terrasse","lodging_household_appliances-aspirateur","lodging_household_appliances-bouilloire-electrique","lodging_household_appliances-cafetiere","lodging_household_appliances-fer-et-table-a-repasser","lodging_household_appliances-four","lodging_household_appliances-grille-pain","lodging_household_appliances-lave-linge","lodging_household_appliances-lave-vaisselle","lodging_household_appliances-machine-a-cafe","lodging_household_appliances-micro-ondes","lodging_household_appliances-mixeur","lodging_household_appliances-plaque-de-cuisson-a-induction","lodging_household_appliances-refrigerateur","lodging_interior_equipment-penderie","lodging_interior_equipment-poele","lodging_interior_equipment-seche-cheveux","lodging_interior_equipment-television","lodging_interior_equipment-wi-fi","lodging_type_of_stay-a-velo","lodging_type_of_stay-animaux-admis","lodging_type_of_stay-au-bord-de-leau","lodging_car_motorcycle_bike-garage-moto","lodging_car_motorcycle_bike-local-a-velo","lodging_car_motorcycle_bike-parking-prive","lodging_car_motorcycle_bike-parking-public","lodging_status-published"],"yoast_head":"<!-- This site is optimized with the Yoast SEO Premium plugin v26.7 (Yoast SEO v26.7) - https:\/\/yoast.com\/wordpress\/plugins\/seo\/ -->\n<title>G\u00eetes Laiche 22 : Le Colvert - gitesdewallonie.be<\/title>\n<meta name=\"robots\" content=\"index, follow, max-snippet:-1, max-image-preview:large, max-video-preview:-1\" \/>\n<link rel=\"canonical\" href=\"https:\/\/gitesdewallonie.be\/en\/find-an-accommodation\/rural-holiday-home\/florenville\/gites-laiche-22-le-colvert\/\" \/>\n<meta property=\"og:locale\" content=\"en_US\" \/>\n<meta property=\"og:type\" content=\"article\" \/>\n<meta property=\"og:title\" content=\"G\u00eetes Laiche 22 : Le Colvert\" \/>\n<meta property=\"og:url\" content=\"https:\/\/gitesdewallonie.be\/en\/find-an-accommodation\/rural-holiday-home\/florenville\/gites-laiche-22-le-colvert\/\" \/>\n<meta property=\"og:site_name\" content=\"gitesdewallonie.be\" \/>\n<meta property=\"article:publisher\" content=\"https:\/\/www.facebook.com\/GitesdeWallonie\" \/>\n<meta property=\"article:modified_time\" content=\"2025-04-14T13:14:23+00:00\" \/>\n<meta name=\"twitter:card\" content=\"summary_large_image\" \/>\n<script type=\"application\/ld+json\" class=\"yoast-schema-graph\">{\"@context\":\"https:\/\/schema.org\",\"@graph\":[{\"@type\":\"WebPage\",\"@id\":\"https:\/\/gitesdewallonie.be\/en\/find-an-accommodation\/rural-holiday-home\/florenville\/gites-laiche-22-le-colvert\/\",\"url\":\"https:\/\/gitesdewallonie.be\/en\/find-an-accommodation\/rural-holiday-home\/florenville\/gites-laiche-22-le-colvert\/\",\"name\":\"G\u00eetes Laiche 22 : Le Colvert - gitesdewallonie.be\",\"isPartOf\":{\"@id\":\"https:\/\/gitesdewallonie.be\/en\/#website\"},\"datePublished\":\"2024-08-27T07:15:37+00:00\",\"dateModified\":\"2025-04-14T13:14:23+00:00\",\"breadcrumb\":{\"@id\":\"https:\/\/gitesdewallonie.be\/en\/find-an-accommodation\/rural-holiday-home\/florenville\/gites-laiche-22-le-colvert\/#breadcrumb\"},\"inLanguage\":\"en-US\",\"potentialAction\":[{\"@type\":\"ReadAction\",\"target\":[\"https:\/\/gitesdewallonie.be\/en\/find-an-accommodation\/rural-holiday-home\/florenville\/gites-laiche-22-le-colvert\/\"]}]},{\"@type\":\"BreadcrumbList\",\"@id\":\"https:\/\/gitesdewallonie.be\/en\/find-an-accommodation\/rural-holiday-home\/florenville\/gites-laiche-22-le-colvert\/#breadcrumb\",\"itemListElement\":[{\"@type\":\"ListItem\",\"position\":1,\"name\":\"Accueil\",\"item\":\"https:\/\/gitesdewallonie.be\/en\/\"},{\"@type\":\"ListItem\",\"position\":2,\"name\":\"H\u00e9bergements\",\"item\":\"https:\/\/gitesdewallonie.be\/en\/hebergements\/%type%\/%region%\/\"},{\"@type\":\"ListItem\",\"position\":3,\"name\":\"G\u00eetes Laiche 22 : Le Colvert\"}]},{\"@type\":\"WebSite\",\"@id\":\"https:\/\/gitesdewallonie.be\/en\/#website\",\"url\":\"https:\/\/gitesdewallonie.be\/en\/\",\"name\":\"F\u00e9d\u00e9ration des G\u00eetes et Chambres d'h\u00f4tes de Wallonie\",\"description\":\"\",\"publisher\":{\"@id\":\"https:\/\/gitesdewallonie.be\/en\/#organization\"},\"potentialAction\":[{\"@type\":\"SearchAction\",\"target\":{\"@type\":\"EntryPoint\",\"urlTemplate\":\"https:\/\/gitesdewallonie.be\/en\/?s={search_term_string}\"},\"query-input\":{\"@type\":\"PropertyValueSpecification\",\"valueRequired\":true,\"valueName\":\"search_term_string\"}}],\"inLanguage\":\"en-US\"},{\"@type\":\"Organization\",\"@id\":\"https:\/\/gitesdewallonie.be\/en\/#organization\",\"name\":\"F\u00e9d\u00e9ration des G\u00eetes et Chambres d'h\u00f4tes de Wallonie\",\"alternateName\":\"GDW\",\"url\":\"https:\/\/gitesdewallonie.be\/en\/\",\"logo\":{\"@type\":\"ImageObject\",\"inLanguage\":\"en-US\",\"@id\":\"https:\/\/gitesdewallonie.be\/en\/#\/schema\/logo\/image\/\",\"url\":\"https:\/\/gitesdewallonie.be\/wp-content\/uploads\/2024\/08\/logo-gdw.svg\",\"contentUrl\":\"https:\/\/gitesdewallonie.be\/wp-content\/uploads\/2024\/08\/logo-gdw.svg\",\"caption\":\"F\u00e9d\u00e9ration des G\u00eetes et Chambres d'h\u00f4tes de Wallonie\"},\"image\":{\"@id\":\"https:\/\/gitesdewallonie.be\/en\/#\/schema\/logo\/image\/\"},\"sameAs\":[\"https:\/\/www.facebook.com\/GitesdeWallonie\",\"https:\/\/www.instagram.com\/gitesdewallonie.be\/\"]}]}<\/script>\n<!-- \/ Yoast SEO Premium plugin. -->","yoast_head_json":{"title":"G\u00eetes Laiche 22 : Le Colvert - gitesdewallonie.be","robots":{"index":"index","follow":"follow","max-snippet":"max-snippet:-1","max-image-preview":"max-image-preview:large","max-video-preview":"max-video-preview:-1"},"canonical":"https:\/\/gitesdewallonie.be\/en\/find-an-accommodation\/rural-holiday-home\/florenville\/gites-laiche-22-le-colvert\/","og_locale":"en_US","og_type":"article","og_title":"G\u00eetes Laiche 22 : Le Colvert","og_url":"https:\/\/gitesdewallonie.be\/en\/find-an-accommodation\/rural-holiday-home\/florenville\/gites-laiche-22-le-colvert\/","og_site_name":"gitesdewallonie.be","article_publisher":"https:\/\/www.facebook.com\/GitesdeWallonie","article_modified_time":"2025-04-14T13:14:23+00:00","twitter_card":"summary_large_image","schema":{"@context":"https:\/\/schema.org","@graph":[{"@type":"WebPage","@id":"https:\/\/gitesdewallonie.be\/en\/find-an-accommodation\/rural-holiday-home\/florenville\/gites-laiche-22-le-colvert\/","url":"https:\/\/gitesdewallonie.be\/en\/find-an-accommodation\/rural-holiday-home\/florenville\/gites-laiche-22-le-colvert\/","name":"G\u00eetes Laiche 22 : Le Colvert - gitesdewallonie.be","isPartOf":{"@id":"https:\/\/gitesdewallonie.be\/en\/#website"},"datePublished":"2024-08-27T07:15:37+00:00","dateModified":"2025-04-14T13:14:23+00:00","breadcrumb":{"@id":"https:\/\/gitesdewallonie.be\/en\/find-an-accommodation\/rural-holiday-home\/florenville\/gites-laiche-22-le-colvert\/#breadcrumb"},"inLanguage":"en-US","potentialAction":[{"@type":"ReadAction","target":["https:\/\/gitesdewallonie.be\/en\/find-an-accommodation\/rural-holiday-home\/florenville\/gites-laiche-22-le-colvert\/"]}]},{"@type":"BreadcrumbList","@id":"https:\/\/gitesdewallonie.be\/en\/find-an-accommodation\/rural-holiday-home\/florenville\/gites-laiche-22-le-colvert\/#breadcrumb","itemListElement":[{"@type":"ListItem","position":1,"name":"Accueil","item":"https:\/\/gitesdewallonie.be\/en\/"},{"@type":"ListItem","position":2,"name":"H\u00e9bergements","item":"https:\/\/gitesdewallonie.be\/en\/hebergements\/%type%\/%region%\/"},{"@type":"ListItem","position":3,"name":"G\u00eetes Laiche 22 : Le Colvert"}]},{"@type":"WebSite","@id":"https:\/\/gitesdewallonie.be\/en\/#website","url":"https:\/\/gitesdewallonie.be\/en\/","name":"F\u00e9d\u00e9ration des G\u00eetes et Chambres d'h\u00f4tes de Wallonie","description":"","publisher":{"@id":"https:\/\/gitesdewallonie.be\/en\/#organization"},"potentialAction":[{"@type":"SearchAction","target":{"@type":"EntryPoint","urlTemplate":"https:\/\/gitesdewallonie.be\/en\/?s={search_term_string}"},"query-input":{"@type":"PropertyValueSpecification","valueRequired":true,"valueName":"search_term_string"}}],"inLanguage":"en-US"},{"@type":"Organization","@id":"https:\/\/gitesdewallonie.be\/en\/#organization","name":"F\u00e9d\u00e9ration des G\u00eetes et Chambres d'h\u00f4tes de Wallonie","alternateName":"GDW","url":"https:\/\/gitesdewallonie.be\/en\/","logo":{"@type":"ImageObject","inLanguage":"en-US","@id":"https:\/\/gitesdewallonie.be\/en\/#\/schema\/logo\/image\/","url":"https:\/\/gitesdewallonie.be\/wp-content\/uploads\/2024\/08\/logo-gdw.svg","contentUrl":"https:\/\/gitesdewallonie.be\/wp-content\/uploads\/2024\/08\/logo-gdw.svg","caption":"F\u00e9d\u00e9ration des G\u00eetes et Chambres d'h\u00f4tes de Wallonie"},"image":{"@id":"https:\/\/gitesdewallonie.be\/en\/#\/schema\/logo\/image\/"},"sameAs":["https:\/\/www.facebook.com\/GitesdeWallonie","https:\/\/www.instagram.com\/gitesdewallonie.be\/"]}]}},"_links":{"self":[{"href":"https:\/\/gitesdewallonie.be\/en\/wp-json\/wp\/v2\/lodging\/113368","targetHints":{"allow":["GET"]}}],"collection":[{"href":"https:\/\/gitesdewallonie.be\/en\/wp-json\/wp\/v2\/lodging"}],"about":[{"href":"https:\/\/gitesdewallonie.be\/en\/wp-json\/wp\/v2\/types\/lodging"}],"wp:attachment":[{"href":"https:\/\/gitesdewallonie.be\/en\/wp-json\/wp\/v2\/media?parent=113368"}],"wp:term":[{"taxonomy":"lodging_type","embeddable":true,"href":"https:\/\/gitesdewallonie.be\/en\/wp-json\/wp\/v2\/lodging_type?post=113368"},{"taxonomy":"lodging_official_category","embeddable":true,"href":"https:\/\/gitesdewallonie.be\/en\/wp-json\/wp\/v2\/lodging_official_category?post=113368"},{"taxonomy":"lodging_subtype","embeddable":true,"href":"https:\/\/gitesdewallonie.be\/en\/wp-json\/wp\/v2\/lodging_subtype?post=113368"},{"taxonomy":"lodging_situation","embeddable":true,"href":"https:\/\/gitesdewallonie.be\/en\/wp-json\/wp\/v2\/lodging_situation?post=113368"},{"taxonomy":"lodging_layout","embeddable":true,"href":"https:\/\/gitesdewallonie.be\/en\/wp-json\/wp\/v2\/lodging_layout?post=113368"},{"taxonomy":"lodging_bedding","embeddable":true,"href":"https:\/\/gitesdewallonie.be\/en\/wp-json\/wp\/v2\/lodging_bedding?post=113368"},{"taxonomy":"lodging_additional_rate_type","embeddable":true,"href":"https:\/\/gitesdewallonie.be\/en\/wp-json\/wp\/v2\/lodging_additional_rate_type?post=113368"},{"taxonomy":"lodging_external_equipment","embeddable":true,"href":"https:\/\/gitesdewallonie.be\/en\/wp-json\/wp\/v2\/lodging_external_equipment?post=113368"},{"taxonomy":"lodging_household_appliances","embeddable":true,"href":"https:\/\/gitesdewallonie.be\/en\/wp-json\/wp\/v2\/lodging_household_appliances?post=113368"},{"taxonomy":"lodging_interior_equipment","embeddable":true,"href":"https:\/\/gitesdewallonie.be\/en\/wp-json\/wp\/v2\/lodging_interior_equipment?post=113368"},{"taxonomy":"lodging_sport_and_leisure","embeddable":true,"href":"https:\/\/gitesdewallonie.be\/en\/wp-json\/wp\/v2\/lodging_sport_and_leisure?post=113368"},{"taxonomy":"lodging_type_of_stay","embeddable":true,"href":"https:\/\/gitesdewallonie.be\/en\/wp-json\/wp\/v2\/lodging_type_of_stay?post=113368"},{"taxonomy":"lodging_adapted_to","embeddable":true,"href":"https:\/\/gitesdewallonie.be\/en\/wp-json\/wp\/v2\/lodging_adapted_to?post=113368"},{"taxonomy":"lodging_wellness","embeddable":true,"href":"https:\/\/gitesdewallonie.be\/en\/wp-json\/wp\/v2\/lodging_wellness?post=113368"},{"taxonomy":"lodging_baby","embeddable":true,"href":"https:\/\/gitesdewallonie.be\/en\/wp-json\/wp\/v2\/lodging_baby?post=113368"},{"taxonomy":"lodging_business_mice","embeddable":true,"href":"https:\/\/gitesdewallonie.be\/en\/wp-json\/wp\/v2\/lodging_business_mice?post=113368"},{"taxonomy":"lodging_accessibility","embeddable":true,"href":"https:\/\/gitesdewallonie.be\/en\/wp-json\/wp\/v2\/lodging_accessibility?post=113368"},{"taxonomy":"lodging_nearby","embeddable":true,"href":"https:\/\/gitesdewallonie.be\/en\/wp-json\/wp\/v2\/lodging_nearby?post=113368"},{"taxonomy":"lodging_car_motorcycle_bike","embeddable":true,"href":"https:\/\/gitesdewallonie.be\/en\/wp-json\/wp\/v2\/lodging_car_motorcycle_bike?post=113368"},{"taxonomy":"lodging_room_type","embeddable":true,"href":"https:\/\/gitesdewallonie.be\/en\/wp-json\/wp\/v2\/lodging_room_type?post=113368"},{"taxonomy":"lodging_thematic","embeddable":true,"href":"https:\/\/gitesdewallonie.be\/en\/wp-json\/wp\/v2\/lodging_thematic?post=113368"},{"taxonomy":"lodging_status","embeddable":true,"href":"https:\/\/gitesdewallonie.be\/en\/wp-json\/wp\/v2\/lodging_status?post=113368"},{"taxonomy":"lodging_other_informations","embeddable":true,"href":"https:\/\/gitesdewallonie.be\/en\/wp-json\/wp\/v2\/lodging_other_informations?post=113368"}],"curies":[{"name":"wp","href":"https:\/\/api.w.org\/{rel}","templated":true}]}}