{"id":113415,"date":"2024-08-27T09:15:51","date_gmt":"2024-08-27T07:15:51","guid":{"rendered":"https:\/\/gitesdewallonie.be\/hebergements\/%type%\/%region%\/le-gite-du-boulanger\/"},"modified":"2024-08-27T09:15:51","modified_gmt":"2024-08-27T07:15:51","slug":"le-gite-du-boulanger","status":"publish","type":"lodging","link":"https:\/\/gitesdewallonie.be\/en\/find-an-accommodation\/accommodation\/vresse-sur-semois\/le-gite-du-boulanger\/","title":{"rendered":"Le G\u00eete du Boulanger"},"content":{"rendered":"","protected":false},"template":"","meta":{"lodging_type":"gite","lodging_UID":"04243911466240749171766b23c23be8","lodging_pk":"3716","lodging_description_fr":"<p>G\u00eete id\u00e9alement situ\u00e9 au c\u0153ur du village de Alle-sur-Semois, parfait pour venir en famille.\r\nLes 3 chambres peuvent accueillir deux couples et 4 enfants.\r\nMinimum 3 nuits!!!<\/p><p>Cet appartement est situ\u00e9 dans le m\u00eame b\u00e2timent que la boulangerie du village : vos d\u00e9jeuners sont \u00e0 10 m\u00e8tres de votre porte d'entr\u00e9e!\r\nIl profite donc un emplacement id\u00e9al pour participer \u00e0 la vie du village, mais les chambres sont situ\u00e9es \u00e0 l'arri\u00e8re et permettent de dormir en toute tranquillit\u00e9.\r\nC'est un endroit tr\u00e8s spacieux, avec 3 chambres, 2 salles de bain (avec WC), un grand s\u00e9jour : kitchenette, salle \u00e0 manger, salon.\r\nLors des beaux jours, une toute nouvelle terrasse en bois accueille vos repas en famille.<\/p>","lodging_description_nl":"<p>Deze g\u00eete is ideaal gelegen in het hart van het dorp Alle-sur-Semois en is perfect voor gezinnen.\r\nDe 3 slaapkamers zijn geschikt voor twee stellen en 4 kinderen.\r\nMinimum verblijf 3 nachten!<\/p><p>Dit appartement bevindt zich in hetzelfde gebouw als de dorpsbakkerij: uw ontbijt wordt dus klaargemaakt op 10 meter van uw voordeur!\r\nHet is een ideale locatie om deel te nemen aan het dorpsleven, maar de slaapkamers liggen aan de achterkant, zodat u in alle rust kunt slapen.\r\nHet is een zeer ruime woning, met 3 slaapkamers, 2 badkamers (met WC), een grote woonkamer: kitchenette, eetkamer, salon.\r\nBij mooi weer is er een gloednieuw houten terras beschikbaar waar u met het gezin kunt eten.<\/p>","lodging_description_en":"<p>Ideally situated in the heart of the village of Alle-sur-Semois, this g\u00eete is perfect for families.\r\nThe 3 bedrooms can accommodate two couples and 4 children.\r\nMinimum stay 3 nights!<\/p><p>This apartment is located in the same building as the village bakery: your lunches are 10 only metres from your front door. \r\nEven if this place benefits from the conveniences of village life, the rooms are located at the back of the residence and allow you to sleep in complete peace and quiet. \r\nIt is a very spacious place, with 3 bedrooms, 2 bathrooms (with toilet), a large living area: kitchenette, dining room, and a lounge. \r\nOn sunny days, a brand new wooden terrace holds your family meals.<\/p>","lodging_email":"angelique@delogne.be","lodging_website":"","lodging_lat":"49.8416064451","lodging_lng":"4.9695083499","lodging_locality":"Alle-sur-Semois","lodging_commune":"Vresse-sur-Semois","lodging_owner":"cee82bc44e784be1814e024f0ff85edb","lodging_zip_code":"5550","lodging_street":"La Ringe","lodging_number":"34","lodging_ranking":"","lodging_accessi_url":"","lodging_gallery":"","lodging_elloha_product_id":"fd7307a0-0d6c-4149-86d3-cfbc5694f0ba","lodging_elloha_offer_id":"0f939f98-56ff-4c82-9e1e-591b8e724bcc","lodging_elloha_id":"","lodging_elloha_price_from":"140","lodging_experience_title_fr":"","lodging_experience_title_nl":"","lodging_experience_title_en":"","lodging_experience_content_fr":"","lodging_experience_content_nl":"","lodging_experience_content_en":"","lodging_expert_content_fr":"","lodging_expert_content_nl":"","lodging_expert_content_en":"","lodging_expert_id":"","lodging_testimonials_tripadvisor":"","lodging_testimonials_google":"","lodging_testimonials_booking":"","lodging_real_min_capacity":"","lodging_max_capacity":"8","lodging_min_capacity":"8","lodging_min_night":"","lodging_number_of_bathrooms":"2","lodging_number_of_bedrooms":"3","lodging_number_of_levels":"2","lodging_smoking_accommodation":"","lodging_surface_area":"150","lodging_animals_accepted":"","lodging_peb_class":"","lodging_peb_code":"","lodging_peb_primary":"","lodging_peb_total":"","lodging_nearby_distance":"[{\"type_of_activity\":\"boulangerie\",\"distance\":0},{\"type_of_activity\":\"bureau-de-poste\",\"distance\":0},{\"type_of_activity\":\"bus\",\"distance\":0},{\"type_of_activity\":\"foret\",\"distance\":1},{\"type_of_activity\":\"magasins\",\"distance\":0},{\"type_of_activity\":\"pharmacie\",\"distance\":0},{\"type_of_activity\":\"peche\",\"distance\":1},{\"type_of_activity\":\"randonnee\",\"distance\":1},{\"type_of_activity\":\"restaurants\",\"distance\":0},{\"type_of_activity\":\"riviere\",\"distance\":1},{\"type_of_activity\":\"vtt\",\"distance\":2}]","lodging_room_description":"{\"coin-cuisine\":1,\"salon-salle-a-manger\":1,\"salles-de-bain\":2,\"toilettes\":2}","lodging_other_informations":"{\"a-disposition\":{\"en\":\"Small rechargeable lamps for your evenings on the terrace.\",\"fr\":\"Petites lampes rechargeable pour vos soir\u00e9es sur la terrasse.\",\"nl\":\"Kleine oplaadbare lampjes voor 's avonds op het terras.\"},\"dispositions-particulieres\":{\"en\":\"You can order meals.\",\"fr\":\"Possibilit\u00e9s de commander le d\u00e9jeuner.\",\"nl\":\"Mogelijkheid om ontbijt te bestellen\"},\"heure-darrivee\":{\"en\":\"Between 4 pm and 8 pm. Other time slots are possible for independent arrival (depending on the cleaning schedule).\",\"fr\":\"Entre 16h et 20h. D'autres cr\u00e9neaux sont possibles pour une arriv\u00e9e en autonomie (selon le planning de nettoyage).\",\"nl\":\"Tussen 16.00 en 20.00 uur. Andere tijdstippen zijn mogelijk bij aankomst zonder ontvangst (afhankelijk van schoonmaakschema).\"},\"heure-de-depart\":{\"en\":\"Before 10 a.m.rnOther possibilities may be considered depending on the cleaning schedule.rnPossibility of leaving your luggage at the nearby bakery to make the most of your last day.\",\"fr\":\"Avant 10h.rnD'autres possibilit\u00e9s peuvent \u00eatre envisag\u00e9es selon le planning de nettoyage.rnPossibilit\u00e9 de laisser vos bagages \u00e0 la boulangerie pour b\u00e9n\u00e9ficier d'une derni\u00e8re journ\u00e9e.\",\"nl\":\"Voor 10u.rnAndere opties zijn mogelijk, afhankelijk van het schoonmaakschema.rnU kunt uw bagage achterlaten bij de bakkerij zodat u zorgeloos kunt genieten van uw laatste dag.\"},\"modes-de-paiement\":{\"en\":\"By transfer. rnPlease send an email to angelique@delogne.be\",\"fr\":\"Par virement.rnMerci d'envoyer un mail \u00e0 angelique@delogne.be\",\"nl\":\"Via bankoverschrijving.rnGelieve een e-mail te sturen naar angelique@delogne.be\"}}","lodging_charge":"","lodging_charge_amount":"","lodging_code_cgt":"","lodging_bedding":"[{\"roomtype\":\"chambre\",\"bedding\":[\"1-lit-double\"]},{\"roomtype\":\"chambre\",\"bedding\":[\"1-lit-double\"]},{\"roomtype\":\"chambre\",\"bedding\":[\"2-lits-simples\",\"1-lit-superpose\"]}]","lodging_lodgings_relation":"","lodging_hosting_advantages":"[\"terrasse\"]","lodging_3dvue":"","lodging_video":"","lodging_streetview":"","lodging_percent":"{\"peb\":0,\"other_informations\":100,\"localisation\":100,\"rates\":{\"2025\":100,\"2026\":0,\"2027\":0},\"general\":83,\"equipments\":100,\"medias\":90,\"total\":64}","lodging_mentions":""},"lodging_type":[33],"lodging_official_category":[4563],"lodging_subtype":[],"lodging_situation":[8909,9103,9008],"lodging_layout":[420],"lodging_bedding":[],"lodging_additional_rate_type":[],"lodging_external_equipment":[8897,8898],"lodging_household_appliances":[9001,8882,9020,8883,8884,8887,8888,9003,8889,9004,8891],"lodging_interior_equipment":[8877,8880,8881],"lodging_sport_and_leisure":[],"lodging_type_of_stay":[9057],"lodging_adapted_to":[],"lodging_wellness":[],"lodging_baby":[8906],"lodging_business_mice":[],"lodging_accessibility":[],"lodging_nearby":[],"lodging_car_motorcycle_bike":[9036],"lodging_room_type":[],"lodging_thematic":[],"lodging_status":[167],"lodging_other_informations":[],"class_list":["post-113415","lodging","type-lodging","status-publish","hentry","lodging_type-gite","lodging_official_category-gite","lodging_situation-a-la-campagne","lodging_situation-dans-un-village","lodging_situation-le-long-dune-route","lodging_layout-hebergement-mitoyen","lodging_external_equipment-salon-de-jardin","lodging_external_equipment-terrasse","lodging_household_appliances-aspirateur","lodging_household_appliances-bouilloire-electrique","lodging_household_appliances-cafetiere","lodging_household_appliances-congelateur","lodging_household_appliances-four","lodging_household_appliances-lave-vaisselle","lodging_household_appliances-machine-a-cafe","lodging_household_appliances-micro-ondes","lodging_household_appliances-mixeur","lodging_household_appliances-plaque-de-cuisson-vitroceramique","lodging_household_appliances-refrigerateur","lodging_interior_equipment-penderie","lodging_interior_equipment-television","lodging_interior_equipment-wi-fi","lodging_type_of_stay-en-famille","lodging_baby-lit-bebe","lodging_car_motorcycle_bike-parking-public","lodging_status-published"],"yoast_head":"<!-- This site is optimized with the Yoast SEO Premium plugin v26.7 (Yoast SEO v26.7) - https:\/\/yoast.com\/wordpress\/plugins\/seo\/ -->\n<title>Le G\u00eete du Boulanger - gitesdewallonie.be<\/title>\n<meta name=\"robots\" content=\"index, follow, max-snippet:-1, max-image-preview:large, max-video-preview:-1\" \/>\n<link rel=\"canonical\" href=\"https:\/\/gitesdewallonie.be\/en\/find-an-accommodation\/accommodation\/vresse-sur-semois\/le-gite-du-boulanger\/\" \/>\n<meta property=\"og:locale\" content=\"en_US\" \/>\n<meta property=\"og:type\" content=\"article\" \/>\n<meta property=\"og:title\" content=\"Le G\u00eete du Boulanger\" \/>\n<meta property=\"og:url\" content=\"https:\/\/gitesdewallonie.be\/en\/find-an-accommodation\/accommodation\/vresse-sur-semois\/le-gite-du-boulanger\/\" \/>\n<meta property=\"og:site_name\" content=\"gitesdewallonie.be\" \/>\n<meta property=\"article:publisher\" content=\"https:\/\/www.facebook.com\/GitesdeWallonie\" \/>\n<meta name=\"twitter:card\" content=\"summary_large_image\" \/>\n<script type=\"application\/ld+json\" class=\"yoast-schema-graph\">{\"@context\":\"https:\/\/schema.org\",\"@graph\":[{\"@type\":\"WebPage\",\"@id\":\"https:\/\/gitesdewallonie.be\/en\/find-an-accommodation\/accommodation\/vresse-sur-semois\/le-gite-du-boulanger\/\",\"url\":\"https:\/\/gitesdewallonie.be\/en\/find-an-accommodation\/accommodation\/vresse-sur-semois\/le-gite-du-boulanger\/\",\"name\":\"Le G\u00eete du Boulanger - gitesdewallonie.be\",\"isPartOf\":{\"@id\":\"https:\/\/gitesdewallonie.be\/en\/#website\"},\"datePublished\":\"2024-08-27T07:15:51+00:00\",\"breadcrumb\":{\"@id\":\"https:\/\/gitesdewallonie.be\/en\/find-an-accommodation\/accommodation\/vresse-sur-semois\/le-gite-du-boulanger\/#breadcrumb\"},\"inLanguage\":\"en-US\",\"potentialAction\":[{\"@type\":\"ReadAction\",\"target\":[\"https:\/\/gitesdewallonie.be\/en\/find-an-accommodation\/accommodation\/vresse-sur-semois\/le-gite-du-boulanger\/\"]}]},{\"@type\":\"BreadcrumbList\",\"@id\":\"https:\/\/gitesdewallonie.be\/en\/find-an-accommodation\/accommodation\/vresse-sur-semois\/le-gite-du-boulanger\/#breadcrumb\",\"itemListElement\":[{\"@type\":\"ListItem\",\"position\":1,\"name\":\"Accueil\",\"item\":\"https:\/\/gitesdewallonie.be\/en\/\"},{\"@type\":\"ListItem\",\"position\":2,\"name\":\"H\u00e9bergements\",\"item\":\"https:\/\/gitesdewallonie.be\/en\/hebergements\/%type%\/%region%\/\"},{\"@type\":\"ListItem\",\"position\":3,\"name\":\"Le G\u00eete du Boulanger\"}]},{\"@type\":\"WebSite\",\"@id\":\"https:\/\/gitesdewallonie.be\/en\/#website\",\"url\":\"https:\/\/gitesdewallonie.be\/en\/\",\"name\":\"F\u00e9d\u00e9ration des G\u00eetes et Chambres d'h\u00f4tes de Wallonie\",\"description\":\"\",\"publisher\":{\"@id\":\"https:\/\/gitesdewallonie.be\/en\/#organization\"},\"potentialAction\":[{\"@type\":\"SearchAction\",\"target\":{\"@type\":\"EntryPoint\",\"urlTemplate\":\"https:\/\/gitesdewallonie.be\/en\/?s={search_term_string}\"},\"query-input\":{\"@type\":\"PropertyValueSpecification\",\"valueRequired\":true,\"valueName\":\"search_term_string\"}}],\"inLanguage\":\"en-US\"},{\"@type\":\"Organization\",\"@id\":\"https:\/\/gitesdewallonie.be\/en\/#organization\",\"name\":\"F\u00e9d\u00e9ration des G\u00eetes et Chambres d'h\u00f4tes de Wallonie\",\"alternateName\":\"GDW\",\"url\":\"https:\/\/gitesdewallonie.be\/en\/\",\"logo\":{\"@type\":\"ImageObject\",\"inLanguage\":\"en-US\",\"@id\":\"https:\/\/gitesdewallonie.be\/en\/#\/schema\/logo\/image\/\",\"url\":\"https:\/\/gitesdewallonie.be\/wp-content\/uploads\/2024\/08\/logo-gdw.svg\",\"contentUrl\":\"https:\/\/gitesdewallonie.be\/wp-content\/uploads\/2024\/08\/logo-gdw.svg\",\"caption\":\"F\u00e9d\u00e9ration des G\u00eetes et Chambres d'h\u00f4tes de Wallonie\"},\"image\":{\"@id\":\"https:\/\/gitesdewallonie.be\/en\/#\/schema\/logo\/image\/\"},\"sameAs\":[\"https:\/\/www.facebook.com\/GitesdeWallonie\",\"https:\/\/www.instagram.com\/gitesdewallonie.be\/\"]}]}<\/script>\n<!-- \/ Yoast SEO Premium plugin. -->","yoast_head_json":{"title":"Le G\u00eete du Boulanger - gitesdewallonie.be","robots":{"index":"index","follow":"follow","max-snippet":"max-snippet:-1","max-image-preview":"max-image-preview:large","max-video-preview":"max-video-preview:-1"},"canonical":"https:\/\/gitesdewallonie.be\/en\/find-an-accommodation\/accommodation\/vresse-sur-semois\/le-gite-du-boulanger\/","og_locale":"en_US","og_type":"article","og_title":"Le G\u00eete du Boulanger","og_url":"https:\/\/gitesdewallonie.be\/en\/find-an-accommodation\/accommodation\/vresse-sur-semois\/le-gite-du-boulanger\/","og_site_name":"gitesdewallonie.be","article_publisher":"https:\/\/www.facebook.com\/GitesdeWallonie","twitter_card":"summary_large_image","schema":{"@context":"https:\/\/schema.org","@graph":[{"@type":"WebPage","@id":"https:\/\/gitesdewallonie.be\/en\/find-an-accommodation\/accommodation\/vresse-sur-semois\/le-gite-du-boulanger\/","url":"https:\/\/gitesdewallonie.be\/en\/find-an-accommodation\/accommodation\/vresse-sur-semois\/le-gite-du-boulanger\/","name":"Le G\u00eete du Boulanger - gitesdewallonie.be","isPartOf":{"@id":"https:\/\/gitesdewallonie.be\/en\/#website"},"datePublished":"2024-08-27T07:15:51+00:00","breadcrumb":{"@id":"https:\/\/gitesdewallonie.be\/en\/find-an-accommodation\/accommodation\/vresse-sur-semois\/le-gite-du-boulanger\/#breadcrumb"},"inLanguage":"en-US","potentialAction":[{"@type":"ReadAction","target":["https:\/\/gitesdewallonie.be\/en\/find-an-accommodation\/accommodation\/vresse-sur-semois\/le-gite-du-boulanger\/"]}]},{"@type":"BreadcrumbList","@id":"https:\/\/gitesdewallonie.be\/en\/find-an-accommodation\/accommodation\/vresse-sur-semois\/le-gite-du-boulanger\/#breadcrumb","itemListElement":[{"@type":"ListItem","position":1,"name":"Accueil","item":"https:\/\/gitesdewallonie.be\/en\/"},{"@type":"ListItem","position":2,"name":"H\u00e9bergements","item":"https:\/\/gitesdewallonie.be\/en\/hebergements\/%type%\/%region%\/"},{"@type":"ListItem","position":3,"name":"Le G\u00eete du Boulanger"}]},{"@type":"WebSite","@id":"https:\/\/gitesdewallonie.be\/en\/#website","url":"https:\/\/gitesdewallonie.be\/en\/","name":"F\u00e9d\u00e9ration des G\u00eetes et Chambres d'h\u00f4tes de Wallonie","description":"","publisher":{"@id":"https:\/\/gitesdewallonie.be\/en\/#organization"},"potentialAction":[{"@type":"SearchAction","target":{"@type":"EntryPoint","urlTemplate":"https:\/\/gitesdewallonie.be\/en\/?s={search_term_string}"},"query-input":{"@type":"PropertyValueSpecification","valueRequired":true,"valueName":"search_term_string"}}],"inLanguage":"en-US"},{"@type":"Organization","@id":"https:\/\/gitesdewallonie.be\/en\/#organization","name":"F\u00e9d\u00e9ration des G\u00eetes et Chambres d'h\u00f4tes de Wallonie","alternateName":"GDW","url":"https:\/\/gitesdewallonie.be\/en\/","logo":{"@type":"ImageObject","inLanguage":"en-US","@id":"https:\/\/gitesdewallonie.be\/en\/#\/schema\/logo\/image\/","url":"https:\/\/gitesdewallonie.be\/wp-content\/uploads\/2024\/08\/logo-gdw.svg","contentUrl":"https:\/\/gitesdewallonie.be\/wp-content\/uploads\/2024\/08\/logo-gdw.svg","caption":"F\u00e9d\u00e9ration des G\u00eetes et Chambres d'h\u00f4tes de Wallonie"},"image":{"@id":"https:\/\/gitesdewallonie.be\/en\/#\/schema\/logo\/image\/"},"sameAs":["https:\/\/www.facebook.com\/GitesdeWallonie","https:\/\/www.instagram.com\/gitesdewallonie.be\/"]}]}},"_links":{"self":[{"href":"https:\/\/gitesdewallonie.be\/en\/wp-json\/wp\/v2\/lodging\/113415","targetHints":{"allow":["GET"]}}],"collection":[{"href":"https:\/\/gitesdewallonie.be\/en\/wp-json\/wp\/v2\/lodging"}],"about":[{"href":"https:\/\/gitesdewallonie.be\/en\/wp-json\/wp\/v2\/types\/lodging"}],"wp:attachment":[{"href":"https:\/\/gitesdewallonie.be\/en\/wp-json\/wp\/v2\/media?parent=113415"}],"wp:term":[{"taxonomy":"lodging_type","embeddable":true,"href":"https:\/\/gitesdewallonie.be\/en\/wp-json\/wp\/v2\/lodging_type?post=113415"},{"taxonomy":"lodging_official_category","embeddable":true,"href":"https:\/\/gitesdewallonie.be\/en\/wp-json\/wp\/v2\/lodging_official_category?post=113415"},{"taxonomy":"lodging_subtype","embeddable":true,"href":"https:\/\/gitesdewallonie.be\/en\/wp-json\/wp\/v2\/lodging_subtype?post=113415"},{"taxonomy":"lodging_situation","embeddable":true,"href":"https:\/\/gitesdewallonie.be\/en\/wp-json\/wp\/v2\/lodging_situation?post=113415"},{"taxonomy":"lodging_layout","embeddable":true,"href":"https:\/\/gitesdewallonie.be\/en\/wp-json\/wp\/v2\/lodging_layout?post=113415"},{"taxonomy":"lodging_bedding","embeddable":true,"href":"https:\/\/gitesdewallonie.be\/en\/wp-json\/wp\/v2\/lodging_bedding?post=113415"},{"taxonomy":"lodging_additional_rate_type","embeddable":true,"href":"https:\/\/gitesdewallonie.be\/en\/wp-json\/wp\/v2\/lodging_additional_rate_type?post=113415"},{"taxonomy":"lodging_external_equipment","embeddable":true,"href":"https:\/\/gitesdewallonie.be\/en\/wp-json\/wp\/v2\/lodging_external_equipment?post=113415"},{"taxonomy":"lodging_household_appliances","embeddable":true,"href":"https:\/\/gitesdewallonie.be\/en\/wp-json\/wp\/v2\/lodging_household_appliances?post=113415"},{"taxonomy":"lodging_interior_equipment","embeddable":true,"href":"https:\/\/gitesdewallonie.be\/en\/wp-json\/wp\/v2\/lodging_interior_equipment?post=113415"},{"taxonomy":"lodging_sport_and_leisure","embeddable":true,"href":"https:\/\/gitesdewallonie.be\/en\/wp-json\/wp\/v2\/lodging_sport_and_leisure?post=113415"},{"taxonomy":"lodging_type_of_stay","embeddable":true,"href":"https:\/\/gitesdewallonie.be\/en\/wp-json\/wp\/v2\/lodging_type_of_stay?post=113415"},{"taxonomy":"lodging_adapted_to","embeddable":true,"href":"https:\/\/gitesdewallonie.be\/en\/wp-json\/wp\/v2\/lodging_adapted_to?post=113415"},{"taxonomy":"lodging_wellness","embeddable":true,"href":"https:\/\/gitesdewallonie.be\/en\/wp-json\/wp\/v2\/lodging_wellness?post=113415"},{"taxonomy":"lodging_baby","embeddable":true,"href":"https:\/\/gitesdewallonie.be\/en\/wp-json\/wp\/v2\/lodging_baby?post=113415"},{"taxonomy":"lodging_business_mice","embeddable":true,"href":"https:\/\/gitesdewallonie.be\/en\/wp-json\/wp\/v2\/lodging_business_mice?post=113415"},{"taxonomy":"lodging_accessibility","embeddable":true,"href":"https:\/\/gitesdewallonie.be\/en\/wp-json\/wp\/v2\/lodging_accessibility?post=113415"},{"taxonomy":"lodging_nearby","embeddable":true,"href":"https:\/\/gitesdewallonie.be\/en\/wp-json\/wp\/v2\/lodging_nearby?post=113415"},{"taxonomy":"lodging_car_motorcycle_bike","embeddable":true,"href":"https:\/\/gitesdewallonie.be\/en\/wp-json\/wp\/v2\/lodging_car_motorcycle_bike?post=113415"},{"taxonomy":"lodging_room_type","embeddable":true,"href":"https:\/\/gitesdewallonie.be\/en\/wp-json\/wp\/v2\/lodging_room_type?post=113415"},{"taxonomy":"lodging_thematic","embeddable":true,"href":"https:\/\/gitesdewallonie.be\/en\/wp-json\/wp\/v2\/lodging_thematic?post=113415"},{"taxonomy":"lodging_status","embeddable":true,"href":"https:\/\/gitesdewallonie.be\/en\/wp-json\/wp\/v2\/lodging_status?post=113415"},{"taxonomy":"lodging_other_informations","embeddable":true,"href":"https:\/\/gitesdewallonie.be\/en\/wp-json\/wp\/v2\/lodging_other_informations?post=113415"}],"curies":[{"name":"wp","href":"https:\/\/api.w.org\/{rel}","templated":true}]}}