{"id":113932,"date":"2024-08-27T09:18:07","date_gmt":"2024-08-27T07:18:07","guid":{"rendered":"https:\/\/gitesdewallonie.be\/hebergements\/%type%\/%region%\/petite-perle-en-haute-ardenne\/"},"modified":"2024-08-27T09:18:07","modified_gmt":"2024-08-27T07:18:07","slug":"petite-perle-en-haute-ardenne","status":"publish","type":"lodging","link":"https:\/\/gitesdewallonie.be\/en\/find-an-accommodation\/holiday-furnished-lodging\/lierneux\/petite-perle-en-haute-ardenne\/","title":{"rendered":"&#8220;Petite Perle&#8221; en Haute Ardenne"},"content":{"rendered":"","protected":false},"template":"","meta":{"lodging_type":"gite","lodging_UID":"ec0f398f5e88414ba314aaac4077b428","lodging_pk":"3403","lodging_description_fr":"Au c\u0153ur de la Haute-Ardenne, nous vous proposons une agr\u00e9able maison familiale pour se retrouver et \u00e9changer des moments de convivialit\u00e9.\nLa maison est construite par demi-niveaux. Au niveau de la porte d'entr\u00e9e se trouve les pi\u00e8ces de vie: un hall, un wc, le living, la cuisine et salon avec acc\u00e8s sur la terrasse. Au niveau +1, se trouve une chambre double 180\/200, un coin bureau et une table \u00e0 langer ainsi que la salle de bain comprenant une baignoire baln\u00e9o. Au 1er \u00e9tage, il y a un hall de nuit, un wc, 1 chambre double 180\/200 dans laquelle on peut y ajouter un lit b\u00e9b\u00e9 et 2 chambres avec 2 lits boxspring 90\/200 chacune permettant d'en faire des lits doubles. Le niveau -1 se compose du garage et de la salle de douche\/buanderie avec acc\u00e8s direct sur le jardin \u00e0 l'arri\u00e8re. Au sous-sol, vous pourrez vous d\u00e9tendre dans la cabine infra-rouge. Un appareil \u00e0 pierrade\/raclette est \u00e0 votre disposition sur demande. Cette maison est principalement destin\u00e9e pour des vacances en famille, l'h\u00e9bergement n'est pas adapt\u00e9 pour les enterrements de vie de c\u00e9libataires. Veuillez nous communiquer la composition du groupe avant toute r\u00e9servation. Habitant \u00e0 100 m\u00e8tres du g\u00eete, nous sommes \u00e0 votre disposition pour tout renseignement. Possibilit\u00e9 de d\u00e9part tardif le dimanche sur demande.\n","lodging_description_nl":"I am looking for a new job opportunity in the field of marketing and communications.","lodging_description_en":"I'm sorry, but you haven't provided any text for translation. Please provide the text you would like translated into English.","lodging_email":"petite.perle82a@gmail.com","lodging_website":"www.petiteperle.be","lodging_lat":"50.294916","lodging_lng":"5.762195","lodging_locality":"Jevign\u00e9","lodging_commune":"Lierneux","lodging_owner":"ac39e234c07c44fb927f4fe1fe24da1e","lodging_zip_code":"4990","lodging_street":"route de Baneux","lodging_number":"82A","lodging_ranking":"4","lodging_accessi_url":"","lodging_gallery":"","lodging_elloha_product_id":"c240e42f-b55f-46e0-9a9d-066facfc9ae8","lodging_elloha_offer_id":"87e51e62-1200-42d1-a6e3-4330177fe883","lodging_elloha_id":"","lodging_elloha_price_from":"15.9","lodging_experience_title_fr":"","lodging_experience_title_nl":"","lodging_experience_title_en":"","lodging_experience_content_fr":"","lodging_experience_content_nl":"","lodging_experience_content_en":"","lodging_expert_content_fr":"","lodging_expert_content_nl":"","lodging_expert_content_en":"","lodging_expert_id":"","lodging_testimonials_tripadvisor":"","lodging_testimonials_google":"","lodging_testimonials_booking":"","lodging_real_min_capacity":"","lodging_max_capacity":"8","lodging_min_capacity":"2","lodging_min_night":"","lodging_number_of_bathrooms":"3","lodging_number_of_bedrooms":"4","lodging_number_of_levels":"5","lodging_smoking_accommodation":"non","lodging_surface_area":"200","lodging_animals_accepted":"","lodging_peb_class":"","lodging_peb_code":"","lodging_peb_primary":"","lodging_peb_total":"","lodging_nearby_distance":"[{\"type_of_activity\":\"boulangerie\",\"distance\":0},{\"type_of_activity\":\"restaurants\",\"distance\":7},{\"type_of_activity\":\"ski\",\"distance\":3},{\"type_of_activity\":\"magasins\",\"distance\":3},{\"type_of_activity\":\"pharmacie\",\"distance\":2},{\"type_of_activity\":\"bureau-de-poste\",\"distance\":3},{\"type_of_activity\":\"peche\",\"distance\":5},{\"type_of_activity\":\"lac\",\"distance\":5},{\"type_of_activity\":\"foret\",\"distance\":0},{\"type_of_activity\":\"piscine\",\"distance\":14},{\"type_of_activity\":\"gare\",\"distance\":14},{\"type_of_activity\":\"hopital\",\"distance\":31},{\"type_of_activity\":\"bus\",\"distance\":0}]","lodging_room_description":"{\"cuisine\":1,\"bureau\":1,\"buanderie\":1,\"salles-de-bain\":3,\"salon-salle-a-manger\":1,\"toilettes\":2,\"salles-de-detente\":1,\"espace-bien-etre\":1}","lodging_other_informations":"{\"heure-darrivee\":{\"fr\":\"Nous sommes toujours ravis d'accueillir nos voyageurs en personne. Toutefois, si cela n\u2019est pas possible, une bo\u00eete \u00e0 cl\u00e9 s\u00e9curis\u00e9e est \u00e0 votre disposition pour une arriv\u00e9e en toute autonomie.\",\"nl\":\"We zijn altijd blij om onze reizigers persoonlijk te verwelkomen. Als dat echter niet mogelijk is, staat er een beveiligde sleutelkast tot uw beschikking voor een zelfstandige aankomst.\",\"en\":\"We are always delighted to welcome our travelers in person. However, if this is not possible, a secure key box is available for self check-in.\"},\"heure-de-depart\":{\"fr\":\"Lorsque cela est possible, nous aimons venir saluer nos voyageurs avant leur d\u00e9part. Sinon, vous pourrez simplement d\u00e9poser les cl\u00e9s dans la bo\u00eete s\u00e9curis\u00e9e pr\u00e9vue \u00e0 cet effet.\",\"nl\":\"Wanneer mogelijk, komen we graag onze reizigers begroeten voordat ze vertrekken. Anders kunt u eenvoudig de sleutels achterlaten in de beveiligde box die hiervoor is voorzien.\",\"en\":\"When possible, we like to come and greet our travelers before their departure. Otherwise, you can simply drop the keys in the secure box provided for this purpose.\"}}","lodging_charge":"","lodging_charge_amount":"","lodging_code_cgt":"","lodging_bedding":"[{\"roomtype\":\"chambre\",\"bedding\":[\"1-lit-double\"]},{\"roomtype\":\"chambre\",\"bedding\":[\"1-lit-double-ou-2-lits-simples\"]},{\"roomtype\":\"chambre\",\"bedding\":[\"1-lit-double\"]},{\"roomtype\":\"chambre\",\"bedding\":[\"1-lit-double-ou-2-lits-simples\"]}]","lodging_lodgings_relation":"","lodging_hosting_advantages":"[\"terrasse\",\"jardin\",\"barbecue\",\"baignoire-balneo\",\"sauna\",\"poele\"]","lodging_3dvue":"","lodging_video":"","lodging_streetview":"","lodging_percent":"{\"peb\":0,\"other_informations\":100,\"localisation\":100,\"rates\":{\"2025\":90,\"2026\":0,\"2027\":0},\"general\":100,\"equipments\":100,\"medias\":100,\"total\":66}","lodging_mentions":""},"lodging_type":[33],"lodging_official_category":[4604],"lodging_subtype":[],"lodging_situation":[8909,8912,9103],"lodging_layout":[366],"lodging_bedding":[],"lodging_additional_rate_type":[],"lodging_external_equipment":[8893,9056,8896,8898],"lodging_household_appliances":[9081,9146,9001,8882,9020,8883,9002,8884,8885,8886,8887,8888,9003,8889,9004,8891],"lodging_interior_equipment":[9043,8876,8878,8879,8880,8881],"lodging_sport_and_leisure":[],"lodging_type_of_stay":[9057],"lodging_adapted_to":[],"lodging_wellness":[9083,9088],"lodging_baby":[9099,8904,8905,8906,9089],"lodging_business_mice":[9044],"lodging_accessibility":[],"lodging_nearby":[],"lodging_car_motorcycle_bike":[9006,9127,8907,8908],"lodging_room_type":[],"lodging_thematic":[],"lodging_status":[167],"lodging_other_informations":[],"class_list":["post-113932","lodging","type-lodging","status-publish","hentry","lodging_type-gite","lodging_official_category-hollidaygite","lodging_situation-a-la-campagne","lodging_situation-au-bord-des-champs","lodging_situation-dans-un-village","lodging_layout-hebergement-non-mitoyen","lodging_external_equipment-barbecue","lodging_external_equipment-cour","lodging_external_equipment-jardin","lodging_external_equipment-terrasse","lodging_household_appliances-appareil-a-pierrade","lodging_household_appliances-appareil-a-raclette","lodging_household_appliances-aspirateur","lodging_household_appliances-bouilloire-electrique","lodging_household_appliances-cafetiere","lodging_household_appliances-congelateur","lodging_household_appliances-fer-et-table-a-repasser","lodging_household_appliances-four","lodging_household_appliances-grille-pain","lodging_household_appliances-lave-linge","lodging_household_appliances-lave-vaisselle","lodging_household_appliances-machine-a-cafe","lodging_household_appliances-micro-ondes","lodging_household_appliances-mixeur","lodging_household_appliances-plaque-de-cuisson-vitroceramique","lodging_household_appliances-refrigerateur","lodging_interior_equipment-bureau","lodging_interior_equipment-internet-filaire","lodging_interior_equipment-poele","lodging_interior_equipment-seche-cheveux","lodging_interior_equipment-television","lodging_interior_equipment-wi-fi","lodging_type_of_stay-en-famille","lodging_wellness-baignoire-balneo","lodging_wellness-sauna","lodging_baby-baignoire-bebe","lodging_baby-chaise-pour-enfant","lodging_baby-chauffe-biberon","lodging_baby-lit-bebe","lodging_baby-table-a-langer","lodging_business_mice-espace-de-travail","lodging_car_motorcycle_bike-garage","lodging_car_motorcycle_bike-garage-moto","lodging_car_motorcycle_bike-local-a-velo","lodging_car_motorcycle_bike-parking-prive","lodging_status-published"],"yoast_head":"<!-- This site is optimized with the Yoast SEO Premium plugin v26.7 (Yoast SEO v26.7) - https:\/\/yoast.com\/wordpress\/plugins\/seo\/ -->\n<title>&quot;Petite Perle&quot; en Haute Ardenne - gitesdewallonie.be<\/title>\n<meta name=\"robots\" content=\"index, follow, max-snippet:-1, max-image-preview:large, max-video-preview:-1\" \/>\n<link rel=\"canonical\" href=\"https:\/\/gitesdewallonie.be\/en\/find-an-accommodation\/holiday-furnished-lodging\/lierneux\/petite-perle-en-haute-ardenne\/\" \/>\n<meta property=\"og:locale\" content=\"en_US\" \/>\n<meta property=\"og:type\" content=\"article\" \/>\n<meta property=\"og:title\" content=\"&quot;Petite Perle&quot; en Haute Ardenne\" \/>\n<meta property=\"og:url\" content=\"https:\/\/gitesdewallonie.be\/en\/find-an-accommodation\/holiday-furnished-lodging\/lierneux\/petite-perle-en-haute-ardenne\/\" \/>\n<meta property=\"og:site_name\" content=\"gitesdewallonie.be\" \/>\n<meta property=\"article:publisher\" content=\"https:\/\/www.facebook.com\/GitesdeWallonie\" \/>\n<meta name=\"twitter:card\" content=\"summary_large_image\" \/>\n<script type=\"application\/ld+json\" class=\"yoast-schema-graph\">{\"@context\":\"https:\/\/schema.org\",\"@graph\":[{\"@type\":\"WebPage\",\"@id\":\"https:\/\/gitesdewallonie.be\/en\/find-an-accommodation\/holiday-furnished-lodging\/lierneux\/petite-perle-en-haute-ardenne\/\",\"url\":\"https:\/\/gitesdewallonie.be\/en\/find-an-accommodation\/holiday-furnished-lodging\/lierneux\/petite-perle-en-haute-ardenne\/\",\"name\":\"\\\"Petite Perle\\\" en Haute Ardenne - gitesdewallonie.be\",\"isPartOf\":{\"@id\":\"https:\/\/gitesdewallonie.be\/en\/#website\"},\"datePublished\":\"2024-08-27T07:18:07+00:00\",\"breadcrumb\":{\"@id\":\"https:\/\/gitesdewallonie.be\/en\/find-an-accommodation\/holiday-furnished-lodging\/lierneux\/petite-perle-en-haute-ardenne\/#breadcrumb\"},\"inLanguage\":\"en-US\",\"potentialAction\":[{\"@type\":\"ReadAction\",\"target\":[\"https:\/\/gitesdewallonie.be\/en\/find-an-accommodation\/holiday-furnished-lodging\/lierneux\/petite-perle-en-haute-ardenne\/\"]}]},{\"@type\":\"BreadcrumbList\",\"@id\":\"https:\/\/gitesdewallonie.be\/en\/find-an-accommodation\/holiday-furnished-lodging\/lierneux\/petite-perle-en-haute-ardenne\/#breadcrumb\",\"itemListElement\":[{\"@type\":\"ListItem\",\"position\":1,\"name\":\"Accueil\",\"item\":\"https:\/\/gitesdewallonie.be\/en\/\"},{\"@type\":\"ListItem\",\"position\":2,\"name\":\"H\u00e9bergements\",\"item\":\"https:\/\/gitesdewallonie.be\/en\/hebergements\/%type%\/%region%\/\"},{\"@type\":\"ListItem\",\"position\":3,\"name\":\"\u00ab\u00a0Petite Perle\u00a0\u00bb en Haute Ardenne\"}]},{\"@type\":\"WebSite\",\"@id\":\"https:\/\/gitesdewallonie.be\/en\/#website\",\"url\":\"https:\/\/gitesdewallonie.be\/en\/\",\"name\":\"F\u00e9d\u00e9ration des G\u00eetes et Chambres d'h\u00f4tes de Wallonie\",\"description\":\"\",\"publisher\":{\"@id\":\"https:\/\/gitesdewallonie.be\/en\/#organization\"},\"potentialAction\":[{\"@type\":\"SearchAction\",\"target\":{\"@type\":\"EntryPoint\",\"urlTemplate\":\"https:\/\/gitesdewallonie.be\/en\/?s={search_term_string}\"},\"query-input\":{\"@type\":\"PropertyValueSpecification\",\"valueRequired\":true,\"valueName\":\"search_term_string\"}}],\"inLanguage\":\"en-US\"},{\"@type\":\"Organization\",\"@id\":\"https:\/\/gitesdewallonie.be\/en\/#organization\",\"name\":\"F\u00e9d\u00e9ration des G\u00eetes et Chambres d'h\u00f4tes de Wallonie\",\"alternateName\":\"GDW\",\"url\":\"https:\/\/gitesdewallonie.be\/en\/\",\"logo\":{\"@type\":\"ImageObject\",\"inLanguage\":\"en-US\",\"@id\":\"https:\/\/gitesdewallonie.be\/en\/#\/schema\/logo\/image\/\",\"url\":\"https:\/\/gitesdewallonie.be\/wp-content\/uploads\/2024\/08\/logo-gdw.svg\",\"contentUrl\":\"https:\/\/gitesdewallonie.be\/wp-content\/uploads\/2024\/08\/logo-gdw.svg\",\"caption\":\"F\u00e9d\u00e9ration des G\u00eetes et Chambres d'h\u00f4tes de Wallonie\"},\"image\":{\"@id\":\"https:\/\/gitesdewallonie.be\/en\/#\/schema\/logo\/image\/\"},\"sameAs\":[\"https:\/\/www.facebook.com\/GitesdeWallonie\",\"https:\/\/www.instagram.com\/gitesdewallonie.be\/\"]}]}<\/script>\n<!-- \/ Yoast SEO Premium plugin. -->","yoast_head_json":{"title":"\"Petite Perle\" en Haute Ardenne - gitesdewallonie.be","robots":{"index":"index","follow":"follow","max-snippet":"max-snippet:-1","max-image-preview":"max-image-preview:large","max-video-preview":"max-video-preview:-1"},"canonical":"https:\/\/gitesdewallonie.be\/en\/find-an-accommodation\/holiday-furnished-lodging\/lierneux\/petite-perle-en-haute-ardenne\/","og_locale":"en_US","og_type":"article","og_title":"\"Petite Perle\" en Haute Ardenne","og_url":"https:\/\/gitesdewallonie.be\/en\/find-an-accommodation\/holiday-furnished-lodging\/lierneux\/petite-perle-en-haute-ardenne\/","og_site_name":"gitesdewallonie.be","article_publisher":"https:\/\/www.facebook.com\/GitesdeWallonie","twitter_card":"summary_large_image","schema":{"@context":"https:\/\/schema.org","@graph":[{"@type":"WebPage","@id":"https:\/\/gitesdewallonie.be\/en\/find-an-accommodation\/holiday-furnished-lodging\/lierneux\/petite-perle-en-haute-ardenne\/","url":"https:\/\/gitesdewallonie.be\/en\/find-an-accommodation\/holiday-furnished-lodging\/lierneux\/petite-perle-en-haute-ardenne\/","name":"\"Petite Perle\" en Haute Ardenne - gitesdewallonie.be","isPartOf":{"@id":"https:\/\/gitesdewallonie.be\/en\/#website"},"datePublished":"2024-08-27T07:18:07+00:00","breadcrumb":{"@id":"https:\/\/gitesdewallonie.be\/en\/find-an-accommodation\/holiday-furnished-lodging\/lierneux\/petite-perle-en-haute-ardenne\/#breadcrumb"},"inLanguage":"en-US","potentialAction":[{"@type":"ReadAction","target":["https:\/\/gitesdewallonie.be\/en\/find-an-accommodation\/holiday-furnished-lodging\/lierneux\/petite-perle-en-haute-ardenne\/"]}]},{"@type":"BreadcrumbList","@id":"https:\/\/gitesdewallonie.be\/en\/find-an-accommodation\/holiday-furnished-lodging\/lierneux\/petite-perle-en-haute-ardenne\/#breadcrumb","itemListElement":[{"@type":"ListItem","position":1,"name":"Accueil","item":"https:\/\/gitesdewallonie.be\/en\/"},{"@type":"ListItem","position":2,"name":"H\u00e9bergements","item":"https:\/\/gitesdewallonie.be\/en\/hebergements\/%type%\/%region%\/"},{"@type":"ListItem","position":3,"name":"\u00ab\u00a0Petite Perle\u00a0\u00bb en Haute Ardenne"}]},{"@type":"WebSite","@id":"https:\/\/gitesdewallonie.be\/en\/#website","url":"https:\/\/gitesdewallonie.be\/en\/","name":"F\u00e9d\u00e9ration des G\u00eetes et Chambres d'h\u00f4tes de Wallonie","description":"","publisher":{"@id":"https:\/\/gitesdewallonie.be\/en\/#organization"},"potentialAction":[{"@type":"SearchAction","target":{"@type":"EntryPoint","urlTemplate":"https:\/\/gitesdewallonie.be\/en\/?s={search_term_string}"},"query-input":{"@type":"PropertyValueSpecification","valueRequired":true,"valueName":"search_term_string"}}],"inLanguage":"en-US"},{"@type":"Organization","@id":"https:\/\/gitesdewallonie.be\/en\/#organization","name":"F\u00e9d\u00e9ration des G\u00eetes et Chambres d'h\u00f4tes de Wallonie","alternateName":"GDW","url":"https:\/\/gitesdewallonie.be\/en\/","logo":{"@type":"ImageObject","inLanguage":"en-US","@id":"https:\/\/gitesdewallonie.be\/en\/#\/schema\/logo\/image\/","url":"https:\/\/gitesdewallonie.be\/wp-content\/uploads\/2024\/08\/logo-gdw.svg","contentUrl":"https:\/\/gitesdewallonie.be\/wp-content\/uploads\/2024\/08\/logo-gdw.svg","caption":"F\u00e9d\u00e9ration des G\u00eetes et Chambres d'h\u00f4tes de Wallonie"},"image":{"@id":"https:\/\/gitesdewallonie.be\/en\/#\/schema\/logo\/image\/"},"sameAs":["https:\/\/www.facebook.com\/GitesdeWallonie","https:\/\/www.instagram.com\/gitesdewallonie.be\/"]}]}},"_links":{"self":[{"href":"https:\/\/gitesdewallonie.be\/en\/wp-json\/wp\/v2\/lodging\/113932","targetHints":{"allow":["GET"]}}],"collection":[{"href":"https:\/\/gitesdewallonie.be\/en\/wp-json\/wp\/v2\/lodging"}],"about":[{"href":"https:\/\/gitesdewallonie.be\/en\/wp-json\/wp\/v2\/types\/lodging"}],"wp:attachment":[{"href":"https:\/\/gitesdewallonie.be\/en\/wp-json\/wp\/v2\/media?parent=113932"}],"wp:term":[{"taxonomy":"lodging_type","embeddable":true,"href":"https:\/\/gitesdewallonie.be\/en\/wp-json\/wp\/v2\/lodging_type?post=113932"},{"taxonomy":"lodging_official_category","embeddable":true,"href":"https:\/\/gitesdewallonie.be\/en\/wp-json\/wp\/v2\/lodging_official_category?post=113932"},{"taxonomy":"lodging_subtype","embeddable":true,"href":"https:\/\/gitesdewallonie.be\/en\/wp-json\/wp\/v2\/lodging_subtype?post=113932"},{"taxonomy":"lodging_situation","embeddable":true,"href":"https:\/\/gitesdewallonie.be\/en\/wp-json\/wp\/v2\/lodging_situation?post=113932"},{"taxonomy":"lodging_layout","embeddable":true,"href":"https:\/\/gitesdewallonie.be\/en\/wp-json\/wp\/v2\/lodging_layout?post=113932"},{"taxonomy":"lodging_bedding","embeddable":true,"href":"https:\/\/gitesdewallonie.be\/en\/wp-json\/wp\/v2\/lodging_bedding?post=113932"},{"taxonomy":"lodging_additional_rate_type","embeddable":true,"href":"https:\/\/gitesdewallonie.be\/en\/wp-json\/wp\/v2\/lodging_additional_rate_type?post=113932"},{"taxonomy":"lodging_external_equipment","embeddable":true,"href":"https:\/\/gitesdewallonie.be\/en\/wp-json\/wp\/v2\/lodging_external_equipment?post=113932"},{"taxonomy":"lodging_household_appliances","embeddable":true,"href":"https:\/\/gitesdewallonie.be\/en\/wp-json\/wp\/v2\/lodging_household_appliances?post=113932"},{"taxonomy":"lodging_interior_equipment","embeddable":true,"href":"https:\/\/gitesdewallonie.be\/en\/wp-json\/wp\/v2\/lodging_interior_equipment?post=113932"},{"taxonomy":"lodging_sport_and_leisure","embeddable":true,"href":"https:\/\/gitesdewallonie.be\/en\/wp-json\/wp\/v2\/lodging_sport_and_leisure?post=113932"},{"taxonomy":"lodging_type_of_stay","embeddable":true,"href":"https:\/\/gitesdewallonie.be\/en\/wp-json\/wp\/v2\/lodging_type_of_stay?post=113932"},{"taxonomy":"lodging_adapted_to","embeddable":true,"href":"https:\/\/gitesdewallonie.be\/en\/wp-json\/wp\/v2\/lodging_adapted_to?post=113932"},{"taxonomy":"lodging_wellness","embeddable":true,"href":"https:\/\/gitesdewallonie.be\/en\/wp-json\/wp\/v2\/lodging_wellness?post=113932"},{"taxonomy":"lodging_baby","embeddable":true,"href":"https:\/\/gitesdewallonie.be\/en\/wp-json\/wp\/v2\/lodging_baby?post=113932"},{"taxonomy":"lodging_business_mice","embeddable":true,"href":"https:\/\/gitesdewallonie.be\/en\/wp-json\/wp\/v2\/lodging_business_mice?post=113932"},{"taxonomy":"lodging_accessibility","embeddable":true,"href":"https:\/\/gitesdewallonie.be\/en\/wp-json\/wp\/v2\/lodging_accessibility?post=113932"},{"taxonomy":"lodging_nearby","embeddable":true,"href":"https:\/\/gitesdewallonie.be\/en\/wp-json\/wp\/v2\/lodging_nearby?post=113932"},{"taxonomy":"lodging_car_motorcycle_bike","embeddable":true,"href":"https:\/\/gitesdewallonie.be\/en\/wp-json\/wp\/v2\/lodging_car_motorcycle_bike?post=113932"},{"taxonomy":"lodging_room_type","embeddable":true,"href":"https:\/\/gitesdewallonie.be\/en\/wp-json\/wp\/v2\/lodging_room_type?post=113932"},{"taxonomy":"lodging_thematic","embeddable":true,"href":"https:\/\/gitesdewallonie.be\/en\/wp-json\/wp\/v2\/lodging_thematic?post=113932"},{"taxonomy":"lodging_status","embeddable":true,"href":"https:\/\/gitesdewallonie.be\/en\/wp-json\/wp\/v2\/lodging_status?post=113932"},{"taxonomy":"lodging_other_informations","embeddable":true,"href":"https:\/\/gitesdewallonie.be\/en\/wp-json\/wp\/v2\/lodging_other_informations?post=113932"}],"curies":[{"name":"wp","href":"https:\/\/api.w.org\/{rel}","templated":true}]}}