{"id":114027,"date":"2024-08-27T09:18:32","date_gmt":"2024-08-27T07:18:32","guid":{"rendered":"https:\/\/gitesdewallonie.be\/hebergements\/%type%\/%region%\/villa-capella\/"},"modified":"2024-08-27T09:18:32","modified_gmt":"2024-08-27T07:18:32","slug":"villa-capella","status":"publish","type":"lodging","link":"https:\/\/gitesdewallonie.be\/en\/find-an-accommodation\/rural-holiday-home\/welkenraedt\/villa-capella\/","title":{"rendered":"Villa Capella"},"content":{"rendered":"","protected":false},"template":"","meta":{"lodging_type":"gite","lodging_UID":"3eafd7a330f345f5ae435513ecda261b","lodging_pk":"2235","lodging_description_fr":"<p>Le vrai luxe... C'est le temps et l'espace.... Suspendre le temps, le temps d'un week-end ou d'une semaine en famille, entre amis...<\/p><p>D\u00e9tente et d\u00e9paysement sur une propri\u00e9t\u00e9 de plus de 12 ha avec une vue exceptionnelle sur la Fagne et l'Ardenne. Tout a \u00e9t\u00e9 pens\u00e9 dans un m\u00eame esprit: confort, convivialit\u00e9, authenticit\u00e9 et respect de la nature. Nous sommes impatients, r\u00e9jouis de vous rencontrer et de vous voir profiter de ce havre de paix qu'offre le g\u00eete \u00abVilla Capella\u00bb. \r\nClaudine et Christian<\/p>","lodging_description_nl":"<p>Echte luxe\u2026 dat is tijd en ruimte\u2026 De tijd even stil doen staan, een weekend of een week lang, met het gezin, met vrienden\u2026<\/p><p>Er even helemaal uit, ontspannen op een eigendom van meer dan 12\u00a0ha, met een uitzonderlijk uitzicht op de Hoge Venen en de Ardennen. Alles werd in dezelfde trant uitgedacht, namelijk met het oog op comfort, gezelligheid, authenticiteit en zorg voor de natuur. Wij trappelen van ongeduld om u te ontmoeten en u te laten genieten van deze oase van rust, die de g\u00eete \u2018Villa Capella\u2019 ontegensprekelijk is. \r\nClaudine en Christian.<\/p>","lodging_description_en":"<p>Premium luxury \u2026 It is all about time and space ... Stopping time, for a weekend or a week with your family, friends or close ones.<\/p><p>Enjoy relaxation and a change of scenery on a property of more than 12 hectares with an exceptional view of the Fagne and the Ardennes. Everything has been designed in the state of mind for comfort, friendliness, authenticity and respect for nature. We are impatient, delighted to meet you and to see you enjoy this haven of peace offered by the \"Villa Capella\" cottage.\r\nClaudine and Christian<\/p>","lodging_email":"info@villacapella.be","lodging_website":"http:\/\/www.villacapella.be\/","lodging_lat":"50.673781","lodging_lng":"5.910287","lodging_locality":"Henri-Chapelle","lodging_commune":"Welkenraedt","lodging_owner":"9b390dad48a14593a3c200fce535f8d1","lodging_zip_code":"4841","lodging_street":"Chauss\u00e9e de Li\u00e8ge","lodging_number":"53","lodging_ranking":"4","lodging_accessi_url":"","lodging_gallery":"","lodging_elloha_product_id":"49b2f7c9-62fb-4af3-b466-74a2b3bc15c9","lodging_elloha_offer_id":"96b5ef9f-f53e-459e-9f0a-10606a0fc82f","lodging_elloha_id":"49b2f7c9-62fb-4af3-b466-74a2b3bc15c9","lodging_elloha_price_from":"428.57142857143","lodging_experience_title_fr":"","lodging_experience_title_nl":"","lodging_experience_title_en":"","lodging_experience_content_fr":"","lodging_experience_content_nl":"","lodging_experience_content_en":"","lodging_expert_content_fr":"","lodging_expert_content_nl":"","lodging_expert_content_en":"","lodging_expert_id":"","lodging_testimonials_tripadvisor":"","lodging_testimonials_google":"","lodging_testimonials_booking":"","lodging_real_min_capacity":"","lodging_max_capacity":"23","lodging_min_capacity":"21","lodging_min_night":"","lodging_number_of_bathrooms":"10","lodging_number_of_bedrooms":"9","lodging_number_of_levels":"3","lodging_smoking_accommodation":"","lodging_surface_area":"420","lodging_animals_accepted":"1","lodging_peb_class":"","lodging_peb_code":"","lodging_peb_primary":"","lodging_peb_total":"","lodging_nearby_distance":"[{\"type_of_activity\":\"foret\",\"distance\":2},{\"type_of_activity\":\"boulangerie\",\"distance\":1},{\"type_of_activity\":\"bureau-de-poste\",\"distance\":5},{\"type_of_activity\":\"bus\",\"distance\":1},{\"type_of_activity\":\"equitation\",\"distance\":6},{\"type_of_activity\":\"gare\",\"distance\":5},{\"type_of_activity\":\"golf\",\"distance\":3},{\"type_of_activity\":\"magasins\",\"distance\":5},{\"type_of_activity\":\"marche\",\"distance\":5},{\"type_of_activity\":\"pharmacie\",\"distance\":1},{\"type_of_activity\":\"ravel\",\"distance\":3}]","lodging_room_description":"{\"salons\":2,\"salle-a-manger\":1,\"cuisine\":1,\"salles-de-bain\":10,\"toilettes\":12,\"buanderie\":1,\"salle-de-jeux\":1,\"espaces-bien-etre\":2}","lodging_other_informations":"{\"a-emporter\":{\"en\":\"Bed sheets, bath towels, toilet paper, kitchen towels, toiletries and cleaning products, etc.\",\"fr\":\"Linge de lit, serviettes de bain, papier WC, linge de cuisine, produits corps et entretien, etc.\",\"nl\":\"Bed- en badlinnen, toiletpapier, keukenlinnen, lichaamverzorgings- en onderhoudsproducten, enz.\"},\"a-payer-sur-place\":{\"en\":\"Waste management : \u20ac40\/weekend and \u20ac50\/week.rn1 pet: \u20ac30 per stay.\",\"fr\":\"Gestion des d\u00e9chets: 40\u20ac\/WE et 50\u20ac\/semainern1 animal de compagnie: 30\u20ac\/s\u00e9jour\",\"nl\":\"Afvalbeheer: \u20ac40\/WE en \u20ac50\/weekrn1 huisdier: \u20ac30\/verblijf\"},\"heure-darrivee\":{\"en\":\"Between 4 PM and 6 PM.\",\"fr\":\"entre 16h et 18h\",\"nl\":\"tussen 16u en 18u\"},\"heure-de-depart\":{\"en\":\"Sunday before 8 PMrnMonday and Friday before 10 AM\",\"fr\":\"le dimanche: avant 20hrnle lundi et le vendredi: avant 10h\",\"nl\":\"Zondag: voor 20.00 uurrnMaandag en vrijdag: voor 10.00 uur\"},\"modes-de-paiement\":{\"en\":\"Bank transfer.\",\"fr\":\"virement bancaire\",\"nl\":\"overschrijving\"}}","lodging_charge":"","lodging_charge_amount":"","lodging_code_cgt":"GRLG6653","lodging_bedding":"[{\"roomtype\":\"chambre\",\"bedding\":[\"3-lits-simples\"]},{\"roomtype\":\"chambre\",\"bedding\":[\"5-lits-simples\"]},{\"roomtype\":\"chambre\",\"bedding\":[\"2-lits-simples\"]},{\"roomtype\":\"chambre\",\"bedding\":[\"2-lits-simples\"]},{\"roomtype\":\"chambre\",\"bedding\":[\"3-lits-simples\"]},{\"roomtype\":\"chambre\",\"bedding\":[\"2-lits-simples\"]},{\"roomtype\":\"chambre\",\"bedding\":[\"2-lits-simples\"]},{\"roomtype\":\"chambre\",\"bedding\":[\"2-lits-simples\"]},{\"roomtype\":\"chambre\",\"bedding\":[\"2-lits-simples\"]}]","lodging_lodgings_relation":"","lodging_hosting_advantages":"","lodging_3dvue":"","lodging_video":"","lodging_streetview":"","lodging_percent":"","lodging_mentions":""},"lodging_type":[33],"lodging_official_category":[4380],"lodging_subtype":[],"lodging_situation":[8909,8912],"lodging_layout":[420],"lodging_bedding":[],"lodging_additional_rate_type":[],"lodging_external_equipment":[9082,8893,9056,8896,8897,8898,9070,8899],"lodging_household_appliances":[9001,8882,9020,8883,9002,8884,8885,8886,8887,8888,9003,8889,9004,8891,8892],"lodging_interior_equipment":[8998,8875,8876,8999,8878,9000,8879,8880,8881],"lodging_sport_and_leisure":[9116,8900,9117,9219,9168,8901,9214,9100,8902,9161,9162,9101],"lodging_type_of_stay":[9098,9107],"lodging_adapted_to":[9119,9120,9121,9122,9124,9123],"lodging_wellness":[9086,9102,9088,9152],"lodging_baby":[8904,8906,9089],"lodging_business_mice":[],"lodging_accessibility":[],"lodging_nearby":[],"lodging_car_motorcycle_bike":[8908],"lodging_room_type":[],"lodging_thematic":[32],"lodging_status":[167],"lodging_other_informations":[],"class_list":["post-114027","lodging","type-lodging","status-publish","hentry","lodging_type-gite","lodging_official_category-ruralgite","lodging_situation-a-la-campagne","lodging_situation-au-bord-des-champs","lodging_layout-hebergement-mitoyen","lodging_external_equipment-balcon","lodging_external_equipment-barbecue","lodging_external_equipment-cour","lodging_external_equipment-jardin","lodging_external_equipment-salon-de-jardin","lodging_external_equipment-terrasse","lodging_external_equipment-terrasse-couverte","lodging_external_equipment-verger","lodging_household_appliances-aspirateur","lodging_household_appliances-bouilloire-electrique","lodging_household_appliances-cafetiere","lodging_household_appliances-congelateur","lodging_household_appliances-fer-et-table-a-repasser","lodging_household_appliances-four","lodging_household_appliances-grille-pain","lodging_household_appliances-lave-linge","lodging_household_appliances-lave-vaisselle","lodging_household_appliances-machine-a-cafe","lodging_household_appliances-micro-ondes","lodging_household_appliances-mixeur","lodging_household_appliances-plaque-de-cuisson-vitroceramique","lodging_household_appliances-refrigerateur","lodging_household_appliances-seche-linge","lodging_interior_equipment-chaine-hi-fi","lodging_interior_equipment-feu-ouvert","lodging_interior_equipment-internet-filaire","lodging_interior_equipment-lecteur-dvd","lodging_interior_equipment-poele","lodging_interior_equipment-radio","lodging_interior_equipment-seche-cheveux","lodging_interior_equipment-television","lodging_interior_equipment-wi-fi","lodging_sport_and_leisure-baby-foot","lodging_sport_and_leisure-badminton","lodging_sport_and_leisure-billard","lodging_sport_and_leisure-but-de-football","lodging_sport_and_leisure-go-kart","lodging_sport_and_leisure-jeux-de-societe","lodging_sport_and_leisure-panier-de-basket","lodging_sport_and_leisure-table-de-ping-pong","lodging_sport_and_leisure-terrain-de-petanque","lodging_sport_and_leisure-toboggan","lodging_sport_and_leisure-trampoline","lodging_sport_and_leisure-volley","lodging_type_of_stay-animaux-admis","lodging_type_of_stay-en-groupe","lodging_adapted_to-anniversaire","lodging_adapted_to-bapteme","lodging_adapted_to-fete","lodging_adapted_to-mariage","lodging_adapted_to-seminaire","lodging_adapted_to-team-building","lodging_wellness-hammam","lodging_wellness-piscine-interieure","lodging_wellness-sauna","lodging_wellness-service-de-massage","lodging_baby-chaise-pour-enfant","lodging_baby-lit-bebe","lodging_baby-table-a-langer","lodging_car_motorcycle_bike-parking-prive","lodging_thematic-wallonie-destination-qualite","lodging_status-published"],"yoast_head":"<!-- This site is optimized with the Yoast SEO Premium plugin v26.7 (Yoast SEO v26.7) - https:\/\/yoast.com\/wordpress\/plugins\/seo\/ -->\n<title>Villa Capella - gitesdewallonie.be<\/title>\n<meta name=\"robots\" content=\"index, follow, max-snippet:-1, max-image-preview:large, max-video-preview:-1\" \/>\n<link rel=\"canonical\" href=\"https:\/\/gitesdewallonie.be\/en\/find-an-accommodation\/rural-holiday-home\/welkenraedt\/villa-capella\/\" \/>\n<meta property=\"og:locale\" content=\"en_US\" \/>\n<meta property=\"og:type\" content=\"article\" \/>\n<meta property=\"og:title\" content=\"Villa Capella\" \/>\n<meta property=\"og:url\" content=\"https:\/\/gitesdewallonie.be\/en\/find-an-accommodation\/rural-holiday-home\/welkenraedt\/villa-capella\/\" \/>\n<meta property=\"og:site_name\" content=\"gitesdewallonie.be\" \/>\n<meta property=\"article:publisher\" content=\"https:\/\/www.facebook.com\/GitesdeWallonie\" \/>\n<meta name=\"twitter:card\" content=\"summary_large_image\" \/>\n<script type=\"application\/ld+json\" class=\"yoast-schema-graph\">{\"@context\":\"https:\/\/schema.org\",\"@graph\":[{\"@type\":\"WebPage\",\"@id\":\"https:\/\/gitesdewallonie.be\/en\/find-an-accommodation\/rural-holiday-home\/welkenraedt\/villa-capella\/\",\"url\":\"https:\/\/gitesdewallonie.be\/en\/find-an-accommodation\/rural-holiday-home\/welkenraedt\/villa-capella\/\",\"name\":\"Villa Capella - gitesdewallonie.be\",\"isPartOf\":{\"@id\":\"https:\/\/gitesdewallonie.be\/en\/#website\"},\"datePublished\":\"2024-08-27T07:18:32+00:00\",\"breadcrumb\":{\"@id\":\"https:\/\/gitesdewallonie.be\/en\/find-an-accommodation\/rural-holiday-home\/welkenraedt\/villa-capella\/#breadcrumb\"},\"inLanguage\":\"en-US\",\"potentialAction\":[{\"@type\":\"ReadAction\",\"target\":[\"https:\/\/gitesdewallonie.be\/en\/find-an-accommodation\/rural-holiday-home\/welkenraedt\/villa-capella\/\"]}]},{\"@type\":\"BreadcrumbList\",\"@id\":\"https:\/\/gitesdewallonie.be\/en\/find-an-accommodation\/rural-holiday-home\/welkenraedt\/villa-capella\/#breadcrumb\",\"itemListElement\":[{\"@type\":\"ListItem\",\"position\":1,\"name\":\"Accueil\",\"item\":\"https:\/\/gitesdewallonie.be\/en\/\"},{\"@type\":\"ListItem\",\"position\":2,\"name\":\"H\u00e9bergements\",\"item\":\"https:\/\/gitesdewallonie.be\/en\/hebergements\/%type%\/%region%\/\"},{\"@type\":\"ListItem\",\"position\":3,\"name\":\"Villa Capella\"}]},{\"@type\":\"WebSite\",\"@id\":\"https:\/\/gitesdewallonie.be\/en\/#website\",\"url\":\"https:\/\/gitesdewallonie.be\/en\/\",\"name\":\"F\u00e9d\u00e9ration des G\u00eetes et Chambres d'h\u00f4tes de Wallonie\",\"description\":\"\",\"publisher\":{\"@id\":\"https:\/\/gitesdewallonie.be\/en\/#organization\"},\"potentialAction\":[{\"@type\":\"SearchAction\",\"target\":{\"@type\":\"EntryPoint\",\"urlTemplate\":\"https:\/\/gitesdewallonie.be\/en\/?s={search_term_string}\"},\"query-input\":{\"@type\":\"PropertyValueSpecification\",\"valueRequired\":true,\"valueName\":\"search_term_string\"}}],\"inLanguage\":\"en-US\"},{\"@type\":\"Organization\",\"@id\":\"https:\/\/gitesdewallonie.be\/en\/#organization\",\"name\":\"F\u00e9d\u00e9ration des G\u00eetes et Chambres d'h\u00f4tes de Wallonie\",\"alternateName\":\"GDW\",\"url\":\"https:\/\/gitesdewallonie.be\/en\/\",\"logo\":{\"@type\":\"ImageObject\",\"inLanguage\":\"en-US\",\"@id\":\"https:\/\/gitesdewallonie.be\/en\/#\/schema\/logo\/image\/\",\"url\":\"https:\/\/gitesdewallonie.be\/wp-content\/uploads\/2024\/08\/logo-gdw.svg\",\"contentUrl\":\"https:\/\/gitesdewallonie.be\/wp-content\/uploads\/2024\/08\/logo-gdw.svg\",\"caption\":\"F\u00e9d\u00e9ration des G\u00eetes et Chambres d'h\u00f4tes de Wallonie\"},\"image\":{\"@id\":\"https:\/\/gitesdewallonie.be\/en\/#\/schema\/logo\/image\/\"},\"sameAs\":[\"https:\/\/www.facebook.com\/GitesdeWallonie\",\"https:\/\/www.instagram.com\/gitesdewallonie.be\/\"]}]}<\/script>\n<!-- \/ Yoast SEO Premium plugin. -->","yoast_head_json":{"title":"Villa Capella - gitesdewallonie.be","robots":{"index":"index","follow":"follow","max-snippet":"max-snippet:-1","max-image-preview":"max-image-preview:large","max-video-preview":"max-video-preview:-1"},"canonical":"https:\/\/gitesdewallonie.be\/en\/find-an-accommodation\/rural-holiday-home\/welkenraedt\/villa-capella\/","og_locale":"en_US","og_type":"article","og_title":"Villa Capella","og_url":"https:\/\/gitesdewallonie.be\/en\/find-an-accommodation\/rural-holiday-home\/welkenraedt\/villa-capella\/","og_site_name":"gitesdewallonie.be","article_publisher":"https:\/\/www.facebook.com\/GitesdeWallonie","twitter_card":"summary_large_image","schema":{"@context":"https:\/\/schema.org","@graph":[{"@type":"WebPage","@id":"https:\/\/gitesdewallonie.be\/en\/find-an-accommodation\/rural-holiday-home\/welkenraedt\/villa-capella\/","url":"https:\/\/gitesdewallonie.be\/en\/find-an-accommodation\/rural-holiday-home\/welkenraedt\/villa-capella\/","name":"Villa Capella - gitesdewallonie.be","isPartOf":{"@id":"https:\/\/gitesdewallonie.be\/en\/#website"},"datePublished":"2024-08-27T07:18:32+00:00","breadcrumb":{"@id":"https:\/\/gitesdewallonie.be\/en\/find-an-accommodation\/rural-holiday-home\/welkenraedt\/villa-capella\/#breadcrumb"},"inLanguage":"en-US","potentialAction":[{"@type":"ReadAction","target":["https:\/\/gitesdewallonie.be\/en\/find-an-accommodation\/rural-holiday-home\/welkenraedt\/villa-capella\/"]}]},{"@type":"BreadcrumbList","@id":"https:\/\/gitesdewallonie.be\/en\/find-an-accommodation\/rural-holiday-home\/welkenraedt\/villa-capella\/#breadcrumb","itemListElement":[{"@type":"ListItem","position":1,"name":"Accueil","item":"https:\/\/gitesdewallonie.be\/en\/"},{"@type":"ListItem","position":2,"name":"H\u00e9bergements","item":"https:\/\/gitesdewallonie.be\/en\/hebergements\/%type%\/%region%\/"},{"@type":"ListItem","position":3,"name":"Villa Capella"}]},{"@type":"WebSite","@id":"https:\/\/gitesdewallonie.be\/en\/#website","url":"https:\/\/gitesdewallonie.be\/en\/","name":"F\u00e9d\u00e9ration des G\u00eetes et Chambres d'h\u00f4tes de Wallonie","description":"","publisher":{"@id":"https:\/\/gitesdewallonie.be\/en\/#organization"},"potentialAction":[{"@type":"SearchAction","target":{"@type":"EntryPoint","urlTemplate":"https:\/\/gitesdewallonie.be\/en\/?s={search_term_string}"},"query-input":{"@type":"PropertyValueSpecification","valueRequired":true,"valueName":"search_term_string"}}],"inLanguage":"en-US"},{"@type":"Organization","@id":"https:\/\/gitesdewallonie.be\/en\/#organization","name":"F\u00e9d\u00e9ration des G\u00eetes et Chambres d'h\u00f4tes de Wallonie","alternateName":"GDW","url":"https:\/\/gitesdewallonie.be\/en\/","logo":{"@type":"ImageObject","inLanguage":"en-US","@id":"https:\/\/gitesdewallonie.be\/en\/#\/schema\/logo\/image\/","url":"https:\/\/gitesdewallonie.be\/wp-content\/uploads\/2024\/08\/logo-gdw.svg","contentUrl":"https:\/\/gitesdewallonie.be\/wp-content\/uploads\/2024\/08\/logo-gdw.svg","caption":"F\u00e9d\u00e9ration des G\u00eetes et Chambres d'h\u00f4tes de Wallonie"},"image":{"@id":"https:\/\/gitesdewallonie.be\/en\/#\/schema\/logo\/image\/"},"sameAs":["https:\/\/www.facebook.com\/GitesdeWallonie","https:\/\/www.instagram.com\/gitesdewallonie.be\/"]}]}},"_links":{"self":[{"href":"https:\/\/gitesdewallonie.be\/en\/wp-json\/wp\/v2\/lodging\/114027","targetHints":{"allow":["GET"]}}],"collection":[{"href":"https:\/\/gitesdewallonie.be\/en\/wp-json\/wp\/v2\/lodging"}],"about":[{"href":"https:\/\/gitesdewallonie.be\/en\/wp-json\/wp\/v2\/types\/lodging"}],"wp:attachment":[{"href":"https:\/\/gitesdewallonie.be\/en\/wp-json\/wp\/v2\/media?parent=114027"}],"wp:term":[{"taxonomy":"lodging_type","embeddable":true,"href":"https:\/\/gitesdewallonie.be\/en\/wp-json\/wp\/v2\/lodging_type?post=114027"},{"taxonomy":"lodging_official_category","embeddable":true,"href":"https:\/\/gitesdewallonie.be\/en\/wp-json\/wp\/v2\/lodging_official_category?post=114027"},{"taxonomy":"lodging_subtype","embeddable":true,"href":"https:\/\/gitesdewallonie.be\/en\/wp-json\/wp\/v2\/lodging_subtype?post=114027"},{"taxonomy":"lodging_situation","embeddable":true,"href":"https:\/\/gitesdewallonie.be\/en\/wp-json\/wp\/v2\/lodging_situation?post=114027"},{"taxonomy":"lodging_layout","embeddable":true,"href":"https:\/\/gitesdewallonie.be\/en\/wp-json\/wp\/v2\/lodging_layout?post=114027"},{"taxonomy":"lodging_bedding","embeddable":true,"href":"https:\/\/gitesdewallonie.be\/en\/wp-json\/wp\/v2\/lodging_bedding?post=114027"},{"taxonomy":"lodging_additional_rate_type","embeddable":true,"href":"https:\/\/gitesdewallonie.be\/en\/wp-json\/wp\/v2\/lodging_additional_rate_type?post=114027"},{"taxonomy":"lodging_external_equipment","embeddable":true,"href":"https:\/\/gitesdewallonie.be\/en\/wp-json\/wp\/v2\/lodging_external_equipment?post=114027"},{"taxonomy":"lodging_household_appliances","embeddable":true,"href":"https:\/\/gitesdewallonie.be\/en\/wp-json\/wp\/v2\/lodging_household_appliances?post=114027"},{"taxonomy":"lodging_interior_equipment","embeddable":true,"href":"https:\/\/gitesdewallonie.be\/en\/wp-json\/wp\/v2\/lodging_interior_equipment?post=114027"},{"taxonomy":"lodging_sport_and_leisure","embeddable":true,"href":"https:\/\/gitesdewallonie.be\/en\/wp-json\/wp\/v2\/lodging_sport_and_leisure?post=114027"},{"taxonomy":"lodging_type_of_stay","embeddable":true,"href":"https:\/\/gitesdewallonie.be\/en\/wp-json\/wp\/v2\/lodging_type_of_stay?post=114027"},{"taxonomy":"lodging_adapted_to","embeddable":true,"href":"https:\/\/gitesdewallonie.be\/en\/wp-json\/wp\/v2\/lodging_adapted_to?post=114027"},{"taxonomy":"lodging_wellness","embeddable":true,"href":"https:\/\/gitesdewallonie.be\/en\/wp-json\/wp\/v2\/lodging_wellness?post=114027"},{"taxonomy":"lodging_baby","embeddable":true,"href":"https:\/\/gitesdewallonie.be\/en\/wp-json\/wp\/v2\/lodging_baby?post=114027"},{"taxonomy":"lodging_business_mice","embeddable":true,"href":"https:\/\/gitesdewallonie.be\/en\/wp-json\/wp\/v2\/lodging_business_mice?post=114027"},{"taxonomy":"lodging_accessibility","embeddable":true,"href":"https:\/\/gitesdewallonie.be\/en\/wp-json\/wp\/v2\/lodging_accessibility?post=114027"},{"taxonomy":"lodging_nearby","embeddable":true,"href":"https:\/\/gitesdewallonie.be\/en\/wp-json\/wp\/v2\/lodging_nearby?post=114027"},{"taxonomy":"lodging_car_motorcycle_bike","embeddable":true,"href":"https:\/\/gitesdewallonie.be\/en\/wp-json\/wp\/v2\/lodging_car_motorcycle_bike?post=114027"},{"taxonomy":"lodging_room_type","embeddable":true,"href":"https:\/\/gitesdewallonie.be\/en\/wp-json\/wp\/v2\/lodging_room_type?post=114027"},{"taxonomy":"lodging_thematic","embeddable":true,"href":"https:\/\/gitesdewallonie.be\/en\/wp-json\/wp\/v2\/lodging_thematic?post=114027"},{"taxonomy":"lodging_status","embeddable":true,"href":"https:\/\/gitesdewallonie.be\/en\/wp-json\/wp\/v2\/lodging_status?post=114027"},{"taxonomy":"lodging_other_informations","embeddable":true,"href":"https:\/\/gitesdewallonie.be\/en\/wp-json\/wp\/v2\/lodging_other_informations?post=114027"}],"curies":[{"name":"wp","href":"https:\/\/api.w.org\/{rel}","templated":true}]}}