{"id":114059,"date":"2024-08-27T09:19:35","date_gmt":"2024-08-27T07:19:35","guid":{"rendered":"https:\/\/gitesdewallonie.be\/hebergements\/%type%\/%region%\/gite-du-vachaux-gite-du-belier\/"},"modified":"2024-08-27T09:19:35","modified_gmt":"2024-08-27T07:19:35","slug":"gite-du-vachaux-gite-du-belier","status":"publish","type":"lodging","link":"https:\/\/gitesdewallonie.be\/en\/find-an-accommodation\/grouped-holiday-homes\/rochefort\/gite-du-vachaux-gite-du-belier\/","title":{"rendered":"Gite du Vachaux &amp; Gite du B\u00e9lier"},"content":{"rendered":"","protected":false},"template":"","meta":{"lodging_type":"gite","lodging_UID":"27e788a9e2234de2b6c7d9382031141e","lodging_pk":"3571","lodging_description_fr":"<p>Cette belle et authentique maison de vacances offre 2 parties distinctes, spacieuses et bien am\u00e9nag\u00e9es. Elle permet de b\u00e9n\u00e9ficier d\u2019un confort optimal en vue d\u2019un magnifique s\u00e9jour de 12\/14 personnes du c\u00f4t\u00e9 de Rochefort.<\/p><p>Avec un appartement bien \u00e9quip\u00e9 et un corps de logis mitoyen, cet h\u00e9bergement est id\u00e9al pour un s\u00e9jour en famille o\u00f9 chacun trouvera confort et intimit\u00e9. L\u2019espace d\u00e9tente vous propose un acc\u00e8s au sauna \u00e0 tout moment de la journ\u00e9e, tandis que le vaste jardin permettra aux enfants de profiter du cadre champ\u00eatre. Investissez la terrasse pour les beaux jours et organisez vos soir\u00e9es barbecue en famille. La maison dispose de 2 cuisines \u00e9quip\u00e9es et de 2 coins salon \/ salle \u00e0 manger. Dans la partie principale, l\u2019espace de vie permettra de r\u00e9unir sans mal toute la famille pour des tabl\u00e9es conviviales et d\u2019agr\u00e9ables soir\u00e9es au coin du feu en hiver. Les murs en pierre et les poutres apparentes contribuent \u00e0 renforcer l\u2019atmosph\u00e8re chaleureuse et authentique qui se d\u00e9gage de cette superbe b\u00e2tisse. Vous vous r\u00e9partirez dans 6 chambres au total, confortables et joliment personnalis\u00e9es, et disposerez \u00e9galement de 4 salles de bains.<\/p>","lodging_description_nl":"<p>Dit mooie, authentieke vakantiehuis bestaat uit 2 aparte, ruime en goed ingerichte delen. Zo geniet u van optimaal comfort voor een schitterend verblijf voor 12\/14 personen in de buurt van Rochefort.<\/p><p>Met een goed uitgerust appartement en een aangrenzend hoofdgebouw, is deze accommodatie ideaal voor een familieverblijf met voldoende comfort en privacy voor iedereen. De ontspanningsruimte biedt op elk moment van de dag toegang tot de sauna, terwijl de kinderen in de grote tuin kunnen genieten van de landelijke omgeving. Gebruik het terras op zonnige dagen of houdt er uw barbecue-avonden voor de hele familie. Het huis heeft 2 ingerichte keukens en 2 woon-\/eetkamers. In het grootste deel biedt de leefruimte voldoende ruimte voor de hele familie, zowel aan tafel als gezellig rond de open haard in de winter. De stenen muren en de zichtbare balken dragen bij aan de warme en authentieke sfeer die dit prachtige gebouw typeert. U kunt terecht in 6 comofrtabele en stijlvol ingrichte slaapkamers, en beschikt over 4 badkamers.<\/p>","lodging_description_en":"<p>This beautiful and authentic holiday home has 2 distinct, spacious and well-appointed parts. It allows you to benefit from perfect comfort for a great stay for 12 to 14 people near Rochefort.<\/p><p>With a well-equipped apartment and an adjoining main building, this accommodation is ideal for a family stay where everyone will find comfort and privacy. The relaxation area has access to the sauna at any time of the day, while the large garden will allow children to enjoy the rural setting. Take over the terrace for sunny days and organise your family barbecue evenings. The house has 2 equipped kitchens and 2 living\/dining areas. In the main part, the living space will easily gather the whole family together for close and cosy tables as well as pleasant evenings by the fireside in winter. The stone walls and the exposed beams contribute to reinforce the warm and authentic atmosphere that emerges from this superb building. You have 6 bedrooms to choose where everyone sleeps, which are comfortable and nicely personalised. There are also 4 bathrooms.<\/p>","lodging_email":"madschaetzen@hotmail.com","lodging_website":"","lodging_lat":"50.2169595936","lodging_lng":"5.19373297691","lodging_locality":"Buissonville","lodging_commune":"Rochefort","lodging_owner":"52699f3a3b8042ff84a46bb030415ccf","lodging_zip_code":"5580","lodging_street":"Rue du Busson","lodging_number":"60","lodging_ranking":"","lodging_accessi_url":"","lodging_gallery":"","lodging_elloha_product_id":"","lodging_elloha_offer_id":"","lodging_elloha_id":"","lodging_elloha_price_from":"","lodging_experience_title_fr":"","lodging_experience_title_nl":"","lodging_experience_title_en":"","lodging_experience_content_fr":"","lodging_experience_content_nl":"","lodging_experience_content_en":"","lodging_expert_content_fr":"","lodging_expert_content_nl":"","lodging_expert_content_en":"","lodging_expert_id":"","lodging_testimonials_tripadvisor":"","lodging_testimonials_google":"","lodging_testimonials_booking":"","lodging_real_min_capacity":"","lodging_max_capacity":"14","lodging_min_capacity":"12","lodging_min_night":"2","lodging_number_of_bathrooms":"4","lodging_number_of_bedrooms":"6","lodging_number_of_levels":"3","lodging_smoking_accommodation":"oui","lodging_surface_area":"","lodging_animals_accepted":"1","lodging_peb_class":"","lodging_peb_code":"","lodging_peb_primary":"","lodging_peb_total":"","lodging_nearby_distance":"","lodging_room_description":"{\"cuisines\":2,\"salles-de-bain\":4,\"salle-a-manger\":1,\"salon-salle-a-manger\":1,\"salon\":1,\"salle-de-detente\":1,\"toilettes\":3}","lodging_other_informations":"{\"a-emporter\":{\"fr\":\"<p>Linges de maison : non fournis<\/p><p>Draps, housses de couette et taies d'oreiller<\/p><p>Essuis de bain<\/p><p>Essuis de vaisselles<\/p>\"},\"heure-darrivee\":{\"fr\":\"<p>17h00<\/p>\"},\"heure-de-depart\":{\"fr\":\"<ul><li>dimanche : 20h<\/li><li>vendredi : 10h<\/li><li>autres jours : \u00e0 convenir<\/li><\/ul><p><br><\/p>\"},\"\":{\"fr\":\"\"}}","lodging_charge":"","lodging_charge_amount":"","lodging_code_cgt":"","lodging_bedding":"[{\"roomtype\":\"chambre\",\"bedding\":[\"1-lit-double\",\"1-lit-bebe\"]},{\"roomtype\":\"chambre\",\"bedding\":[\"1-lit-double\"]},{\"roomtype\":\"chambre\",\"bedding\":[\"2-lits-simples\"]},{\"roomtype\":\"chambre\",\"bedding\":[\"1-lit-superpose\"]},{\"roomtype\":\"chambre\",\"bedding\":[\"2-lits-simples\"]},{\"roomtype\":\"chambre\",\"bedding\":[\"2-lits-simples\"]},{\"roomtype\":\"salon\",\"bedding\":[\"1-canape-convertible\"]}]","lodging_lodgings_relation":"[\"1897\",\"1883\"]","lodging_hosting_advantages":"[\"billard\",\"sauna\"]","lodging_3dvue":"","lodging_video":"","lodging_streetview":"https:\/\/maps.app.goo.gl\/mJeeKFSqwGCKff1a9","lodging_percent":"{\"peb\":0,\"other_informations\":100,\"localisation\":100,\"rates\":{\"2026\":90,\"2027\":90,\"2028\":90},\"general\":83,\"equipments\":0,\"medias\":100,\"total\":73}","lodging_mentions":""},"lodging_type":[33],"lodging_official_category":[],"lodging_subtype":[4744],"lodging_situation":[8909,9103],"lodging_layout":[420],"lodging_bedding":[],"lodging_additional_rate_type":[],"lodging_external_equipment":[],"lodging_household_appliances":[],"lodging_interior_equipment":[],"lodging_sport_and_leisure":[],"lodging_type_of_stay":[9107],"lodging_adapted_to":[],"lodging_wellness":[],"lodging_baby":[],"lodging_business_mice":[],"lodging_accessibility":[],"lodging_nearby":[],"lodging_car_motorcycle_bike":[],"lodging_room_type":[],"lodging_thematic":[],"lodging_status":[167],"lodging_other_informations":[],"class_list":["post-114059","lodging","type-lodging","status-publish","hentry","lodging_type-gite","lodging_subtype-gites-groupes","lodging_situation-a-la-campagne","lodging_situation-dans-un-village","lodging_layout-hebergement-mitoyen","lodging_type_of_stay-en-groupe","lodging_status-published"],"yoast_head":"<!-- This site is optimized with the Yoast SEO Premium plugin v26.7 (Yoast SEO v26.7) - https:\/\/yoast.com\/wordpress\/plugins\/seo\/ -->\n<title>Gite du Vachaux &amp; Gite du B\u00e9lier - gitesdewallonie.be<\/title>\n<meta name=\"robots\" content=\"index, follow, max-snippet:-1, max-image-preview:large, max-video-preview:-1\" \/>\n<link rel=\"canonical\" href=\"https:\/\/gitesdewallonie.be\/en\/find-an-accommodation\/grouped-holiday-homes\/rochefort\/gite-du-vachaux-gite-du-belier\/\" \/>\n<meta property=\"og:locale\" content=\"en_US\" \/>\n<meta property=\"og:type\" content=\"article\" \/>\n<meta property=\"og:title\" content=\"Gite du Vachaux &amp; Gite du B\u00e9lier\" \/>\n<meta property=\"og:url\" content=\"https:\/\/gitesdewallonie.be\/en\/find-an-accommodation\/grouped-holiday-homes\/rochefort\/gite-du-vachaux-gite-du-belier\/\" \/>\n<meta property=\"og:site_name\" content=\"gitesdewallonie.be\" \/>\n<meta property=\"article:publisher\" content=\"https:\/\/www.facebook.com\/GitesdeWallonie\" \/>\n<meta name=\"twitter:card\" content=\"summary_large_image\" \/>\n<script type=\"application\/ld+json\" class=\"yoast-schema-graph\">{\"@context\":\"https:\/\/schema.org\",\"@graph\":[{\"@type\":\"WebPage\",\"@id\":\"https:\/\/gitesdewallonie.be\/en\/find-an-accommodation\/grouped-holiday-homes\/rochefort\/gite-du-vachaux-gite-du-belier\/\",\"url\":\"https:\/\/gitesdewallonie.be\/en\/find-an-accommodation\/grouped-holiday-homes\/rochefort\/gite-du-vachaux-gite-du-belier\/\",\"name\":\"Gite du Vachaux &amp; Gite du B\u00e9lier - gitesdewallonie.be\",\"isPartOf\":{\"@id\":\"https:\/\/gitesdewallonie.be\/en\/#website\"},\"datePublished\":\"2024-08-27T07:19:35+00:00\",\"breadcrumb\":{\"@id\":\"https:\/\/gitesdewallonie.be\/en\/find-an-accommodation\/grouped-holiday-homes\/rochefort\/gite-du-vachaux-gite-du-belier\/#breadcrumb\"},\"inLanguage\":\"en-US\",\"potentialAction\":[{\"@type\":\"ReadAction\",\"target\":[\"https:\/\/gitesdewallonie.be\/en\/find-an-accommodation\/grouped-holiday-homes\/rochefort\/gite-du-vachaux-gite-du-belier\/\"]}]},{\"@type\":\"BreadcrumbList\",\"@id\":\"https:\/\/gitesdewallonie.be\/en\/find-an-accommodation\/grouped-holiday-homes\/rochefort\/gite-du-vachaux-gite-du-belier\/#breadcrumb\",\"itemListElement\":[{\"@type\":\"ListItem\",\"position\":1,\"name\":\"Accueil\",\"item\":\"https:\/\/gitesdewallonie.be\/en\/\"},{\"@type\":\"ListItem\",\"position\":2,\"name\":\"H\u00e9bergements\",\"item\":\"https:\/\/gitesdewallonie.be\/en\/hebergements\/%type%\/%region%\/\"},{\"@type\":\"ListItem\",\"position\":3,\"name\":\"Gite du Vachaux &amp; Gite du B\u00e9lier\"}]},{\"@type\":\"WebSite\",\"@id\":\"https:\/\/gitesdewallonie.be\/en\/#website\",\"url\":\"https:\/\/gitesdewallonie.be\/en\/\",\"name\":\"F\u00e9d\u00e9ration des G\u00eetes et Chambres d'h\u00f4tes de Wallonie\",\"description\":\"\",\"publisher\":{\"@id\":\"https:\/\/gitesdewallonie.be\/en\/#organization\"},\"potentialAction\":[{\"@type\":\"SearchAction\",\"target\":{\"@type\":\"EntryPoint\",\"urlTemplate\":\"https:\/\/gitesdewallonie.be\/en\/?s={search_term_string}\"},\"query-input\":{\"@type\":\"PropertyValueSpecification\",\"valueRequired\":true,\"valueName\":\"search_term_string\"}}],\"inLanguage\":\"en-US\"},{\"@type\":\"Organization\",\"@id\":\"https:\/\/gitesdewallonie.be\/en\/#organization\",\"name\":\"F\u00e9d\u00e9ration des G\u00eetes et Chambres d'h\u00f4tes de Wallonie\",\"alternateName\":\"GDW\",\"url\":\"https:\/\/gitesdewallonie.be\/en\/\",\"logo\":{\"@type\":\"ImageObject\",\"inLanguage\":\"en-US\",\"@id\":\"https:\/\/gitesdewallonie.be\/en\/#\/schema\/logo\/image\/\",\"url\":\"https:\/\/gitesdewallonie.be\/wp-content\/uploads\/2024\/08\/logo-gdw.svg\",\"contentUrl\":\"https:\/\/gitesdewallonie.be\/wp-content\/uploads\/2024\/08\/logo-gdw.svg\",\"caption\":\"F\u00e9d\u00e9ration des G\u00eetes et Chambres d'h\u00f4tes de Wallonie\"},\"image\":{\"@id\":\"https:\/\/gitesdewallonie.be\/en\/#\/schema\/logo\/image\/\"},\"sameAs\":[\"https:\/\/www.facebook.com\/GitesdeWallonie\",\"https:\/\/www.instagram.com\/gitesdewallonie.be\/\"]}]}<\/script>\n<!-- \/ Yoast SEO Premium plugin. -->","yoast_head_json":{"title":"Gite du Vachaux &amp; Gite du B\u00e9lier - gitesdewallonie.be","robots":{"index":"index","follow":"follow","max-snippet":"max-snippet:-1","max-image-preview":"max-image-preview:large","max-video-preview":"max-video-preview:-1"},"canonical":"https:\/\/gitesdewallonie.be\/en\/find-an-accommodation\/grouped-holiday-homes\/rochefort\/gite-du-vachaux-gite-du-belier\/","og_locale":"en_US","og_type":"article","og_title":"Gite du Vachaux &amp; Gite du B\u00e9lier","og_url":"https:\/\/gitesdewallonie.be\/en\/find-an-accommodation\/grouped-holiday-homes\/rochefort\/gite-du-vachaux-gite-du-belier\/","og_site_name":"gitesdewallonie.be","article_publisher":"https:\/\/www.facebook.com\/GitesdeWallonie","twitter_card":"summary_large_image","schema":{"@context":"https:\/\/schema.org","@graph":[{"@type":"WebPage","@id":"https:\/\/gitesdewallonie.be\/en\/find-an-accommodation\/grouped-holiday-homes\/rochefort\/gite-du-vachaux-gite-du-belier\/","url":"https:\/\/gitesdewallonie.be\/en\/find-an-accommodation\/grouped-holiday-homes\/rochefort\/gite-du-vachaux-gite-du-belier\/","name":"Gite du Vachaux &amp; Gite du B\u00e9lier - gitesdewallonie.be","isPartOf":{"@id":"https:\/\/gitesdewallonie.be\/en\/#website"},"datePublished":"2024-08-27T07:19:35+00:00","breadcrumb":{"@id":"https:\/\/gitesdewallonie.be\/en\/find-an-accommodation\/grouped-holiday-homes\/rochefort\/gite-du-vachaux-gite-du-belier\/#breadcrumb"},"inLanguage":"en-US","potentialAction":[{"@type":"ReadAction","target":["https:\/\/gitesdewallonie.be\/en\/find-an-accommodation\/grouped-holiday-homes\/rochefort\/gite-du-vachaux-gite-du-belier\/"]}]},{"@type":"BreadcrumbList","@id":"https:\/\/gitesdewallonie.be\/en\/find-an-accommodation\/grouped-holiday-homes\/rochefort\/gite-du-vachaux-gite-du-belier\/#breadcrumb","itemListElement":[{"@type":"ListItem","position":1,"name":"Accueil","item":"https:\/\/gitesdewallonie.be\/en\/"},{"@type":"ListItem","position":2,"name":"H\u00e9bergements","item":"https:\/\/gitesdewallonie.be\/en\/hebergements\/%type%\/%region%\/"},{"@type":"ListItem","position":3,"name":"Gite du Vachaux &amp; Gite du B\u00e9lier"}]},{"@type":"WebSite","@id":"https:\/\/gitesdewallonie.be\/en\/#website","url":"https:\/\/gitesdewallonie.be\/en\/","name":"F\u00e9d\u00e9ration des G\u00eetes et Chambres d'h\u00f4tes de Wallonie","description":"","publisher":{"@id":"https:\/\/gitesdewallonie.be\/en\/#organization"},"potentialAction":[{"@type":"SearchAction","target":{"@type":"EntryPoint","urlTemplate":"https:\/\/gitesdewallonie.be\/en\/?s={search_term_string}"},"query-input":{"@type":"PropertyValueSpecification","valueRequired":true,"valueName":"search_term_string"}}],"inLanguage":"en-US"},{"@type":"Organization","@id":"https:\/\/gitesdewallonie.be\/en\/#organization","name":"F\u00e9d\u00e9ration des G\u00eetes et Chambres d'h\u00f4tes de Wallonie","alternateName":"GDW","url":"https:\/\/gitesdewallonie.be\/en\/","logo":{"@type":"ImageObject","inLanguage":"en-US","@id":"https:\/\/gitesdewallonie.be\/en\/#\/schema\/logo\/image\/","url":"https:\/\/gitesdewallonie.be\/wp-content\/uploads\/2024\/08\/logo-gdw.svg","contentUrl":"https:\/\/gitesdewallonie.be\/wp-content\/uploads\/2024\/08\/logo-gdw.svg","caption":"F\u00e9d\u00e9ration des G\u00eetes et Chambres d'h\u00f4tes de Wallonie"},"image":{"@id":"https:\/\/gitesdewallonie.be\/en\/#\/schema\/logo\/image\/"},"sameAs":["https:\/\/www.facebook.com\/GitesdeWallonie","https:\/\/www.instagram.com\/gitesdewallonie.be\/"]}]}},"_links":{"self":[{"href":"https:\/\/gitesdewallonie.be\/en\/wp-json\/wp\/v2\/lodging\/114059","targetHints":{"allow":["GET"]}}],"collection":[{"href":"https:\/\/gitesdewallonie.be\/en\/wp-json\/wp\/v2\/lodging"}],"about":[{"href":"https:\/\/gitesdewallonie.be\/en\/wp-json\/wp\/v2\/types\/lodging"}],"wp:attachment":[{"href":"https:\/\/gitesdewallonie.be\/en\/wp-json\/wp\/v2\/media?parent=114059"}],"wp:term":[{"taxonomy":"lodging_type","embeddable":true,"href":"https:\/\/gitesdewallonie.be\/en\/wp-json\/wp\/v2\/lodging_type?post=114059"},{"taxonomy":"lodging_official_category","embeddable":true,"href":"https:\/\/gitesdewallonie.be\/en\/wp-json\/wp\/v2\/lodging_official_category?post=114059"},{"taxonomy":"lodging_subtype","embeddable":true,"href":"https:\/\/gitesdewallonie.be\/en\/wp-json\/wp\/v2\/lodging_subtype?post=114059"},{"taxonomy":"lodging_situation","embeddable":true,"href":"https:\/\/gitesdewallonie.be\/en\/wp-json\/wp\/v2\/lodging_situation?post=114059"},{"taxonomy":"lodging_layout","embeddable":true,"href":"https:\/\/gitesdewallonie.be\/en\/wp-json\/wp\/v2\/lodging_layout?post=114059"},{"taxonomy":"lodging_bedding","embeddable":true,"href":"https:\/\/gitesdewallonie.be\/en\/wp-json\/wp\/v2\/lodging_bedding?post=114059"},{"taxonomy":"lodging_additional_rate_type","embeddable":true,"href":"https:\/\/gitesdewallonie.be\/en\/wp-json\/wp\/v2\/lodging_additional_rate_type?post=114059"},{"taxonomy":"lodging_external_equipment","embeddable":true,"href":"https:\/\/gitesdewallonie.be\/en\/wp-json\/wp\/v2\/lodging_external_equipment?post=114059"},{"taxonomy":"lodging_household_appliances","embeddable":true,"href":"https:\/\/gitesdewallonie.be\/en\/wp-json\/wp\/v2\/lodging_household_appliances?post=114059"},{"taxonomy":"lodging_interior_equipment","embeddable":true,"href":"https:\/\/gitesdewallonie.be\/en\/wp-json\/wp\/v2\/lodging_interior_equipment?post=114059"},{"taxonomy":"lodging_sport_and_leisure","embeddable":true,"href":"https:\/\/gitesdewallonie.be\/en\/wp-json\/wp\/v2\/lodging_sport_and_leisure?post=114059"},{"taxonomy":"lodging_type_of_stay","embeddable":true,"href":"https:\/\/gitesdewallonie.be\/en\/wp-json\/wp\/v2\/lodging_type_of_stay?post=114059"},{"taxonomy":"lodging_adapted_to","embeddable":true,"href":"https:\/\/gitesdewallonie.be\/en\/wp-json\/wp\/v2\/lodging_adapted_to?post=114059"},{"taxonomy":"lodging_wellness","embeddable":true,"href":"https:\/\/gitesdewallonie.be\/en\/wp-json\/wp\/v2\/lodging_wellness?post=114059"},{"taxonomy":"lodging_baby","embeddable":true,"href":"https:\/\/gitesdewallonie.be\/en\/wp-json\/wp\/v2\/lodging_baby?post=114059"},{"taxonomy":"lodging_business_mice","embeddable":true,"href":"https:\/\/gitesdewallonie.be\/en\/wp-json\/wp\/v2\/lodging_business_mice?post=114059"},{"taxonomy":"lodging_accessibility","embeddable":true,"href":"https:\/\/gitesdewallonie.be\/en\/wp-json\/wp\/v2\/lodging_accessibility?post=114059"},{"taxonomy":"lodging_nearby","embeddable":true,"href":"https:\/\/gitesdewallonie.be\/en\/wp-json\/wp\/v2\/lodging_nearby?post=114059"},{"taxonomy":"lodging_car_motorcycle_bike","embeddable":true,"href":"https:\/\/gitesdewallonie.be\/en\/wp-json\/wp\/v2\/lodging_car_motorcycle_bike?post=114059"},{"taxonomy":"lodging_room_type","embeddable":true,"href":"https:\/\/gitesdewallonie.be\/en\/wp-json\/wp\/v2\/lodging_room_type?post=114059"},{"taxonomy":"lodging_thematic","embeddable":true,"href":"https:\/\/gitesdewallonie.be\/en\/wp-json\/wp\/v2\/lodging_thematic?post=114059"},{"taxonomy":"lodging_status","embeddable":true,"href":"https:\/\/gitesdewallonie.be\/en\/wp-json\/wp\/v2\/lodging_status?post=114059"},{"taxonomy":"lodging_other_informations","embeddable":true,"href":"https:\/\/gitesdewallonie.be\/en\/wp-json\/wp\/v2\/lodging_other_informations?post=114059"}],"curies":[{"name":"wp","href":"https:\/\/api.w.org\/{rel}","templated":true}]}}