{"id":118109,"date":"2025-07-07T16:02:02","date_gmt":"2025-07-07T14:02:02","guid":{"rendered":"https:\/\/gitesdewallonie.be\/hebergements\/-\/-\/nouveau-logement-6\/"},"modified":"2025-07-07T16:06:20","modified_gmt":"2025-07-07T14:06:20","slug":"les-petites-burettes","status":"publish","type":"lodging","link":"https:\/\/gitesdewallonie.be\/en\/find-an-accommodation\/rural-holiday-home\/beauvechain\/les-petites-burettes\/","title":{"rendered":"Les Petites Burettes"},"content":{"rendered":"","protected":false},"template":"","meta":{"lodging_type":"gite","lodging_UID":"","lodging_pk":"4027","lodging_description_fr":"G\u00eete super \u00e9quip\u00e9.\nAu calme de la campagne braban\u00e7onne et une \u00e9tape id\u00e9ale pour un voyage \u00e0 v\u00e9lo ou un ressourcement.\nPossibilit\u00e9s de s\u00e9jours plus longs.\nUn v\u00e9ritable \u00e9crin de tranquillit\u00e9 dans un village encore authentique, avec parfois un tracteur ou un avion mais rassurez-vous c\u2019est plus \u00e9tonnant que d\u00e9rangeant. \nWelcome, bienvenue, welkom.\n\nPour nos amis cyclistes, vos v\u00e9los seront gard\u00e9s en toute s\u00e9curit\u00e9 dans le garage, avec possibilit\u00e9 de recharge bien \u00e9videmment.","lodging_description_nl":"Vakantiehuisje zeer goed uitgerust. Gelegen in de rust van het Brabantse platteland en een ideale tussenstop voor een fietsreis of om tot rust te komen. Mogelijkheid voor langere verblijven. Een oase van rust in een nog authentiek dorp, met af en toe een tractor of vliegtuig maar wees gerust, het is eerder verrassend dan storend. Welkom. Voor onze fietsvrienden, uw fietsen zullen veilig worden bewaard in de garage, met de mogelijkheid tot opladen uiteraard.","lodging_description_en":"Well-equipped cottage. In the quiet of the Brabant countryside, an ideal stop for a bike trip or a retreat. Possibility of longer stays. A true haven of tranquility in a still authentic village, with sometimes a tractor or a plane but rest assured it's more surprising than disturbing. Welcome, bienvenue, welkom. For our cyclist friends, your bikes will be safely stored in the garage, with the possibility of recharging of course.","lodging_email":"eazrb@yahoo.fr","lodging_website":"","lodging_lat":"50.7803171","lodging_lng":"4.792253","lodging_locality":"Beauvechain","lodging_commune":"Beauvechain (1320)","lodging_owner":"b6204cba5d4f41a8a5652fff58a344a0","lodging_zip_code":"1320","lodging_street":"Rue de Louvain","lodging_number":"11a","lodging_ranking":"3","lodging_accessi_url":"","lodging_gallery":"","lodging_elloha_product_id":"","lodging_elloha_offer_id":"","lodging_elloha_id":"","lodging_elloha_price_from":"","lodging_experience_title_fr":"","lodging_experience_title_nl":"","lodging_experience_title_en":"","lodging_experience_content_fr":"","lodging_experience_content_nl":"","lodging_experience_content_en":"","lodging_expert_content_fr":"","lodging_expert_content_nl":"","lodging_expert_content_en":"","lodging_expert_id":"","lodging_testimonials_tripadvisor":"","lodging_testimonials_google":"","lodging_testimonials_booking":"","lodging_real_min_capacity":"","lodging_max_capacity":"5","lodging_min_capacity":"5","lodging_min_night":"2","lodging_number_of_bathrooms":"2","lodging_number_of_bedrooms":"3","lodging_number_of_levels":"2","lodging_smoking_accommodation":"non","lodging_surface_area":"130","lodging_animals_accepted":"0","lodging_peb_class":"D","lodging_peb_code":"","lodging_peb_primary":"","lodging_peb_total":"","lodging_nearby_distance":"","lodging_room_description":"","lodging_other_informations":"{\"a-emporter\":{\"fr\":\"Draps et essuies\/serviettes (si n\u00e9cessaire nous en mettrons \u00e0 disposition)\",\"nl\":\"Lakens en handdoeken (indien nodig zullen we deze ter beschikking stellen)\",\"en\":\"Sheets and towels (if needed we will provide them)\"},\"a-disposition\":{\"fr\":\"Fond de m\u00e9nage (caf\u00e9, poivre, sel,...) Nous demandons juste de remplacer si vide. \",\"nl\":\"Voorraadkast (koffie, peper, zout,...) Gelieve alleen te vervangen indien leeg.\",\"en\":\"Household supplies (coffee, pepper, salt, ...) We just ask to replace if empty.\"},\"heure-darrivee\":{\"fr\":\"Le jour pr\u00e9vu de l'arriv\u00e9e, \u00e0 partir de 16.00.\",\"nl\":\"Op de geplande dag van aankomst, vanaf 16.00 uur.\",\"en\":\"The scheduled day of arrival, starting from 4:00 PM.\"},\"heure-de-depart\":{\"fr\":\"Le jour pr\u00e9vu du d\u00e9part avant 16.00.\",\"nl\":\"De geplande vertrekdag voor 16.00 uur.\",\"en\":\"The scheduled day of departure is before 4:00 PM.\"},\"informations\":{\"fr\":\"Nous serons ravis de vous accueillir personnellement et de partager un moment avec vous. Si besoin nous sommes en principe contactables et restons \u00e0 votre \u00e9coute pour r\u00e9pondre \u00e0 toutes vos questions tant sur la r\u00e9gion, les activit\u00e9s, les restaurants,... Nous esp\u00e9rons que vous passerez un bon s\u00e9jour.  \",\"nl\":\"We zullen blij zijn om u persoonlijk te verwelkomen en een moment met u te delen. Indien nodig zijn we in principe bereikbaar en blijven we tot uw beschikking om al uw vragen te beantwoorden over de regio, activiteiten, restaurants,... We hopen dat u een prettig verblijf zult hebben.\",\"en\":\"We will be delighted to welcome you in person and to spend time with you. If necessary, we are usually reachable and remain at your disposal to answer all your questions about the region, activities, restaurants,... We hope you will have a good stay.\"},\"conditions-dannulation\":{\"fr\":\"En cas d'annulation en derni\u00e8re minute une indemnit\u00e9 de 50% pourra \u00eatre r\u00e9clam\u00e9e. \",\"nl\":\"In geval van annulering op het laatste moment kan een vergoeding van 50% worden ge\u00ebist.\",\"en\":\"In case of last-minute cancellation, a 50% compensation may be claimed.\"},\"dispositions-particulieres\":{\"fr\":\"Les r\u00e8glements \u00e9dit\u00e9s par Les Gites de Wallonie servent de r\u00e9f\u00e9rence : par exemple conditions g\u00e9n\u00e9rales de vente.\",\"nl\":\"De regels uitgegeven door Les Gites de Wallonie dienen als referentie: bijvoorbeeld algemene verkoopvoorwaarden.\",\"en\":\"The regulations published by Les Gites de Wallonie serve as a reference: for example, general terms and conditions of sale.\"}}","lodging_charge":"","lodging_charge_amount":"","lodging_code_cgt":"HEB-TE-613557-02E4","lodging_bedding":"[{\"roomtype\":\"chambre\",\"bedding\":[\"1-lit-double\"]},{\"roomtype\":\"chambre\",\"bedding\":[\"1-lit-double\"]},{\"roomtype\":\"chambre\",\"bedding\":[\"1-lit-bebe\",\"1-lit-denfant\"]}]","lodging_lodgings_relation":"","lodging_hosting_advantages":"","lodging_3dvue":"","lodging_video":"","lodging_streetview":"","lodging_percent":"{\"peb\":0,\"other_informations\":100,\"localisation\":100,\"rates\":{\"2027\":0,\"2028\":0},\"general\":83,\"equipments\":100,\"medias\":100,\"total\":60}","lodging_mentions":""},"lodging_type":[33],"lodging_official_category":[4380],"lodging_subtype":[],"lodging_situation":[],"lodging_layout":[420],"lodging_bedding":[],"lodging_additional_rate_type":[],"lodging_external_equipment":[8893,9115,9056,9005,8897,8898],"lodging_household_appliances":[9001,8882,9020,8883,8884,8885,8886,8887,8888,9003,8889,8890,8891,8892],"lodging_interior_equipment":[8998,8878,9000,8879,8880,8881],"lodging_sport_and_leisure":[9118],"lodging_type_of_stay":[],"lodging_adapted_to":[],"lodging_wellness":[],"lodging_baby":[9099,8904,8906],"lodging_business_mice":[],"lodging_accessibility":[],"lodging_nearby":[],"lodging_car_motorcycle_bike":[8908],"lodging_room_type":[],"lodging_thematic":[],"lodging_status":[167],"lodging_other_informations":[],"class_list":["post-118109","lodging","type-lodging","status-publish","hentry","lodging_type-gite","lodging_official_category-ruralgite","lodging_layout-hebergement-mitoyen","lodging_external_equipment-barbecue","lodging_external_equipment-borne-de-recharge-pour-velo-electrique","lodging_external_equipment-cour","lodging_external_equipment-jardin-cloture","lodging_external_equipment-salon-de-jardin","lodging_external_equipment-terrasse","lodging_household_appliances-aspirateur","lodging_household_appliances-bouilloire-electrique","lodging_household_appliances-cafetiere","lodging_household_appliances-congelateur","lodging_household_appliances-four","lodging_household_appliances-grille-pain","lodging_household_appliances-lave-linge","lodging_household_appliances-lave-vaisselle","lodging_household_appliances-machine-a-cafe","lodging_household_appliances-micro-ondes","lodging_household_appliances-mixeur","lodging_household_appliances-plaque-de-cuisson-au-gaz","lodging_household_appliances-refrigerateur","lodging_household_appliances-seche-linge","lodging_interior_equipment-chaine-hi-fi","lodging_interior_equipment-poele","lodging_interior_equipment-radio","lodging_interior_equipment-seche-cheveux","lodging_interior_equipment-television","lodging_interior_equipment-wi-fi","lodging_sport_and_leisure-salle-de-jeux","lodging_baby-baignoire-bebe","lodging_baby-chaise-pour-enfant","lodging_baby-lit-bebe","lodging_car_motorcycle_bike-parking-prive","lodging_status-published"],"yoast_head":"<!-- This site is optimized with the Yoast SEO Premium plugin v26.7 (Yoast SEO v26.7) - https:\/\/yoast.com\/wordpress\/plugins\/seo\/ -->\n<title>Les Petites Burettes - gitesdewallonie.be<\/title>\n<meta name=\"robots\" content=\"index, follow, max-snippet:-1, max-image-preview:large, max-video-preview:-1\" \/>\n<link rel=\"canonical\" href=\"https:\/\/gitesdewallonie.be\/en\/find-an-accommodation\/rural-holiday-home\/beauvechain\/les-petites-burettes\/\" \/>\n<meta property=\"og:locale\" content=\"en_US\" \/>\n<meta property=\"og:type\" content=\"article\" \/>\n<meta property=\"og:title\" content=\"Les Petites Burettes\" \/>\n<meta property=\"og:url\" content=\"https:\/\/gitesdewallonie.be\/en\/find-an-accommodation\/rural-holiday-home\/beauvechain\/les-petites-burettes\/\" \/>\n<meta property=\"og:site_name\" content=\"gitesdewallonie.be\" \/>\n<meta property=\"article:publisher\" content=\"https:\/\/www.facebook.com\/GitesdeWallonie\" \/>\n<meta property=\"article:modified_time\" content=\"2025-07-07T14:06:20+00:00\" \/>\n<meta name=\"twitter:card\" content=\"summary_large_image\" \/>\n<script type=\"application\/ld+json\" class=\"yoast-schema-graph\">{\"@context\":\"https:\/\/schema.org\",\"@graph\":[{\"@type\":\"WebPage\",\"@id\":\"https:\/\/gitesdewallonie.be\/en\/find-an-accommodation\/rural-holiday-home\/beauvechain\/les-petites-burettes\/\",\"url\":\"https:\/\/gitesdewallonie.be\/en\/find-an-accommodation\/rural-holiday-home\/beauvechain\/les-petites-burettes\/\",\"name\":\"Les Petites Burettes - gitesdewallonie.be\",\"isPartOf\":{\"@id\":\"https:\/\/gitesdewallonie.be\/en\/#website\"},\"datePublished\":\"2025-07-07T14:02:02+00:00\",\"dateModified\":\"2025-07-07T14:06:20+00:00\",\"breadcrumb\":{\"@id\":\"https:\/\/gitesdewallonie.be\/en\/find-an-accommodation\/rural-holiday-home\/beauvechain\/les-petites-burettes\/#breadcrumb\"},\"inLanguage\":\"en-US\",\"potentialAction\":[{\"@type\":\"ReadAction\",\"target\":[\"https:\/\/gitesdewallonie.be\/en\/find-an-accommodation\/rural-holiday-home\/beauvechain\/les-petites-burettes\/\"]}]},{\"@type\":\"BreadcrumbList\",\"@id\":\"https:\/\/gitesdewallonie.be\/en\/find-an-accommodation\/rural-holiday-home\/beauvechain\/les-petites-burettes\/#breadcrumb\",\"itemListElement\":[{\"@type\":\"ListItem\",\"position\":1,\"name\":\"Accueil\",\"item\":\"https:\/\/gitesdewallonie.be\/en\/\"},{\"@type\":\"ListItem\",\"position\":2,\"name\":\"H\u00e9bergements\",\"item\":\"https:\/\/gitesdewallonie.be\/en\/hebergements\/%type%\/%region%\/\"},{\"@type\":\"ListItem\",\"position\":3,\"name\":\"Les Petites Burettes\"}]},{\"@type\":\"WebSite\",\"@id\":\"https:\/\/gitesdewallonie.be\/en\/#website\",\"url\":\"https:\/\/gitesdewallonie.be\/en\/\",\"name\":\"F\u00e9d\u00e9ration des G\u00eetes et Chambres d'h\u00f4tes de Wallonie\",\"description\":\"\",\"publisher\":{\"@id\":\"https:\/\/gitesdewallonie.be\/en\/#organization\"},\"potentialAction\":[{\"@type\":\"SearchAction\",\"target\":{\"@type\":\"EntryPoint\",\"urlTemplate\":\"https:\/\/gitesdewallonie.be\/en\/?s={search_term_string}\"},\"query-input\":{\"@type\":\"PropertyValueSpecification\",\"valueRequired\":true,\"valueName\":\"search_term_string\"}}],\"inLanguage\":\"en-US\"},{\"@type\":\"Organization\",\"@id\":\"https:\/\/gitesdewallonie.be\/en\/#organization\",\"name\":\"F\u00e9d\u00e9ration des G\u00eetes et Chambres d'h\u00f4tes de Wallonie\",\"alternateName\":\"GDW\",\"url\":\"https:\/\/gitesdewallonie.be\/en\/\",\"logo\":{\"@type\":\"ImageObject\",\"inLanguage\":\"en-US\",\"@id\":\"https:\/\/gitesdewallonie.be\/en\/#\/schema\/logo\/image\/\",\"url\":\"https:\/\/gitesdewallonie.be\/wp-content\/uploads\/2024\/08\/logo-gdw.svg\",\"contentUrl\":\"https:\/\/gitesdewallonie.be\/wp-content\/uploads\/2024\/08\/logo-gdw.svg\",\"caption\":\"F\u00e9d\u00e9ration des G\u00eetes et Chambres d'h\u00f4tes de Wallonie\"},\"image\":{\"@id\":\"https:\/\/gitesdewallonie.be\/en\/#\/schema\/logo\/image\/\"},\"sameAs\":[\"https:\/\/www.facebook.com\/GitesdeWallonie\",\"https:\/\/www.instagram.com\/gitesdewallonie.be\/\"]}]}<\/script>\n<!-- \/ Yoast SEO Premium plugin. -->","yoast_head_json":{"title":"Les Petites Burettes - gitesdewallonie.be","robots":{"index":"index","follow":"follow","max-snippet":"max-snippet:-1","max-image-preview":"max-image-preview:large","max-video-preview":"max-video-preview:-1"},"canonical":"https:\/\/gitesdewallonie.be\/en\/find-an-accommodation\/rural-holiday-home\/beauvechain\/les-petites-burettes\/","og_locale":"en_US","og_type":"article","og_title":"Les Petites Burettes","og_url":"https:\/\/gitesdewallonie.be\/en\/find-an-accommodation\/rural-holiday-home\/beauvechain\/les-petites-burettes\/","og_site_name":"gitesdewallonie.be","article_publisher":"https:\/\/www.facebook.com\/GitesdeWallonie","article_modified_time":"2025-07-07T14:06:20+00:00","twitter_card":"summary_large_image","schema":{"@context":"https:\/\/schema.org","@graph":[{"@type":"WebPage","@id":"https:\/\/gitesdewallonie.be\/en\/find-an-accommodation\/rural-holiday-home\/beauvechain\/les-petites-burettes\/","url":"https:\/\/gitesdewallonie.be\/en\/find-an-accommodation\/rural-holiday-home\/beauvechain\/les-petites-burettes\/","name":"Les Petites Burettes - gitesdewallonie.be","isPartOf":{"@id":"https:\/\/gitesdewallonie.be\/en\/#website"},"datePublished":"2025-07-07T14:02:02+00:00","dateModified":"2025-07-07T14:06:20+00:00","breadcrumb":{"@id":"https:\/\/gitesdewallonie.be\/en\/find-an-accommodation\/rural-holiday-home\/beauvechain\/les-petites-burettes\/#breadcrumb"},"inLanguage":"en-US","potentialAction":[{"@type":"ReadAction","target":["https:\/\/gitesdewallonie.be\/en\/find-an-accommodation\/rural-holiday-home\/beauvechain\/les-petites-burettes\/"]}]},{"@type":"BreadcrumbList","@id":"https:\/\/gitesdewallonie.be\/en\/find-an-accommodation\/rural-holiday-home\/beauvechain\/les-petites-burettes\/#breadcrumb","itemListElement":[{"@type":"ListItem","position":1,"name":"Accueil","item":"https:\/\/gitesdewallonie.be\/en\/"},{"@type":"ListItem","position":2,"name":"H\u00e9bergements","item":"https:\/\/gitesdewallonie.be\/en\/hebergements\/%type%\/%region%\/"},{"@type":"ListItem","position":3,"name":"Les Petites Burettes"}]},{"@type":"WebSite","@id":"https:\/\/gitesdewallonie.be\/en\/#website","url":"https:\/\/gitesdewallonie.be\/en\/","name":"F\u00e9d\u00e9ration des G\u00eetes et Chambres d'h\u00f4tes de Wallonie","description":"","publisher":{"@id":"https:\/\/gitesdewallonie.be\/en\/#organization"},"potentialAction":[{"@type":"SearchAction","target":{"@type":"EntryPoint","urlTemplate":"https:\/\/gitesdewallonie.be\/en\/?s={search_term_string}"},"query-input":{"@type":"PropertyValueSpecification","valueRequired":true,"valueName":"search_term_string"}}],"inLanguage":"en-US"},{"@type":"Organization","@id":"https:\/\/gitesdewallonie.be\/en\/#organization","name":"F\u00e9d\u00e9ration des G\u00eetes et Chambres d'h\u00f4tes de Wallonie","alternateName":"GDW","url":"https:\/\/gitesdewallonie.be\/en\/","logo":{"@type":"ImageObject","inLanguage":"en-US","@id":"https:\/\/gitesdewallonie.be\/en\/#\/schema\/logo\/image\/","url":"https:\/\/gitesdewallonie.be\/wp-content\/uploads\/2024\/08\/logo-gdw.svg","contentUrl":"https:\/\/gitesdewallonie.be\/wp-content\/uploads\/2024\/08\/logo-gdw.svg","caption":"F\u00e9d\u00e9ration des G\u00eetes et Chambres d'h\u00f4tes de Wallonie"},"image":{"@id":"https:\/\/gitesdewallonie.be\/en\/#\/schema\/logo\/image\/"},"sameAs":["https:\/\/www.facebook.com\/GitesdeWallonie","https:\/\/www.instagram.com\/gitesdewallonie.be\/"]}]}},"_links":{"self":[{"href":"https:\/\/gitesdewallonie.be\/en\/wp-json\/wp\/v2\/lodging\/118109","targetHints":{"allow":["GET"]}}],"collection":[{"href":"https:\/\/gitesdewallonie.be\/en\/wp-json\/wp\/v2\/lodging"}],"about":[{"href":"https:\/\/gitesdewallonie.be\/en\/wp-json\/wp\/v2\/types\/lodging"}],"wp:attachment":[{"href":"https:\/\/gitesdewallonie.be\/en\/wp-json\/wp\/v2\/media?parent=118109"}],"wp:term":[{"taxonomy":"lodging_type","embeddable":true,"href":"https:\/\/gitesdewallonie.be\/en\/wp-json\/wp\/v2\/lodging_type?post=118109"},{"taxonomy":"lodging_official_category","embeddable":true,"href":"https:\/\/gitesdewallonie.be\/en\/wp-json\/wp\/v2\/lodging_official_category?post=118109"},{"taxonomy":"lodging_subtype","embeddable":true,"href":"https:\/\/gitesdewallonie.be\/en\/wp-json\/wp\/v2\/lodging_subtype?post=118109"},{"taxonomy":"lodging_situation","embeddable":true,"href":"https:\/\/gitesdewallonie.be\/en\/wp-json\/wp\/v2\/lodging_situation?post=118109"},{"taxonomy":"lodging_layout","embeddable":true,"href":"https:\/\/gitesdewallonie.be\/en\/wp-json\/wp\/v2\/lodging_layout?post=118109"},{"taxonomy":"lodging_bedding","embeddable":true,"href":"https:\/\/gitesdewallonie.be\/en\/wp-json\/wp\/v2\/lodging_bedding?post=118109"},{"taxonomy":"lodging_additional_rate_type","embeddable":true,"href":"https:\/\/gitesdewallonie.be\/en\/wp-json\/wp\/v2\/lodging_additional_rate_type?post=118109"},{"taxonomy":"lodging_external_equipment","embeddable":true,"href":"https:\/\/gitesdewallonie.be\/en\/wp-json\/wp\/v2\/lodging_external_equipment?post=118109"},{"taxonomy":"lodging_household_appliances","embeddable":true,"href":"https:\/\/gitesdewallonie.be\/en\/wp-json\/wp\/v2\/lodging_household_appliances?post=118109"},{"taxonomy":"lodging_interior_equipment","embeddable":true,"href":"https:\/\/gitesdewallonie.be\/en\/wp-json\/wp\/v2\/lodging_interior_equipment?post=118109"},{"taxonomy":"lodging_sport_and_leisure","embeddable":true,"href":"https:\/\/gitesdewallonie.be\/en\/wp-json\/wp\/v2\/lodging_sport_and_leisure?post=118109"},{"taxonomy":"lodging_type_of_stay","embeddable":true,"href":"https:\/\/gitesdewallonie.be\/en\/wp-json\/wp\/v2\/lodging_type_of_stay?post=118109"},{"taxonomy":"lodging_adapted_to","embeddable":true,"href":"https:\/\/gitesdewallonie.be\/en\/wp-json\/wp\/v2\/lodging_adapted_to?post=118109"},{"taxonomy":"lodging_wellness","embeddable":true,"href":"https:\/\/gitesdewallonie.be\/en\/wp-json\/wp\/v2\/lodging_wellness?post=118109"},{"taxonomy":"lodging_baby","embeddable":true,"href":"https:\/\/gitesdewallonie.be\/en\/wp-json\/wp\/v2\/lodging_baby?post=118109"},{"taxonomy":"lodging_business_mice","embeddable":true,"href":"https:\/\/gitesdewallonie.be\/en\/wp-json\/wp\/v2\/lodging_business_mice?post=118109"},{"taxonomy":"lodging_accessibility","embeddable":true,"href":"https:\/\/gitesdewallonie.be\/en\/wp-json\/wp\/v2\/lodging_accessibility?post=118109"},{"taxonomy":"lodging_nearby","embeddable":true,"href":"https:\/\/gitesdewallonie.be\/en\/wp-json\/wp\/v2\/lodging_nearby?post=118109"},{"taxonomy":"lodging_car_motorcycle_bike","embeddable":true,"href":"https:\/\/gitesdewallonie.be\/en\/wp-json\/wp\/v2\/lodging_car_motorcycle_bike?post=118109"},{"taxonomy":"lodging_room_type","embeddable":true,"href":"https:\/\/gitesdewallonie.be\/en\/wp-json\/wp\/v2\/lodging_room_type?post=118109"},{"taxonomy":"lodging_thematic","embeddable":true,"href":"https:\/\/gitesdewallonie.be\/en\/wp-json\/wp\/v2\/lodging_thematic?post=118109"},{"taxonomy":"lodging_status","embeddable":true,"href":"https:\/\/gitesdewallonie.be\/en\/wp-json\/wp\/v2\/lodging_status?post=118109"},{"taxonomy":"lodging_other_informations","embeddable":true,"href":"https:\/\/gitesdewallonie.be\/en\/wp-json\/wp\/v2\/lodging_other_informations?post=118109"}],"curies":[{"name":"wp","href":"https:\/\/api.w.org\/{rel}","templated":true}]}}