{"id":118352,"date":"2025-08-14T15:49:08","date_gmt":"2025-08-14T13:49:08","guid":{"rendered":"https:\/\/gitesdewallonie.be\/hebergements\/-\/-\/nouveau-logement-8\/"},"modified":"2025-09-16T09:18:43","modified_gmt":"2025-09-16T07:18:43","slug":"villa-des-renards","status":"publish","type":"lodging","link":"https:\/\/gitesdewallonie.be\/en\/find-an-accommodation\/accommodation\/profondeville\/villa-des-renards\/","title":{"rendered":"Villa des Renards"},"content":{"rendered":"","protected":false},"template":"","meta":{"lodging_type":"gite","lodging_UID":"","lodging_pk":"4043","lodging_description_fr":"Bienvenue dans notre villa de vacances enti\u00e8rement r\u00e9nov\u00e9e sur le th\u00e8me de la photographie, un havre de paix id\u00e9al pour des moments inoubliables en famille. Situ\u00e9e au calme, cette villa \u00e0 l'architecture originale dispose de quatre chambres spacieuses et de trois salles de bains, garantissant confort et intimit\u00e9 pour tous les membres de la famille. Le coin salon cosy, agr\u00e9ment\u00e9 d'un feu ouvert, invite \u00e0 la d\u00e9tente apr\u00e8s une journ\u00e9e d'aventures.\u00a0\n\nProfitez de la piscine chauff\u00e9e et \u00e9clair\u00e9e, parfaite pour des baignades entre fin mai et d\u00e9but octobre, et du grand jardin offrant une vue imprenable sur la vall\u00e9e environnante. La jolie terrasse en bois est l\u2019endroit id\u00e9al pour prendre l'ap\u00e9ritif dans le salon ext\u00e9rieur au bord de l'\u00e9tang \u00e0 ko\u00efs et savourer un d\u00e9licieux barbecue en plein air tout en admirant le paysage. Si la m\u00e9t\u00e9o est moins favorable, vous opterez peut-\u00eatre pour une partie de fl\u00e9chettes ou de baby foot, pour la lecture dans le coin biblioth\u00e8que ou simplement pour un peu de repos dans le petit salon \u00e0 l'\u00e9tage disposant d'une 2\u00e8me t\u00e9l\u00e9vision et d'un divan convertible.\n\n\u00c0 votre arriv\u00e9e, je vous r\u00e9serve un accueil chaleureux pour vous faire sentir chez vous d\u00e8s le premier instant. La r\u00e9gion de Profondeville est riche en activit\u00e9s : golfe \u00e0 proximit\u00e9 de la villa, randonn\u00e9es, visites de ch\u00e2teaux, sports nautiques sur la Meuse et d\u00e9couvertes culturelles dans les charmants villages voisins. Que vous recherchiez la d\u00e9tente ou l'aventure, notre villa est le point de d\u00e9part id\u00e9al pour des vacances en famille m\u00e9morables dans le Condroz namurois.","lodging_description_nl":"Welkom in onze volledig gerenoveerde vakantievilla met als thema fotografie, een oase van rust ideaal voor onvergetelijke momenten met familie. Gelegen in een rustige omgeving, beschikt deze villa met originele architectuur over vier ruime slaapkamers en drie badkamers, wat comfort en privacy garandeert voor alle gezinsleden. De gezellige zithoek, met een open haard, nodigt uit tot ontspanning na een dag vol avonturen. Geniet van het verwarmde en verlichte zwembad, perfect voor een duik tussen eind mei en begin oktober, en van de grote tuin met een prachtig uitzicht op de omringende vallei. Het mooie houten terras is de ideale plek om te aperitieven in de buitenlounge aan de vijver met koikarpers en te genieten van een heerlijke barbecue in de buitenlucht terwijl je het landschap bewondert. Als het weer minder gunstig is, kunt u misschien kiezen voor een potje darts of tafelvoetbal, voor het lezen in de bibliotheekhoek of gewoon voor wat rust in de kleine bovenverdieping met een tweede televisie en een slaapbank. Bij aankomst ontvang ik u hartelijk om u zich meteen thuis te laten voelen. De regio van Profondeville biedt tal van activiteiten: golf in de buurt van de villa, wandelingen, kasteelbezoeken, watersporten op de Maas en culturele ontdekkingen in de charmante nabijgelegen dorpen. Of u nu op zoek bent naar ontspanning of avontuur, onze villa is het ideale vertrekpunt voor onvergetelijke familievakanties in de Condroz in Namen.","lodging_description_en":"Welcome to our fully renovated holiday villa themed around photography, an ideal haven of peace for unforgettable family moments. Located in a quiet area, this villa with original architecture has four spacious bedrooms and three bathrooms, ensuring comfort and privacy for all family members. The cozy living area, complete with an open fire, invites relaxation after a day of adventures. Enjoy the heated and illuminated swimming pool, perfect for swimming between late May and early October, and the large garden offering stunning views of the surrounding valley. The lovely wooden terrace is the perfect spot to have an aperitif in the outdoor lounge by the koi pond and savor a delicious barbecue while admiring the landscape. If the weather is less favorable, you may opt for a game of darts or table football, reading in the library corner, or simply relaxing in the small upstairs lounge with a second television and a convertible sofa. Upon your arrival, I will give you a warm welcome to make you feel at home from the very first moment. The region of Profondeville is rich in activities: golf near the villa, hiking, castle visits, water sports on the Meuse, and cultural discoveries in the charming neighboring villages. Whether you are looking for relaxation or adventure, our villa is the perfect starting point for memorable family holidays in the Condroz region of Namur.","lodging_email":"pierre57delplanque@gmail.com","lodging_website":"","lodging_lat":"50.389635188013","lodging_lng":"4.8579204082489","lodging_locality":"Profondeville","lodging_commune":"Profondeville (5170)","lodging_owner":"95545684ff2d9269aab31759c64652b6cf38a25a8d23b02034b0a4ac6d29d570","lodging_zip_code":"5170","lodging_street":"All\u00e9e des Renards","lodging_number":"15","lodging_ranking":"","lodging_accessi_url":"","lodging_gallery":"","lodging_elloha_product_id":"","lodging_elloha_offer_id":"","lodging_elloha_id":"","lodging_elloha_price_from":"","lodging_experience_title_fr":"","lodging_experience_title_nl":"","lodging_experience_title_en":"","lodging_experience_content_fr":"","lodging_experience_content_nl":"","lodging_experience_content_en":"","lodging_expert_content_fr":"","lodging_expert_content_nl":"","lodging_expert_content_en":"","lodging_expert_id":"","lodging_testimonials_tripadvisor":"","lodging_testimonials_google":"","lodging_testimonials_booking":"","lodging_real_min_capacity":"","lodging_max_capacity":"9","lodging_min_capacity":"1","lodging_min_night":"2","lodging_number_of_bathrooms":"3","lodging_number_of_bedrooms":"4","lodging_number_of_levels":"3","lodging_smoking_accommodation":"non","lodging_surface_area":"200","lodging_animals_accepted":"1","lodging_peb_class":"C","lodging_peb_code":"20210104007604","lodging_peb_primary":"214 kWh\/m\u00b2.an","lodging_peb_total":"57251","lodging_nearby_distance":"[{\"distance\":0,\"type_of_activity\":\"\"}]","lodging_room_description":"{\"salon\":1,\"salle-a-manger\":1,\"cuisine\":1,\"buanderie\":1,\"salles-de-detente\":2,\"salle-de-jeux\":1,\"toilettes\":2,\"salles-de-bain\":3,\"cave\":1,\"palier\":2,\"coin-nuit\":1}","lodging_other_informations":"{\"heure-darrivee\":{\"fr\":\"Entre 17h et 19h le vendredi (pour les s\u00e9jours d'une semaine en haute saison)\",\"nl\":\"Tussen 17.00 en 19.00 uur op vrijdag (voor weekverblijven in het hoogseizoen)\",\"en\":\"Between 5pm and 7pm on Friday (for week-long stays in high season)\"},\"heure-de-depart\":{\"fr\":\"Avant 20h le dimanche - avant 10h le lundi et le vendredi (pour les s\u00e9jours d'une semaine en haute saison)\",\"nl\":\"Voor 20.00 uur op zondag - voor 10.00 uur op maandag en vrijdag (voor verblijven van een week in het hoogseizoen)\",\"en\":\"Before 8pm on Sunday - before 10am on Monday and Friday (for week-long stays in high season)\"},\"a-emporter\":{\"fr\":\"Les linges de nuit (housses de matelas, de couettes et d'oreillers) et de bain ne sont pas fournis.\\nDimensions des matelas et couettes:\\n- lits doubles (x3): 160x200x26 cm - 240x220 cm\\n- lits simples (x2): 90x200x26 cm - 140x200 cm\\n- lit convertible: 160x190x12 cm - 200x200 cm\\nDimensions des oreillers: 60x70 cm (x8) - 60x60 cm (x2)\",\"nl\":\"Beddengoed (matrasbeschermers, dekbedovertrekken en kussenslopen) en handdoeken worden niet verstrekt.\\nAfmetingen matrassen en dekbedden:\\n- tweepersoonsbedden (x3): 160x200x26 cm - 240x220 cm\\n- eenpersoonsbedden (x2): 90x200x26 cm - 140x200 cm\\n- slaapbank: 160x190x12 cm - 200x200 cm\\nAfmetingen kussens: 60x70 cm (x8) - 60x60 cm (x2)\",\"en\":\"Bed linens (mattress covers, duvet covers, and pillowcases) and bath linens are not provided.\\nDimensions of mattresses and duvets:\\n- double beds (x3): 160x200x26 cm - 240x220 cm\\n- single beds (x2): 90x200x26 cm - 140x200 cm\\n- sofa bed: 160x190x12 cm - 200x200 cm\\nDimensions of pillows: 60x70 cm (x8) - 60x60 cm (x2)\"}}","lodging_charge":"","lodging_charge_amount":"","lodging_code_cgt":"","lodging_bedding":"[{\"roomtype\":\"chambre\",\"bedding\":[\"1-lit-double\"]},{\"roomtype\":\"chambre\",\"bedding\":[\"1-lit-double\"]},{\"roomtype\":\"chambre\",\"bedding\":[\"1-lit-double\"]},{\"roomtype\":\"chambre\",\"bedding\":[\"2-lits-simples\"]},{\"roomtype\":\"coin-nuit\",\"bedding\":[\"1-lit-bebe\"]},{\"roomtype\":\"salle-de-detente\",\"bedding\":[\"1-canape-convertible\"]}]","lodging_lodgings_relation":"","lodging_hosting_advantages":"[\"piscine-exterieure\",\"feu-ouvert\",\"terrasse\",\"jardin\",\"wi-fi\",\"baby-foot\"]","lodging_3dvue":"","lodging_video":"","lodging_streetview":"","lodging_percent":"{\"peb\":100,\"other_informations\":100,\"localisation\":100,\"rates\":{\"2026\":100,\"2027\":100,\"2028\":0},\"general\":92,\"equipments\":100,\"medias\":100,\"total\":88}","lodging_mentions":"[]"},"lodging_type":[33],"lodging_official_category":[4563],"lodging_subtype":[],"lodging_situation":[8909,9007],"lodging_layout":[366],"lodging_bedding":[],"lodging_additional_rate_type":[],"lodging_external_equipment":[8893,9056,8895,8896,8897,8898,8899],"lodging_household_appliances":[9001,8882,9020,8883,8884,8885,8886,8887,8888,9003,8889,9055,9114,8891,8892],"lodging_interior_equipment":[9042,8874,9043,9108,8875,8877,8880,8881],"lodging_sport_and_leisure":[9116,9118],"lodging_type_of_stay":[],"lodging_adapted_to":[],"lodging_wellness":[9087],"lodging_baby":[8904,8906],"lodging_business_mice":[],"lodging_accessibility":[9275],"lodging_nearby":[],"lodging_car_motorcycle_bike":[8908],"lodging_room_type":[],"lodging_thematic":[],"lodging_status":[167],"lodging_other_informations":[],"class_list":["post-118352","lodging","type-lodging","status-publish","hentry","lodging_type-gite","lodging_official_category-gite","lodging_situation-a-la-campagne","lodging_situation-dans-un-hameau","lodging_layout-hebergement-non-mitoyen","lodging_external_equipment-barbecue","lodging_external_equipment-cour","lodging_external_equipment-etang","lodging_external_equipment-jardin","lodging_external_equipment-salon-de-jardin","lodging_external_equipment-terrasse","lodging_external_equipment-verger","lodging_household_appliances-aspirateur","lodging_household_appliances-bouilloire-electrique","lodging_household_appliances-cafetiere","lodging_household_appliances-congelateur","lodging_household_appliances-four","lodging_household_appliances-grille-pain","lodging_household_appliances-lave-linge","lodging_household_appliances-lave-vaisselle","lodging_household_appliances-machine-a-cafe","lodging_household_appliances-micro-ondes","lodging_household_appliances-mixeur","lodging_household_appliances-plaque-de-cuisson-a-induction","lodging_household_appliances-plaque-de-cuisson-electrique","lodging_household_appliances-refrigerateur","lodging_household_appliances-seche-linge","lodging_interior_equipment-articles-de-toilette-gratuits","lodging_interior_equipment-bibliotheque","lodging_interior_equipment-bureau","lodging_interior_equipment-climatisation","lodging_interior_equipment-feu-ouvert","lodging_interior_equipment-penderie","lodging_interior_equipment-television","lodging_interior_equipment-wi-fi","lodging_sport_and_leisure-baby-foot","lodging_sport_and_leisure-salle-de-jeux","lodging_wellness-piscine-exterieure","lodging_baby-chaise-pour-enfant","lodging_baby-lit-bebe","lodging_accessibility-chambre-au-rez-de-chaussee","lodging_car_motorcycle_bike-parking-prive","lodging_status-published"],"yoast_head":"<!-- This site is optimized with the Yoast SEO Premium plugin v26.7 (Yoast SEO v26.7) - https:\/\/yoast.com\/wordpress\/plugins\/seo\/ -->\n<title>Villa des Renards - gitesdewallonie.be<\/title>\n<meta name=\"robots\" content=\"index, follow, max-snippet:-1, max-image-preview:large, max-video-preview:-1\" \/>\n<link rel=\"canonical\" href=\"https:\/\/gitesdewallonie.be\/en\/find-an-accommodation\/accommodation\/profondeville\/villa-des-renards\/\" \/>\n<meta property=\"og:locale\" content=\"en_US\" \/>\n<meta property=\"og:type\" content=\"article\" \/>\n<meta property=\"og:title\" content=\"Villa des Renards\" \/>\n<meta property=\"og:url\" content=\"https:\/\/gitesdewallonie.be\/en\/find-an-accommodation\/accommodation\/profondeville\/villa-des-renards\/\" \/>\n<meta property=\"og:site_name\" content=\"gitesdewallonie.be\" \/>\n<meta property=\"article:publisher\" content=\"https:\/\/www.facebook.com\/GitesdeWallonie\" \/>\n<meta property=\"article:modified_time\" content=\"2025-09-16T07:18:43+00:00\" \/>\n<meta name=\"twitter:card\" content=\"summary_large_image\" \/>\n<script type=\"application\/ld+json\" class=\"yoast-schema-graph\">{\"@context\":\"https:\/\/schema.org\",\"@graph\":[{\"@type\":\"WebPage\",\"@id\":\"https:\/\/gitesdewallonie.be\/en\/find-an-accommodation\/accommodation\/profondeville\/villa-des-renards\/\",\"url\":\"https:\/\/gitesdewallonie.be\/en\/find-an-accommodation\/accommodation\/profondeville\/villa-des-renards\/\",\"name\":\"Villa des Renards - gitesdewallonie.be\",\"isPartOf\":{\"@id\":\"https:\/\/gitesdewallonie.be\/en\/#website\"},\"datePublished\":\"2025-08-14T13:49:08+00:00\",\"dateModified\":\"2025-09-16T07:18:43+00:00\",\"breadcrumb\":{\"@id\":\"https:\/\/gitesdewallonie.be\/en\/find-an-accommodation\/accommodation\/profondeville\/villa-des-renards\/#breadcrumb\"},\"inLanguage\":\"en-US\",\"potentialAction\":[{\"@type\":\"ReadAction\",\"target\":[\"https:\/\/gitesdewallonie.be\/en\/find-an-accommodation\/accommodation\/profondeville\/villa-des-renards\/\"]}]},{\"@type\":\"BreadcrumbList\",\"@id\":\"https:\/\/gitesdewallonie.be\/en\/find-an-accommodation\/accommodation\/profondeville\/villa-des-renards\/#breadcrumb\",\"itemListElement\":[{\"@type\":\"ListItem\",\"position\":1,\"name\":\"Accueil\",\"item\":\"https:\/\/gitesdewallonie.be\/en\/\"},{\"@type\":\"ListItem\",\"position\":2,\"name\":\"H\u00e9bergements\",\"item\":\"https:\/\/gitesdewallonie.be\/en\/hebergements\/%type%\/%region%\/\"},{\"@type\":\"ListItem\",\"position\":3,\"name\":\"Villa des Renards\"}]},{\"@type\":\"WebSite\",\"@id\":\"https:\/\/gitesdewallonie.be\/en\/#website\",\"url\":\"https:\/\/gitesdewallonie.be\/en\/\",\"name\":\"F\u00e9d\u00e9ration des G\u00eetes et Chambres d'h\u00f4tes de Wallonie\",\"description\":\"\",\"publisher\":{\"@id\":\"https:\/\/gitesdewallonie.be\/en\/#organization\"},\"potentialAction\":[{\"@type\":\"SearchAction\",\"target\":{\"@type\":\"EntryPoint\",\"urlTemplate\":\"https:\/\/gitesdewallonie.be\/en\/?s={search_term_string}\"},\"query-input\":{\"@type\":\"PropertyValueSpecification\",\"valueRequired\":true,\"valueName\":\"search_term_string\"}}],\"inLanguage\":\"en-US\"},{\"@type\":\"Organization\",\"@id\":\"https:\/\/gitesdewallonie.be\/en\/#organization\",\"name\":\"F\u00e9d\u00e9ration des G\u00eetes et Chambres d'h\u00f4tes de Wallonie\",\"alternateName\":\"GDW\",\"url\":\"https:\/\/gitesdewallonie.be\/en\/\",\"logo\":{\"@type\":\"ImageObject\",\"inLanguage\":\"en-US\",\"@id\":\"https:\/\/gitesdewallonie.be\/en\/#\/schema\/logo\/image\/\",\"url\":\"https:\/\/gitesdewallonie.be\/wp-content\/uploads\/2024\/08\/logo-gdw.svg\",\"contentUrl\":\"https:\/\/gitesdewallonie.be\/wp-content\/uploads\/2024\/08\/logo-gdw.svg\",\"caption\":\"F\u00e9d\u00e9ration des G\u00eetes et Chambres d'h\u00f4tes de Wallonie\"},\"image\":{\"@id\":\"https:\/\/gitesdewallonie.be\/en\/#\/schema\/logo\/image\/\"},\"sameAs\":[\"https:\/\/www.facebook.com\/GitesdeWallonie\",\"https:\/\/www.instagram.com\/gitesdewallonie.be\/\"]}]}<\/script>\n<!-- \/ Yoast SEO Premium plugin. -->","yoast_head_json":{"title":"Villa des Renards - gitesdewallonie.be","robots":{"index":"index","follow":"follow","max-snippet":"max-snippet:-1","max-image-preview":"max-image-preview:large","max-video-preview":"max-video-preview:-1"},"canonical":"https:\/\/gitesdewallonie.be\/en\/find-an-accommodation\/accommodation\/profondeville\/villa-des-renards\/","og_locale":"en_US","og_type":"article","og_title":"Villa des Renards","og_url":"https:\/\/gitesdewallonie.be\/en\/find-an-accommodation\/accommodation\/profondeville\/villa-des-renards\/","og_site_name":"gitesdewallonie.be","article_publisher":"https:\/\/www.facebook.com\/GitesdeWallonie","article_modified_time":"2025-09-16T07:18:43+00:00","twitter_card":"summary_large_image","schema":{"@context":"https:\/\/schema.org","@graph":[{"@type":"WebPage","@id":"https:\/\/gitesdewallonie.be\/en\/find-an-accommodation\/accommodation\/profondeville\/villa-des-renards\/","url":"https:\/\/gitesdewallonie.be\/en\/find-an-accommodation\/accommodation\/profondeville\/villa-des-renards\/","name":"Villa des Renards - gitesdewallonie.be","isPartOf":{"@id":"https:\/\/gitesdewallonie.be\/en\/#website"},"datePublished":"2025-08-14T13:49:08+00:00","dateModified":"2025-09-16T07:18:43+00:00","breadcrumb":{"@id":"https:\/\/gitesdewallonie.be\/en\/find-an-accommodation\/accommodation\/profondeville\/villa-des-renards\/#breadcrumb"},"inLanguage":"en-US","potentialAction":[{"@type":"ReadAction","target":["https:\/\/gitesdewallonie.be\/en\/find-an-accommodation\/accommodation\/profondeville\/villa-des-renards\/"]}]},{"@type":"BreadcrumbList","@id":"https:\/\/gitesdewallonie.be\/en\/find-an-accommodation\/accommodation\/profondeville\/villa-des-renards\/#breadcrumb","itemListElement":[{"@type":"ListItem","position":1,"name":"Accueil","item":"https:\/\/gitesdewallonie.be\/en\/"},{"@type":"ListItem","position":2,"name":"H\u00e9bergements","item":"https:\/\/gitesdewallonie.be\/en\/hebergements\/%type%\/%region%\/"},{"@type":"ListItem","position":3,"name":"Villa des Renards"}]},{"@type":"WebSite","@id":"https:\/\/gitesdewallonie.be\/en\/#website","url":"https:\/\/gitesdewallonie.be\/en\/","name":"F\u00e9d\u00e9ration des G\u00eetes et Chambres d'h\u00f4tes de Wallonie","description":"","publisher":{"@id":"https:\/\/gitesdewallonie.be\/en\/#organization"},"potentialAction":[{"@type":"SearchAction","target":{"@type":"EntryPoint","urlTemplate":"https:\/\/gitesdewallonie.be\/en\/?s={search_term_string}"},"query-input":{"@type":"PropertyValueSpecification","valueRequired":true,"valueName":"search_term_string"}}],"inLanguage":"en-US"},{"@type":"Organization","@id":"https:\/\/gitesdewallonie.be\/en\/#organization","name":"F\u00e9d\u00e9ration des G\u00eetes et Chambres d'h\u00f4tes de Wallonie","alternateName":"GDW","url":"https:\/\/gitesdewallonie.be\/en\/","logo":{"@type":"ImageObject","inLanguage":"en-US","@id":"https:\/\/gitesdewallonie.be\/en\/#\/schema\/logo\/image\/","url":"https:\/\/gitesdewallonie.be\/wp-content\/uploads\/2024\/08\/logo-gdw.svg","contentUrl":"https:\/\/gitesdewallonie.be\/wp-content\/uploads\/2024\/08\/logo-gdw.svg","caption":"F\u00e9d\u00e9ration des G\u00eetes et Chambres d'h\u00f4tes de Wallonie"},"image":{"@id":"https:\/\/gitesdewallonie.be\/en\/#\/schema\/logo\/image\/"},"sameAs":["https:\/\/www.facebook.com\/GitesdeWallonie","https:\/\/www.instagram.com\/gitesdewallonie.be\/"]}]}},"_links":{"self":[{"href":"https:\/\/gitesdewallonie.be\/en\/wp-json\/wp\/v2\/lodging\/118352","targetHints":{"allow":["GET"]}}],"collection":[{"href":"https:\/\/gitesdewallonie.be\/en\/wp-json\/wp\/v2\/lodging"}],"about":[{"href":"https:\/\/gitesdewallonie.be\/en\/wp-json\/wp\/v2\/types\/lodging"}],"wp:attachment":[{"href":"https:\/\/gitesdewallonie.be\/en\/wp-json\/wp\/v2\/media?parent=118352"}],"wp:term":[{"taxonomy":"lodging_type","embeddable":true,"href":"https:\/\/gitesdewallonie.be\/en\/wp-json\/wp\/v2\/lodging_type?post=118352"},{"taxonomy":"lodging_official_category","embeddable":true,"href":"https:\/\/gitesdewallonie.be\/en\/wp-json\/wp\/v2\/lodging_official_category?post=118352"},{"taxonomy":"lodging_subtype","embeddable":true,"href":"https:\/\/gitesdewallonie.be\/en\/wp-json\/wp\/v2\/lodging_subtype?post=118352"},{"taxonomy":"lodging_situation","embeddable":true,"href":"https:\/\/gitesdewallonie.be\/en\/wp-json\/wp\/v2\/lodging_situation?post=118352"},{"taxonomy":"lodging_layout","embeddable":true,"href":"https:\/\/gitesdewallonie.be\/en\/wp-json\/wp\/v2\/lodging_layout?post=118352"},{"taxonomy":"lodging_bedding","embeddable":true,"href":"https:\/\/gitesdewallonie.be\/en\/wp-json\/wp\/v2\/lodging_bedding?post=118352"},{"taxonomy":"lodging_additional_rate_type","embeddable":true,"href":"https:\/\/gitesdewallonie.be\/en\/wp-json\/wp\/v2\/lodging_additional_rate_type?post=118352"},{"taxonomy":"lodging_external_equipment","embeddable":true,"href":"https:\/\/gitesdewallonie.be\/en\/wp-json\/wp\/v2\/lodging_external_equipment?post=118352"},{"taxonomy":"lodging_household_appliances","embeddable":true,"href":"https:\/\/gitesdewallonie.be\/en\/wp-json\/wp\/v2\/lodging_household_appliances?post=118352"},{"taxonomy":"lodging_interior_equipment","embeddable":true,"href":"https:\/\/gitesdewallonie.be\/en\/wp-json\/wp\/v2\/lodging_interior_equipment?post=118352"},{"taxonomy":"lodging_sport_and_leisure","embeddable":true,"href":"https:\/\/gitesdewallonie.be\/en\/wp-json\/wp\/v2\/lodging_sport_and_leisure?post=118352"},{"taxonomy":"lodging_type_of_stay","embeddable":true,"href":"https:\/\/gitesdewallonie.be\/en\/wp-json\/wp\/v2\/lodging_type_of_stay?post=118352"},{"taxonomy":"lodging_adapted_to","embeddable":true,"href":"https:\/\/gitesdewallonie.be\/en\/wp-json\/wp\/v2\/lodging_adapted_to?post=118352"},{"taxonomy":"lodging_wellness","embeddable":true,"href":"https:\/\/gitesdewallonie.be\/en\/wp-json\/wp\/v2\/lodging_wellness?post=118352"},{"taxonomy":"lodging_baby","embeddable":true,"href":"https:\/\/gitesdewallonie.be\/en\/wp-json\/wp\/v2\/lodging_baby?post=118352"},{"taxonomy":"lodging_business_mice","embeddable":true,"href":"https:\/\/gitesdewallonie.be\/en\/wp-json\/wp\/v2\/lodging_business_mice?post=118352"},{"taxonomy":"lodging_accessibility","embeddable":true,"href":"https:\/\/gitesdewallonie.be\/en\/wp-json\/wp\/v2\/lodging_accessibility?post=118352"},{"taxonomy":"lodging_nearby","embeddable":true,"href":"https:\/\/gitesdewallonie.be\/en\/wp-json\/wp\/v2\/lodging_nearby?post=118352"},{"taxonomy":"lodging_car_motorcycle_bike","embeddable":true,"href":"https:\/\/gitesdewallonie.be\/en\/wp-json\/wp\/v2\/lodging_car_motorcycle_bike?post=118352"},{"taxonomy":"lodging_room_type","embeddable":true,"href":"https:\/\/gitesdewallonie.be\/en\/wp-json\/wp\/v2\/lodging_room_type?post=118352"},{"taxonomy":"lodging_thematic","embeddable":true,"href":"https:\/\/gitesdewallonie.be\/en\/wp-json\/wp\/v2\/lodging_thematic?post=118352"},{"taxonomy":"lodging_status","embeddable":true,"href":"https:\/\/gitesdewallonie.be\/en\/wp-json\/wp\/v2\/lodging_status?post=118352"},{"taxonomy":"lodging_other_informations","embeddable":true,"href":"https:\/\/gitesdewallonie.be\/en\/wp-json\/wp\/v2\/lodging_other_informations?post=118352"}],"curies":[{"name":"wp","href":"https:\/\/api.w.org\/{rel}","templated":true}]}}