{"id":119459,"date":"2026-01-15T09:27:44","date_gmt":"2026-01-15T08:27:44","guid":{"rendered":"https:\/\/gitesdewallonie.be\/hebergements\/-\/-\/nouveau-logement-6\/"},"modified":"2026-01-15T09:30:39","modified_gmt":"2026-01-15T08:30:39","slug":"gite-van-poecke","status":"publish","type":"lodging","link":"https:\/\/gitesdewallonie.be\/en\/find-an-accommodation\/rural-holiday-home\/bouillon\/gite-van-poecke\/","title":{"rendered":"G\u00eete Van Poecke"},"content":{"rendered":"","protected":false},"template":"","meta":{"lodging_type":"gite","lodging_UID":"","lodging_pk":"4097","lodging_description_fr":"La maison se situe au centre de Frahan, Rue du Tabac 3, une petite commune tranquille au coeur du Parc National de la Semois pr\u00e8s de Bouillon.. Par une all\u00e9e escarp\u00e9e, vous acc\u00e9dez \u00e0 la maison et \u00e0 la terrasse. A l'int\u00e9rieur, vous trouverez tout le confort n\u00e9cessaire pour passer un agr\u00e9able s\u00e9jour.\nUne grande terrasse avec suffisamment de mobilier de jardin et le grand jardin offrant une vue magnifique sur les environs, sont des atouts suppl\u00e9mentaires par  beau temps\nDepuis la terrasse, vous profiterez d\u2019une vue magnifique sur le village de Rochehaut. Dans la r\u00e9gion vous pouvez faire toutes activit\u00e9s sportives (promenades,VTT, Kayak\u2026, r\u00e9cr\u00e9atives et culturelles (Ch\u00e2teau de Bouillon, Ch\u00e2teau de Sedan, Abbaye d\u2019Orval\u2026). La r\u00e9gion est bien connue pour ses sp\u00e9cialit\u00e9s gourmandes. Nous sommes convaincus que tous nos locataires passeront des vacances fantastiques.","lodging_description_nl":"Het huis bevindt zich in het centrum van Frahan, Rue du Tabac 3, een rustig dorpje in het hart van het Nationaal Park van de Semois, vlakbij Bouillon. Via een steile oprit bereikt u het huis en het terras. Binnen vindt u alle nodige comfort voor een aangenaam verblijf. Een groot terras met voldoende tuinmeubilair en de grote tuin met prachtig uitzicht op de omgeving zijn extra troeven bij mooi weer. Vanaf het terras geniet u van een prachtig uitzicht op het dorp Rochehaut. In de regio kunt u allerlei sportieve (wandelen, mountainbiken, kajakken...), recreatieve en culturele activiteiten (Kasteel van Bouillon, Kasteel van Sedan, Abdij van Orval...) ondernemen. De regio staat bekend om haar culinaire specialiteiten. We zijn ervan overtuigd dat al onze huurders een fantastische vakantie zullen beleven.","lodging_description_en":"The house is located in the center of Frahan, Rue du Tabac 3, a small quiet village in the heart of the Semois National Park near Bouillon. Through a steep driveway, you access the house and the terrace. Inside, you will find all the necessary comfort for a pleasant stay. A large terrace with plenty of garden furniture and the large garden offering a beautiful view of the surroundings, are additional assets in good weather. From the terrace, you can enjoy a magnificent view of the village of Rochehaut. In the region, you can do all kinds of sports activities (hiking, mountain biking, kayaking...), recreational and cultural activities (Bouillon Castle, Sedan Castle, Orval Abbey...). The region is well known for its gourmet specialties. We are convinced that all our tenants will have a fantastic holiday.","lodging_email":"vanpoecke@telenet.be","lodging_website":"https:\/\/www.gitevanpoeckefrahan.be","lodging_lat":"49.8358155","lodging_lng":"4.9999128","lodging_locality":"Frahan","lodging_commune":"Bouillon (6830)","lodging_owner":"a53ff1699b1e8eadd0d7ed9508b9c9e245ed0e20527100a85afb6adeb49d4afa","lodging_zip_code":"6830","lodging_street":"Rue du Tabac","lodging_number":"3","lodging_ranking":"","lodging_accessi_url":"","lodging_gallery":"","lodging_elloha_product_id":"","lodging_elloha_offer_id":"","lodging_elloha_id":"","lodging_elloha_price_from":"","lodging_experience_title_fr":"","lodging_experience_title_nl":"","lodging_experience_title_en":"","lodging_experience_content_fr":"","lodging_experience_content_nl":"","lodging_experience_content_en":"","lodging_expert_content_fr":"","lodging_expert_content_nl":"","lodging_expert_content_en":"","lodging_expert_id":"","lodging_testimonials_tripadvisor":"","lodging_testimonials_google":"","lodging_testimonials_booking":"","lodging_real_min_capacity":"","lodging_max_capacity":"6","lodging_min_capacity":"2","lodging_min_night":"2","lodging_number_of_bathrooms":"2","lodging_number_of_bedrooms":"3","lodging_number_of_levels":"2","lodging_smoking_accommodation":"non","lodging_surface_area":"110","lodging_animals_accepted":"1","lodging_peb_class":"","lodging_peb_code":"","lodging_peb_primary":"","lodging_peb_total":"","lodging_nearby_distance":"[{\"distance\":\"6\",\"type_of_activity\":\"boulangerie\"},{\"distance\":\"6\",\"type_of_activity\":\"pharmacie\"},{\"distance\":\"12\",\"type_of_activity\":\"office-du-tourisme\"},{\"distance\":\"6\",\"type_of_activity\":\"restaurants\"},{\"distance\":0,\"type_of_activity\":\"\"}]","lodging_room_description":"{\"cuisine\":1,\"salon-salle-a-manger\":1,\"salles-de-bain\":2,\"chambre\":3,\"toilettes\":2}","lodging_other_informations":"{\"modes-de-paiement\":{\"fr\":\"Paiement par virement. Apr\u00e8s la r\u00e9servation, vous recevrez un contrat par e-mail et quelques informations suppl\u00e9mentaires\",\"nl\":\"Betaling via overschrijving. Na de reservering ontvangt u een contract per e-mail en enkele aanvullende informatie.\",\"en\":\"Payment by bank transfer. After booking, you will receive a contract by email and some additional information.\"},\"heure-darrivee\":{\"fr\":\"Pour une location d'un weekend ou d'une semaine : 14 heures\\n\",\"nl\":\"Voor een weekendverhuur of een weekverhuur: 14 uur.\",\"en\":\"For a weekend or week rental: 14 hours\"},\"heure-de-depart\":{\"fr\":\"Pour une location d'un weekend : 16 heures\\nPour une location d'une semaine : le samedi 10 heures\",\"nl\":\"Voor een weekendverhuur: 16 uur\\nVoor een weekverhuur: zaterdag om 10 uur\",\"en\":\"For a weekend rental: 4 p.m.\\nFor a week rental: Saturday 10 a.m.\"}}","lodging_charge":"","lodging_charge_amount":"","lodging_code_cgt":"","lodging_bedding":"","lodging_lodgings_relation":"","lodging_hosting_advantages":"[\"jardin\",\"terrasse\",\"parking-prive\",\"lave-vaisselle\",\"cuisine-professionnelle\",\"four\"]","lodging_3dvue":"","lodging_video":"","lodging_streetview":"","lodging_percent":"{\"peb\":0,\"other_informations\":100,\"localisation\":100,\"rates\":{\"2026\":100,\"2027\":1,\"2028\":0},\"general\":92,\"equipments\":100,\"medias\":100,\"total\":66}","lodging_mentions":"[]"},"lodging_type":[33],"lodging_official_category":[4380],"lodging_subtype":[],"lodging_situation":[9103],"lodging_layout":[420],"lodging_bedding":[],"lodging_additional_rate_type":[],"lodging_external_equipment":[8893,8896,8898],"lodging_household_appliances":[8883,8884,8886,8887,8888,9003,8889,8891],"lodging_interior_equipment":[9042,8874,8875,8999,8878,9000,8880],"lodging_sport_and_leisure":[],"lodging_type_of_stay":[],"lodging_adapted_to":[],"lodging_wellness":[],"lodging_baby":[8906],"lodging_business_mice":[],"lodging_accessibility":[9275],"lodging_nearby":[],"lodging_car_motorcycle_bike":[9006,8907,8908],"lodging_room_type":[],"lodging_thematic":[],"lodging_status":[167],"lodging_other_informations":[],"class_list":["post-119459","lodging","type-lodging","status-publish","hentry","lodging_type-gite","lodging_official_category-ruralgite","lodging_situation-dans-un-village","lodging_layout-hebergement-mitoyen","lodging_external_equipment-barbecue","lodging_external_equipment-jardin","lodging_external_equipment-terrasse","lodging_household_appliances-congelateur","lodging_household_appliances-four","lodging_household_appliances-lave-linge","lodging_household_appliances-lave-vaisselle","lodging_household_appliances-machine-a-cafe","lodging_household_appliances-micro-ondes","lodging_household_appliances-mixeur","lodging_household_appliances-refrigerateur","lodging_interior_equipment-articles-de-toilette-gratuits","lodging_interior_equipment-bibliotheque","lodging_interior_equipment-feu-ouvert","lodging_interior_equipment-lecteur-dvd","lodging_interior_equipment-poele","lodging_interior_equipment-radio","lodging_interior_equipment-television","lodging_baby-lit-bebe","lodging_accessibility-chambre-au-rez-de-chaussee","lodging_car_motorcycle_bike-garage","lodging_car_motorcycle_bike-local-a-velo","lodging_car_motorcycle_bike-parking-prive","lodging_status-published"],"yoast_head":"<!-- This site is optimized with the Yoast SEO Premium plugin v26.7 (Yoast SEO v26.7) - https:\/\/yoast.com\/wordpress\/plugins\/seo\/ -->\n<title>G\u00eete Van Poecke - gitesdewallonie.be<\/title>\n<meta name=\"robots\" content=\"index, follow, max-snippet:-1, max-image-preview:large, max-video-preview:-1\" \/>\n<link rel=\"canonical\" href=\"https:\/\/gitesdewallonie.be\/en\/find-an-accommodation\/rural-holiday-home\/bouillon\/gite-van-poecke\/\" \/>\n<meta property=\"og:locale\" content=\"en_US\" \/>\n<meta property=\"og:type\" content=\"article\" \/>\n<meta property=\"og:title\" content=\"G\u00eete Van Poecke\" \/>\n<meta property=\"og:url\" content=\"https:\/\/gitesdewallonie.be\/en\/find-an-accommodation\/rural-holiday-home\/bouillon\/gite-van-poecke\/\" \/>\n<meta property=\"og:site_name\" content=\"gitesdewallonie.be\" \/>\n<meta property=\"article:publisher\" content=\"https:\/\/www.facebook.com\/GitesdeWallonie\" \/>\n<meta property=\"article:modified_time\" content=\"2026-01-15T08:30:39+00:00\" \/>\n<meta name=\"twitter:card\" content=\"summary_large_image\" \/>\n<script type=\"application\/ld+json\" class=\"yoast-schema-graph\">{\"@context\":\"https:\/\/schema.org\",\"@graph\":[{\"@type\":\"WebPage\",\"@id\":\"https:\/\/gitesdewallonie.be\/en\/find-an-accommodation\/rural-holiday-home\/bouillon\/gite-van-poecke\/\",\"url\":\"https:\/\/gitesdewallonie.be\/en\/find-an-accommodation\/rural-holiday-home\/bouillon\/gite-van-poecke\/\",\"name\":\"G\u00eete Van Poecke - gitesdewallonie.be\",\"isPartOf\":{\"@id\":\"https:\/\/gitesdewallonie.be\/en\/#website\"},\"datePublished\":\"2026-01-15T08:27:44+00:00\",\"dateModified\":\"2026-01-15T08:30:39+00:00\",\"breadcrumb\":{\"@id\":\"https:\/\/gitesdewallonie.be\/en\/find-an-accommodation\/rural-holiday-home\/bouillon\/gite-van-poecke\/#breadcrumb\"},\"inLanguage\":\"en-US\",\"potentialAction\":[{\"@type\":\"ReadAction\",\"target\":[\"https:\/\/gitesdewallonie.be\/en\/find-an-accommodation\/rural-holiday-home\/bouillon\/gite-van-poecke\/\"]}]},{\"@type\":\"BreadcrumbList\",\"@id\":\"https:\/\/gitesdewallonie.be\/en\/find-an-accommodation\/rural-holiday-home\/bouillon\/gite-van-poecke\/#breadcrumb\",\"itemListElement\":[{\"@type\":\"ListItem\",\"position\":1,\"name\":\"Accueil\",\"item\":\"https:\/\/gitesdewallonie.be\/en\/\"},{\"@type\":\"ListItem\",\"position\":2,\"name\":\"H\u00e9bergements\",\"item\":\"https:\/\/gitesdewallonie.be\/en\/hebergements\/%type%\/%region%\/\"},{\"@type\":\"ListItem\",\"position\":3,\"name\":\"G\u00eete Van Poecke\"}]},{\"@type\":\"WebSite\",\"@id\":\"https:\/\/gitesdewallonie.be\/en\/#website\",\"url\":\"https:\/\/gitesdewallonie.be\/en\/\",\"name\":\"F\u00e9d\u00e9ration des G\u00eetes et Chambres d'h\u00f4tes de Wallonie\",\"description\":\"\",\"publisher\":{\"@id\":\"https:\/\/gitesdewallonie.be\/en\/#organization\"},\"potentialAction\":[{\"@type\":\"SearchAction\",\"target\":{\"@type\":\"EntryPoint\",\"urlTemplate\":\"https:\/\/gitesdewallonie.be\/en\/?s={search_term_string}\"},\"query-input\":{\"@type\":\"PropertyValueSpecification\",\"valueRequired\":true,\"valueName\":\"search_term_string\"}}],\"inLanguage\":\"en-US\"},{\"@type\":\"Organization\",\"@id\":\"https:\/\/gitesdewallonie.be\/en\/#organization\",\"name\":\"F\u00e9d\u00e9ration des G\u00eetes et Chambres d'h\u00f4tes de Wallonie\",\"alternateName\":\"GDW\",\"url\":\"https:\/\/gitesdewallonie.be\/en\/\",\"logo\":{\"@type\":\"ImageObject\",\"inLanguage\":\"en-US\",\"@id\":\"https:\/\/gitesdewallonie.be\/en\/#\/schema\/logo\/image\/\",\"url\":\"https:\/\/gitesdewallonie.be\/wp-content\/uploads\/2024\/08\/logo-gdw.svg\",\"contentUrl\":\"https:\/\/gitesdewallonie.be\/wp-content\/uploads\/2024\/08\/logo-gdw.svg\",\"caption\":\"F\u00e9d\u00e9ration des G\u00eetes et Chambres d'h\u00f4tes de Wallonie\"},\"image\":{\"@id\":\"https:\/\/gitesdewallonie.be\/en\/#\/schema\/logo\/image\/\"},\"sameAs\":[\"https:\/\/www.facebook.com\/GitesdeWallonie\",\"https:\/\/www.instagram.com\/gitesdewallonie.be\/\"]}]}<\/script>\n<!-- \/ Yoast SEO Premium plugin. -->","yoast_head_json":{"title":"G\u00eete Van Poecke - gitesdewallonie.be","robots":{"index":"index","follow":"follow","max-snippet":"max-snippet:-1","max-image-preview":"max-image-preview:large","max-video-preview":"max-video-preview:-1"},"canonical":"https:\/\/gitesdewallonie.be\/en\/find-an-accommodation\/rural-holiday-home\/bouillon\/gite-van-poecke\/","og_locale":"en_US","og_type":"article","og_title":"G\u00eete Van Poecke","og_url":"https:\/\/gitesdewallonie.be\/en\/find-an-accommodation\/rural-holiday-home\/bouillon\/gite-van-poecke\/","og_site_name":"gitesdewallonie.be","article_publisher":"https:\/\/www.facebook.com\/GitesdeWallonie","article_modified_time":"2026-01-15T08:30:39+00:00","twitter_card":"summary_large_image","schema":{"@context":"https:\/\/schema.org","@graph":[{"@type":"WebPage","@id":"https:\/\/gitesdewallonie.be\/en\/find-an-accommodation\/rural-holiday-home\/bouillon\/gite-van-poecke\/","url":"https:\/\/gitesdewallonie.be\/en\/find-an-accommodation\/rural-holiday-home\/bouillon\/gite-van-poecke\/","name":"G\u00eete Van Poecke - gitesdewallonie.be","isPartOf":{"@id":"https:\/\/gitesdewallonie.be\/en\/#website"},"datePublished":"2026-01-15T08:27:44+00:00","dateModified":"2026-01-15T08:30:39+00:00","breadcrumb":{"@id":"https:\/\/gitesdewallonie.be\/en\/find-an-accommodation\/rural-holiday-home\/bouillon\/gite-van-poecke\/#breadcrumb"},"inLanguage":"en-US","potentialAction":[{"@type":"ReadAction","target":["https:\/\/gitesdewallonie.be\/en\/find-an-accommodation\/rural-holiday-home\/bouillon\/gite-van-poecke\/"]}]},{"@type":"BreadcrumbList","@id":"https:\/\/gitesdewallonie.be\/en\/find-an-accommodation\/rural-holiday-home\/bouillon\/gite-van-poecke\/#breadcrumb","itemListElement":[{"@type":"ListItem","position":1,"name":"Accueil","item":"https:\/\/gitesdewallonie.be\/en\/"},{"@type":"ListItem","position":2,"name":"H\u00e9bergements","item":"https:\/\/gitesdewallonie.be\/en\/hebergements\/%type%\/%region%\/"},{"@type":"ListItem","position":3,"name":"G\u00eete Van Poecke"}]},{"@type":"WebSite","@id":"https:\/\/gitesdewallonie.be\/en\/#website","url":"https:\/\/gitesdewallonie.be\/en\/","name":"F\u00e9d\u00e9ration des G\u00eetes et Chambres d'h\u00f4tes de Wallonie","description":"","publisher":{"@id":"https:\/\/gitesdewallonie.be\/en\/#organization"},"potentialAction":[{"@type":"SearchAction","target":{"@type":"EntryPoint","urlTemplate":"https:\/\/gitesdewallonie.be\/en\/?s={search_term_string}"},"query-input":{"@type":"PropertyValueSpecification","valueRequired":true,"valueName":"search_term_string"}}],"inLanguage":"en-US"},{"@type":"Organization","@id":"https:\/\/gitesdewallonie.be\/en\/#organization","name":"F\u00e9d\u00e9ration des G\u00eetes et Chambres d'h\u00f4tes de Wallonie","alternateName":"GDW","url":"https:\/\/gitesdewallonie.be\/en\/","logo":{"@type":"ImageObject","inLanguage":"en-US","@id":"https:\/\/gitesdewallonie.be\/en\/#\/schema\/logo\/image\/","url":"https:\/\/gitesdewallonie.be\/wp-content\/uploads\/2024\/08\/logo-gdw.svg","contentUrl":"https:\/\/gitesdewallonie.be\/wp-content\/uploads\/2024\/08\/logo-gdw.svg","caption":"F\u00e9d\u00e9ration des G\u00eetes et Chambres d'h\u00f4tes de Wallonie"},"image":{"@id":"https:\/\/gitesdewallonie.be\/en\/#\/schema\/logo\/image\/"},"sameAs":["https:\/\/www.facebook.com\/GitesdeWallonie","https:\/\/www.instagram.com\/gitesdewallonie.be\/"]}]}},"_links":{"self":[{"href":"https:\/\/gitesdewallonie.be\/en\/wp-json\/wp\/v2\/lodging\/119459","targetHints":{"allow":["GET"]}}],"collection":[{"href":"https:\/\/gitesdewallonie.be\/en\/wp-json\/wp\/v2\/lodging"}],"about":[{"href":"https:\/\/gitesdewallonie.be\/en\/wp-json\/wp\/v2\/types\/lodging"}],"wp:attachment":[{"href":"https:\/\/gitesdewallonie.be\/en\/wp-json\/wp\/v2\/media?parent=119459"}],"wp:term":[{"taxonomy":"lodging_type","embeddable":true,"href":"https:\/\/gitesdewallonie.be\/en\/wp-json\/wp\/v2\/lodging_type?post=119459"},{"taxonomy":"lodging_official_category","embeddable":true,"href":"https:\/\/gitesdewallonie.be\/en\/wp-json\/wp\/v2\/lodging_official_category?post=119459"},{"taxonomy":"lodging_subtype","embeddable":true,"href":"https:\/\/gitesdewallonie.be\/en\/wp-json\/wp\/v2\/lodging_subtype?post=119459"},{"taxonomy":"lodging_situation","embeddable":true,"href":"https:\/\/gitesdewallonie.be\/en\/wp-json\/wp\/v2\/lodging_situation?post=119459"},{"taxonomy":"lodging_layout","embeddable":true,"href":"https:\/\/gitesdewallonie.be\/en\/wp-json\/wp\/v2\/lodging_layout?post=119459"},{"taxonomy":"lodging_bedding","embeddable":true,"href":"https:\/\/gitesdewallonie.be\/en\/wp-json\/wp\/v2\/lodging_bedding?post=119459"},{"taxonomy":"lodging_additional_rate_type","embeddable":true,"href":"https:\/\/gitesdewallonie.be\/en\/wp-json\/wp\/v2\/lodging_additional_rate_type?post=119459"},{"taxonomy":"lodging_external_equipment","embeddable":true,"href":"https:\/\/gitesdewallonie.be\/en\/wp-json\/wp\/v2\/lodging_external_equipment?post=119459"},{"taxonomy":"lodging_household_appliances","embeddable":true,"href":"https:\/\/gitesdewallonie.be\/en\/wp-json\/wp\/v2\/lodging_household_appliances?post=119459"},{"taxonomy":"lodging_interior_equipment","embeddable":true,"href":"https:\/\/gitesdewallonie.be\/en\/wp-json\/wp\/v2\/lodging_interior_equipment?post=119459"},{"taxonomy":"lodging_sport_and_leisure","embeddable":true,"href":"https:\/\/gitesdewallonie.be\/en\/wp-json\/wp\/v2\/lodging_sport_and_leisure?post=119459"},{"taxonomy":"lodging_type_of_stay","embeddable":true,"href":"https:\/\/gitesdewallonie.be\/en\/wp-json\/wp\/v2\/lodging_type_of_stay?post=119459"},{"taxonomy":"lodging_adapted_to","embeddable":true,"href":"https:\/\/gitesdewallonie.be\/en\/wp-json\/wp\/v2\/lodging_adapted_to?post=119459"},{"taxonomy":"lodging_wellness","embeddable":true,"href":"https:\/\/gitesdewallonie.be\/en\/wp-json\/wp\/v2\/lodging_wellness?post=119459"},{"taxonomy":"lodging_baby","embeddable":true,"href":"https:\/\/gitesdewallonie.be\/en\/wp-json\/wp\/v2\/lodging_baby?post=119459"},{"taxonomy":"lodging_business_mice","embeddable":true,"href":"https:\/\/gitesdewallonie.be\/en\/wp-json\/wp\/v2\/lodging_business_mice?post=119459"},{"taxonomy":"lodging_accessibility","embeddable":true,"href":"https:\/\/gitesdewallonie.be\/en\/wp-json\/wp\/v2\/lodging_accessibility?post=119459"},{"taxonomy":"lodging_nearby","embeddable":true,"href":"https:\/\/gitesdewallonie.be\/en\/wp-json\/wp\/v2\/lodging_nearby?post=119459"},{"taxonomy":"lodging_car_motorcycle_bike","embeddable":true,"href":"https:\/\/gitesdewallonie.be\/en\/wp-json\/wp\/v2\/lodging_car_motorcycle_bike?post=119459"},{"taxonomy":"lodging_room_type","embeddable":true,"href":"https:\/\/gitesdewallonie.be\/en\/wp-json\/wp\/v2\/lodging_room_type?post=119459"},{"taxonomy":"lodging_thematic","embeddable":true,"href":"https:\/\/gitesdewallonie.be\/en\/wp-json\/wp\/v2\/lodging_thematic?post=119459"},{"taxonomy":"lodging_status","embeddable":true,"href":"https:\/\/gitesdewallonie.be\/en\/wp-json\/wp\/v2\/lodging_status?post=119459"},{"taxonomy":"lodging_other_informations","embeddable":true,"href":"https:\/\/gitesdewallonie.be\/en\/wp-json\/wp\/v2\/lodging_other_informations?post=119459"}],"curies":[{"name":"wp","href":"https:\/\/api.w.org\/{rel}","templated":true}]}}