{"id":119541,"date":"2026-01-20T13:56:18","date_gmt":"2026-01-20T12:56:18","guid":{"rendered":"https:\/\/gitesdewallonie.be\/hebergements\/-\/-\/nouveau-logement-6\/"},"modified":"2026-03-13T13:52:04","modified_gmt":"2026-03-13T12:52:04","slug":"gites-al-serrine-plein-ciel","status":"publish","type":"lodging","link":"https:\/\/gitesdewallonie.be\/en\/find-an-accommodation\/rural-holiday-home\/fexhe-le-haut-clocher\/gites-al-serrine-plein-ciel\/","title":{"rendered":"Gites &#8220;Al Serrine&#8221;: Plein-Ciel"},"content":{"rendered":"","protected":false},"template":"","meta":{"lodging_type":"gite","lodging_UID":"","lodging_pk":"4104","lodging_description_fr":"Situ\u00e9 \u00e0 Fexhe-le-Haut-Clocher, en Hesbaye li\u00e9geoise, Al S\u00e8rinne, \"Aux Sereines\" est un complexe de 2 g\u00eetes, am\u00e9nag\u00e9s dans une ancienne grange du XVIIIe si\u00e8cle.\r\n\r\nBesoin de s\u00e9r\u00e9nit\u00e9, de vous ressourcer ? Envie de d\u00e9couvrir la Hesbaye, la r\u00e9gion li\u00e9geoise et la vie tr\u00e9pidante de la cit\u00e9 ardente tout en b\u00e9n\u00e9ficiant d'un pied-\u00e0-terre au calme, dans un environnement champ\u00eatre ?\r\n\r\n\u00c0 15 minutes seulement du centre de Li\u00e8ge, de ses nombreux monuments et mus\u00e9es, de ses magasins, des soir\u00e9es enfi\u00e9vr\u00e9es du Carr\u00e9, \"Al S\u00e8rinne\" vous ouvre ses portes. Nos deux g\u00eetes d'une capacit\u00e9 de 4 \u00e0 5 personnes chacun vous accueillent pour un s\u00e9jour en famille ou entre ami.e.s. Modulables, ils peuvent \u00eatre r\u00e9unis pour loger un groupe de 9 personnes maximum.","lodging_description_nl":"Gelegen in Fexhe-le-Haut-Clocher, in de Luikse Haspengouw, Al S\u00e8rinne, \"Aux Sereines\" is een complex van 2 vakantiehuizen, ingericht in een oude schuur uit de 18e eeuw. Behoefte aan sereniteit, om op te laden? Zin om Haspengouw, de Luikse regio en het bruisende leven van de warme stad te ontdekken, terwijl u kunt genieten van een rustig onderkomen in een landelijke omgeving? Op slechts 15 minuten van het centrum van Luik, met zijn vele monumenten en musea, winkels en bruisende avonden in de Carr\u00e9, opent \"Al S\u00e8rinne\" zijn deuren voor u. Onze twee vakantiehuizen, elk geschikt voor 4 tot 5 personen, heten u welkom voor een verblijf met familie of vrienden. Flexibel, ze kunnen worden samengevoegd om een groep van maximaal 9 personen te huisvesten.","lodging_description_en":"Located in Fexhe-le-Haut-Clocher, in the region of Hesbaye in Li\u00e8ge, Al S\u00e8rinne, \"Aux Sereines\" is a complex of 2 cottages, housed in a former 18th century barn. Need serenity, to recharge your batteries? Want to discover Hesbaye, the Li\u00e8ge region and the bustling life of the fiery city while benefiting from a quiet base, in a rural environment? Just 15 minutes from the center of Li\u00e8ge, its numerous monuments and museums, its shops, and the lively nights of the Carr\u00e9, \"Al S\u00e8rinne\" opens its doors to you. Our two cottages, each accommodating 4 to 5 people, welcome you for a family or friends stay. Adaptable, they can be combined to accommodate a group of up to 9 people.","lodging_email":"alserinne@gmail.com","lodging_website":"https:\/\/www.gitealserinne.be","lodging_lat":"50.663179","lodging_lng":"5.3982358","lodging_locality":"Fexhe-le-Haut-Clocher","lodging_commune":"Fexhe-le-Haut-Clocher (4347)","lodging_owner":"3925d71e85723feabfa27d322ea0f8c3a53db64cff5563269205e2fe07072f8c","lodging_zip_code":"4347","lodging_street":"Rue de la Station","lodging_number":"30","lodging_ranking":"3","lodging_accessi_url":"","lodging_gallery":"","lodging_elloha_product_id":"087c192e-47cb-4e69-b451-f3223f44f2a4","lodging_elloha_offer_id":"18f0653e-0ec3-4df2-ae74-06332b028431","lodging_elloha_id":"","lodging_elloha_price_from":"77.4","lodging_experience_title_fr":"","lodging_experience_title_nl":"","lodging_experience_title_en":"","lodging_experience_content_fr":"","lodging_experience_content_nl":"","lodging_experience_content_en":"","lodging_expert_content_fr":"","lodging_expert_content_nl":"","lodging_expert_content_en":"","lodging_expert_id":"","lodging_testimonials_tripadvisor":"","lodging_testimonials_google":"","lodging_testimonials_booking":"","lodging_real_min_capacity":"","lodging_max_capacity":"5","lodging_min_capacity":"4","lodging_min_night":"2","lodging_number_of_bathrooms":"2","lodging_number_of_bedrooms":"2","lodging_number_of_levels":"3","lodging_smoking_accommodation":"non","lodging_surface_area":"120","lodging_animals_accepted":"0","lodging_peb_class":"","lodging_peb_code":"","lodging_peb_primary":"","lodging_peb_total":"","lodging_nearby_distance":"","lodging_room_description":"{\"salon-salle-a-manger\":1,\"coin-cuisine\":1,\"toilette\":1,\"chambres\":2}","lodging_other_informations":"{\"informations\":{\"fr\":\"Attention, ce logement est situ\u00e9 au 1er et 2\u00e8me \u00e9tage du b\u00e2timent. En location seule, il n'offre pas l'acc\u00e8s \u00e0 la terrasse et au jardin privatif (il y a juste un espace de verdure disponible devant le b\u00e2timent). \\\\n\\\\nIl peut par contre \u00eatre lou\u00e9 en m\u00eame temps que le g\u00eete \\\"Le Verger\\\", offrant ainsi une capacit\u00e9 totale de 9 personnes et un acc\u00e8s \u00e0 la terrasse et au jardin privatif. Une communication directe entre les 2 h\u00e9bergements est possible au 1er \u00e9tage.\",\"nl\":\"Let op, deze accommodatie bevindt zich op de 1e en 2e verdieping van het gebouw. Als alleen verhuurd, biedt het geen toegang tot het terras en de priv\u00e9tuin (er is alleen een groene ruimte beschikbaar voor het gebouw).\\\\n\\\\nHet kan echter samen met het vakantiehuis \\\"Le Verger\\\" worden gehuurd, waardoor een totale capaciteit van 9 personen en toegang tot het terras en de priv\u00e9tuin mogelijk is. Directe communicatie tussen de 2 accommodaties is mogelijk op de 1e verdieping.\",\"en\":\"Attention, this accommodation is located on the 1st and 2nd floor of the building. When rented alone, it does not offer access to the terrace and private garden (there is just a green space available in front of the building).\\\\n\\\\nHowever, it can be rented at the same time as the cottage \\\"Le Verger\\\", thus offering a total capacity of 9 people and access to the terrace and private garden. Direct communication between the 2 accommodations is possible on the 1st floor.\"},\"a-payer-sur-place\":[]}","lodging_charge":"","lodging_charge_amount":"","lodging_code_cgt":"HEB-TE-249257-9F9B","lodging_bedding":"[{\"roomtype\":\"chambre\",\"bedding\":[\"1-lit-double-ou-2-lits-simples\"]},{\"roomtype\":\"chambre\",\"bedding\":[\"1-lit-double-ou-2-lits-simples\",\"1-lit-simple\"]}]","lodging_lodgings_relation":"","lodging_hosting_advantages":"[\"borne-de-recharge-pour-voiture-electrique\",\"parking-prive\",\"wi-fi\",\"cour\"]","lodging_3dvue":"","lodging_video":"","lodging_streetview":"","lodging_percent":"{\"peb\":0,\"other_informations\":100,\"localisation\":100,\"rates\":{\"2026\":100,\"2027\":10,\"2028\":0},\"general\":100,\"equipments\":100,\"medias\":100,\"total\":68}","lodging_mentions":"[]"},"lodging_type":[33],"lodging_official_category":[4380],"lodging_subtype":[],"lodging_situation":[],"lodging_layout":[420],"lodging_bedding":[],"lodging_additional_rate_type":[],"lodging_external_equipment":[8894,9056],"lodging_household_appliances":[9001,8882,9020,8883,9002,8884,8885,8886,8887,9003,8889,9004,8891,8892],"lodging_interior_equipment":[],"lodging_sport_and_leisure":[],"lodging_type_of_stay":[],"lodging_adapted_to":[],"lodging_wellness":[],"lodging_baby":[9099,8904,8906],"lodging_business_mice":[],"lodging_accessibility":[],"lodging_nearby":[],"lodging_car_motorcycle_bike":[8908],"lodging_room_type":[],"lodging_thematic":[],"lodging_status":[167],"lodging_other_informations":[],"class_list":["post-119541","lodging","type-lodging","status-publish","hentry","lodging_type-gite","lodging_official_category-ruralgite","lodging_layout-hebergement-mitoyen","lodging_external_equipment-borne-de-recharge-pour-voiture-electrique","lodging_external_equipment-cour","lodging_household_appliances-aspirateur","lodging_household_appliances-bouilloire-electrique","lodging_household_appliances-cafetiere","lodging_household_appliances-congelateur","lodging_household_appliances-fer-et-table-a-repasser","lodging_household_appliances-four","lodging_household_appliances-grille-pain","lodging_household_appliances-lave-linge","lodging_household_appliances-lave-vaisselle","lodging_household_appliances-micro-ondes","lodging_household_appliances-mixeur","lodging_household_appliances-plaque-de-cuisson-vitroceramique","lodging_household_appliances-refrigerateur","lodging_household_appliances-seche-linge","lodging_baby-baignoire-bebe","lodging_baby-chaise-pour-enfant","lodging_baby-lit-bebe","lodging_car_motorcycle_bike-parking-prive","lodging_status-published"],"yoast_head":"<!-- This site is optimized with the Yoast SEO Premium plugin v26.7 (Yoast SEO v26.7) - https:\/\/yoast.com\/wordpress\/plugins\/seo\/ -->\n<title>Gites &quot;Al Serrine&quot;: Plein-Ciel - gitesdewallonie.be<\/title>\n<meta name=\"robots\" content=\"index, follow, max-snippet:-1, max-image-preview:large, max-video-preview:-1\" \/>\n<link rel=\"canonical\" href=\"https:\/\/gitesdewallonie.be\/en\/find-an-accommodation\/rural-holiday-home\/fexhe-le-haut-clocher\/gites-al-serrine-plein-ciel\/\" \/>\n<meta property=\"og:locale\" content=\"en_US\" \/>\n<meta property=\"og:type\" content=\"article\" \/>\n<meta property=\"og:title\" content=\"Gites &quot;Al Serrine&quot;: Plein-Ciel\" \/>\n<meta property=\"og:url\" content=\"https:\/\/gitesdewallonie.be\/en\/find-an-accommodation\/rural-holiday-home\/fexhe-le-haut-clocher\/gites-al-serrine-plein-ciel\/\" \/>\n<meta property=\"og:site_name\" content=\"gitesdewallonie.be\" \/>\n<meta property=\"article:publisher\" content=\"https:\/\/www.facebook.com\/GitesdeWallonie\" \/>\n<meta property=\"article:modified_time\" content=\"2026-03-13T12:52:04+00:00\" \/>\n<meta name=\"twitter:card\" content=\"summary_large_image\" \/>\n<script type=\"application\/ld+json\" class=\"yoast-schema-graph\">{\"@context\":\"https:\/\/schema.org\",\"@graph\":[{\"@type\":\"WebPage\",\"@id\":\"https:\/\/gitesdewallonie.be\/en\/find-an-accommodation\/rural-holiday-home\/fexhe-le-haut-clocher\/gites-al-serrine-plein-ciel\/\",\"url\":\"https:\/\/gitesdewallonie.be\/en\/find-an-accommodation\/rural-holiday-home\/fexhe-le-haut-clocher\/gites-al-serrine-plein-ciel\/\",\"name\":\"Gites \\\"Al Serrine\\\": Plein-Ciel - gitesdewallonie.be\",\"isPartOf\":{\"@id\":\"https:\/\/gitesdewallonie.be\/en\/#website\"},\"datePublished\":\"2026-01-20T12:56:18+00:00\",\"dateModified\":\"2026-03-13T12:52:04+00:00\",\"breadcrumb\":{\"@id\":\"https:\/\/gitesdewallonie.be\/en\/find-an-accommodation\/rural-holiday-home\/fexhe-le-haut-clocher\/gites-al-serrine-plein-ciel\/#breadcrumb\"},\"inLanguage\":\"en-US\",\"potentialAction\":[{\"@type\":\"ReadAction\",\"target\":[\"https:\/\/gitesdewallonie.be\/en\/find-an-accommodation\/rural-holiday-home\/fexhe-le-haut-clocher\/gites-al-serrine-plein-ciel\/\"]}]},{\"@type\":\"BreadcrumbList\",\"@id\":\"https:\/\/gitesdewallonie.be\/en\/find-an-accommodation\/rural-holiday-home\/fexhe-le-haut-clocher\/gites-al-serrine-plein-ciel\/#breadcrumb\",\"itemListElement\":[{\"@type\":\"ListItem\",\"position\":1,\"name\":\"Accueil\",\"item\":\"https:\/\/gitesdewallonie.be\/en\/\"},{\"@type\":\"ListItem\",\"position\":2,\"name\":\"H\u00e9bergements\",\"item\":\"https:\/\/gitesdewallonie.be\/en\/hebergements\/%type%\/%region%\/\"},{\"@type\":\"ListItem\",\"position\":3,\"name\":\"Gites \u00ab\u00a0Al Serrine\u00a0\u00bb: Plein-Ciel\"}]},{\"@type\":\"WebSite\",\"@id\":\"https:\/\/gitesdewallonie.be\/en\/#website\",\"url\":\"https:\/\/gitesdewallonie.be\/en\/\",\"name\":\"F\u00e9d\u00e9ration des G\u00eetes et Chambres d'h\u00f4tes de Wallonie\",\"description\":\"\",\"publisher\":{\"@id\":\"https:\/\/gitesdewallonie.be\/en\/#organization\"},\"potentialAction\":[{\"@type\":\"SearchAction\",\"target\":{\"@type\":\"EntryPoint\",\"urlTemplate\":\"https:\/\/gitesdewallonie.be\/en\/?s={search_term_string}\"},\"query-input\":{\"@type\":\"PropertyValueSpecification\",\"valueRequired\":true,\"valueName\":\"search_term_string\"}}],\"inLanguage\":\"en-US\"},{\"@type\":\"Organization\",\"@id\":\"https:\/\/gitesdewallonie.be\/en\/#organization\",\"name\":\"F\u00e9d\u00e9ration des G\u00eetes et Chambres d'h\u00f4tes de Wallonie\",\"alternateName\":\"GDW\",\"url\":\"https:\/\/gitesdewallonie.be\/en\/\",\"logo\":{\"@type\":\"ImageObject\",\"inLanguage\":\"en-US\",\"@id\":\"https:\/\/gitesdewallonie.be\/en\/#\/schema\/logo\/image\/\",\"url\":\"https:\/\/gitesdewallonie.be\/wp-content\/uploads\/2024\/08\/logo-gdw.svg\",\"contentUrl\":\"https:\/\/gitesdewallonie.be\/wp-content\/uploads\/2024\/08\/logo-gdw.svg\",\"caption\":\"F\u00e9d\u00e9ration des G\u00eetes et Chambres d'h\u00f4tes de Wallonie\"},\"image\":{\"@id\":\"https:\/\/gitesdewallonie.be\/en\/#\/schema\/logo\/image\/\"},\"sameAs\":[\"https:\/\/www.facebook.com\/GitesdeWallonie\",\"https:\/\/www.instagram.com\/gitesdewallonie.be\/\"]}]}<\/script>\n<!-- \/ Yoast SEO Premium plugin. -->","yoast_head_json":{"title":"Gites \"Al Serrine\": Plein-Ciel - gitesdewallonie.be","robots":{"index":"index","follow":"follow","max-snippet":"max-snippet:-1","max-image-preview":"max-image-preview:large","max-video-preview":"max-video-preview:-1"},"canonical":"https:\/\/gitesdewallonie.be\/en\/find-an-accommodation\/rural-holiday-home\/fexhe-le-haut-clocher\/gites-al-serrine-plein-ciel\/","og_locale":"en_US","og_type":"article","og_title":"Gites \"Al Serrine\": Plein-Ciel","og_url":"https:\/\/gitesdewallonie.be\/en\/find-an-accommodation\/rural-holiday-home\/fexhe-le-haut-clocher\/gites-al-serrine-plein-ciel\/","og_site_name":"gitesdewallonie.be","article_publisher":"https:\/\/www.facebook.com\/GitesdeWallonie","article_modified_time":"2026-03-13T12:52:04+00:00","twitter_card":"summary_large_image","schema":{"@context":"https:\/\/schema.org","@graph":[{"@type":"WebPage","@id":"https:\/\/gitesdewallonie.be\/en\/find-an-accommodation\/rural-holiday-home\/fexhe-le-haut-clocher\/gites-al-serrine-plein-ciel\/","url":"https:\/\/gitesdewallonie.be\/en\/find-an-accommodation\/rural-holiday-home\/fexhe-le-haut-clocher\/gites-al-serrine-plein-ciel\/","name":"Gites \"Al Serrine\": Plein-Ciel - gitesdewallonie.be","isPartOf":{"@id":"https:\/\/gitesdewallonie.be\/en\/#website"},"datePublished":"2026-01-20T12:56:18+00:00","dateModified":"2026-03-13T12:52:04+00:00","breadcrumb":{"@id":"https:\/\/gitesdewallonie.be\/en\/find-an-accommodation\/rural-holiday-home\/fexhe-le-haut-clocher\/gites-al-serrine-plein-ciel\/#breadcrumb"},"inLanguage":"en-US","potentialAction":[{"@type":"ReadAction","target":["https:\/\/gitesdewallonie.be\/en\/find-an-accommodation\/rural-holiday-home\/fexhe-le-haut-clocher\/gites-al-serrine-plein-ciel\/"]}]},{"@type":"BreadcrumbList","@id":"https:\/\/gitesdewallonie.be\/en\/find-an-accommodation\/rural-holiday-home\/fexhe-le-haut-clocher\/gites-al-serrine-plein-ciel\/#breadcrumb","itemListElement":[{"@type":"ListItem","position":1,"name":"Accueil","item":"https:\/\/gitesdewallonie.be\/en\/"},{"@type":"ListItem","position":2,"name":"H\u00e9bergements","item":"https:\/\/gitesdewallonie.be\/en\/hebergements\/%type%\/%region%\/"},{"@type":"ListItem","position":3,"name":"Gites \u00ab\u00a0Al Serrine\u00a0\u00bb: Plein-Ciel"}]},{"@type":"WebSite","@id":"https:\/\/gitesdewallonie.be\/en\/#website","url":"https:\/\/gitesdewallonie.be\/en\/","name":"F\u00e9d\u00e9ration des G\u00eetes et Chambres d'h\u00f4tes de Wallonie","description":"","publisher":{"@id":"https:\/\/gitesdewallonie.be\/en\/#organization"},"potentialAction":[{"@type":"SearchAction","target":{"@type":"EntryPoint","urlTemplate":"https:\/\/gitesdewallonie.be\/en\/?s={search_term_string}"},"query-input":{"@type":"PropertyValueSpecification","valueRequired":true,"valueName":"search_term_string"}}],"inLanguage":"en-US"},{"@type":"Organization","@id":"https:\/\/gitesdewallonie.be\/en\/#organization","name":"F\u00e9d\u00e9ration des G\u00eetes et Chambres d'h\u00f4tes de Wallonie","alternateName":"GDW","url":"https:\/\/gitesdewallonie.be\/en\/","logo":{"@type":"ImageObject","inLanguage":"en-US","@id":"https:\/\/gitesdewallonie.be\/en\/#\/schema\/logo\/image\/","url":"https:\/\/gitesdewallonie.be\/wp-content\/uploads\/2024\/08\/logo-gdw.svg","contentUrl":"https:\/\/gitesdewallonie.be\/wp-content\/uploads\/2024\/08\/logo-gdw.svg","caption":"F\u00e9d\u00e9ration des G\u00eetes et Chambres d'h\u00f4tes de Wallonie"},"image":{"@id":"https:\/\/gitesdewallonie.be\/en\/#\/schema\/logo\/image\/"},"sameAs":["https:\/\/www.facebook.com\/GitesdeWallonie","https:\/\/www.instagram.com\/gitesdewallonie.be\/"]}]}},"_links":{"self":[{"href":"https:\/\/gitesdewallonie.be\/en\/wp-json\/wp\/v2\/lodging\/119541","targetHints":{"allow":["GET"]}}],"collection":[{"href":"https:\/\/gitesdewallonie.be\/en\/wp-json\/wp\/v2\/lodging"}],"about":[{"href":"https:\/\/gitesdewallonie.be\/en\/wp-json\/wp\/v2\/types\/lodging"}],"wp:attachment":[{"href":"https:\/\/gitesdewallonie.be\/en\/wp-json\/wp\/v2\/media?parent=119541"}],"wp:term":[{"taxonomy":"lodging_type","embeddable":true,"href":"https:\/\/gitesdewallonie.be\/en\/wp-json\/wp\/v2\/lodging_type?post=119541"},{"taxonomy":"lodging_official_category","embeddable":true,"href":"https:\/\/gitesdewallonie.be\/en\/wp-json\/wp\/v2\/lodging_official_category?post=119541"},{"taxonomy":"lodging_subtype","embeddable":true,"href":"https:\/\/gitesdewallonie.be\/en\/wp-json\/wp\/v2\/lodging_subtype?post=119541"},{"taxonomy":"lodging_situation","embeddable":true,"href":"https:\/\/gitesdewallonie.be\/en\/wp-json\/wp\/v2\/lodging_situation?post=119541"},{"taxonomy":"lodging_layout","embeddable":true,"href":"https:\/\/gitesdewallonie.be\/en\/wp-json\/wp\/v2\/lodging_layout?post=119541"},{"taxonomy":"lodging_bedding","embeddable":true,"href":"https:\/\/gitesdewallonie.be\/en\/wp-json\/wp\/v2\/lodging_bedding?post=119541"},{"taxonomy":"lodging_additional_rate_type","embeddable":true,"href":"https:\/\/gitesdewallonie.be\/en\/wp-json\/wp\/v2\/lodging_additional_rate_type?post=119541"},{"taxonomy":"lodging_external_equipment","embeddable":true,"href":"https:\/\/gitesdewallonie.be\/en\/wp-json\/wp\/v2\/lodging_external_equipment?post=119541"},{"taxonomy":"lodging_household_appliances","embeddable":true,"href":"https:\/\/gitesdewallonie.be\/en\/wp-json\/wp\/v2\/lodging_household_appliances?post=119541"},{"taxonomy":"lodging_interior_equipment","embeddable":true,"href":"https:\/\/gitesdewallonie.be\/en\/wp-json\/wp\/v2\/lodging_interior_equipment?post=119541"},{"taxonomy":"lodging_sport_and_leisure","embeddable":true,"href":"https:\/\/gitesdewallonie.be\/en\/wp-json\/wp\/v2\/lodging_sport_and_leisure?post=119541"},{"taxonomy":"lodging_type_of_stay","embeddable":true,"href":"https:\/\/gitesdewallonie.be\/en\/wp-json\/wp\/v2\/lodging_type_of_stay?post=119541"},{"taxonomy":"lodging_adapted_to","embeddable":true,"href":"https:\/\/gitesdewallonie.be\/en\/wp-json\/wp\/v2\/lodging_adapted_to?post=119541"},{"taxonomy":"lodging_wellness","embeddable":true,"href":"https:\/\/gitesdewallonie.be\/en\/wp-json\/wp\/v2\/lodging_wellness?post=119541"},{"taxonomy":"lodging_baby","embeddable":true,"href":"https:\/\/gitesdewallonie.be\/en\/wp-json\/wp\/v2\/lodging_baby?post=119541"},{"taxonomy":"lodging_business_mice","embeddable":true,"href":"https:\/\/gitesdewallonie.be\/en\/wp-json\/wp\/v2\/lodging_business_mice?post=119541"},{"taxonomy":"lodging_accessibility","embeddable":true,"href":"https:\/\/gitesdewallonie.be\/en\/wp-json\/wp\/v2\/lodging_accessibility?post=119541"},{"taxonomy":"lodging_nearby","embeddable":true,"href":"https:\/\/gitesdewallonie.be\/en\/wp-json\/wp\/v2\/lodging_nearby?post=119541"},{"taxonomy":"lodging_car_motorcycle_bike","embeddable":true,"href":"https:\/\/gitesdewallonie.be\/en\/wp-json\/wp\/v2\/lodging_car_motorcycle_bike?post=119541"},{"taxonomy":"lodging_room_type","embeddable":true,"href":"https:\/\/gitesdewallonie.be\/en\/wp-json\/wp\/v2\/lodging_room_type?post=119541"},{"taxonomy":"lodging_thematic","embeddable":true,"href":"https:\/\/gitesdewallonie.be\/en\/wp-json\/wp\/v2\/lodging_thematic?post=119541"},{"taxonomy":"lodging_status","embeddable":true,"href":"https:\/\/gitesdewallonie.be\/en\/wp-json\/wp\/v2\/lodging_status?post=119541"},{"taxonomy":"lodging_other_informations","embeddable":true,"href":"https:\/\/gitesdewallonie.be\/en\/wp-json\/wp\/v2\/lodging_other_informations?post=119541"}],"curies":[{"name":"wp","href":"https:\/\/api.w.org\/{rel}","templated":true}]}}