{"id":113685,"date":"2024-08-27T09:17:03","date_gmt":"2024-08-27T07:17:03","guid":{"rendered":"https:\/\/gitesdewallonie.be\/blog\/room\/cote-foret\/"},"modified":"2024-08-27T09:17:03","modified_gmt":"2024-08-27T07:17:03","slug":"cote-foret","status":"publish","type":"room","link":"https:\/\/gitesdewallonie.be\/en\/blog\/room\/cote-foret\/","title":{"rendered":"C\u00f4t\u00e9 For\u00eat"},"content":{"rendered":"","protected":false},"featured_media":0,"template":"","meta":{"lodging_pk":"3500","room_uid":"6bf2fdf2f46c4b70bf347c2b9dfe9d31","room_pk":"3501","room_description_fr":"<p>La chambre C\u00f4t\u00e9 For\u00eat est \u00e9quip\u00e9e d'un lit de 160cm de large et de haute qualit\u00e9, d'un bureau avec possibilit\u00e9 de connection filaire, d'une smart TV de 50\" et de deux fauteuils confortables.<\/p><p>Le plafond 'cath\u00e9drale' monte jusque 4,5m donnant une formidable sensation d'espace\r\nLa salle de bain poss\u00e8de une douche<\/p>","room_description_nl":"<p>De kamer C\u00f4t\u00e9 For\u00eat is voorzien van een kwalitatief bed van 160 cm breed, een bureau met de mogelijkheid van een bekabelde verbinding, een 50-inch smart-tv en twee comfortabele fauteuils.<\/p><p>Het 'kathedraal'-plafond is 4,5 m hoog en geeft een geweldig ruimtegevoel \r\nIn de badkamer is er een douche<\/p>","room_description_en":"<p>The C\u00f4t\u00e9 For\u00eat (forest side) room is equipped with a 160 cm wide and high quality bed, a desk with the possibility of a wired connection, a 50 inch smart TV and 2 comfortable armchairs.<\/p><p>The 'cathedral' ceiling rises to 4.5m giving a great feeling of space\r\nThe bathroom has a shower.<\/p>","room_min_capacity":"2","room_max_capacity":"2","room_number_of_bathrooms":"1","room_number_of_levels":"1","room_floor":"FirstFloor","room_size":"2Double","room_description":"","room_surface_area":"","room_video":"","lodging_min_night":"","lodging_elloha_offer_id":"7814fc8f-a12a-43d6-9ea6-07460f92839e","lodging_percent":""},"lodging_external_equipment":[8894,8898],"lodging_household_appliances":[],"lodging_interior_equipment":[9042,9043,8876,8877,8879,9035,9164,8880,8881],"lodging_sport_and_leisure":[],"lodging_type_of_stay":[],"lodging_adapted_to":[],"lodging_wellness":[],"lodging_baby":[],"lodging_car_motorcycle_bike":[8908],"lodging_status":[167],"lodging_other_informations":[],"room_host_table":[],"class_list":["post-113685","room","type-room","status-publish","hentry","lodging_external_equipment-borne-de-recharge-pour-voiture-electrique","lodging_external_equipment-terrasse","lodging_interior_equipment-articles-de-toilette-gratuits","lodging_interior_equipment-bureau","lodging_interior_equipment-internet-filaire","lodging_interior_equipment-penderie","lodging_interior_equipment-seche-cheveux","lodging_interior_equipment-serviettes-de-toilette","lodging_interior_equipment-station-daccueil-pour-smartphone","lodging_interior_equipment-television","lodging_interior_equipment-wi-fi","lodging_car_motorcycle_bike-parking-prive","lodging_status-published"],"yoast_head":"<!-- This site is optimized with the Yoast SEO Premium plugin v26.7 (Yoast SEO v26.7) - https:\/\/yoast.com\/wordpress\/plugins\/seo\/ -->\n<title>C\u00f4t\u00e9 For\u00eat - gitesdewallonie.be<\/title>\n<meta name=\"robots\" content=\"noindex, follow\" \/>\n<meta property=\"og:locale\" content=\"en_US\" \/>\n<meta property=\"og:type\" content=\"article\" \/>\n<meta property=\"og:title\" content=\"C\u00f4t\u00e9 For\u00eat\" \/>\n<meta property=\"og:url\" content=\"https:\/\/gitesdewallonie.be\/en\/blog\/room\/cote-foret\/\" \/>\n<meta property=\"og:site_name\" content=\"gitesdewallonie.be\" \/>\n<meta property=\"article:publisher\" content=\"https:\/\/www.facebook.com\/GitesdeWallonie\" \/>\n<meta name=\"twitter:card\" content=\"summary_large_image\" \/>\n<script type=\"application\/ld+json\" class=\"yoast-schema-graph\">{\"@context\":\"https:\/\/schema.org\",\"@graph\":[{\"@type\":\"WebPage\",\"@id\":\"https:\/\/gitesdewallonie.be\/en\/blog\/room\/cote-foret\/\",\"url\":\"https:\/\/gitesdewallonie.be\/en\/blog\/room\/cote-foret\/\",\"name\":\"C\u00f4t\u00e9 For\u00eat - gitesdewallonie.be\",\"isPartOf\":{\"@id\":\"https:\/\/gitesdewallonie.be\/en\/#website\"},\"datePublished\":\"2024-08-27T07:17:03+00:00\",\"breadcrumb\":{\"@id\":\"https:\/\/gitesdewallonie.be\/en\/blog\/room\/cote-foret\/#breadcrumb\"},\"inLanguage\":\"en-US\",\"potentialAction\":[{\"@type\":\"ReadAction\",\"target\":[\"https:\/\/gitesdewallonie.be\/en\/blog\/room\/cote-foret\/\"]}]},{\"@type\":\"BreadcrumbList\",\"@id\":\"https:\/\/gitesdewallonie.be\/en\/blog\/room\/cote-foret\/#breadcrumb\",\"itemListElement\":[{\"@type\":\"ListItem\",\"position\":1,\"name\":\"Accueil\",\"item\":\"https:\/\/gitesdewallonie.be\/en\/\"},{\"@type\":\"ListItem\",\"position\":2,\"name\":\"C\u00f4t\u00e9 For\u00eat\"}]},{\"@type\":\"WebSite\",\"@id\":\"https:\/\/gitesdewallonie.be\/en\/#website\",\"url\":\"https:\/\/gitesdewallonie.be\/en\/\",\"name\":\"F\u00e9d\u00e9ration des G\u00eetes et Chambres d'h\u00f4tes de Wallonie\",\"description\":\"\",\"publisher\":{\"@id\":\"https:\/\/gitesdewallonie.be\/en\/#organization\"},\"potentialAction\":[{\"@type\":\"SearchAction\",\"target\":{\"@type\":\"EntryPoint\",\"urlTemplate\":\"https:\/\/gitesdewallonie.be\/en\/?s={search_term_string}\"},\"query-input\":{\"@type\":\"PropertyValueSpecification\",\"valueRequired\":true,\"valueName\":\"search_term_string\"}}],\"inLanguage\":\"en-US\"},{\"@type\":\"Organization\",\"@id\":\"https:\/\/gitesdewallonie.be\/en\/#organization\",\"name\":\"F\u00e9d\u00e9ration des G\u00eetes et Chambres d'h\u00f4tes de Wallonie\",\"alternateName\":\"GDW\",\"url\":\"https:\/\/gitesdewallonie.be\/en\/\",\"logo\":{\"@type\":\"ImageObject\",\"inLanguage\":\"en-US\",\"@id\":\"https:\/\/gitesdewallonie.be\/en\/#\/schema\/logo\/image\/\",\"url\":\"https:\/\/gitesdewallonie.be\/wp-content\/uploads\/2024\/08\/logo-gdw.svg\",\"contentUrl\":\"https:\/\/gitesdewallonie.be\/wp-content\/uploads\/2024\/08\/logo-gdw.svg\",\"caption\":\"F\u00e9d\u00e9ration des G\u00eetes et Chambres d'h\u00f4tes de Wallonie\"},\"image\":{\"@id\":\"https:\/\/gitesdewallonie.be\/en\/#\/schema\/logo\/image\/\"},\"sameAs\":[\"https:\/\/www.facebook.com\/GitesdeWallonie\",\"https:\/\/www.instagram.com\/gitesdewallonie.be\/\"]}]}<\/script>\n<!-- \/ Yoast SEO Premium plugin. -->","yoast_head_json":{"title":"C\u00f4t\u00e9 For\u00eat - gitesdewallonie.be","robots":{"index":"noindex","follow":"follow"},"og_locale":"en_US","og_type":"article","og_title":"C\u00f4t\u00e9 For\u00eat","og_url":"https:\/\/gitesdewallonie.be\/en\/blog\/room\/cote-foret\/","og_site_name":"gitesdewallonie.be","article_publisher":"https:\/\/www.facebook.com\/GitesdeWallonie","twitter_card":"summary_large_image","schema":{"@context":"https:\/\/schema.org","@graph":[{"@type":"WebPage","@id":"https:\/\/gitesdewallonie.be\/en\/blog\/room\/cote-foret\/","url":"https:\/\/gitesdewallonie.be\/en\/blog\/room\/cote-foret\/","name":"C\u00f4t\u00e9 For\u00eat - gitesdewallonie.be","isPartOf":{"@id":"https:\/\/gitesdewallonie.be\/en\/#website"},"datePublished":"2024-08-27T07:17:03+00:00","breadcrumb":{"@id":"https:\/\/gitesdewallonie.be\/en\/blog\/room\/cote-foret\/#breadcrumb"},"inLanguage":"en-US","potentialAction":[{"@type":"ReadAction","target":["https:\/\/gitesdewallonie.be\/en\/blog\/room\/cote-foret\/"]}]},{"@type":"BreadcrumbList","@id":"https:\/\/gitesdewallonie.be\/en\/blog\/room\/cote-foret\/#breadcrumb","itemListElement":[{"@type":"ListItem","position":1,"name":"Accueil","item":"https:\/\/gitesdewallonie.be\/en\/"},{"@type":"ListItem","position":2,"name":"C\u00f4t\u00e9 For\u00eat"}]},{"@type":"WebSite","@id":"https:\/\/gitesdewallonie.be\/en\/#website","url":"https:\/\/gitesdewallonie.be\/en\/","name":"F\u00e9d\u00e9ration des G\u00eetes et Chambres d'h\u00f4tes de Wallonie","description":"","publisher":{"@id":"https:\/\/gitesdewallonie.be\/en\/#organization"},"potentialAction":[{"@type":"SearchAction","target":{"@type":"EntryPoint","urlTemplate":"https:\/\/gitesdewallonie.be\/en\/?s={search_term_string}"},"query-input":{"@type":"PropertyValueSpecification","valueRequired":true,"valueName":"search_term_string"}}],"inLanguage":"en-US"},{"@type":"Organization","@id":"https:\/\/gitesdewallonie.be\/en\/#organization","name":"F\u00e9d\u00e9ration des G\u00eetes et Chambres d'h\u00f4tes de Wallonie","alternateName":"GDW","url":"https:\/\/gitesdewallonie.be\/en\/","logo":{"@type":"ImageObject","inLanguage":"en-US","@id":"https:\/\/gitesdewallonie.be\/en\/#\/schema\/logo\/image\/","url":"https:\/\/gitesdewallonie.be\/wp-content\/uploads\/2024\/08\/logo-gdw.svg","contentUrl":"https:\/\/gitesdewallonie.be\/wp-content\/uploads\/2024\/08\/logo-gdw.svg","caption":"F\u00e9d\u00e9ration des G\u00eetes et Chambres d'h\u00f4tes de Wallonie"},"image":{"@id":"https:\/\/gitesdewallonie.be\/en\/#\/schema\/logo\/image\/"},"sameAs":["https:\/\/www.facebook.com\/GitesdeWallonie","https:\/\/www.instagram.com\/gitesdewallonie.be\/"]}]}},"_links":{"self":[{"href":"https:\/\/gitesdewallonie.be\/en\/wp-json\/wp\/v2\/room\/113685","targetHints":{"allow":["GET"]}}],"collection":[{"href":"https:\/\/gitesdewallonie.be\/en\/wp-json\/wp\/v2\/room"}],"about":[{"href":"https:\/\/gitesdewallonie.be\/en\/wp-json\/wp\/v2\/types\/room"}],"wp:attachment":[{"href":"https:\/\/gitesdewallonie.be\/en\/wp-json\/wp\/v2\/media?parent=113685"}],"wp:term":[{"taxonomy":"lodging_external_equipment","embeddable":true,"href":"https:\/\/gitesdewallonie.be\/en\/wp-json\/wp\/v2\/lodging_external_equipment?post=113685"},{"taxonomy":"lodging_household_appliances","embeddable":true,"href":"https:\/\/gitesdewallonie.be\/en\/wp-json\/wp\/v2\/lodging_household_appliances?post=113685"},{"taxonomy":"lodging_interior_equipment","embeddable":true,"href":"https:\/\/gitesdewallonie.be\/en\/wp-json\/wp\/v2\/lodging_interior_equipment?post=113685"},{"taxonomy":"lodging_sport_and_leisure","embeddable":true,"href":"https:\/\/gitesdewallonie.be\/en\/wp-json\/wp\/v2\/lodging_sport_and_leisure?post=113685"},{"taxonomy":"lodging_type_of_stay","embeddable":true,"href":"https:\/\/gitesdewallonie.be\/en\/wp-json\/wp\/v2\/lodging_type_of_stay?post=113685"},{"taxonomy":"lodging_adapted_to","embeddable":true,"href":"https:\/\/gitesdewallonie.be\/en\/wp-json\/wp\/v2\/lodging_adapted_to?post=113685"},{"taxonomy":"lodging_wellness","embeddable":true,"href":"https:\/\/gitesdewallonie.be\/en\/wp-json\/wp\/v2\/lodging_wellness?post=113685"},{"taxonomy":"lodging_baby","embeddable":true,"href":"https:\/\/gitesdewallonie.be\/en\/wp-json\/wp\/v2\/lodging_baby?post=113685"},{"taxonomy":"lodging_car_motorcycle_bike","embeddable":true,"href":"https:\/\/gitesdewallonie.be\/en\/wp-json\/wp\/v2\/lodging_car_motorcycle_bike?post=113685"},{"taxonomy":"lodging_status","embeddable":true,"href":"https:\/\/gitesdewallonie.be\/en\/wp-json\/wp\/v2\/lodging_status?post=113685"},{"taxonomy":"lodging_other_informations","embeddable":true,"href":"https:\/\/gitesdewallonie.be\/en\/wp-json\/wp\/v2\/lodging_other_informations?post=113685"},{"taxonomy":"room_host_table","embeddable":true,"href":"https:\/\/gitesdewallonie.be\/en\/wp-json\/wp\/v2\/room_host_table?post=113685"}],"curies":[{"name":"wp","href":"https:\/\/api.w.org\/{rel}","templated":true}]}}