{"id":112256,"date":"2024-08-27T09:10:57","date_gmt":"2024-08-27T07:10:57","guid":{"rendered":"https:\/\/gitesdewallonie.be\/hebergements\/%type%\/%region%\/adre-paul-e-adele-2\/"},"modified":"2024-08-27T09:10:57","modified_gmt":"2024-08-27T07:10:57","slug":"adre-paul-e-adele-2","status":"publish","type":"lodging","link":"https:\/\/gitesdewallonie.be\/nl\/een-vakantiehuis-vinden\/vakantiehuisje-op-het-platteland\/waimes\/adre-paul-e-adele-2\/","title":{"rendered":"Adr\u00e9 Paul \u00e8 Adele 2"},"content":{"rendered":"","protected":false},"template":"","meta":{"lodging_type":"gite","lodging_UID":"af01407856134bd79df8145e536b9215","lodging_pk":"748","lodging_description_fr":"<p>G\u00eete am\u00e9nag\u00e9 dans le corps de logis d'une ancienne ferme enti\u00e8rement restaur\u00e9e. Situ\u00e9 au centre des cantons de l'Est, respirez l'air pur des Hautes-Fagnes!<\/p><p>Situ\u00e9 en lisi\u00e8re du plaisant village de Gueuzaine de la Commune de Waimes au centre des Cantons de l'Est dans un environnement calme et verdoyant \u00e0 proximit\u00e9 des Hautes Fagnes. Au gr\u00e9 des saisons dont chacune a son charme, nous vous accueillons dans notre g\u00eete\" Adr\u00e9 Paul \u00e8 Ad\u00e8le 2\", en famille ou avec des amis vous passerez un agr\u00e9able s\u00e9jour. Notre g\u00eete \"Adr\u00e9 Paul \u00e8 Ad\u00e8le 2\" a obtenu le prestigieux label Cl\u00e9 -Verte \/ Green- Key depuis f\u00e9vrier 2019 avec comme cons\u00e9quence que nous vous offrons le bien-\u00eatre et le confort tout en respectant d'avantage la plan\u00e8te.<\/p>","lodging_description_nl":"Vakantiehuis ingericht in het hoofdgebouw van een volledig gerestaureerde oude boerderij. Gelegen in het centrum van de Oostkantons, adem de frisse lucht van de Hoge Venen in! Gelegen aan de rand van het aangename dorp Gueuzaine in de gemeente Waimes, in het centrum van de Oostkantons, in een rustige en groene omgeving dicht bij de Hoge Venen. In elk seizoen, waarvan elk zijn charme heeft, verwelkomen wij u in ons vakantiehuis \"Adr\u00e9 Paul \u00e8 Ad\u00e8le 2\", met familie of vrienden zult u een aangenaam verblijf hebben. Ons vakantiehuis \"Adr\u00e9 Paul \u00e8 Ad\u00e8le 2\" heeft sinds februari 2019 het prestigieuze label Cl\u00e9 -Verte \/ Green- Key ontvangen, wat betekent dat wij u welzijn en comfort bieden terwijl we de planeet meer respecteren.","lodging_description_en":"Cottage located in the main building of a fully restored old farm. Located in the center of the Eastern Townships, breathe the fresh air of the High Fens!\n\nLocated on the edge of the pleasant village of Gueuzaine in the Municipality of Waimes in the center of the Eastern Townships in a quiet and green environment near the High Fens. Depending on the seasons, each with its own charm, we welcome you to our cottage \"Adr\u00e9 Paul \u00e8 Ad\u00e8le 2\", with family or friends you will have a pleasant stay. Our cottage \"Adr\u00e9 Paul \u00e8 Ad\u00e8le 2\" has obtained the prestigious Cl\u00e9 -Verte \/ Green-Key label since February 2019, as a result we offer you well-being and comfort while respecting the planet even more.","lodging_email":"ed.querinjean@skynet.be","lodging_website":"http(s):\/\/www.adrepauleadele.be","lodging_lat":"50.4340592929","lodging_lng":"6.13605469465","lodging_locality":"Gueuzaine","lodging_commune":"Waimes","lodging_owner":"360ff48598c14a81994009917b45ac18","lodging_zip_code":"4950","lodging_street":"Gueuzaine","lodging_number":"29B","lodging_ranking":"3","lodging_accessi_url":"","lodging_gallery":"","lodging_elloha_product_id":"","lodging_elloha_offer_id":"","lodging_elloha_id":"","lodging_elloha_price_from":"","lodging_experience_title_fr":"","lodging_experience_title_nl":"","lodging_experience_title_en":"","lodging_experience_content_fr":"","lodging_experience_content_nl":"","lodging_experience_content_en":"","lodging_expert_content_fr":"","lodging_expert_content_nl":"","lodging_expert_content_en":"","lodging_expert_id":"","lodging_testimonials_tripadvisor":"","lodging_testimonials_google":"","lodging_testimonials_booking":"","lodging_real_min_capacity":"","lodging_max_capacity":"6","lodging_min_capacity":"4","lodging_min_night":"1","lodging_number_of_bathrooms":"1","lodging_number_of_bedrooms":"2","lodging_number_of_levels":"2","lodging_smoking_accommodation":"non","lodging_surface_area":"80","lodging_animals_accepted":"0","lodging_peb_class":"","lodging_peb_code":"","lodging_peb_primary":"","lodging_peb_total":"","lodging_nearby_distance":"[{\"type_of_activity\":\"lac\",\"distance\":6}]","lodging_room_description":"{\"salon\":1,\"coin-cuisine\":1,\"toilettes\":2,\"salle-de-bain\":1}","lodging_other_informations":"{\"a-emporter\":{\"fr\":\"Le linge de lit et de toilette.\",\"nl\":\"Het beddengoed en handdoeken.\",\"en\":\"Bed and bath linens.\"},\"heure-darrivee\":{\"fr\":\"A partir de 16 heures. Quand vous serez arriv\u00e9s au carrefour de l'ancienne \u00e9cole du village de Gueuzaine, dirigez-vous vers le village de Champagne le g\u00eete se trouve sur votre gauche \u00e0 environ 250 m\u00e8tres (Adr\u00e9 Paul \u00e8 Ad\u00e8le \u00e0 Gueuzaine, 29 ).\",\"nl\":\"Vanaf 16 uur. Wanneer u aankomt bij het kruispunt van de oude school van het dorp Gueuzaine, ga richting het dorp Champagne, het huisje bevindt zich aan uw linkerkant op ongeveer 250 meter (Adr\u00e9 Paul \u00e8 Ad\u00e8le in Gueuzaine, 29).\",\"en\":\"From 4:00 pm. When you arrive at the crossroads of the old school in the village of Gueuzaine, head towards the village of Champagne, the cottage is on your left about 250 meters away (Adr\u00e9 Paul \u00e8 Ad\u00e8le in Gueuzaine, 29).\"},\"heure-de-depart\":{\"fr\":\"\",\"nl\":\"Je suis all\u00e9 au march\u00e9 pour acheter des fruits et des l\u00e9gumes frais pour le d\u00eener de ce soir. J'ai achet\u00e9 des pommes, des bananes, des carottes, des tomates et des poivrons. Je vais pr\u00e9parer une salade color\u00e9e et d\u00e9licieuse pour accompagner le poulet grill\u00e9.\",\"en\":\"Je vais au march\u00e9 pour acheter des fruits et des l\u00e9gumes frais. J'aime cuisiner avec des ingr\u00e9dients de qualit\u00e9.\"},\"informations\":{\"fr\":\"En accord avec notre fournisseur d'\u00e9lectricit\u00e9 et pour des raisons de s\u00e9curit\u00e9, nous n'acceptons pas le chargement des batteries de voiture \u00e9lectriques sur nos prises de courant.\",\"nl\":\"In overeenstemming met onze elektriciteitsleverancier en om veiligheidsredenen accepteren wij geen opladen van elektrische auto-batterijen op onze stopcontacten.\",\"en\":\"In agreement with our electricity provider and for safety reasons, we do not accept the charging of electric car batteries on our power outlets.\"}}","lodging_charge":"","lodging_charge_amount":"","lodging_code_cgt":"GRLG2905","lodging_bedding":"[{\"roomtype\":\"chambre\",\"bedding\":[\"2-lits-simples\"]},{\"roomtype\":\"chambre\",\"bedding\":[\"2-lits-simples\"]},{\"roomtype\":\"salon\",\"bedding\":[\"1-canape-convertible\"]}]","lodging_lodgings_relation":"","lodging_hosting_advantages":"","lodging_3dvue":"","lodging_video":"","lodging_streetview":"","lodging_percent":"{\"peb\":0,\"other_informations\":100,\"localisation\":100,\"rates\":{\"2026\":100,\"2027\":2,\"2028\":0},\"general\":100,\"equipments\":100,\"medias\":100,\"total\":67}","lodging_mentions":""},"lodging_type":[33],"lodging_official_category":[4380],"lodging_subtype":[],"lodging_situation":[8909,8912,9103],"lodging_layout":[420],"lodging_bedding":[],"lodging_additional_rate_type":[],"lodging_external_equipment":[8893,8896,9005,8898],"lodging_household_appliances":[9001,9020,8884,8886,8887,9003,8891],"lodging_interior_equipment":[9000,8880,8881],"lodging_sport_and_leisure":[9160,8901,9161],"lodging_type_of_stay":[9057],"lodging_adapted_to":[],"lodging_wellness":[],"lodging_baby":[9099,8904,8906],"lodging_business_mice":[],"lodging_accessibility":[],"lodging_nearby":[],"lodging_car_motorcycle_bike":[9127,8907,8908],"lodging_room_type":[],"lodging_thematic":[28,30],"lodging_status":[167],"lodging_other_informations":[],"class_list":["post-112256","lodging","type-lodging","status-publish","hentry","lodging_type-gite","lodging_official_category-ruralgite","lodging_situation-a-la-campagne","lodging_situation-au-bord-des-champs","lodging_situation-dans-un-village","lodging_layout-hebergement-mitoyen","lodging_external_equipment-barbecue","lodging_external_equipment-jardin","lodging_external_equipment-jardin-cloture","lodging_external_equipment-terrasse","lodging_household_appliances-aspirateur","lodging_household_appliances-cafetiere","lodging_household_appliances-four","lodging_household_appliances-lave-linge","lodging_household_appliances-lave-vaisselle","lodging_household_appliances-micro-ondes","lodging_household_appliances-refrigerateur","lodging_interior_equipment-radio","lodging_interior_equipment-television","lodging_interior_equipment-wi-fi","lodging_sport_and_leisure-balancoire","lodging_sport_and_leisure-jeux-de-societe","lodging_sport_and_leisure-toboggan","lodging_type_of_stay-en-famille","lodging_baby-baignoire-bebe","lodging_baby-chaise-pour-enfant","lodging_baby-lit-bebe","lodging_car_motorcycle_bike-garage-moto","lodging_car_motorcycle_bike-local-a-velo","lodging_car_motorcycle_bike-parking-prive","lodging_thematic-green-key","lodging_thematic-lgbti-friendly","lodging_status-published"],"yoast_head":"<!-- This site is optimized with the Yoast SEO Premium plugin v26.7 (Yoast SEO v26.7) - https:\/\/yoast.com\/wordpress\/plugins\/seo\/ -->\n<title>Adr\u00e9 Paul \u00e8 Adele 2 - gitesdewallonie.be<\/title>\n<meta name=\"robots\" content=\"index, follow, max-snippet:-1, max-image-preview:large, max-video-preview:-1\" \/>\n<link rel=\"canonical\" href=\"https:\/\/gitesdewallonie.be\/nl\/een-vakantiehuis-vinden\/vakantiehuisje-op-het-platteland\/waimes\/adre-paul-e-adele-2\/\" \/>\n<meta property=\"og:locale\" content=\"nl_NL\" \/>\n<meta property=\"og:type\" content=\"article\" \/>\n<meta property=\"og:title\" content=\"Adr\u00e9 Paul \u00e8 Adele 2\" \/>\n<meta property=\"og:url\" content=\"https:\/\/gitesdewallonie.be\/nl\/een-vakantiehuis-vinden\/vakantiehuisje-op-het-platteland\/waimes\/adre-paul-e-adele-2\/\" \/>\n<meta property=\"og:site_name\" content=\"gitesdewallonie.be\" \/>\n<meta property=\"article:publisher\" content=\"https:\/\/www.facebook.com\/GitesdeWallonie\" \/>\n<meta name=\"twitter:card\" content=\"summary_large_image\" \/>\n<script type=\"application\/ld+json\" class=\"yoast-schema-graph\">{\"@context\":\"https:\/\/schema.org\",\"@graph\":[{\"@type\":\"WebPage\",\"@id\":\"https:\/\/gitesdewallonie.be\/nl\/een-vakantiehuis-vinden\/vakantiehuisje-op-het-platteland\/waimes\/adre-paul-e-adele-2\/\",\"url\":\"https:\/\/gitesdewallonie.be\/nl\/een-vakantiehuis-vinden\/vakantiehuisje-op-het-platteland\/waimes\/adre-paul-e-adele-2\/\",\"name\":\"Adr\u00e9 Paul \u00e8 Adele 2 - gitesdewallonie.be\",\"isPartOf\":{\"@id\":\"https:\/\/gitesdewallonie.be\/nl\/#website\"},\"datePublished\":\"2024-08-27T07:10:57+00:00\",\"breadcrumb\":{\"@id\":\"https:\/\/gitesdewallonie.be\/nl\/een-vakantiehuis-vinden\/vakantiehuisje-op-het-platteland\/waimes\/adre-paul-e-adele-2\/#breadcrumb\"},\"inLanguage\":\"nl-NL\",\"potentialAction\":[{\"@type\":\"ReadAction\",\"target\":[\"https:\/\/gitesdewallonie.be\/nl\/een-vakantiehuis-vinden\/vakantiehuisje-op-het-platteland\/waimes\/adre-paul-e-adele-2\/\"]}]},{\"@type\":\"BreadcrumbList\",\"@id\":\"https:\/\/gitesdewallonie.be\/nl\/een-vakantiehuis-vinden\/vakantiehuisje-op-het-platteland\/waimes\/adre-paul-e-adele-2\/#breadcrumb\",\"itemListElement\":[{\"@type\":\"ListItem\",\"position\":1,\"name\":\"Accueil\",\"item\":\"https:\/\/gitesdewallonie.be\/nl\/\"},{\"@type\":\"ListItem\",\"position\":2,\"name\":\"H\u00e9bergements\",\"item\":\"https:\/\/gitesdewallonie.be\/nl\/hebergements\/%type%\/%region%\/\"},{\"@type\":\"ListItem\",\"position\":3,\"name\":\"Adr\u00e9 Paul \u00e8 Adele 2\"}]},{\"@type\":\"WebSite\",\"@id\":\"https:\/\/gitesdewallonie.be\/nl\/#website\",\"url\":\"https:\/\/gitesdewallonie.be\/nl\/\",\"name\":\"F\u00e9d\u00e9ration des G\u00eetes et Chambres d'h\u00f4tes de Wallonie\",\"description\":\"\",\"publisher\":{\"@id\":\"https:\/\/gitesdewallonie.be\/nl\/#organization\"},\"potentialAction\":[{\"@type\":\"SearchAction\",\"target\":{\"@type\":\"EntryPoint\",\"urlTemplate\":\"https:\/\/gitesdewallonie.be\/nl\/?s={search_term_string}\"},\"query-input\":{\"@type\":\"PropertyValueSpecification\",\"valueRequired\":true,\"valueName\":\"search_term_string\"}}],\"inLanguage\":\"nl-NL\"},{\"@type\":\"Organization\",\"@id\":\"https:\/\/gitesdewallonie.be\/nl\/#organization\",\"name\":\"F\u00e9d\u00e9ration des G\u00eetes et Chambres d'h\u00f4tes de Wallonie\",\"alternateName\":\"GDW\",\"url\":\"https:\/\/gitesdewallonie.be\/nl\/\",\"logo\":{\"@type\":\"ImageObject\",\"inLanguage\":\"nl-NL\",\"@id\":\"https:\/\/gitesdewallonie.be\/nl\/#\/schema\/logo\/image\/\",\"url\":\"https:\/\/gitesdewallonie.be\/wp-content\/uploads\/2024\/08\/logo-gdw.svg\",\"contentUrl\":\"https:\/\/gitesdewallonie.be\/wp-content\/uploads\/2024\/08\/logo-gdw.svg\",\"caption\":\"F\u00e9d\u00e9ration des G\u00eetes et Chambres d'h\u00f4tes de Wallonie\"},\"image\":{\"@id\":\"https:\/\/gitesdewallonie.be\/nl\/#\/schema\/logo\/image\/\"},\"sameAs\":[\"https:\/\/www.facebook.com\/GitesdeWallonie\",\"https:\/\/www.instagram.com\/gitesdewallonie.be\/\"]}]}<\/script>\n<!-- \/ Yoast SEO Premium plugin. -->","yoast_head_json":{"title":"Adr\u00e9 Paul \u00e8 Adele 2 - gitesdewallonie.be","robots":{"index":"index","follow":"follow","max-snippet":"max-snippet:-1","max-image-preview":"max-image-preview:large","max-video-preview":"max-video-preview:-1"},"canonical":"https:\/\/gitesdewallonie.be\/nl\/een-vakantiehuis-vinden\/vakantiehuisje-op-het-platteland\/waimes\/adre-paul-e-adele-2\/","og_locale":"nl_NL","og_type":"article","og_title":"Adr\u00e9 Paul \u00e8 Adele 2","og_url":"https:\/\/gitesdewallonie.be\/nl\/een-vakantiehuis-vinden\/vakantiehuisje-op-het-platteland\/waimes\/adre-paul-e-adele-2\/","og_site_name":"gitesdewallonie.be","article_publisher":"https:\/\/www.facebook.com\/GitesdeWallonie","twitter_card":"summary_large_image","schema":{"@context":"https:\/\/schema.org","@graph":[{"@type":"WebPage","@id":"https:\/\/gitesdewallonie.be\/nl\/een-vakantiehuis-vinden\/vakantiehuisje-op-het-platteland\/waimes\/adre-paul-e-adele-2\/","url":"https:\/\/gitesdewallonie.be\/nl\/een-vakantiehuis-vinden\/vakantiehuisje-op-het-platteland\/waimes\/adre-paul-e-adele-2\/","name":"Adr\u00e9 Paul \u00e8 Adele 2 - gitesdewallonie.be","isPartOf":{"@id":"https:\/\/gitesdewallonie.be\/nl\/#website"},"datePublished":"2024-08-27T07:10:57+00:00","breadcrumb":{"@id":"https:\/\/gitesdewallonie.be\/nl\/een-vakantiehuis-vinden\/vakantiehuisje-op-het-platteland\/waimes\/adre-paul-e-adele-2\/#breadcrumb"},"inLanguage":"nl-NL","potentialAction":[{"@type":"ReadAction","target":["https:\/\/gitesdewallonie.be\/nl\/een-vakantiehuis-vinden\/vakantiehuisje-op-het-platteland\/waimes\/adre-paul-e-adele-2\/"]}]},{"@type":"BreadcrumbList","@id":"https:\/\/gitesdewallonie.be\/nl\/een-vakantiehuis-vinden\/vakantiehuisje-op-het-platteland\/waimes\/adre-paul-e-adele-2\/#breadcrumb","itemListElement":[{"@type":"ListItem","position":1,"name":"Accueil","item":"https:\/\/gitesdewallonie.be\/nl\/"},{"@type":"ListItem","position":2,"name":"H\u00e9bergements","item":"https:\/\/gitesdewallonie.be\/nl\/hebergements\/%type%\/%region%\/"},{"@type":"ListItem","position":3,"name":"Adr\u00e9 Paul \u00e8 Adele 2"}]},{"@type":"WebSite","@id":"https:\/\/gitesdewallonie.be\/nl\/#website","url":"https:\/\/gitesdewallonie.be\/nl\/","name":"F\u00e9d\u00e9ration des G\u00eetes et Chambres d'h\u00f4tes de Wallonie","description":"","publisher":{"@id":"https:\/\/gitesdewallonie.be\/nl\/#organization"},"potentialAction":[{"@type":"SearchAction","target":{"@type":"EntryPoint","urlTemplate":"https:\/\/gitesdewallonie.be\/nl\/?s={search_term_string}"},"query-input":{"@type":"PropertyValueSpecification","valueRequired":true,"valueName":"search_term_string"}}],"inLanguage":"nl-NL"},{"@type":"Organization","@id":"https:\/\/gitesdewallonie.be\/nl\/#organization","name":"F\u00e9d\u00e9ration des G\u00eetes et Chambres d'h\u00f4tes de Wallonie","alternateName":"GDW","url":"https:\/\/gitesdewallonie.be\/nl\/","logo":{"@type":"ImageObject","inLanguage":"nl-NL","@id":"https:\/\/gitesdewallonie.be\/nl\/#\/schema\/logo\/image\/","url":"https:\/\/gitesdewallonie.be\/wp-content\/uploads\/2024\/08\/logo-gdw.svg","contentUrl":"https:\/\/gitesdewallonie.be\/wp-content\/uploads\/2024\/08\/logo-gdw.svg","caption":"F\u00e9d\u00e9ration des G\u00eetes et Chambres d'h\u00f4tes de Wallonie"},"image":{"@id":"https:\/\/gitesdewallonie.be\/nl\/#\/schema\/logo\/image\/"},"sameAs":["https:\/\/www.facebook.com\/GitesdeWallonie","https:\/\/www.instagram.com\/gitesdewallonie.be\/"]}]}},"_links":{"self":[{"href":"https:\/\/gitesdewallonie.be\/nl\/wp-json\/wp\/v2\/lodging\/112256","targetHints":{"allow":["GET"]}}],"collection":[{"href":"https:\/\/gitesdewallonie.be\/nl\/wp-json\/wp\/v2\/lodging"}],"about":[{"href":"https:\/\/gitesdewallonie.be\/nl\/wp-json\/wp\/v2\/types\/lodging"}],"wp:attachment":[{"href":"https:\/\/gitesdewallonie.be\/nl\/wp-json\/wp\/v2\/media?parent=112256"}],"wp:term":[{"taxonomy":"lodging_type","embeddable":true,"href":"https:\/\/gitesdewallonie.be\/nl\/wp-json\/wp\/v2\/lodging_type?post=112256"},{"taxonomy":"lodging_official_category","embeddable":true,"href":"https:\/\/gitesdewallonie.be\/nl\/wp-json\/wp\/v2\/lodging_official_category?post=112256"},{"taxonomy":"lodging_subtype","embeddable":true,"href":"https:\/\/gitesdewallonie.be\/nl\/wp-json\/wp\/v2\/lodging_subtype?post=112256"},{"taxonomy":"lodging_situation","embeddable":true,"href":"https:\/\/gitesdewallonie.be\/nl\/wp-json\/wp\/v2\/lodging_situation?post=112256"},{"taxonomy":"lodging_layout","embeddable":true,"href":"https:\/\/gitesdewallonie.be\/nl\/wp-json\/wp\/v2\/lodging_layout?post=112256"},{"taxonomy":"lodging_bedding","embeddable":true,"href":"https:\/\/gitesdewallonie.be\/nl\/wp-json\/wp\/v2\/lodging_bedding?post=112256"},{"taxonomy":"lodging_additional_rate_type","embeddable":true,"href":"https:\/\/gitesdewallonie.be\/nl\/wp-json\/wp\/v2\/lodging_additional_rate_type?post=112256"},{"taxonomy":"lodging_external_equipment","embeddable":true,"href":"https:\/\/gitesdewallonie.be\/nl\/wp-json\/wp\/v2\/lodging_external_equipment?post=112256"},{"taxonomy":"lodging_household_appliances","embeddable":true,"href":"https:\/\/gitesdewallonie.be\/nl\/wp-json\/wp\/v2\/lodging_household_appliances?post=112256"},{"taxonomy":"lodging_interior_equipment","embeddable":true,"href":"https:\/\/gitesdewallonie.be\/nl\/wp-json\/wp\/v2\/lodging_interior_equipment?post=112256"},{"taxonomy":"lodging_sport_and_leisure","embeddable":true,"href":"https:\/\/gitesdewallonie.be\/nl\/wp-json\/wp\/v2\/lodging_sport_and_leisure?post=112256"},{"taxonomy":"lodging_type_of_stay","embeddable":true,"href":"https:\/\/gitesdewallonie.be\/nl\/wp-json\/wp\/v2\/lodging_type_of_stay?post=112256"},{"taxonomy":"lodging_adapted_to","embeddable":true,"href":"https:\/\/gitesdewallonie.be\/nl\/wp-json\/wp\/v2\/lodging_adapted_to?post=112256"},{"taxonomy":"lodging_wellness","embeddable":true,"href":"https:\/\/gitesdewallonie.be\/nl\/wp-json\/wp\/v2\/lodging_wellness?post=112256"},{"taxonomy":"lodging_baby","embeddable":true,"href":"https:\/\/gitesdewallonie.be\/nl\/wp-json\/wp\/v2\/lodging_baby?post=112256"},{"taxonomy":"lodging_business_mice","embeddable":true,"href":"https:\/\/gitesdewallonie.be\/nl\/wp-json\/wp\/v2\/lodging_business_mice?post=112256"},{"taxonomy":"lodging_accessibility","embeddable":true,"href":"https:\/\/gitesdewallonie.be\/nl\/wp-json\/wp\/v2\/lodging_accessibility?post=112256"},{"taxonomy":"lodging_nearby","embeddable":true,"href":"https:\/\/gitesdewallonie.be\/nl\/wp-json\/wp\/v2\/lodging_nearby?post=112256"},{"taxonomy":"lodging_car_motorcycle_bike","embeddable":true,"href":"https:\/\/gitesdewallonie.be\/nl\/wp-json\/wp\/v2\/lodging_car_motorcycle_bike?post=112256"},{"taxonomy":"lodging_room_type","embeddable":true,"href":"https:\/\/gitesdewallonie.be\/nl\/wp-json\/wp\/v2\/lodging_room_type?post=112256"},{"taxonomy":"lodging_thematic","embeddable":true,"href":"https:\/\/gitesdewallonie.be\/nl\/wp-json\/wp\/v2\/lodging_thematic?post=112256"},{"taxonomy":"lodging_status","embeddable":true,"href":"https:\/\/gitesdewallonie.be\/nl\/wp-json\/wp\/v2\/lodging_status?post=112256"},{"taxonomy":"lodging_other_informations","embeddable":true,"href":"https:\/\/gitesdewallonie.be\/nl\/wp-json\/wp\/v2\/lodging_other_informations?post=112256"}],"curies":[{"name":"wp","href":"https:\/\/api.w.org\/{rel}","templated":true}]}}