{"id":112406,"date":"2024-08-27T09:11:35","date_gmt":"2024-08-27T07:11:35","guid":{"rendered":"https:\/\/gitesdewallonie.be\/hebergements\/%type%\/%region%\/eco-aubel-rando-le-val-dieu\/"},"modified":"2024-08-27T09:11:35","modified_gmt":"2024-08-27T07:11:35","slug":"eco-aubel-rando-le-val-dieu","status":"publish","type":"lodging","link":"https:\/\/gitesdewallonie.be\/nl\/een-vakantiehuis-vinden\/vakantiewoning\/aubel\/eco-aubel-rando-le-val-dieu\/","title":{"rendered":"\u00c9co Aubel Rando : Le Val-Dieu"},"content":{"rendered":"","protected":false},"template":"","meta":{"lodging_type":"gite","lodging_UID":"949b3b83a41646219038e3b78f9eb7f6","lodging_pk":"2482","lodging_description_fr":"<p>Loft pour 2 personnes de 85 m\u00b2 accessible pour accueillir des personnes \u00e0 mobilit\u00e9 r\u00e9duite accompagn\u00e9e (r\u00e9servation minimum 2 nuits ). \u00c9co g\u00eete labellis\u00e9 cl\u00e9 verte, pour un tourisme durable.<\/p><p>Il est \u00e9quip\u00e9 d'une grande cuisine bar, une salle de bain avec douche espagnole, un grand salon, un dressing, une tv grand \u00e9cran, un garage pour les v\u00e9los & motos et un grand parking priv\u00e9, d'une petite terrasse avec meuble de jardin, le tout de plain pied. \r\nBienvenue motard: tous les dimanche par beaux temps : une balade est organis\u00e9e, nos h\u00f4tes \u00e0 moto sont invit\u00e9s \u00e0 nous accompagner en Ardenne, Eifel Allemagne, Luxembourg, d\u00e9part 9 h, repas sympas a midi, retour 16 h.<\/p>","lodging_description_nl":"<p>Loft voor 2 personen van 80 m\u00b2 toegankelijk voor mensen met beperkte mobiliteit. (Minimum 2 nachten reserveren). Ecog\u00eete met \"cl\u00e9 verte\"-label voor duurzaam toerisme.<\/p><p>De loft is uitgerust met een grote keukenbar, een badkamer met Spaanse douche, een grote woonkamer, een kleedkamer, een grote tv, een garage voor fietsen en motorfietsen en een grote priv\u00e9parkeerplaats. Een klein terras met tuinmeubelen, alles op \u00e9\u00e9n niveau.\r\nWelkom motorrijder: elke zondag bij mooi weer: er wordt een ritje georganiseerd, onze motorgasten worden uitgenodigd om ons te vergezellen naar de Ardennen, de Eifel in Duitsland, Luxemburg, vertrek 9.00 uur, lekkere maaltijd om 12.00 uur, terugkomst 16.00 uur.<\/p>","lodging_description_en":"<p>This 85 m\u00b2 loft for 2 people is also accessible for people with accompanied reduced mobility (minimum reservation 2 nights). This ecological lodging was awarded with the Cl\u00e9 Verte label (green key)  for sustainable tourism.<\/p><p>It is equipped with a large kitchen bar, a bathroom with a bath-shower, a large living room, a dressing room, a large screen TV, a garage for bicycles and motorcycles and large private parking, a small terrace with garden furniture, all on one level.\r\nBikers are welcome: Every Sunday in good weather, a ride is organized. Our motorbike guests are invited to accompany us in the Ardennes, Eifel Germany, Luxembourg - departure at 9 am, nice meal at noon, with a return leg at 4 pm.<\/p>","lodging_email":"aubel.rando@gmail.com","lodging_website":"http:\/\/www.aubelrando.be","lodging_lat":"50.698931296","lodging_lng":"5.84660947323","lodging_locality":"Aubel","lodging_commune":"Aubel (4880)","lodging_owner":"24467ee5474f47ebbbbcd584522ebab0","lodging_zip_code":"4880","lodging_street":"Rue des Bocages","lodging_number":"30","lodging_ranking":"3","lodging_accessi_url":"","lodging_gallery":"","lodging_elloha_product_id":"3dc1d0a2-5976-40af-9db9-5d66bf63bee4","lodging_elloha_offer_id":"e61eb118-f882-4f5b-ae0d-9c22018f161e","lodging_elloha_id":"","lodging_elloha_price_from":"50","lodging_experience_title_fr":"","lodging_experience_title_nl":"","lodging_experience_title_en":"","lodging_experience_content_fr":"","lodging_experience_content_nl":"","lodging_experience_content_en":"","lodging_expert_content_fr":"","lodging_expert_content_nl":"","lodging_expert_content_en":"","lodging_expert_id":"","lodging_testimonials_tripadvisor":"","lodging_testimonials_google":"","lodging_testimonials_booking":"","lodging_real_min_capacity":"","lodging_max_capacity":"2","lodging_min_capacity":"2","lodging_min_night":"","lodging_number_of_bathrooms":"1","lodging_number_of_bedrooms":"1","lodging_number_of_levels":"1","lodging_smoking_accommodation":"non","lodging_surface_area":"85","lodging_animals_accepted":"0","lodging_peb_class":"","lodging_peb_code":"","lodging_peb_primary":"","lodging_peb_total":"","lodging_nearby_distance":"[{\"distance\":\"0.7\",\"type_of_activity\":\"ravel\"}]","lodging_room_description":"{\"salle-de-bain\":1,\"toilette\":1,\"cuisine\":1,\"salon\":1,\"chambres\":1}","lodging_other_informations":"{\"heure-darrivee\":{\"fr\":\"Flexible de 16h00 \u00e0 21h00. En dehors de ces heures sur demande par tel.\",\"nl\":\"Flexibel van 16.00 tot 21.00 uur. Buiten deze uren op verzoek per telefoon.\",\"en\":\"Flexible from 4:00 pm to 9:00 pm. Outside of these hours, by request via phone.\"},\"a-payer-sur-place\":{\"fr\":\"A votre arriv\u00e9e en liquide \\\\n1\\\/ Une caution 150\u20ac  *\\\\n2\\\/ Une taxe de s\u00e9jour communale de 2\u20ac par nuit et par personne\\\\n* la caution en liquide sera mise sous enveloppe et restitu\u00e9e \u00e0 votre d\u00e9part apr\u00e8s un \u00e9tat des lieux (sous r\u00e9serve de d\u00e9g\u00e2ts). \\\\n\\\\n \",\"nl\":\"Bij uw aankomst contant\\\\n1\\\/ Een borg van \u20ac150\\\\n2\\\/ Een gemeentelijke verblijfsbelasting van \u20ac2 per nacht per persoon\\\\n* De contante borg zal in een envelop worden gedaan en bij uw vertrek worden teruggegeven na een inspectie van de accommodatie (onder voorbehoud van schade).\",\"en\":\"Upon your arrival in cash\\\\n1\\\/ A security deposit of 150\u20ac\\\\n2\\\/ A municipal tourist tax of 2\u20ac per night per person\\\\n* the security deposit in cash will be placed in an envelope and returned to you upon your departure after an inventory (subject to damages).\"}}","lodging_charge":"","lodging_charge_amount":"","lodging_code_cgt":"MVLG7783","lodging_bedding":"[{\"roomtype\":\"chambre\",\"bedding\":[\"1-lit-double-ou-2-lits-simples\"]}]","lodging_lodgings_relation":"","lodging_hosting_advantages":"[\"logement-de-plain-pied\",\"local-a-velo\",\"garage-moto\",\"terrasse\",\"parking-prive\"]","lodging_3dvue":"","lodging_video":"","lodging_streetview":"","lodging_percent":"{\"peb\":0,\"other_informations\":100,\"localisation\":100,\"rates\":{\"2027\":0,\"2028\":0},\"general\":100,\"equipments\":100,\"medias\":100,\"total\":63}","lodging_mentions":"[]"},"lodging_type":[33],"lodging_official_category":[4604],"lodging_subtype":[],"lodging_situation":[8909,8912,9103,9008],"lodging_layout":[420],"lodging_bedding":[],"lodging_additional_rate_type":[],"lodging_external_equipment":[8893,9115,8894,9056,8898],"lodging_household_appliances":[9080,9081,9146,9001,8882,9020,8883,9002,8884,8885,8887,8888,9003,9156,8889,8891,8892],"lodging_interior_equipment":[9000,8879,8880,8881],"lodging_sport_and_leisure":[],"lodging_type_of_stay":[9021,9098,9023],"lodging_adapted_to":[],"lodging_wellness":[],"lodging_baby":[],"lodging_business_mice":[],"lodging_accessibility":[9150],"lodging_nearby":[],"lodging_car_motorcycle_bike":[9006,9127,8907,8908],"lodging_room_type":[],"lodging_thematic":[27,28,30,32],"lodging_status":[167],"lodging_other_informations":[],"class_list":["post-112406","lodging","type-lodging","status-publish","hentry","lodging_type-gite","lodging_official_category-hollidaygite","lodging_situation-a-la-campagne","lodging_situation-au-bord-des-champs","lodging_situation-dans-un-village","lodging_situation-le-long-dune-route","lodging_layout-hebergement-mitoyen","lodging_external_equipment-barbecue","lodging_external_equipment-borne-de-recharge-pour-velo-electrique","lodging_external_equipment-borne-de-recharge-pour-voiture-electrique","lodging_external_equipment-cour","lodging_external_equipment-terrasse","lodging_household_appliances-appareil-a-fondue","lodging_household_appliances-appareil-a-pierrade","lodging_household_appliances-appareil-a-raclette","lodging_household_appliances-aspirateur","lodging_household_appliances-bouilloire-electrique","lodging_household_appliances-cafetiere","lodging_household_appliances-congelateur","lodging_household_appliances-fer-et-table-a-repasser","lodging_household_appliances-four","lodging_household_appliances-grille-pain","lodging_household_appliances-lave-vaisselle","lodging_household_appliances-machine-a-cafe","lodging_household_appliances-micro-ondes","lodging_household_appliances-minibar","lodging_household_appliances-mixeur","lodging_household_appliances-refrigerateur","lodging_household_appliances-seche-linge","lodging_interior_equipment-radio","lodging_interior_equipment-seche-cheveux","lodging_interior_equipment-television","lodging_interior_equipment-wi-fi","lodging_type_of_stay-a-velo","lodging_type_of_stay-animaux-admis","lodging_type_of_stay-en-couple","lodging_accessibility-logement-de-plain-pied","lodging_car_motorcycle_bike-garage","lodging_car_motorcycle_bike-garage-moto","lodging_car_motorcycle_bike-local-a-velo","lodging_car_motorcycle_bike-parking-prive","lodging_thematic-bienvenue-velo","lodging_thematic-green-key","lodging_thematic-lgbti-friendly","lodging_thematic-wallonie-destination-qualite","lodging_status-published"],"yoast_head":"<!-- This site is optimized with the Yoast SEO Premium plugin v26.7 (Yoast SEO v26.7) - https:\/\/yoast.com\/wordpress\/plugins\/seo\/ -->\n<title>\u00c9co Aubel Rando : Le Val-Dieu - gitesdewallonie.be<\/title>\n<meta name=\"robots\" content=\"index, follow, max-snippet:-1, max-image-preview:large, max-video-preview:-1\" \/>\n<link rel=\"canonical\" href=\"https:\/\/gitesdewallonie.be\/nl\/een-vakantiehuis-vinden\/vakantiewoning\/aubel\/eco-aubel-rando-le-val-dieu\/\" \/>\n<meta property=\"og:locale\" content=\"nl_NL\" \/>\n<meta property=\"og:type\" content=\"article\" \/>\n<meta property=\"og:title\" content=\"\u00c9co Aubel Rando : Le Val-Dieu\" \/>\n<meta property=\"og:url\" content=\"https:\/\/gitesdewallonie.be\/nl\/een-vakantiehuis-vinden\/vakantiewoning\/aubel\/eco-aubel-rando-le-val-dieu\/\" \/>\n<meta property=\"og:site_name\" content=\"gitesdewallonie.be\" \/>\n<meta property=\"article:publisher\" content=\"https:\/\/www.facebook.com\/GitesdeWallonie\" \/>\n<meta name=\"twitter:card\" content=\"summary_large_image\" \/>\n<script type=\"application\/ld+json\" class=\"yoast-schema-graph\">{\"@context\":\"https:\/\/schema.org\",\"@graph\":[{\"@type\":\"WebPage\",\"@id\":\"https:\/\/gitesdewallonie.be\/nl\/een-vakantiehuis-vinden\/vakantiewoning\/aubel\/eco-aubel-rando-le-val-dieu\/\",\"url\":\"https:\/\/gitesdewallonie.be\/nl\/een-vakantiehuis-vinden\/vakantiewoning\/aubel\/eco-aubel-rando-le-val-dieu\/\",\"name\":\"\u00c9co Aubel Rando : Le Val-Dieu - gitesdewallonie.be\",\"isPartOf\":{\"@id\":\"https:\/\/gitesdewallonie.be\/nl\/#website\"},\"datePublished\":\"2024-08-27T07:11:35+00:00\",\"breadcrumb\":{\"@id\":\"https:\/\/gitesdewallonie.be\/nl\/een-vakantiehuis-vinden\/vakantiewoning\/aubel\/eco-aubel-rando-le-val-dieu\/#breadcrumb\"},\"inLanguage\":\"nl-NL\",\"potentialAction\":[{\"@type\":\"ReadAction\",\"target\":[\"https:\/\/gitesdewallonie.be\/nl\/een-vakantiehuis-vinden\/vakantiewoning\/aubel\/eco-aubel-rando-le-val-dieu\/\"]}]},{\"@type\":\"BreadcrumbList\",\"@id\":\"https:\/\/gitesdewallonie.be\/nl\/een-vakantiehuis-vinden\/vakantiewoning\/aubel\/eco-aubel-rando-le-val-dieu\/#breadcrumb\",\"itemListElement\":[{\"@type\":\"ListItem\",\"position\":1,\"name\":\"Accueil\",\"item\":\"https:\/\/gitesdewallonie.be\/nl\/\"},{\"@type\":\"ListItem\",\"position\":2,\"name\":\"H\u00e9bergements\",\"item\":\"https:\/\/gitesdewallonie.be\/nl\/hebergements\/%type%\/%region%\/\"},{\"@type\":\"ListItem\",\"position\":3,\"name\":\"\u00c9co Aubel Rando : Le Val-Dieu\"}]},{\"@type\":\"WebSite\",\"@id\":\"https:\/\/gitesdewallonie.be\/nl\/#website\",\"url\":\"https:\/\/gitesdewallonie.be\/nl\/\",\"name\":\"F\u00e9d\u00e9ration des G\u00eetes et Chambres d'h\u00f4tes de Wallonie\",\"description\":\"\",\"publisher\":{\"@id\":\"https:\/\/gitesdewallonie.be\/nl\/#organization\"},\"potentialAction\":[{\"@type\":\"SearchAction\",\"target\":{\"@type\":\"EntryPoint\",\"urlTemplate\":\"https:\/\/gitesdewallonie.be\/nl\/?s={search_term_string}\"},\"query-input\":{\"@type\":\"PropertyValueSpecification\",\"valueRequired\":true,\"valueName\":\"search_term_string\"}}],\"inLanguage\":\"nl-NL\"},{\"@type\":\"Organization\",\"@id\":\"https:\/\/gitesdewallonie.be\/nl\/#organization\",\"name\":\"F\u00e9d\u00e9ration des G\u00eetes et Chambres d'h\u00f4tes de Wallonie\",\"alternateName\":\"GDW\",\"url\":\"https:\/\/gitesdewallonie.be\/nl\/\",\"logo\":{\"@type\":\"ImageObject\",\"inLanguage\":\"nl-NL\",\"@id\":\"https:\/\/gitesdewallonie.be\/nl\/#\/schema\/logo\/image\/\",\"url\":\"https:\/\/gitesdewallonie.be\/wp-content\/uploads\/2024\/08\/logo-gdw.svg\",\"contentUrl\":\"https:\/\/gitesdewallonie.be\/wp-content\/uploads\/2024\/08\/logo-gdw.svg\",\"caption\":\"F\u00e9d\u00e9ration des G\u00eetes et Chambres d'h\u00f4tes de Wallonie\"},\"image\":{\"@id\":\"https:\/\/gitesdewallonie.be\/nl\/#\/schema\/logo\/image\/\"},\"sameAs\":[\"https:\/\/www.facebook.com\/GitesdeWallonie\",\"https:\/\/www.instagram.com\/gitesdewallonie.be\/\"]}]}<\/script>\n<!-- \/ Yoast SEO Premium plugin. -->","yoast_head_json":{"title":"\u00c9co Aubel Rando : Le Val-Dieu - gitesdewallonie.be","robots":{"index":"index","follow":"follow","max-snippet":"max-snippet:-1","max-image-preview":"max-image-preview:large","max-video-preview":"max-video-preview:-1"},"canonical":"https:\/\/gitesdewallonie.be\/nl\/een-vakantiehuis-vinden\/vakantiewoning\/aubel\/eco-aubel-rando-le-val-dieu\/","og_locale":"nl_NL","og_type":"article","og_title":"\u00c9co Aubel Rando : Le Val-Dieu","og_url":"https:\/\/gitesdewallonie.be\/nl\/een-vakantiehuis-vinden\/vakantiewoning\/aubel\/eco-aubel-rando-le-val-dieu\/","og_site_name":"gitesdewallonie.be","article_publisher":"https:\/\/www.facebook.com\/GitesdeWallonie","twitter_card":"summary_large_image","schema":{"@context":"https:\/\/schema.org","@graph":[{"@type":"WebPage","@id":"https:\/\/gitesdewallonie.be\/nl\/een-vakantiehuis-vinden\/vakantiewoning\/aubel\/eco-aubel-rando-le-val-dieu\/","url":"https:\/\/gitesdewallonie.be\/nl\/een-vakantiehuis-vinden\/vakantiewoning\/aubel\/eco-aubel-rando-le-val-dieu\/","name":"\u00c9co Aubel Rando : Le Val-Dieu - gitesdewallonie.be","isPartOf":{"@id":"https:\/\/gitesdewallonie.be\/nl\/#website"},"datePublished":"2024-08-27T07:11:35+00:00","breadcrumb":{"@id":"https:\/\/gitesdewallonie.be\/nl\/een-vakantiehuis-vinden\/vakantiewoning\/aubel\/eco-aubel-rando-le-val-dieu\/#breadcrumb"},"inLanguage":"nl-NL","potentialAction":[{"@type":"ReadAction","target":["https:\/\/gitesdewallonie.be\/nl\/een-vakantiehuis-vinden\/vakantiewoning\/aubel\/eco-aubel-rando-le-val-dieu\/"]}]},{"@type":"BreadcrumbList","@id":"https:\/\/gitesdewallonie.be\/nl\/een-vakantiehuis-vinden\/vakantiewoning\/aubel\/eco-aubel-rando-le-val-dieu\/#breadcrumb","itemListElement":[{"@type":"ListItem","position":1,"name":"Accueil","item":"https:\/\/gitesdewallonie.be\/nl\/"},{"@type":"ListItem","position":2,"name":"H\u00e9bergements","item":"https:\/\/gitesdewallonie.be\/nl\/hebergements\/%type%\/%region%\/"},{"@type":"ListItem","position":3,"name":"\u00c9co Aubel Rando : Le Val-Dieu"}]},{"@type":"WebSite","@id":"https:\/\/gitesdewallonie.be\/nl\/#website","url":"https:\/\/gitesdewallonie.be\/nl\/","name":"F\u00e9d\u00e9ration des G\u00eetes et Chambres d'h\u00f4tes de Wallonie","description":"","publisher":{"@id":"https:\/\/gitesdewallonie.be\/nl\/#organization"},"potentialAction":[{"@type":"SearchAction","target":{"@type":"EntryPoint","urlTemplate":"https:\/\/gitesdewallonie.be\/nl\/?s={search_term_string}"},"query-input":{"@type":"PropertyValueSpecification","valueRequired":true,"valueName":"search_term_string"}}],"inLanguage":"nl-NL"},{"@type":"Organization","@id":"https:\/\/gitesdewallonie.be\/nl\/#organization","name":"F\u00e9d\u00e9ration des G\u00eetes et Chambres d'h\u00f4tes de Wallonie","alternateName":"GDW","url":"https:\/\/gitesdewallonie.be\/nl\/","logo":{"@type":"ImageObject","inLanguage":"nl-NL","@id":"https:\/\/gitesdewallonie.be\/nl\/#\/schema\/logo\/image\/","url":"https:\/\/gitesdewallonie.be\/wp-content\/uploads\/2024\/08\/logo-gdw.svg","contentUrl":"https:\/\/gitesdewallonie.be\/wp-content\/uploads\/2024\/08\/logo-gdw.svg","caption":"F\u00e9d\u00e9ration des G\u00eetes et Chambres d'h\u00f4tes de Wallonie"},"image":{"@id":"https:\/\/gitesdewallonie.be\/nl\/#\/schema\/logo\/image\/"},"sameAs":["https:\/\/www.facebook.com\/GitesdeWallonie","https:\/\/www.instagram.com\/gitesdewallonie.be\/"]}]}},"_links":{"self":[{"href":"https:\/\/gitesdewallonie.be\/nl\/wp-json\/wp\/v2\/lodging\/112406","targetHints":{"allow":["GET"]}}],"collection":[{"href":"https:\/\/gitesdewallonie.be\/nl\/wp-json\/wp\/v2\/lodging"}],"about":[{"href":"https:\/\/gitesdewallonie.be\/nl\/wp-json\/wp\/v2\/types\/lodging"}],"wp:attachment":[{"href":"https:\/\/gitesdewallonie.be\/nl\/wp-json\/wp\/v2\/media?parent=112406"}],"wp:term":[{"taxonomy":"lodging_type","embeddable":true,"href":"https:\/\/gitesdewallonie.be\/nl\/wp-json\/wp\/v2\/lodging_type?post=112406"},{"taxonomy":"lodging_official_category","embeddable":true,"href":"https:\/\/gitesdewallonie.be\/nl\/wp-json\/wp\/v2\/lodging_official_category?post=112406"},{"taxonomy":"lodging_subtype","embeddable":true,"href":"https:\/\/gitesdewallonie.be\/nl\/wp-json\/wp\/v2\/lodging_subtype?post=112406"},{"taxonomy":"lodging_situation","embeddable":true,"href":"https:\/\/gitesdewallonie.be\/nl\/wp-json\/wp\/v2\/lodging_situation?post=112406"},{"taxonomy":"lodging_layout","embeddable":true,"href":"https:\/\/gitesdewallonie.be\/nl\/wp-json\/wp\/v2\/lodging_layout?post=112406"},{"taxonomy":"lodging_bedding","embeddable":true,"href":"https:\/\/gitesdewallonie.be\/nl\/wp-json\/wp\/v2\/lodging_bedding?post=112406"},{"taxonomy":"lodging_additional_rate_type","embeddable":true,"href":"https:\/\/gitesdewallonie.be\/nl\/wp-json\/wp\/v2\/lodging_additional_rate_type?post=112406"},{"taxonomy":"lodging_external_equipment","embeddable":true,"href":"https:\/\/gitesdewallonie.be\/nl\/wp-json\/wp\/v2\/lodging_external_equipment?post=112406"},{"taxonomy":"lodging_household_appliances","embeddable":true,"href":"https:\/\/gitesdewallonie.be\/nl\/wp-json\/wp\/v2\/lodging_household_appliances?post=112406"},{"taxonomy":"lodging_interior_equipment","embeddable":true,"href":"https:\/\/gitesdewallonie.be\/nl\/wp-json\/wp\/v2\/lodging_interior_equipment?post=112406"},{"taxonomy":"lodging_sport_and_leisure","embeddable":true,"href":"https:\/\/gitesdewallonie.be\/nl\/wp-json\/wp\/v2\/lodging_sport_and_leisure?post=112406"},{"taxonomy":"lodging_type_of_stay","embeddable":true,"href":"https:\/\/gitesdewallonie.be\/nl\/wp-json\/wp\/v2\/lodging_type_of_stay?post=112406"},{"taxonomy":"lodging_adapted_to","embeddable":true,"href":"https:\/\/gitesdewallonie.be\/nl\/wp-json\/wp\/v2\/lodging_adapted_to?post=112406"},{"taxonomy":"lodging_wellness","embeddable":true,"href":"https:\/\/gitesdewallonie.be\/nl\/wp-json\/wp\/v2\/lodging_wellness?post=112406"},{"taxonomy":"lodging_baby","embeddable":true,"href":"https:\/\/gitesdewallonie.be\/nl\/wp-json\/wp\/v2\/lodging_baby?post=112406"},{"taxonomy":"lodging_business_mice","embeddable":true,"href":"https:\/\/gitesdewallonie.be\/nl\/wp-json\/wp\/v2\/lodging_business_mice?post=112406"},{"taxonomy":"lodging_accessibility","embeddable":true,"href":"https:\/\/gitesdewallonie.be\/nl\/wp-json\/wp\/v2\/lodging_accessibility?post=112406"},{"taxonomy":"lodging_nearby","embeddable":true,"href":"https:\/\/gitesdewallonie.be\/nl\/wp-json\/wp\/v2\/lodging_nearby?post=112406"},{"taxonomy":"lodging_car_motorcycle_bike","embeddable":true,"href":"https:\/\/gitesdewallonie.be\/nl\/wp-json\/wp\/v2\/lodging_car_motorcycle_bike?post=112406"},{"taxonomy":"lodging_room_type","embeddable":true,"href":"https:\/\/gitesdewallonie.be\/nl\/wp-json\/wp\/v2\/lodging_room_type?post=112406"},{"taxonomy":"lodging_thematic","embeddable":true,"href":"https:\/\/gitesdewallonie.be\/nl\/wp-json\/wp\/v2\/lodging_thematic?post=112406"},{"taxonomy":"lodging_status","embeddable":true,"href":"https:\/\/gitesdewallonie.be\/nl\/wp-json\/wp\/v2\/lodging_status?post=112406"},{"taxonomy":"lodging_other_informations","embeddable":true,"href":"https:\/\/gitesdewallonie.be\/nl\/wp-json\/wp\/v2\/lodging_other_informations?post=112406"}],"curies":[{"name":"wp","href":"https:\/\/api.w.org\/{rel}","templated":true}]}}