{"id":112944,"date":"2024-08-27T09:13:48","date_gmt":"2024-08-27T07:13:48","guid":{"rendered":"https:\/\/gitesdewallonie.be\/hebergements\/%type%\/%region%\/la-bushaye-le-grenier\/"},"modified":"2024-08-27T09:13:48","modified_gmt":"2024-08-27T07:13:48","slug":"la-bushaye-le-grenier","status":"publish","type":"lodging","link":"https:\/\/gitesdewallonie.be\/nl\/een-vakantiehuis-vinden\/vakantiehuisje-op-het-platteland\/aubel\/la-bushaye-le-grenier\/","title":{"rendered":"La Bushaye : Le Grenier"},"content":{"rendered":"","protected":false},"template":"","meta":{"lodging_type":"gite","lodging_UID":"52b9fb914b0c4f248a078da8c1811ebe","lodging_pk":"3381","lodging_description_fr":"<p>Situ\u00e9e au c\u0153ur du Pays de Herve, \u00e0 deux pas de l\u2019Abbaye du Val-Dieu \u00e0 Aubel, La Bushaye vous accueille pour vos s\u00e9jours en famille ou entres amis.<\/p><p>L\u2019\u00e9tablissement se compose de deux g\u00eetes grande capacit\u00e9 am\u00e9nag\u00e9s dans une ancienne ferme en pierre du pays, typique de la r\u00e9gion. Entour\u00e9e de prairies et profitant d\u2019une vue exceptionnelle sur la campagne, La Bushaye est l\u2019endroit id\u00e9al pour se ressourcer au calme tout en \u00e9tant proche de divers points d\u2019int\u00e9r\u00eat et commodit\u00e9s. Le Grenier est un g\u00eete de 14 personnes situ\u00e9 au 1er et 2e \u00e9tage du b\u00e2timent. Il se compose de 6 chambres (5x2p + 1x4p) et 5 SDB. Son grand s\u00e9jour avec cuisine ouverte donne acc\u00e8s \u00e0 une terrasse permettant de prendre l\u2019ap\u00e9ritif et le repas tout en profitant d\u2019un point de vue exceptionnel sur la campagne. A l'ext\u00e9rieur, la cour et la plaine de jeux communes raviront petits et grands.<\/p>","lodging_description_nl":"Gelegen in het hart van het Land van Herve, vlakbij de Abdij van Val-Dieu in Aubel, verwelkomt La Bushaye u voor uw verblijf met familie of vrienden. De accommodatie bestaat uit twee grote vakantiehuizen, ingericht in een oude stenen boerderij, typerend voor de regio. Omringd door weilanden en met een uitzonderlijk uitzicht op het platteland, is La Bushaye de ideale plek om tot rust te komen terwijl u toch dicht bij verschillende bezienswaardigheden en voorzieningen bent. De Grenier is een vakantiehuis voor 14 personen, gelegen op de 1e en 2e verdieping van het gebouw. Het bestaat uit 6 slaapkamers (5x2p + 1x4p) en 5 badkamers. De ruime woonkamer met open keuken geeft toegang tot een terras waar u kunt genieten van een aperitief en maaltijd met een uitzonderlijk uitzicht op het platteland. Buiten zullen de binnenplaats en de gemeenschappelijke speeltuin zowel jong en oud bekoren.","lodging_description_en":"Located in the heart of the Pays de Herve, just a stone's throw from the Val-Dieu Abbey in Aubel, La Bushaye welcomes you for your family or friends stays.\n\nThe establishment consists of two large capacity cottages arranged in a former stone farmhouse typical of the region. Surrounded by meadows and enjoying an exceptional view of the countryside, La Bushaye is the ideal place to relax in peace while being close to various points of interest and amenities. Le Grenier is a cottage for 14 people located on the 1st and 2nd floor of the building. It consists of 6 bedrooms (5x2p + 1x4p) and 5 bathrooms. Its large living room with open kitchen gives access to a terrace where you can have an aperitif and meal while enjoying an exceptional view of the countryside. Outside, the courtyard and the common playground will delight both children and adults.","lodging_email":"info@bushaye.com","lodging_website":"https:\/\/bushaye.com\/le-grenier\/","lodging_lat":"50.6960345844","lodging_lng":"5.81120967865","lodging_locality":"Saint-Jean-Sart","lodging_commune":"Aubel","lodging_owner":"8012db24532b4f028a8b48e29585e5db","lodging_zip_code":"4880","lodging_street":"Rue Bushaye","lodging_number":"294","lodging_ranking":"3","lodging_accessi_url":"","lodging_gallery":"","lodging_elloha_product_id":"e995cd9b-6264-4203-b2f8-652779d1a168","lodging_elloha_offer_id":"d4936102-31d1-4871-a6ae-d9687a1f2f4f","lodging_elloha_id":"","lodging_elloha_price_from":"234","lodging_experience_title_fr":"","lodging_experience_title_nl":"","lodging_experience_title_en":"","lodging_experience_content_fr":"","lodging_experience_content_nl":"","lodging_experience_content_en":"","lodging_expert_content_fr":"","lodging_expert_content_nl":"","lodging_expert_content_en":"","lodging_expert_id":"","lodging_testimonials_tripadvisor":"","lodging_testimonials_google":"","lodging_testimonials_booking":"","lodging_real_min_capacity":"","lodging_max_capacity":"14","lodging_min_capacity":"14","lodging_min_night":"","lodging_number_of_bathrooms":"5","lodging_number_of_bedrooms":"6","lodging_number_of_levels":"2","lodging_smoking_accommodation":"non","lodging_surface_area":"303","lodging_animals_accepted":"0","lodging_peb_class":"B","lodging_peb_code":"20190513010741","lodging_peb_primary":"170","lodging_peb_total":"51468","lodging_nearby_distance":"[{\"type_of_activity\":\"boulangerie\",\"distance\":3},{\"type_of_activity\":\"bureau-de-poste\",\"distance\":3},{\"type_of_activity\":\"magasins\",\"distance\":3},{\"type_of_activity\":\"marche\",\"distance\":3},{\"type_of_activity\":\"office-du-tourisme\",\"distance\":3},{\"type_of_activity\":\"pharmacie\",\"distance\":3},{\"type_of_activity\":\"randonnee\",\"distance\":1},{\"type_of_activity\":\"ravel\",\"distance\":3},{\"type_of_activity\":\"restaurants\",\"distance\":3},{\"type_of_activity\":\"retrait-dargent\",\"distance\":3},{\"type_of_activity\":\"riviere\",\"distance\":1},{\"type_of_activity\":\"vtt\",\"distance\":1}]","lodging_room_description":"{\"salles-de-bain\":5,\"salon-salle-a-manger\":1,\"coin-cuisine\":1,\"toilette\":1}","lodging_other_informations":"","lodging_charge":"","lodging_charge_amount":"","lodging_code_cgt":"","lodging_bedding":"[{\"roomtype\":\"chambre\",\"bedding\":[\"1-lit-double\"]},{\"roomtype\":\"chambre\",\"bedding\":[\"2-lits-simples\"]},{\"roomtype\":\"chambre\",\"bedding\":[\"2-lits-simples\"]},{\"roomtype\":\"chambre\",\"bedding\":[\"1-lit-double\"]},{\"roomtype\":\"chambre\",\"bedding\":[\"2-lits-simples\",\"1-lit-double\"]},{\"roomtype\":\"chambre\",\"bedding\":[\"1-lit-double\"]}]","lodging_lodgings_relation":"","lodging_hosting_advantages":"","lodging_3dvue":"","lodging_video":"","lodging_streetview":"","lodging_percent":"{\"peb\":100,\"other_informations\":0,\"localisation\":100,\"rates\":100,\"general\":100,\"equipments\":100,\"medias\":100,\"total\":86}","lodging_mentions":""},"lodging_type":[33],"lodging_official_category":[4380],"lodging_subtype":[],"lodging_situation":[8909,8912],"lodging_layout":[420],"lodging_bedding":[],"lodging_additional_rate_type":[],"lodging_external_equipment":[8893,9056,9005,8898],"lodging_household_appliances":[9001,8882,9020,8883,9002,8884,8885,8887,8888,9003,8889,9004,8891],"lodging_interior_equipment":[8999,8877,8880,8881],"lodging_sport_and_leisure":[9160,9168,8901,9162],"lodging_type_of_stay":[9057,9107],"lodging_adapted_to":[],"lodging_wellness":[9083],"lodging_baby":[],"lodging_business_mice":[],"lodging_accessibility":[],"lodging_nearby":[],"lodging_car_motorcycle_bike":[8907,8908],"lodging_room_type":[],"lodging_thematic":[],"lodging_status":[167],"lodging_other_informations":[],"class_list":["post-112944","lodging","type-lodging","status-publish","hentry","lodging_type-gite","lodging_official_category-ruralgite","lodging_situation-a-la-campagne","lodging_situation-au-bord-des-champs","lodging_layout-hebergement-mitoyen","lodging_external_equipment-barbecue","lodging_external_equipment-cour","lodging_external_equipment-jardin-cloture","lodging_external_equipment-terrasse","lodging_household_appliances-aspirateur","lodging_household_appliances-bouilloire-electrique","lodging_household_appliances-cafetiere","lodging_household_appliances-congelateur","lodging_household_appliances-fer-et-table-a-repasser","lodging_household_appliances-four","lodging_household_appliances-grille-pain","lodging_household_appliances-lave-vaisselle","lodging_household_appliances-machine-a-cafe","lodging_household_appliances-micro-ondes","lodging_household_appliances-mixeur","lodging_household_appliances-plaque-de-cuisson-vitroceramique","lodging_household_appliances-refrigerateur","lodging_interior_equipment-lecteur-dvd","lodging_interior_equipment-penderie","lodging_interior_equipment-television","lodging_interior_equipment-wi-fi","lodging_sport_and_leisure-balancoire","lodging_sport_and_leisure-go-kart","lodging_sport_and_leisure-jeux-de-societe","lodging_sport_and_leisure-trampoline","lodging_type_of_stay-en-famille","lodging_type_of_stay-en-groupe","lodging_wellness-baignoire-balneo","lodging_car_motorcycle_bike-local-a-velo","lodging_car_motorcycle_bike-parking-prive","lodging_status-published"],"yoast_head":"<!-- This site is optimized with the Yoast SEO Premium plugin v26.7 (Yoast SEO v26.7) - https:\/\/yoast.com\/wordpress\/plugins\/seo\/ -->\n<title>La Bushaye : Le Grenier - gitesdewallonie.be<\/title>\n<meta name=\"robots\" content=\"index, follow, max-snippet:-1, max-image-preview:large, max-video-preview:-1\" \/>\n<link rel=\"canonical\" href=\"https:\/\/gitesdewallonie.be\/nl\/een-vakantiehuis-vinden\/vakantiehuisje-op-het-platteland\/aubel\/la-bushaye-le-grenier\/\" \/>\n<meta property=\"og:locale\" content=\"nl_NL\" \/>\n<meta property=\"og:type\" content=\"article\" \/>\n<meta property=\"og:title\" content=\"La Bushaye : Le Grenier\" \/>\n<meta property=\"og:url\" content=\"https:\/\/gitesdewallonie.be\/nl\/een-vakantiehuis-vinden\/vakantiehuisje-op-het-platteland\/aubel\/la-bushaye-le-grenier\/\" \/>\n<meta property=\"og:site_name\" content=\"gitesdewallonie.be\" \/>\n<meta property=\"article:publisher\" content=\"https:\/\/www.facebook.com\/GitesdeWallonie\" \/>\n<meta name=\"twitter:card\" content=\"summary_large_image\" \/>\n<script type=\"application\/ld+json\" class=\"yoast-schema-graph\">{\"@context\":\"https:\/\/schema.org\",\"@graph\":[{\"@type\":\"WebPage\",\"@id\":\"https:\/\/gitesdewallonie.be\/nl\/een-vakantiehuis-vinden\/vakantiehuisje-op-het-platteland\/aubel\/la-bushaye-le-grenier\/\",\"url\":\"https:\/\/gitesdewallonie.be\/nl\/een-vakantiehuis-vinden\/vakantiehuisje-op-het-platteland\/aubel\/la-bushaye-le-grenier\/\",\"name\":\"La Bushaye : Le Grenier - gitesdewallonie.be\",\"isPartOf\":{\"@id\":\"https:\/\/gitesdewallonie.be\/nl\/#website\"},\"datePublished\":\"2024-08-27T07:13:48+00:00\",\"breadcrumb\":{\"@id\":\"https:\/\/gitesdewallonie.be\/nl\/een-vakantiehuis-vinden\/vakantiehuisje-op-het-platteland\/aubel\/la-bushaye-le-grenier\/#breadcrumb\"},\"inLanguage\":\"nl-NL\",\"potentialAction\":[{\"@type\":\"ReadAction\",\"target\":[\"https:\/\/gitesdewallonie.be\/nl\/een-vakantiehuis-vinden\/vakantiehuisje-op-het-platteland\/aubel\/la-bushaye-le-grenier\/\"]}]},{\"@type\":\"BreadcrumbList\",\"@id\":\"https:\/\/gitesdewallonie.be\/nl\/een-vakantiehuis-vinden\/vakantiehuisje-op-het-platteland\/aubel\/la-bushaye-le-grenier\/#breadcrumb\",\"itemListElement\":[{\"@type\":\"ListItem\",\"position\":1,\"name\":\"Accueil\",\"item\":\"https:\/\/gitesdewallonie.be\/nl\/\"},{\"@type\":\"ListItem\",\"position\":2,\"name\":\"H\u00e9bergements\",\"item\":\"https:\/\/gitesdewallonie.be\/nl\/hebergements\/%type%\/%region%\/\"},{\"@type\":\"ListItem\",\"position\":3,\"name\":\"G\u00eete pour 14 personnes \u00e0 Saint-Jean-Sart La Bushaye : Le Grenier\"}]},{\"@type\":\"WebSite\",\"@id\":\"https:\/\/gitesdewallonie.be\/nl\/#website\",\"url\":\"https:\/\/gitesdewallonie.be\/nl\/\",\"name\":\"F\u00e9d\u00e9ration des G\u00eetes et Chambres d'h\u00f4tes de Wallonie\",\"description\":\"\",\"publisher\":{\"@id\":\"https:\/\/gitesdewallonie.be\/nl\/#organization\"},\"potentialAction\":[{\"@type\":\"SearchAction\",\"target\":{\"@type\":\"EntryPoint\",\"urlTemplate\":\"https:\/\/gitesdewallonie.be\/nl\/?s={search_term_string}\"},\"query-input\":{\"@type\":\"PropertyValueSpecification\",\"valueRequired\":true,\"valueName\":\"search_term_string\"}}],\"inLanguage\":\"nl-NL\"},{\"@type\":\"Organization\",\"@id\":\"https:\/\/gitesdewallonie.be\/nl\/#organization\",\"name\":\"F\u00e9d\u00e9ration des G\u00eetes et Chambres d'h\u00f4tes de Wallonie\",\"alternateName\":\"GDW\",\"url\":\"https:\/\/gitesdewallonie.be\/nl\/\",\"logo\":{\"@type\":\"ImageObject\",\"inLanguage\":\"nl-NL\",\"@id\":\"https:\/\/gitesdewallonie.be\/nl\/#\/schema\/logo\/image\/\",\"url\":\"https:\/\/gitesdewallonie.be\/wp-content\/uploads\/2024\/08\/logo-gdw.svg\",\"contentUrl\":\"https:\/\/gitesdewallonie.be\/wp-content\/uploads\/2024\/08\/logo-gdw.svg\",\"caption\":\"F\u00e9d\u00e9ration des G\u00eetes et Chambres d'h\u00f4tes de Wallonie\"},\"image\":{\"@id\":\"https:\/\/gitesdewallonie.be\/nl\/#\/schema\/logo\/image\/\"},\"sameAs\":[\"https:\/\/www.facebook.com\/GitesdeWallonie\",\"https:\/\/www.instagram.com\/gitesdewallonie.be\/\"]}]}<\/script>\n<!-- \/ Yoast SEO Premium plugin. -->","yoast_head_json":{"title":"La Bushaye : Le Grenier - gitesdewallonie.be","robots":{"index":"index","follow":"follow","max-snippet":"max-snippet:-1","max-image-preview":"max-image-preview:large","max-video-preview":"max-video-preview:-1"},"canonical":"https:\/\/gitesdewallonie.be\/nl\/een-vakantiehuis-vinden\/vakantiehuisje-op-het-platteland\/aubel\/la-bushaye-le-grenier\/","og_locale":"nl_NL","og_type":"article","og_title":"La Bushaye : Le Grenier","og_url":"https:\/\/gitesdewallonie.be\/nl\/een-vakantiehuis-vinden\/vakantiehuisje-op-het-platteland\/aubel\/la-bushaye-le-grenier\/","og_site_name":"gitesdewallonie.be","article_publisher":"https:\/\/www.facebook.com\/GitesdeWallonie","twitter_card":"summary_large_image","schema":{"@context":"https:\/\/schema.org","@graph":[{"@type":"WebPage","@id":"https:\/\/gitesdewallonie.be\/nl\/een-vakantiehuis-vinden\/vakantiehuisje-op-het-platteland\/aubel\/la-bushaye-le-grenier\/","url":"https:\/\/gitesdewallonie.be\/nl\/een-vakantiehuis-vinden\/vakantiehuisje-op-het-platteland\/aubel\/la-bushaye-le-grenier\/","name":"La Bushaye : Le Grenier - gitesdewallonie.be","isPartOf":{"@id":"https:\/\/gitesdewallonie.be\/nl\/#website"},"datePublished":"2024-08-27T07:13:48+00:00","breadcrumb":{"@id":"https:\/\/gitesdewallonie.be\/nl\/een-vakantiehuis-vinden\/vakantiehuisje-op-het-platteland\/aubel\/la-bushaye-le-grenier\/#breadcrumb"},"inLanguage":"nl-NL","potentialAction":[{"@type":"ReadAction","target":["https:\/\/gitesdewallonie.be\/nl\/een-vakantiehuis-vinden\/vakantiehuisje-op-het-platteland\/aubel\/la-bushaye-le-grenier\/"]}]},{"@type":"BreadcrumbList","@id":"https:\/\/gitesdewallonie.be\/nl\/een-vakantiehuis-vinden\/vakantiehuisje-op-het-platteland\/aubel\/la-bushaye-le-grenier\/#breadcrumb","itemListElement":[{"@type":"ListItem","position":1,"name":"Accueil","item":"https:\/\/gitesdewallonie.be\/nl\/"},{"@type":"ListItem","position":2,"name":"H\u00e9bergements","item":"https:\/\/gitesdewallonie.be\/nl\/hebergements\/%type%\/%region%\/"},{"@type":"ListItem","position":3,"name":"G\u00eete pour 14 personnes \u00e0 Saint-Jean-Sart La Bushaye : Le Grenier"}]},{"@type":"WebSite","@id":"https:\/\/gitesdewallonie.be\/nl\/#website","url":"https:\/\/gitesdewallonie.be\/nl\/","name":"F\u00e9d\u00e9ration des G\u00eetes et Chambres d'h\u00f4tes de Wallonie","description":"","publisher":{"@id":"https:\/\/gitesdewallonie.be\/nl\/#organization"},"potentialAction":[{"@type":"SearchAction","target":{"@type":"EntryPoint","urlTemplate":"https:\/\/gitesdewallonie.be\/nl\/?s={search_term_string}"},"query-input":{"@type":"PropertyValueSpecification","valueRequired":true,"valueName":"search_term_string"}}],"inLanguage":"nl-NL"},{"@type":"Organization","@id":"https:\/\/gitesdewallonie.be\/nl\/#organization","name":"F\u00e9d\u00e9ration des G\u00eetes et Chambres d'h\u00f4tes de Wallonie","alternateName":"GDW","url":"https:\/\/gitesdewallonie.be\/nl\/","logo":{"@type":"ImageObject","inLanguage":"nl-NL","@id":"https:\/\/gitesdewallonie.be\/nl\/#\/schema\/logo\/image\/","url":"https:\/\/gitesdewallonie.be\/wp-content\/uploads\/2024\/08\/logo-gdw.svg","contentUrl":"https:\/\/gitesdewallonie.be\/wp-content\/uploads\/2024\/08\/logo-gdw.svg","caption":"F\u00e9d\u00e9ration des G\u00eetes et Chambres d'h\u00f4tes de Wallonie"},"image":{"@id":"https:\/\/gitesdewallonie.be\/nl\/#\/schema\/logo\/image\/"},"sameAs":["https:\/\/www.facebook.com\/GitesdeWallonie","https:\/\/www.instagram.com\/gitesdewallonie.be\/"]}]}},"_links":{"self":[{"href":"https:\/\/gitesdewallonie.be\/nl\/wp-json\/wp\/v2\/lodging\/112944","targetHints":{"allow":["GET"]}}],"collection":[{"href":"https:\/\/gitesdewallonie.be\/nl\/wp-json\/wp\/v2\/lodging"}],"about":[{"href":"https:\/\/gitesdewallonie.be\/nl\/wp-json\/wp\/v2\/types\/lodging"}],"wp:attachment":[{"href":"https:\/\/gitesdewallonie.be\/nl\/wp-json\/wp\/v2\/media?parent=112944"}],"wp:term":[{"taxonomy":"lodging_type","embeddable":true,"href":"https:\/\/gitesdewallonie.be\/nl\/wp-json\/wp\/v2\/lodging_type?post=112944"},{"taxonomy":"lodging_official_category","embeddable":true,"href":"https:\/\/gitesdewallonie.be\/nl\/wp-json\/wp\/v2\/lodging_official_category?post=112944"},{"taxonomy":"lodging_subtype","embeddable":true,"href":"https:\/\/gitesdewallonie.be\/nl\/wp-json\/wp\/v2\/lodging_subtype?post=112944"},{"taxonomy":"lodging_situation","embeddable":true,"href":"https:\/\/gitesdewallonie.be\/nl\/wp-json\/wp\/v2\/lodging_situation?post=112944"},{"taxonomy":"lodging_layout","embeddable":true,"href":"https:\/\/gitesdewallonie.be\/nl\/wp-json\/wp\/v2\/lodging_layout?post=112944"},{"taxonomy":"lodging_bedding","embeddable":true,"href":"https:\/\/gitesdewallonie.be\/nl\/wp-json\/wp\/v2\/lodging_bedding?post=112944"},{"taxonomy":"lodging_additional_rate_type","embeddable":true,"href":"https:\/\/gitesdewallonie.be\/nl\/wp-json\/wp\/v2\/lodging_additional_rate_type?post=112944"},{"taxonomy":"lodging_external_equipment","embeddable":true,"href":"https:\/\/gitesdewallonie.be\/nl\/wp-json\/wp\/v2\/lodging_external_equipment?post=112944"},{"taxonomy":"lodging_household_appliances","embeddable":true,"href":"https:\/\/gitesdewallonie.be\/nl\/wp-json\/wp\/v2\/lodging_household_appliances?post=112944"},{"taxonomy":"lodging_interior_equipment","embeddable":true,"href":"https:\/\/gitesdewallonie.be\/nl\/wp-json\/wp\/v2\/lodging_interior_equipment?post=112944"},{"taxonomy":"lodging_sport_and_leisure","embeddable":true,"href":"https:\/\/gitesdewallonie.be\/nl\/wp-json\/wp\/v2\/lodging_sport_and_leisure?post=112944"},{"taxonomy":"lodging_type_of_stay","embeddable":true,"href":"https:\/\/gitesdewallonie.be\/nl\/wp-json\/wp\/v2\/lodging_type_of_stay?post=112944"},{"taxonomy":"lodging_adapted_to","embeddable":true,"href":"https:\/\/gitesdewallonie.be\/nl\/wp-json\/wp\/v2\/lodging_adapted_to?post=112944"},{"taxonomy":"lodging_wellness","embeddable":true,"href":"https:\/\/gitesdewallonie.be\/nl\/wp-json\/wp\/v2\/lodging_wellness?post=112944"},{"taxonomy":"lodging_baby","embeddable":true,"href":"https:\/\/gitesdewallonie.be\/nl\/wp-json\/wp\/v2\/lodging_baby?post=112944"},{"taxonomy":"lodging_business_mice","embeddable":true,"href":"https:\/\/gitesdewallonie.be\/nl\/wp-json\/wp\/v2\/lodging_business_mice?post=112944"},{"taxonomy":"lodging_accessibility","embeddable":true,"href":"https:\/\/gitesdewallonie.be\/nl\/wp-json\/wp\/v2\/lodging_accessibility?post=112944"},{"taxonomy":"lodging_nearby","embeddable":true,"href":"https:\/\/gitesdewallonie.be\/nl\/wp-json\/wp\/v2\/lodging_nearby?post=112944"},{"taxonomy":"lodging_car_motorcycle_bike","embeddable":true,"href":"https:\/\/gitesdewallonie.be\/nl\/wp-json\/wp\/v2\/lodging_car_motorcycle_bike?post=112944"},{"taxonomy":"lodging_room_type","embeddable":true,"href":"https:\/\/gitesdewallonie.be\/nl\/wp-json\/wp\/v2\/lodging_room_type?post=112944"},{"taxonomy":"lodging_thematic","embeddable":true,"href":"https:\/\/gitesdewallonie.be\/nl\/wp-json\/wp\/v2\/lodging_thematic?post=112944"},{"taxonomy":"lodging_status","embeddable":true,"href":"https:\/\/gitesdewallonie.be\/nl\/wp-json\/wp\/v2\/lodging_status?post=112944"},{"taxonomy":"lodging_other_informations","embeddable":true,"href":"https:\/\/gitesdewallonie.be\/nl\/wp-json\/wp\/v2\/lodging_other_informations?post=112944"}],"curies":[{"name":"wp","href":"https:\/\/api.w.org\/{rel}","templated":true}]}}