{"id":112999,"date":"2024-08-27T09:14:02","date_gmt":"2024-08-27T07:14:02","guid":{"rendered":"https:\/\/gitesdewallonie.be\/hebergements\/%type%\/%region%\/la-dreve\/"},"modified":"2024-08-27T09:14:02","modified_gmt":"2024-08-27T07:14:02","slug":"la-dreve","status":"publish","type":"lodging","link":"https:\/\/gitesdewallonie.be\/nl\/een-vakantiehuis-vinden\/vakantiehuisje-op-het-platteland\/tellin\/la-dreve\/","title":{"rendered":"La Dr\u00e8ve"},"content":{"rendered":"","protected":false},"template":"","meta":{"lodging_type":"gite","lodging_UID":"8a9518cbd89c43ecab51323ec430747c","lodging_pk":"3262","lodging_description_fr":"<p>Bienvenue ! Notre G\u00eete, situ\u00e9 sur la commune de Tellin dans le petit village de Resteigne vous accueille au c\u0153ur de l\u2019Ardenne Belge.<\/p><p>Charmante ancienne fermette \u00e0 l'or\u00e9e de la dr\u00e8ve et des bois. A 5 km de l\u2019autoroute E411, l\u2019endroit est id\u00e9al pour profiter, l\u2019espace d\u2019un week-end ou d\u2019une semaine, en famille ou entre amis, des avantages qu\u2019offre l\u2019Ardenne et ses villages alentours. A 12 km de Rochefort, ville bien connue pour son festival international du rire mais aussi pour sa c\u00e9l\u00e8bre Trappiste 10\u00b0, 8\u00b0, 6\u00b0 et sa toute nouvelle triple blonde. Notre g\u00eete en pierre du pays est cl\u00f4tur\u00e9 et accueille donc avec s\u00e9curit\u00e9 nos enfants mais aussi nos compagnons \u00e0 4 pattes. Au d\u00e9part de balades p\u00e9destres ou cyclistes, vous pourrez d\u00e9couvrir les paysages typiques de la r\u00e9gion tels les ruines de l'Hermite, son ch\u00e2teau, la Lesse, ses restaurants\u2026 Au retour de ces balades, vous pourrez profiter dans le salon d'un bon feu ouvert pour les journ\u00e9es plus froides et \u00e9couter le cr\u00e9pitement du bois dans l'\u00e2tre . Profiter du calme en lisant un livre sur la terrasse situ\u00e9e au sud ou dans le jardin. Chauffage central dans toute la maison. De quoi passer de belles vacances interg\u00e9n\u00e9rationnelles !<\/p>","lodging_description_nl":"Welkom! Onze vakantiewoning, gelegen in de gemeente Tellin in het kleine dorp Resteigne, verwelkomt u in het hart van de Belgische Ardennen.\n\nEen charmante oude boerderij aan de rand van de oprijlaan en het bos. Op 5 km van de snelweg E411, is de plek ideaal om te genieten, voor een weekend of een week, met familie of vrienden, van de voordelen die de Ardennen en de omliggende dorpen bieden. Op 12 km van Rochefort, een stad die bekend staat om zijn internationale lachfestival, maar ook om zijn beroemde Trappist 10\u00b0, 8\u00b0, 6\u00b0 en zijn gloednieuwe blonde tripel. Onze vakantiewoning van lokale steen is omheind en biedt dus veiligheid voor onze kinderen en onze viervoetige metgezellen. Vanuit wandel- of fietstochten kunt u de typische landschappen van de regio ontdekken, zoals de ru\u00efnes van L'Hermite, het kasteel, de Lesse, de restaurants... Bij terugkomst van deze tochten kunt u in de woonkamer genieten van een gezellig open haardvuur voor de koudere dagen en luisteren naar het knetteren van het hout in de haard. Geniet van de rust door een boek te lezen op het zuidelijk gelegen terras of in de tuin. Centrale verwarming in het hele huis. Genoeg om een mooie intergenerationele vakantie door te brengen!","lodging_description_en":"<p>Welcome! Our Cottage, located in the municipality of Tellin in the small village of Resteigne, welcomes you to the heart of the Belgian Ardennes.<\/p><p>Charming old farmhouse at the edge of the driveway and woods. Located 5 km from the E411 motorway, the place is ideal for enjoying, for a weekend or a week, with family or friends, the benefits offered by the Ardennes and its surrounding villages. Located 12 km from Rochefort, a city well known for its international laughter festival but also for its famous Trappist beers 10\u00b0, 8\u00b0, 6\u00b0 and its brand new triple blonde. Our country stone cottage is fenced and therefore provides safety for our children and our four-legged companions. Starting from hiking or cycling trips, you can discover the typical landscapes of the region such as the ruins of the Hermitage, its castle, the Lesse River, its restaurants... Upon returning from these trips, you can enjoy a good open fire in the living room for colder days and listen to the crackling of the wood in the fireplace. Enjoy the peace and quiet by reading a book on the south-facing terrace or in the garden. Central heating throughout the house. A perfect place for a wonderful intergenerational vacation!<\/p>","lodging_email":"gite.ladreve@skynet.be","lodging_website":"https:\/\/giteladreve.be\/","lodging_lat":"50.083229180242","lodging_lng":"5.1849165558815","lodging_locality":"Resteigne","lodging_commune":"Tellin (6927)","lodging_owner":"3e87c0d9f0394bddbbe28ecb5e4a89e6","lodging_zip_code":"6927","lodging_street":"Rue d'Hervin","lodging_number":"30 anciennement n\u00b0 8","lodging_ranking":"3","lodging_accessi_url":"","lodging_gallery":"","lodging_elloha_product_id":"","lodging_elloha_offer_id":"","lodging_elloha_id":"","lodging_elloha_price_from":"","lodging_experience_title_fr":"","lodging_experience_title_nl":"","lodging_experience_title_en":"","lodging_experience_content_fr":"","lodging_experience_content_nl":"","lodging_experience_content_en":"","lodging_expert_content_fr":"","lodging_expert_content_nl":"","lodging_expert_content_en":"","lodging_expert_id":"","lodging_testimonials_tripadvisor":"","lodging_testimonials_google":"","lodging_testimonials_booking":"","lodging_real_min_capacity":"","lodging_max_capacity":"7","lodging_min_capacity":"5","lodging_min_night":"2","lodging_number_of_bathrooms":"1","lodging_number_of_bedrooms":"3","lodging_number_of_levels":"2","lodging_smoking_accommodation":"non","lodging_surface_area":"1200","lodging_animals_accepted":"1","lodging_peb_class":"D","lodging_peb_code":"","lodging_peb_primary":"","lodging_peb_total":"","lodging_nearby_distance":"[{\"type_of_activity\":\"boulangerie\",\"distance\":3},{\"type_of_activity\":\"bureau-de-poste\",\"distance\":3},{\"type_of_activity\":\"equitation\",\"distance\":3},{\"type_of_activity\":\"foret\",\"distance\":1},{\"type_of_activity\":\"gare\",\"distance\":15},{\"type_of_activity\":\"hopital\",\"distance\":27},{\"type_of_activity\":\"magasins\",\"distance\":3},{\"type_of_activity\":\"office-du-tourisme\",\"distance\":3},{\"type_of_activity\":\"restaurants\",\"distance\":1},{\"type_of_activity\":\"pharmacie\",\"distance\":3},{\"type_of_activity\":\"peche\",\"distance\":1},{\"type_of_activity\":\"retrait-dargent\",\"distance\":3},{\"type_of_activity\":\"piscine\",\"distance\":\"19.98\"},{\"type_of_activity\":\"riviere\",\"distance\":1},{\"type_of_activity\":\"bus\",\"distance\":\"0.1\"},{\"distance\":\"3\",\"type_of_activity\":\"musees\"}]","lodging_room_description":"{\"cave\":1,\"buanderie\":1,\"cuisine\":1,\"salle-a-manger\":1,\"salon\":1,\"toilettes\":2}","lodging_other_informations":"{\"heure-darrivee\":{\"fr\":\"<p>16h00<\/p>\"},\"heure-de-depart\":{\"fr\":\"<p>10h00<\/p>\"}}","lodging_charge":"","lodging_charge_amount":"","lodging_code_cgt":"","lodging_bedding":"[{\"roomtype\":\"chambre\",\"bedding\":[\"1-lit-double\"]},{\"roomtype\":\"chambre\",\"bedding\":[\"1-lit-double\"]},{\"roomtype\":\"chambre\",\"bedding\":[\"1-lit-simple\",\"1-lit-double\"]}]","lodging_lodgings_relation":"","lodging_hosting_advantages":"[\"parking-prive\",\"wi-fi\",\"feu-ouvert\",\"terrasse\",\"barbecue\",\"jardin-cloture\"]","lodging_3dvue":"","lodging_video":"","lodging_streetview":"","lodging_percent":"{\"peb\":0,\"other_informations\":100,\"localisation\":100,\"rates\":{\"2026\":100,\"2027\":0,\"2028\":0},\"general\":100,\"equipments\":100,\"medias\":100,\"total\":67}","lodging_mentions":"[]"},"lodging_type":[33],"lodging_official_category":[4380],"lodging_subtype":[],"lodging_situation":[8909,8912,9103,9008],"lodging_layout":[420],"lodging_bedding":[],"lodging_additional_rate_type":[],"lodging_external_equipment":[8893,9005,8898],"lodging_household_appliances":[9081,9146,9001,8882,9020,8883,9002,8884,8885,8886,8887,8888,9003,8889,9004,8891,8892],"lodging_interior_equipment":[8998,9173,8875,8876,8999,8877,9000,8879,8880,8881],"lodging_sport_and_leisure":[9116,8901],"lodging_type_of_stay":[9098,9057],"lodging_adapted_to":[],"lodging_wellness":[],"lodging_baby":[9099,8904,8905,8906],"lodging_business_mice":[],"lodging_accessibility":[],"lodging_nearby":[],"lodging_car_motorcycle_bike":[9127,8907,8908],"lodging_room_type":[],"lodging_thematic":[],"lodging_status":[167],"lodging_other_informations":[],"class_list":["post-112999","lodging","type-lodging","status-publish","hentry","lodging_type-gite","lodging_official_category-ruralgite","lodging_situation-a-la-campagne","lodging_situation-au-bord-des-champs","lodging_situation-dans-un-village","lodging_situation-le-long-dune-route","lodging_layout-hebergement-mitoyen","lodging_external_equipment-barbecue","lodging_external_equipment-jardin-cloture","lodging_external_equipment-terrasse","lodging_household_appliances-appareil-a-pierrade","lodging_household_appliances-appareil-a-raclette","lodging_household_appliances-aspirateur","lodging_household_appliances-bouilloire-electrique","lodging_household_appliances-cafetiere","lodging_household_appliances-congelateur","lodging_household_appliances-fer-et-table-a-repasser","lodging_household_appliances-four","lodging_household_appliances-grille-pain","lodging_household_appliances-lave-linge","lodging_household_appliances-lave-vaisselle","lodging_household_appliances-machine-a-cafe","lodging_household_appliances-micro-ondes","lodging_household_appliances-mixeur","lodging_household_appliances-plaque-de-cuisson-vitroceramique","lodging_household_appliances-refrigerateur","lodging_household_appliances-seche-linge","lodging_interior_equipment-chaine-hi-fi","lodging_interior_equipment-coffre-fort","lodging_interior_equipment-feu-ouvert","lodging_interior_equipment-internet-filaire","lodging_interior_equipment-lecteur-dvd","lodging_interior_equipment-penderie","lodging_interior_equipment-radio","lodging_interior_equipment-seche-cheveux","lodging_interior_equipment-television","lodging_interior_equipment-wi-fi","lodging_sport_and_leisure-baby-foot","lodging_sport_and_leisure-jeux-de-societe","lodging_type_of_stay-animaux-admis","lodging_type_of_stay-en-famille","lodging_baby-baignoire-bebe","lodging_baby-chaise-pour-enfant","lodging_baby-chauffe-biberon","lodging_baby-lit-bebe","lodging_car_motorcycle_bike-garage-moto","lodging_car_motorcycle_bike-local-a-velo","lodging_car_motorcycle_bike-parking-prive","lodging_status-published"],"yoast_head":"<!-- This site is optimized with the Yoast SEO Premium plugin v26.7 (Yoast SEO v26.7) - https:\/\/yoast.com\/wordpress\/plugins\/seo\/ -->\n<title>La Dr\u00e8ve - gitesdewallonie.be<\/title>\n<meta name=\"robots\" content=\"index, follow, max-snippet:-1, max-image-preview:large, max-video-preview:-1\" \/>\n<link rel=\"canonical\" href=\"https:\/\/gitesdewallonie.be\/nl\/een-vakantiehuis-vinden\/vakantiehuisje-op-het-platteland\/tellin\/la-dreve\/\" \/>\n<meta property=\"og:locale\" content=\"nl_NL\" \/>\n<meta property=\"og:type\" content=\"article\" \/>\n<meta property=\"og:title\" content=\"La Dr\u00e8ve\" \/>\n<meta property=\"og:url\" content=\"https:\/\/gitesdewallonie.be\/nl\/een-vakantiehuis-vinden\/vakantiehuisje-op-het-platteland\/tellin\/la-dreve\/\" \/>\n<meta property=\"og:site_name\" content=\"gitesdewallonie.be\" \/>\n<meta property=\"article:publisher\" content=\"https:\/\/www.facebook.com\/GitesdeWallonie\" \/>\n<meta name=\"twitter:card\" content=\"summary_large_image\" \/>\n<script type=\"application\/ld+json\" class=\"yoast-schema-graph\">{\"@context\":\"https:\/\/schema.org\",\"@graph\":[{\"@type\":\"WebPage\",\"@id\":\"https:\/\/gitesdewallonie.be\/nl\/een-vakantiehuis-vinden\/vakantiehuisje-op-het-platteland\/tellin\/la-dreve\/\",\"url\":\"https:\/\/gitesdewallonie.be\/nl\/een-vakantiehuis-vinden\/vakantiehuisje-op-het-platteland\/tellin\/la-dreve\/\",\"name\":\"La Dr\u00e8ve - gitesdewallonie.be\",\"isPartOf\":{\"@id\":\"https:\/\/gitesdewallonie.be\/nl\/#website\"},\"datePublished\":\"2024-08-27T07:14:02+00:00\",\"breadcrumb\":{\"@id\":\"https:\/\/gitesdewallonie.be\/nl\/een-vakantiehuis-vinden\/vakantiehuisje-op-het-platteland\/tellin\/la-dreve\/#breadcrumb\"},\"inLanguage\":\"nl-NL\",\"potentialAction\":[{\"@type\":\"ReadAction\",\"target\":[\"https:\/\/gitesdewallonie.be\/nl\/een-vakantiehuis-vinden\/vakantiehuisje-op-het-platteland\/tellin\/la-dreve\/\"]}]},{\"@type\":\"BreadcrumbList\",\"@id\":\"https:\/\/gitesdewallonie.be\/nl\/een-vakantiehuis-vinden\/vakantiehuisje-op-het-platteland\/tellin\/la-dreve\/#breadcrumb\",\"itemListElement\":[{\"@type\":\"ListItem\",\"position\":1,\"name\":\"Accueil\",\"item\":\"https:\/\/gitesdewallonie.be\/nl\/\"},{\"@type\":\"ListItem\",\"position\":2,\"name\":\"H\u00e9bergements\",\"item\":\"https:\/\/gitesdewallonie.be\/nl\/hebergements\/%type%\/%region%\/\"},{\"@type\":\"ListItem\",\"position\":3,\"name\":\"G\u00eete pour 7 personnes \u00e0 Resteigne La Dr\u00e8ve\"}]},{\"@type\":\"WebSite\",\"@id\":\"https:\/\/gitesdewallonie.be\/nl\/#website\",\"url\":\"https:\/\/gitesdewallonie.be\/nl\/\",\"name\":\"F\u00e9d\u00e9ration des G\u00eetes et Chambres d'h\u00f4tes de Wallonie\",\"description\":\"\",\"publisher\":{\"@id\":\"https:\/\/gitesdewallonie.be\/nl\/#organization\"},\"potentialAction\":[{\"@type\":\"SearchAction\",\"target\":{\"@type\":\"EntryPoint\",\"urlTemplate\":\"https:\/\/gitesdewallonie.be\/nl\/?s={search_term_string}\"},\"query-input\":{\"@type\":\"PropertyValueSpecification\",\"valueRequired\":true,\"valueName\":\"search_term_string\"}}],\"inLanguage\":\"nl-NL\"},{\"@type\":\"Organization\",\"@id\":\"https:\/\/gitesdewallonie.be\/nl\/#organization\",\"name\":\"F\u00e9d\u00e9ration des G\u00eetes et Chambres d'h\u00f4tes de Wallonie\",\"alternateName\":\"GDW\",\"url\":\"https:\/\/gitesdewallonie.be\/nl\/\",\"logo\":{\"@type\":\"ImageObject\",\"inLanguage\":\"nl-NL\",\"@id\":\"https:\/\/gitesdewallonie.be\/nl\/#\/schema\/logo\/image\/\",\"url\":\"https:\/\/gitesdewallonie.be\/wp-content\/uploads\/2024\/08\/logo-gdw.svg\",\"contentUrl\":\"https:\/\/gitesdewallonie.be\/wp-content\/uploads\/2024\/08\/logo-gdw.svg\",\"caption\":\"F\u00e9d\u00e9ration des G\u00eetes et Chambres d'h\u00f4tes de Wallonie\"},\"image\":{\"@id\":\"https:\/\/gitesdewallonie.be\/nl\/#\/schema\/logo\/image\/\"},\"sameAs\":[\"https:\/\/www.facebook.com\/GitesdeWallonie\",\"https:\/\/www.instagram.com\/gitesdewallonie.be\/\"]}]}<\/script>\n<!-- \/ Yoast SEO Premium plugin. -->","yoast_head_json":{"title":"La Dr\u00e8ve - gitesdewallonie.be","robots":{"index":"index","follow":"follow","max-snippet":"max-snippet:-1","max-image-preview":"max-image-preview:large","max-video-preview":"max-video-preview:-1"},"canonical":"https:\/\/gitesdewallonie.be\/nl\/een-vakantiehuis-vinden\/vakantiehuisje-op-het-platteland\/tellin\/la-dreve\/","og_locale":"nl_NL","og_type":"article","og_title":"La Dr\u00e8ve","og_url":"https:\/\/gitesdewallonie.be\/nl\/een-vakantiehuis-vinden\/vakantiehuisje-op-het-platteland\/tellin\/la-dreve\/","og_site_name":"gitesdewallonie.be","article_publisher":"https:\/\/www.facebook.com\/GitesdeWallonie","twitter_card":"summary_large_image","schema":{"@context":"https:\/\/schema.org","@graph":[{"@type":"WebPage","@id":"https:\/\/gitesdewallonie.be\/nl\/een-vakantiehuis-vinden\/vakantiehuisje-op-het-platteland\/tellin\/la-dreve\/","url":"https:\/\/gitesdewallonie.be\/nl\/een-vakantiehuis-vinden\/vakantiehuisje-op-het-platteland\/tellin\/la-dreve\/","name":"La Dr\u00e8ve - gitesdewallonie.be","isPartOf":{"@id":"https:\/\/gitesdewallonie.be\/nl\/#website"},"datePublished":"2024-08-27T07:14:02+00:00","breadcrumb":{"@id":"https:\/\/gitesdewallonie.be\/nl\/een-vakantiehuis-vinden\/vakantiehuisje-op-het-platteland\/tellin\/la-dreve\/#breadcrumb"},"inLanguage":"nl-NL","potentialAction":[{"@type":"ReadAction","target":["https:\/\/gitesdewallonie.be\/nl\/een-vakantiehuis-vinden\/vakantiehuisje-op-het-platteland\/tellin\/la-dreve\/"]}]},{"@type":"BreadcrumbList","@id":"https:\/\/gitesdewallonie.be\/nl\/een-vakantiehuis-vinden\/vakantiehuisje-op-het-platteland\/tellin\/la-dreve\/#breadcrumb","itemListElement":[{"@type":"ListItem","position":1,"name":"Accueil","item":"https:\/\/gitesdewallonie.be\/nl\/"},{"@type":"ListItem","position":2,"name":"H\u00e9bergements","item":"https:\/\/gitesdewallonie.be\/nl\/hebergements\/%type%\/%region%\/"},{"@type":"ListItem","position":3,"name":"G\u00eete pour 7 personnes \u00e0 Resteigne La Dr\u00e8ve"}]},{"@type":"WebSite","@id":"https:\/\/gitesdewallonie.be\/nl\/#website","url":"https:\/\/gitesdewallonie.be\/nl\/","name":"F\u00e9d\u00e9ration des G\u00eetes et Chambres d'h\u00f4tes de Wallonie","description":"","publisher":{"@id":"https:\/\/gitesdewallonie.be\/nl\/#organization"},"potentialAction":[{"@type":"SearchAction","target":{"@type":"EntryPoint","urlTemplate":"https:\/\/gitesdewallonie.be\/nl\/?s={search_term_string}"},"query-input":{"@type":"PropertyValueSpecification","valueRequired":true,"valueName":"search_term_string"}}],"inLanguage":"nl-NL"},{"@type":"Organization","@id":"https:\/\/gitesdewallonie.be\/nl\/#organization","name":"F\u00e9d\u00e9ration des G\u00eetes et Chambres d'h\u00f4tes de Wallonie","alternateName":"GDW","url":"https:\/\/gitesdewallonie.be\/nl\/","logo":{"@type":"ImageObject","inLanguage":"nl-NL","@id":"https:\/\/gitesdewallonie.be\/nl\/#\/schema\/logo\/image\/","url":"https:\/\/gitesdewallonie.be\/wp-content\/uploads\/2024\/08\/logo-gdw.svg","contentUrl":"https:\/\/gitesdewallonie.be\/wp-content\/uploads\/2024\/08\/logo-gdw.svg","caption":"F\u00e9d\u00e9ration des G\u00eetes et Chambres d'h\u00f4tes de Wallonie"},"image":{"@id":"https:\/\/gitesdewallonie.be\/nl\/#\/schema\/logo\/image\/"},"sameAs":["https:\/\/www.facebook.com\/GitesdeWallonie","https:\/\/www.instagram.com\/gitesdewallonie.be\/"]}]}},"_links":{"self":[{"href":"https:\/\/gitesdewallonie.be\/nl\/wp-json\/wp\/v2\/lodging\/112999","targetHints":{"allow":["GET"]}}],"collection":[{"href":"https:\/\/gitesdewallonie.be\/nl\/wp-json\/wp\/v2\/lodging"}],"about":[{"href":"https:\/\/gitesdewallonie.be\/nl\/wp-json\/wp\/v2\/types\/lodging"}],"wp:attachment":[{"href":"https:\/\/gitesdewallonie.be\/nl\/wp-json\/wp\/v2\/media?parent=112999"}],"wp:term":[{"taxonomy":"lodging_type","embeddable":true,"href":"https:\/\/gitesdewallonie.be\/nl\/wp-json\/wp\/v2\/lodging_type?post=112999"},{"taxonomy":"lodging_official_category","embeddable":true,"href":"https:\/\/gitesdewallonie.be\/nl\/wp-json\/wp\/v2\/lodging_official_category?post=112999"},{"taxonomy":"lodging_subtype","embeddable":true,"href":"https:\/\/gitesdewallonie.be\/nl\/wp-json\/wp\/v2\/lodging_subtype?post=112999"},{"taxonomy":"lodging_situation","embeddable":true,"href":"https:\/\/gitesdewallonie.be\/nl\/wp-json\/wp\/v2\/lodging_situation?post=112999"},{"taxonomy":"lodging_layout","embeddable":true,"href":"https:\/\/gitesdewallonie.be\/nl\/wp-json\/wp\/v2\/lodging_layout?post=112999"},{"taxonomy":"lodging_bedding","embeddable":true,"href":"https:\/\/gitesdewallonie.be\/nl\/wp-json\/wp\/v2\/lodging_bedding?post=112999"},{"taxonomy":"lodging_additional_rate_type","embeddable":true,"href":"https:\/\/gitesdewallonie.be\/nl\/wp-json\/wp\/v2\/lodging_additional_rate_type?post=112999"},{"taxonomy":"lodging_external_equipment","embeddable":true,"href":"https:\/\/gitesdewallonie.be\/nl\/wp-json\/wp\/v2\/lodging_external_equipment?post=112999"},{"taxonomy":"lodging_household_appliances","embeddable":true,"href":"https:\/\/gitesdewallonie.be\/nl\/wp-json\/wp\/v2\/lodging_household_appliances?post=112999"},{"taxonomy":"lodging_interior_equipment","embeddable":true,"href":"https:\/\/gitesdewallonie.be\/nl\/wp-json\/wp\/v2\/lodging_interior_equipment?post=112999"},{"taxonomy":"lodging_sport_and_leisure","embeddable":true,"href":"https:\/\/gitesdewallonie.be\/nl\/wp-json\/wp\/v2\/lodging_sport_and_leisure?post=112999"},{"taxonomy":"lodging_type_of_stay","embeddable":true,"href":"https:\/\/gitesdewallonie.be\/nl\/wp-json\/wp\/v2\/lodging_type_of_stay?post=112999"},{"taxonomy":"lodging_adapted_to","embeddable":true,"href":"https:\/\/gitesdewallonie.be\/nl\/wp-json\/wp\/v2\/lodging_adapted_to?post=112999"},{"taxonomy":"lodging_wellness","embeddable":true,"href":"https:\/\/gitesdewallonie.be\/nl\/wp-json\/wp\/v2\/lodging_wellness?post=112999"},{"taxonomy":"lodging_baby","embeddable":true,"href":"https:\/\/gitesdewallonie.be\/nl\/wp-json\/wp\/v2\/lodging_baby?post=112999"},{"taxonomy":"lodging_business_mice","embeddable":true,"href":"https:\/\/gitesdewallonie.be\/nl\/wp-json\/wp\/v2\/lodging_business_mice?post=112999"},{"taxonomy":"lodging_accessibility","embeddable":true,"href":"https:\/\/gitesdewallonie.be\/nl\/wp-json\/wp\/v2\/lodging_accessibility?post=112999"},{"taxonomy":"lodging_nearby","embeddable":true,"href":"https:\/\/gitesdewallonie.be\/nl\/wp-json\/wp\/v2\/lodging_nearby?post=112999"},{"taxonomy":"lodging_car_motorcycle_bike","embeddable":true,"href":"https:\/\/gitesdewallonie.be\/nl\/wp-json\/wp\/v2\/lodging_car_motorcycle_bike?post=112999"},{"taxonomy":"lodging_room_type","embeddable":true,"href":"https:\/\/gitesdewallonie.be\/nl\/wp-json\/wp\/v2\/lodging_room_type?post=112999"},{"taxonomy":"lodging_thematic","embeddable":true,"href":"https:\/\/gitesdewallonie.be\/nl\/wp-json\/wp\/v2\/lodging_thematic?post=112999"},{"taxonomy":"lodging_status","embeddable":true,"href":"https:\/\/gitesdewallonie.be\/nl\/wp-json\/wp\/v2\/lodging_status?post=112999"},{"taxonomy":"lodging_other_informations","embeddable":true,"href":"https:\/\/gitesdewallonie.be\/nl\/wp-json\/wp\/v2\/lodging_other_informations?post=112999"}],"curies":[{"name":"wp","href":"https:\/\/api.w.org\/{rel}","templated":true}]}}