{"id":113024,"date":"2024-08-27T09:14:09","date_gmt":"2024-08-27T07:14:09","guid":{"rendered":"https:\/\/gitesdewallonie.be\/hebergements\/%type%\/%region%\/la-ferme-du-pere-eugene\/"},"modified":"2024-10-23T09:48:57","modified_gmt":"2024-10-23T07:48:57","slug":"la-ferme-du-pere-eugene","status":"publish","type":"lodging","link":"https:\/\/gitesdewallonie.be\/nl\/een-vakantiehuis-vinden\/kamer\/malmedy\/la-ferme-du-pere-eugene\/","title":{"rendered":"La Ferme du P\u00e8re Eug\u00e8ne"},"content":{"rendered":"","protected":false},"template":"","meta":{"lodging_type":"chambre-hote","lodging_UID":"8b70b742ec6d4bf1b30e643cb8d6bd80","lodging_pk":"3039","lodging_description_fr":"Bienvenue \u00e0 la Ferme du P\u00e8re Eug\u00e8ne \u2013  4 \u00c9pis\n\nAu c\u0153ur du paisible village de Xhoffraix, pr\u00e8s de Malmedy, La Ferme du P\u00e8re Eug\u00e8ne vous accueille dans un cadre enchanteur et raffin\u00e9, alliant authenticit\u00e9 et confort moderne. Class\u00e9e 4 \u00e9pis, notre maison d\u2019h\u00f4tes est un gage de qualit\u00e9 et d\u2019\u00e9l\u00e9gance, id\u00e9ale pour les voyageurs en qu\u00eate de tranquillit\u00e9 et de nature.\n\nUn emplacement d\u2019exception!\nNotre ferme r\u00e9nov\u00e9e, enti\u00e8rement non-fumeur, est id\u00e9alement situ\u00e9e :\n\t\u2022\t\u00c0 seulement 10 minutes du c\u00e9l\u00e8bre circuit de Spa-Francorchamps, une destination pris\u00e9e des amateurs de sport automobile.\n\t\u2022\tAux portes de la r\u00e9serve naturelle des Hautes-Fagnes, un joyau naturel parfait pour les randonn\u00e9es et les explorations en pleine nature.\n\nDes chambres \u00e9l\u00e9gantes et confortables!\nNous vous proposons trois chambres doubles am\u00e9nag\u00e9es avec soin :\n\t\u2022\tDeux chambres situ\u00e9es \u00e0 l\u2019\u00e9tage, offrant une vue imprenable sur la campagne environnante.\n\t\u2022\tUne chambre au rez-de-chauss\u00e9e, id\u00e9ale pour les personnes souhaitant \u00e9viter les escaliers.\n\nChaque chambre refl\u00e8te le charme de notre \u00e9tablissement et r\u00e9pond aux standards de confort associ\u00e9s \u00e0 notre classement 4 \u00e9pis.\n\nPourquoi choisir la Ferme du P\u00e8re Eug\u00e8ne ?\nAu-del\u00e0 de son emplacement strat\u00e9gique , La Ferme du P\u00e8re Eug\u00e8ne est un lieu o\u00f9 l\u2019authenticit\u00e9, la s\u00e9r\u00e9nit\u00e9 et la convivialit\u00e9 se rencontrent. Que vous soyez en qu\u00eate de repos, d\u2019aventure ou d\u2019une escapade romantique, notre \u00e9tablissement saura r\u00e9pondre \u00e0 vos attentes.\n","lodging_description_nl":"Welkom bij de Ferme du P\u00e8re Eug\u00e8ne - 4 Oren\nIn het rustige dorp Xhoffraix, in de buurt van Malmedy, verwelkomt de Ferme du P\u00e8re Eug\u00e8ne u in een betoverende en verfijnde omgeving, waar authenticiteit en modern comfort samenkomen. Geclassificeerd met 4 oren, is onze bed & breakfast een garantie voor kwaliteit en elegantie, ideaal voor reizigers op zoek naar rust en natuur.\nEen uitzonderlijke locatie!\nOnze gerenoveerde boerderij, volledig rookvrij, is ideaal gelegen:\n- Slechts 10 minuten van het beroemde circuit van Spa-Francorchamps, een geliefde bestemming voor autosportliefhebbers.\n- Aan de poorten van het natuurreservaat van de Hoge Venen, een natuurlijk juweel perfect voor wandelingen en verkenningen in de natuur.\nElegante en comfortabele kamers!\nWe bieden drie zorgvuldig ingerichte tweepersoonskamers aan:\n- Twee kamers op de bovenverdieping, met een adembenemend uitzicht op het omringende platteland.\n- Een kamer op de begane grond, ideaal voor mensen die trappen willen vermijden.\nElke kamer weerspiegelt de charme van onze accommodatie en voldoet aan de comfortstandaarden die horen bij onze 4-oren classificatie.\nWaarom kiezen voor de Ferme du P\u00e8re Eug\u00e8ne?\nNaast de strategische ligging is de Ferme du P\u00e8re Eug\u00e8ne een plek waar authenticiteit, sereniteit en gezelligheid samenkomen. Of u nu op zoek bent naar rust, avontuur of een romantisch uitje, onze accommodatie zal aan uw verwachtingen voldoen.","lodging_description_en":"Welcome to the Farm of Father Eug\u00e8ne - 4 Ears\n\nIn the heart of the peaceful village of Xhoffraix, near Malmedy, the Farm of Father Eug\u00e8ne welcomes you in an enchanting and refined setting, combining authenticity and modern comfort. Classified 4 ears, our guesthouse is a guarantee of quality and elegance, ideal for travelers seeking tranquility and nature.\n\nAn exceptional location!\nOur renovated, entirely non-smoking farm is ideally located:\n\u2022 Just 10 minutes from the famous Spa-Francorchamps circuit, a popular destination for motorsport enthusiasts.\n\u2022 At the gates of the High Fens nature reserve, a natural gem perfect for hiking and exploring in nature.\n\nElegant and comfortable rooms!\nWe offer three carefully furnished double rooms:\n\u2022 Two rooms located upstairs, offering breathtaking views of the surrounding countryside.\n\u2022 One room on the ground floor, ideal for people wishing to avoid stairs.\n\nEach room reflects the charm of our establishment and meets the comfort standards associated with our 4-ear rating.\n\nWhy choose the Farm of Father Eug\u00e8ne?\nBeyond its strategic location, the Farm of Father Eug\u00e8ne is a place where authenticity, serenity, and conviviality meet. Whether you are looking for rest, adventure, or a romantic getaway, our establishment will meet your expectations.","lodging_email":"l.d@laurentdethier.be","lodging_website":"https:\/\/www.lafermedupereeugene.be","lodging_lat":"50.4591911281","lodging_lng":"6.07592761517","lodging_locality":"Xhoffraix","lodging_commune":"Malmedy","lodging_owner":"0bd47eb3932d4dc1b3e1c586ae3062a3","lodging_zip_code":"4960","lodging_street":"Large Voie","lodging_number":"4","lodging_ranking":"0","lodging_accessi_url":"","lodging_gallery":"","lodging_elloha_product_id":"","lodging_elloha_offer_id":"","lodging_elloha_id":"","lodging_elloha_price_from":"","lodging_experience_title_fr":"","lodging_experience_title_nl":"","lodging_experience_title_en":"","lodging_experience_content_fr":"","lodging_experience_content_nl":"","lodging_experience_content_en":"","lodging_expert_content_fr":"","lodging_expert_content_nl":"","lodging_expert_content_en":"","lodging_expert_id":"","lodging_testimonials_tripadvisor":"","lodging_testimonials_google":"","lodging_testimonials_booking":"","lodging_real_min_capacity":"","lodging_max_capacity":"7","lodging_min_capacity":"1","lodging_min_night":"","lodging_number_of_bathrooms":"3","lodging_number_of_bedrooms":"4","lodging_number_of_levels":"2","lodging_smoking_accommodation":"non","lodging_surface_area":"23","lodging_animals_accepted":"0","lodging_peb_class":"","lodging_peb_code":"","lodging_peb_primary":"","lodging_peb_total":"","lodging_nearby_distance":"","lodging_room_description":"{\"chambre\":3,\"salon-salle-a-manger\":1}","lodging_other_informations":"{\"heure-darrivee\":{\"fr\":\"15h00\",\"nl\":\"15u00\",\"en\":\"3:00 PM\"},\"heure-de-depart\":{\"fr\":\"11h00\",\"nl\":\"11u00\",\"en\":\"11:00\"}}","lodging_charge":"","lodging_charge_amount":"","lodging_code_cgt":"","lodging_bedding":"","lodging_lodgings_relation":"","lodging_hosting_advantages":"","lodging_3dvue":"","lodging_video":"","lodging_streetview":"","lodging_percent":"{\"peb\":0,\"other_informations\":100,\"localisation\":100,\"general\":100,\"equipments\":100,\"medias\":20,\"total\":70}","lodging_mentions":"[]"},"lodging_type":[34],"lodging_official_category":[4656],"lodging_subtype":[],"lodging_situation":[8909,8910,8912,9103],"lodging_layout":[366],"lodging_bedding":[],"lodging_additional_rate_type":[],"lodging_external_equipment":[8896,9005,8897,8898],"lodging_household_appliances":[8882,8885,8891],"lodging_interior_equipment":[8874,8875,8879,8880,8881],"lodging_sport_and_leisure":[9165],"lodging_type_of_stay":[9023],"lodging_adapted_to":[],"lodging_wellness":[],"lodging_baby":[8904],"lodging_business_mice":[],"lodging_accessibility":[],"lodging_nearby":[],"lodging_car_motorcycle_bike":[8907,8908],"lodging_room_type":[],"lodging_thematic":[],"lodging_status":[167],"lodging_other_informations":[],"class_list":["post-113024","lodging","type-lodging","status-publish","hentry","lodging_type-chambre-dhotes","lodging_official_category-room","lodging_situation-a-la-campagne","lodging_situation-au-bord-de-la-foret","lodging_situation-au-bord-des-champs","lodging_situation-dans-un-village","lodging_layout-hebergement-non-mitoyen","lodging_external_equipment-jardin","lodging_external_equipment-jardin-cloture","lodging_external_equipment-salon-de-jardin","lodging_external_equipment-terrasse","lodging_household_appliances-bouilloire-electrique","lodging_household_appliances-grille-pain","lodging_household_appliances-refrigerateur","lodging_interior_equipment-bibliotheque","lodging_interior_equipment-feu-ouvert","lodging_interior_equipment-seche-cheveux","lodging_interior_equipment-television","lodging_interior_equipment-wi-fi","lodging_sport_and_leisure-velos-a-disposition","lodging_type_of_stay-en-couple","lodging_baby-chaise-pour-enfant","lodging_car_motorcycle_bike-local-a-velo","lodging_car_motorcycle_bike-parking-prive","lodging_status-published"],"yoast_head":"<!-- This site is optimized with the Yoast SEO Premium plugin v26.7 (Yoast SEO v26.7) - https:\/\/yoast.com\/wordpress\/plugins\/seo\/ -->\n<title>La Ferme du P\u00e8re Eug\u00e8ne - gitesdewallonie.be<\/title>\n<meta name=\"robots\" content=\"index, follow, max-snippet:-1, max-image-preview:large, max-video-preview:-1\" \/>\n<link rel=\"canonical\" href=\"https:\/\/gitesdewallonie.be\/nl\/een-vakantiehuis-vinden\/kamer\/malmedy\/la-ferme-du-pere-eugene\/\" \/>\n<meta property=\"og:locale\" content=\"nl_NL\" \/>\n<meta property=\"og:type\" content=\"article\" \/>\n<meta property=\"og:title\" content=\"La Ferme du P\u00e8re Eug\u00e8ne\" \/>\n<meta property=\"og:url\" content=\"https:\/\/gitesdewallonie.be\/nl\/een-vakantiehuis-vinden\/kamer\/malmedy\/la-ferme-du-pere-eugene\/\" \/>\n<meta property=\"og:site_name\" content=\"gitesdewallonie.be\" \/>\n<meta property=\"article:publisher\" content=\"https:\/\/www.facebook.com\/GitesdeWallonie\" \/>\n<meta property=\"article:modified_time\" content=\"2024-10-23T07:48:57+00:00\" \/>\n<meta name=\"twitter:card\" content=\"summary_large_image\" \/>\n<script type=\"application\/ld+json\" class=\"yoast-schema-graph\">{\"@context\":\"https:\/\/schema.org\",\"@graph\":[{\"@type\":\"WebPage\",\"@id\":\"https:\/\/gitesdewallonie.be\/nl\/een-vakantiehuis-vinden\/kamer\/malmedy\/la-ferme-du-pere-eugene\/\",\"url\":\"https:\/\/gitesdewallonie.be\/nl\/een-vakantiehuis-vinden\/kamer\/malmedy\/la-ferme-du-pere-eugene\/\",\"name\":\"La Ferme du P\u00e8re Eug\u00e8ne - gitesdewallonie.be\",\"isPartOf\":{\"@id\":\"https:\/\/gitesdewallonie.be\/nl\/#website\"},\"datePublished\":\"2024-08-27T07:14:09+00:00\",\"dateModified\":\"2024-10-23T07:48:57+00:00\",\"breadcrumb\":{\"@id\":\"https:\/\/gitesdewallonie.be\/nl\/een-vakantiehuis-vinden\/kamer\/malmedy\/la-ferme-du-pere-eugene\/#breadcrumb\"},\"inLanguage\":\"nl-NL\",\"potentialAction\":[{\"@type\":\"ReadAction\",\"target\":[\"https:\/\/gitesdewallonie.be\/nl\/een-vakantiehuis-vinden\/kamer\/malmedy\/la-ferme-du-pere-eugene\/\"]}]},{\"@type\":\"BreadcrumbList\",\"@id\":\"https:\/\/gitesdewallonie.be\/nl\/een-vakantiehuis-vinden\/kamer\/malmedy\/la-ferme-du-pere-eugene\/#breadcrumb\",\"itemListElement\":[{\"@type\":\"ListItem\",\"position\":1,\"name\":\"Accueil\",\"item\":\"https:\/\/gitesdewallonie.be\/nl\/\"},{\"@type\":\"ListItem\",\"position\":2,\"name\":\"H\u00e9bergements\",\"item\":\"https:\/\/gitesdewallonie.be\/nl\/hebergements\/%type%\/%region%\/\"},{\"@type\":\"ListItem\",\"position\":3,\"name\":\"La Ferme du P\u00e8re Eug\u00e8ne\"}]},{\"@type\":\"WebSite\",\"@id\":\"https:\/\/gitesdewallonie.be\/nl\/#website\",\"url\":\"https:\/\/gitesdewallonie.be\/nl\/\",\"name\":\"F\u00e9d\u00e9ration des G\u00eetes et Chambres d'h\u00f4tes de Wallonie\",\"description\":\"\",\"publisher\":{\"@id\":\"https:\/\/gitesdewallonie.be\/nl\/#organization\"},\"potentialAction\":[{\"@type\":\"SearchAction\",\"target\":{\"@type\":\"EntryPoint\",\"urlTemplate\":\"https:\/\/gitesdewallonie.be\/nl\/?s={search_term_string}\"},\"query-input\":{\"@type\":\"PropertyValueSpecification\",\"valueRequired\":true,\"valueName\":\"search_term_string\"}}],\"inLanguage\":\"nl-NL\"},{\"@type\":\"Organization\",\"@id\":\"https:\/\/gitesdewallonie.be\/nl\/#organization\",\"name\":\"F\u00e9d\u00e9ration des G\u00eetes et Chambres d'h\u00f4tes de Wallonie\",\"alternateName\":\"GDW\",\"url\":\"https:\/\/gitesdewallonie.be\/nl\/\",\"logo\":{\"@type\":\"ImageObject\",\"inLanguage\":\"nl-NL\",\"@id\":\"https:\/\/gitesdewallonie.be\/nl\/#\/schema\/logo\/image\/\",\"url\":\"https:\/\/gitesdewallonie.be\/wp-content\/uploads\/2024\/08\/logo-gdw.svg\",\"contentUrl\":\"https:\/\/gitesdewallonie.be\/wp-content\/uploads\/2024\/08\/logo-gdw.svg\",\"caption\":\"F\u00e9d\u00e9ration des G\u00eetes et Chambres d'h\u00f4tes de Wallonie\"},\"image\":{\"@id\":\"https:\/\/gitesdewallonie.be\/nl\/#\/schema\/logo\/image\/\"},\"sameAs\":[\"https:\/\/www.facebook.com\/GitesdeWallonie\",\"https:\/\/www.instagram.com\/gitesdewallonie.be\/\"]}]}<\/script>\n<!-- \/ Yoast SEO Premium plugin. -->","yoast_head_json":{"title":"La Ferme du P\u00e8re Eug\u00e8ne - gitesdewallonie.be","robots":{"index":"index","follow":"follow","max-snippet":"max-snippet:-1","max-image-preview":"max-image-preview:large","max-video-preview":"max-video-preview:-1"},"canonical":"https:\/\/gitesdewallonie.be\/nl\/een-vakantiehuis-vinden\/kamer\/malmedy\/la-ferme-du-pere-eugene\/","og_locale":"nl_NL","og_type":"article","og_title":"La Ferme du P\u00e8re Eug\u00e8ne","og_url":"https:\/\/gitesdewallonie.be\/nl\/een-vakantiehuis-vinden\/kamer\/malmedy\/la-ferme-du-pere-eugene\/","og_site_name":"gitesdewallonie.be","article_publisher":"https:\/\/www.facebook.com\/GitesdeWallonie","article_modified_time":"2024-10-23T07:48:57+00:00","twitter_card":"summary_large_image","schema":{"@context":"https:\/\/schema.org","@graph":[{"@type":"WebPage","@id":"https:\/\/gitesdewallonie.be\/nl\/een-vakantiehuis-vinden\/kamer\/malmedy\/la-ferme-du-pere-eugene\/","url":"https:\/\/gitesdewallonie.be\/nl\/een-vakantiehuis-vinden\/kamer\/malmedy\/la-ferme-du-pere-eugene\/","name":"La Ferme du P\u00e8re Eug\u00e8ne - gitesdewallonie.be","isPartOf":{"@id":"https:\/\/gitesdewallonie.be\/nl\/#website"},"datePublished":"2024-08-27T07:14:09+00:00","dateModified":"2024-10-23T07:48:57+00:00","breadcrumb":{"@id":"https:\/\/gitesdewallonie.be\/nl\/een-vakantiehuis-vinden\/kamer\/malmedy\/la-ferme-du-pere-eugene\/#breadcrumb"},"inLanguage":"nl-NL","potentialAction":[{"@type":"ReadAction","target":["https:\/\/gitesdewallonie.be\/nl\/een-vakantiehuis-vinden\/kamer\/malmedy\/la-ferme-du-pere-eugene\/"]}]},{"@type":"BreadcrumbList","@id":"https:\/\/gitesdewallonie.be\/nl\/een-vakantiehuis-vinden\/kamer\/malmedy\/la-ferme-du-pere-eugene\/#breadcrumb","itemListElement":[{"@type":"ListItem","position":1,"name":"Accueil","item":"https:\/\/gitesdewallonie.be\/nl\/"},{"@type":"ListItem","position":2,"name":"H\u00e9bergements","item":"https:\/\/gitesdewallonie.be\/nl\/hebergements\/%type%\/%region%\/"},{"@type":"ListItem","position":3,"name":"La Ferme du P\u00e8re Eug\u00e8ne"}]},{"@type":"WebSite","@id":"https:\/\/gitesdewallonie.be\/nl\/#website","url":"https:\/\/gitesdewallonie.be\/nl\/","name":"F\u00e9d\u00e9ration des G\u00eetes et Chambres d'h\u00f4tes de Wallonie","description":"","publisher":{"@id":"https:\/\/gitesdewallonie.be\/nl\/#organization"},"potentialAction":[{"@type":"SearchAction","target":{"@type":"EntryPoint","urlTemplate":"https:\/\/gitesdewallonie.be\/nl\/?s={search_term_string}"},"query-input":{"@type":"PropertyValueSpecification","valueRequired":true,"valueName":"search_term_string"}}],"inLanguage":"nl-NL"},{"@type":"Organization","@id":"https:\/\/gitesdewallonie.be\/nl\/#organization","name":"F\u00e9d\u00e9ration des G\u00eetes et Chambres d'h\u00f4tes de Wallonie","alternateName":"GDW","url":"https:\/\/gitesdewallonie.be\/nl\/","logo":{"@type":"ImageObject","inLanguage":"nl-NL","@id":"https:\/\/gitesdewallonie.be\/nl\/#\/schema\/logo\/image\/","url":"https:\/\/gitesdewallonie.be\/wp-content\/uploads\/2024\/08\/logo-gdw.svg","contentUrl":"https:\/\/gitesdewallonie.be\/wp-content\/uploads\/2024\/08\/logo-gdw.svg","caption":"F\u00e9d\u00e9ration des G\u00eetes et Chambres d'h\u00f4tes de Wallonie"},"image":{"@id":"https:\/\/gitesdewallonie.be\/nl\/#\/schema\/logo\/image\/"},"sameAs":["https:\/\/www.facebook.com\/GitesdeWallonie","https:\/\/www.instagram.com\/gitesdewallonie.be\/"]}]}},"_links":{"self":[{"href":"https:\/\/gitesdewallonie.be\/nl\/wp-json\/wp\/v2\/lodging\/113024","targetHints":{"allow":["GET"]}}],"collection":[{"href":"https:\/\/gitesdewallonie.be\/nl\/wp-json\/wp\/v2\/lodging"}],"about":[{"href":"https:\/\/gitesdewallonie.be\/nl\/wp-json\/wp\/v2\/types\/lodging"}],"wp:attachment":[{"href":"https:\/\/gitesdewallonie.be\/nl\/wp-json\/wp\/v2\/media?parent=113024"}],"wp:term":[{"taxonomy":"lodging_type","embeddable":true,"href":"https:\/\/gitesdewallonie.be\/nl\/wp-json\/wp\/v2\/lodging_type?post=113024"},{"taxonomy":"lodging_official_category","embeddable":true,"href":"https:\/\/gitesdewallonie.be\/nl\/wp-json\/wp\/v2\/lodging_official_category?post=113024"},{"taxonomy":"lodging_subtype","embeddable":true,"href":"https:\/\/gitesdewallonie.be\/nl\/wp-json\/wp\/v2\/lodging_subtype?post=113024"},{"taxonomy":"lodging_situation","embeddable":true,"href":"https:\/\/gitesdewallonie.be\/nl\/wp-json\/wp\/v2\/lodging_situation?post=113024"},{"taxonomy":"lodging_layout","embeddable":true,"href":"https:\/\/gitesdewallonie.be\/nl\/wp-json\/wp\/v2\/lodging_layout?post=113024"},{"taxonomy":"lodging_bedding","embeddable":true,"href":"https:\/\/gitesdewallonie.be\/nl\/wp-json\/wp\/v2\/lodging_bedding?post=113024"},{"taxonomy":"lodging_additional_rate_type","embeddable":true,"href":"https:\/\/gitesdewallonie.be\/nl\/wp-json\/wp\/v2\/lodging_additional_rate_type?post=113024"},{"taxonomy":"lodging_external_equipment","embeddable":true,"href":"https:\/\/gitesdewallonie.be\/nl\/wp-json\/wp\/v2\/lodging_external_equipment?post=113024"},{"taxonomy":"lodging_household_appliances","embeddable":true,"href":"https:\/\/gitesdewallonie.be\/nl\/wp-json\/wp\/v2\/lodging_household_appliances?post=113024"},{"taxonomy":"lodging_interior_equipment","embeddable":true,"href":"https:\/\/gitesdewallonie.be\/nl\/wp-json\/wp\/v2\/lodging_interior_equipment?post=113024"},{"taxonomy":"lodging_sport_and_leisure","embeddable":true,"href":"https:\/\/gitesdewallonie.be\/nl\/wp-json\/wp\/v2\/lodging_sport_and_leisure?post=113024"},{"taxonomy":"lodging_type_of_stay","embeddable":true,"href":"https:\/\/gitesdewallonie.be\/nl\/wp-json\/wp\/v2\/lodging_type_of_stay?post=113024"},{"taxonomy":"lodging_adapted_to","embeddable":true,"href":"https:\/\/gitesdewallonie.be\/nl\/wp-json\/wp\/v2\/lodging_adapted_to?post=113024"},{"taxonomy":"lodging_wellness","embeddable":true,"href":"https:\/\/gitesdewallonie.be\/nl\/wp-json\/wp\/v2\/lodging_wellness?post=113024"},{"taxonomy":"lodging_baby","embeddable":true,"href":"https:\/\/gitesdewallonie.be\/nl\/wp-json\/wp\/v2\/lodging_baby?post=113024"},{"taxonomy":"lodging_business_mice","embeddable":true,"href":"https:\/\/gitesdewallonie.be\/nl\/wp-json\/wp\/v2\/lodging_business_mice?post=113024"},{"taxonomy":"lodging_accessibility","embeddable":true,"href":"https:\/\/gitesdewallonie.be\/nl\/wp-json\/wp\/v2\/lodging_accessibility?post=113024"},{"taxonomy":"lodging_nearby","embeddable":true,"href":"https:\/\/gitesdewallonie.be\/nl\/wp-json\/wp\/v2\/lodging_nearby?post=113024"},{"taxonomy":"lodging_car_motorcycle_bike","embeddable":true,"href":"https:\/\/gitesdewallonie.be\/nl\/wp-json\/wp\/v2\/lodging_car_motorcycle_bike?post=113024"},{"taxonomy":"lodging_room_type","embeddable":true,"href":"https:\/\/gitesdewallonie.be\/nl\/wp-json\/wp\/v2\/lodging_room_type?post=113024"},{"taxonomy":"lodging_thematic","embeddable":true,"href":"https:\/\/gitesdewallonie.be\/nl\/wp-json\/wp\/v2\/lodging_thematic?post=113024"},{"taxonomy":"lodging_status","embeddable":true,"href":"https:\/\/gitesdewallonie.be\/nl\/wp-json\/wp\/v2\/lodging_status?post=113024"},{"taxonomy":"lodging_other_informations","embeddable":true,"href":"https:\/\/gitesdewallonie.be\/nl\/wp-json\/wp\/v2\/lodging_other_informations?post=113024"}],"curies":[{"name":"wp","href":"https:\/\/api.w.org\/{rel}","templated":true}]}}