{"id":113054,"date":"2024-08-27T09:14:17","date_gmt":"2024-08-27T07:14:17","guid":{"rendered":"https:\/\/gitesdewallonie.be\/hebergements\/%type%\/%region%\/la-forgette\/"},"modified":"2024-08-27T09:14:17","modified_gmt":"2024-08-27T07:14:17","slug":"la-forgette","status":"publish","type":"lodging","link":"https:\/\/gitesdewallonie.be\/nl\/een-vakantiehuis-vinden\/vakantiewoning\/beloeil\/la-forgette\/","title":{"rendered":"La Forgette"},"content":{"rendered":"","protected":false},"template":"","meta":{"lodging_type":"gite","lodging_UID":"0887f54b33fb40dc9cffa6218dc6b2dc","lodging_pk":"1787","lodging_description_fr":"<p>Maison de plein pied am\u00e9nag\u00e9e en meubl\u00e9 de vacances situ\u00e9e  au centre de  Beloeil, pr\u00e8s du ch\u00e2teau et de la for\u00eat domaniale\r\nCort\u00e8ge folklorique au village, F\u00e9\u00e9rie de Beloeil, marathon, expositions, nombreuses promenades et sites \u00e0 d\u00e9couvrir.<\/p><p>la maison comprend :  hall, salon\/salle \u00e0 manger, wc  avec lave mains,  cuisine \u00e9quip\u00e9e, deux frigos dont un avec cong\u00e9lateur, buanderie, salle de bains, douche, 3 chambres avec 2 couchages par chambre, machine \u00e0 laver, terrasse couverte, jardin \u00e0 l'arri\u00e8re, barbecue, jardin \u00e0 l'avant avec parking, T.V.  connexion internet.<\/p>","lodging_description_nl":"<p>Gelijkvloers huis omgebouwd tot gemeubileerde vakantieaccommodatie gelegen in het centrum van Beloeil, vlakbij het kasteel en het staatsbos\r\nFolkloristische stoet in het dorp, F\u00e9\u00e9rie de Beloeil, marathon, tentoonstellingen, talrijke wandelingen en te ontdekken plaatsen.<\/p><p>het huis bestaat uit: hal, woon-\/eetkamer, wc met lavabo, ingerichte keuken, twee koelkasten waarvan \u00e9\u00e9n met vriezer, wasruimte, badkamer, douche, 3 slaapkamers met 2 bedden per slaapkamer, wasmachine, overdekt terras, achtertuin, barbecue, voortuin met parkeerplaats, tv internetaansluiting.<\/p>","lodging_description_en":"<p>Bungalow holiday home found in Beloeil centre near the castle and the regional forest.\r\n\r\nFolk procession in the village, the musical night, the marathon, exhibitions, hiking trails and tourist sites are just some of things you can discover in the area.<\/p><p>The house consists of a hall, a living and dining area, toilet room with sink, equipped kitchen with a fridge, a fridge-freezer, a cellar, a bathroom, a shower, 3 bedrooms with 2 beds per bedroom, washing machine, open terrace, back garden, BBQ, front garden with parking, television and internet.<\/p>","lodging_email":"yvette.peltier@skynet.be","lodging_website":"","lodging_lat":"50.551525","lodging_lng":"3.736939","lodging_locality":"","lodging_commune":"Beloeil","lodging_owner":"7791f59f8cfd41adbc4d61acde2a1ae9","lodging_zip_code":"7970","lodging_street":"Rue d'Ath","lodging_number":"34","lodging_ranking":"2","lodging_accessi_url":"","lodging_gallery":"","lodging_elloha_product_id":"","lodging_elloha_offer_id":"","lodging_elloha_id":"","lodging_elloha_price_from":"","lodging_experience_title_fr":"","lodging_experience_title_nl":"","lodging_experience_title_en":"","lodging_experience_content_fr":"","lodging_experience_content_nl":"","lodging_experience_content_en":"","lodging_expert_content_fr":"","lodging_expert_content_nl":"","lodging_expert_content_en":"","lodging_expert_id":"","lodging_testimonials_tripadvisor":"","lodging_testimonials_google":"","lodging_testimonials_booking":"","lodging_real_min_capacity":"","lodging_max_capacity":"6","lodging_min_capacity":"4","lodging_min_night":"","lodging_number_of_bathrooms":"1","lodging_number_of_bedrooms":"3","lodging_number_of_levels":"1","lodging_smoking_accommodation":"","lodging_surface_area":"100","lodging_animals_accepted":"","lodging_peb_class":"","lodging_peb_code":"","lodging_peb_primary":"","lodging_peb_total":"","lodging_nearby_distance":"","lodging_room_description":"{\"salon-salle-a-manger\":1,\"cuisine\":1,\"buanderie\":1,\"salle-de-bain\":1,\"toilette\":1}","lodging_other_informations":"","lodging_charge":"","lodging_charge_amount":"","lodging_code_cgt":"MVHT6526","lodging_bedding":"[{\"roomtype\":\"chambre\",\"bedding\":[\"2-lits-simples\"]},{\"roomtype\":\"chambre\",\"bedding\":[\"2-lits-simples\"]},{\"roomtype\":\"chambre\",\"bedding\":[\"1-lit-simple\"]}]","lodging_lodgings_relation":"","lodging_hosting_advantages":"","lodging_3dvue":"","lodging_video":"","lodging_streetview":"","lodging_percent":"{\"peb\":0,\"other_informations\":0,\"localisation\":80,\"rates\":{\"2025\":100,\"2026\":0,\"2027\":0},\"general\":83,\"equipments\":100,\"medias\":100,\"total\":51}","lodging_mentions":""},"lodging_type":[33],"lodging_official_category":[4604],"lodging_subtype":[],"lodging_situation":[8909,8911,8910,8912,9103,9008],"lodging_layout":[366],"lodging_bedding":[],"lodging_additional_rate_type":[],"lodging_external_equipment":[8893,9056,8896,9070],"lodging_household_appliances":[9080,9001,8882,9020,8883,9002,8884,8885,8886,8888,9003,8889,8891],"lodging_interior_equipment":[8880,8881],"lodging_sport_and_leisure":[8901],"lodging_type_of_stay":[],"lodging_adapted_to":[],"lodging_wellness":[],"lodging_baby":[],"lodging_business_mice":[],"lodging_accessibility":[9150],"lodging_nearby":[],"lodging_car_motorcycle_bike":[8908,9036],"lodging_room_type":[],"lodging_thematic":[],"lodging_status":[167],"lodging_other_informations":[],"class_list":["post-113054","lodging","type-lodging","status-publish","hentry","lodging_type-gite","lodging_official_category-hollidaygite","lodging_situation-a-la-campagne","lodging_situation-au-bord-de-leau","lodging_situation-au-bord-de-la-foret","lodging_situation-au-bord-des-champs","lodging_situation-dans-un-village","lodging_situation-le-long-dune-route","lodging_layout-hebergement-non-mitoyen","lodging_external_equipment-barbecue","lodging_external_equipment-cour","lodging_external_equipment-jardin","lodging_external_equipment-terrasse-couverte","lodging_household_appliances-appareil-a-fondue","lodging_household_appliances-aspirateur","lodging_household_appliances-bouilloire-electrique","lodging_household_appliances-cafetiere","lodging_household_appliances-congelateur","lodging_household_appliances-fer-et-table-a-repasser","lodging_household_appliances-four","lodging_household_appliances-grille-pain","lodging_household_appliances-lave-linge","lodging_household_appliances-machine-a-cafe","lodging_household_appliances-micro-ondes","lodging_household_appliances-mixeur","lodging_household_appliances-refrigerateur","lodging_interior_equipment-television","lodging_interior_equipment-wi-fi","lodging_sport_and_leisure-jeux-de-societe","lodging_accessibility-logement-de-plain-pied","lodging_car_motorcycle_bike-parking-prive","lodging_car_motorcycle_bike-parking-public","lodging_status-published"],"yoast_head":"<!-- This site is optimized with the Yoast SEO Premium plugin v26.7 (Yoast SEO v26.7) - https:\/\/yoast.com\/wordpress\/plugins\/seo\/ -->\n<title>La Forgette - gitesdewallonie.be<\/title>\n<meta name=\"robots\" content=\"index, follow, max-snippet:-1, max-image-preview:large, max-video-preview:-1\" \/>\n<link rel=\"canonical\" href=\"https:\/\/gitesdewallonie.be\/nl\/een-vakantiehuis-vinden\/vakantiewoning\/beloeil\/la-forgette\/\" \/>\n<meta property=\"og:locale\" content=\"nl_NL\" \/>\n<meta property=\"og:type\" content=\"article\" \/>\n<meta property=\"og:title\" content=\"La Forgette\" \/>\n<meta property=\"og:url\" content=\"https:\/\/gitesdewallonie.be\/nl\/een-vakantiehuis-vinden\/vakantiewoning\/beloeil\/la-forgette\/\" \/>\n<meta property=\"og:site_name\" content=\"gitesdewallonie.be\" \/>\n<meta property=\"article:publisher\" content=\"https:\/\/www.facebook.com\/GitesdeWallonie\" \/>\n<meta name=\"twitter:card\" content=\"summary_large_image\" \/>\n<script type=\"application\/ld+json\" class=\"yoast-schema-graph\">{\"@context\":\"https:\/\/schema.org\",\"@graph\":[{\"@type\":\"WebPage\",\"@id\":\"https:\/\/gitesdewallonie.be\/nl\/een-vakantiehuis-vinden\/vakantiewoning\/beloeil\/la-forgette\/\",\"url\":\"https:\/\/gitesdewallonie.be\/nl\/een-vakantiehuis-vinden\/vakantiewoning\/beloeil\/la-forgette\/\",\"name\":\"La Forgette - gitesdewallonie.be\",\"isPartOf\":{\"@id\":\"https:\/\/gitesdewallonie.be\/nl\/#website\"},\"datePublished\":\"2024-08-27T07:14:17+00:00\",\"breadcrumb\":{\"@id\":\"https:\/\/gitesdewallonie.be\/nl\/een-vakantiehuis-vinden\/vakantiewoning\/beloeil\/la-forgette\/#breadcrumb\"},\"inLanguage\":\"nl-NL\",\"potentialAction\":[{\"@type\":\"ReadAction\",\"target\":[\"https:\/\/gitesdewallonie.be\/nl\/een-vakantiehuis-vinden\/vakantiewoning\/beloeil\/la-forgette\/\"]}]},{\"@type\":\"BreadcrumbList\",\"@id\":\"https:\/\/gitesdewallonie.be\/nl\/een-vakantiehuis-vinden\/vakantiewoning\/beloeil\/la-forgette\/#breadcrumb\",\"itemListElement\":[{\"@type\":\"ListItem\",\"position\":1,\"name\":\"Accueil\",\"item\":\"https:\/\/gitesdewallonie.be\/nl\/\"},{\"@type\":\"ListItem\",\"position\":2,\"name\":\"H\u00e9bergements\",\"item\":\"https:\/\/gitesdewallonie.be\/nl\/hebergements\/%type%\/%region%\/\"},{\"@type\":\"ListItem\",\"position\":3,\"name\":\"G\u00eete pour 6 personnes La Forgette\"}]},{\"@type\":\"WebSite\",\"@id\":\"https:\/\/gitesdewallonie.be\/nl\/#website\",\"url\":\"https:\/\/gitesdewallonie.be\/nl\/\",\"name\":\"F\u00e9d\u00e9ration des G\u00eetes et Chambres d'h\u00f4tes de Wallonie\",\"description\":\"\",\"publisher\":{\"@id\":\"https:\/\/gitesdewallonie.be\/nl\/#organization\"},\"potentialAction\":[{\"@type\":\"SearchAction\",\"target\":{\"@type\":\"EntryPoint\",\"urlTemplate\":\"https:\/\/gitesdewallonie.be\/nl\/?s={search_term_string}\"},\"query-input\":{\"@type\":\"PropertyValueSpecification\",\"valueRequired\":true,\"valueName\":\"search_term_string\"}}],\"inLanguage\":\"nl-NL\"},{\"@type\":\"Organization\",\"@id\":\"https:\/\/gitesdewallonie.be\/nl\/#organization\",\"name\":\"F\u00e9d\u00e9ration des G\u00eetes et Chambres d'h\u00f4tes de Wallonie\",\"alternateName\":\"GDW\",\"url\":\"https:\/\/gitesdewallonie.be\/nl\/\",\"logo\":{\"@type\":\"ImageObject\",\"inLanguage\":\"nl-NL\",\"@id\":\"https:\/\/gitesdewallonie.be\/nl\/#\/schema\/logo\/image\/\",\"url\":\"https:\/\/gitesdewallonie.be\/wp-content\/uploads\/2024\/08\/logo-gdw.svg\",\"contentUrl\":\"https:\/\/gitesdewallonie.be\/wp-content\/uploads\/2024\/08\/logo-gdw.svg\",\"caption\":\"F\u00e9d\u00e9ration des G\u00eetes et Chambres d'h\u00f4tes de Wallonie\"},\"image\":{\"@id\":\"https:\/\/gitesdewallonie.be\/nl\/#\/schema\/logo\/image\/\"},\"sameAs\":[\"https:\/\/www.facebook.com\/GitesdeWallonie\",\"https:\/\/www.instagram.com\/gitesdewallonie.be\/\"]}]}<\/script>\n<!-- \/ Yoast SEO Premium plugin. -->","yoast_head_json":{"title":"La Forgette - gitesdewallonie.be","robots":{"index":"index","follow":"follow","max-snippet":"max-snippet:-1","max-image-preview":"max-image-preview:large","max-video-preview":"max-video-preview:-1"},"canonical":"https:\/\/gitesdewallonie.be\/nl\/een-vakantiehuis-vinden\/vakantiewoning\/beloeil\/la-forgette\/","og_locale":"nl_NL","og_type":"article","og_title":"La Forgette","og_url":"https:\/\/gitesdewallonie.be\/nl\/een-vakantiehuis-vinden\/vakantiewoning\/beloeil\/la-forgette\/","og_site_name":"gitesdewallonie.be","article_publisher":"https:\/\/www.facebook.com\/GitesdeWallonie","twitter_card":"summary_large_image","schema":{"@context":"https:\/\/schema.org","@graph":[{"@type":"WebPage","@id":"https:\/\/gitesdewallonie.be\/nl\/een-vakantiehuis-vinden\/vakantiewoning\/beloeil\/la-forgette\/","url":"https:\/\/gitesdewallonie.be\/nl\/een-vakantiehuis-vinden\/vakantiewoning\/beloeil\/la-forgette\/","name":"La Forgette - gitesdewallonie.be","isPartOf":{"@id":"https:\/\/gitesdewallonie.be\/nl\/#website"},"datePublished":"2024-08-27T07:14:17+00:00","breadcrumb":{"@id":"https:\/\/gitesdewallonie.be\/nl\/een-vakantiehuis-vinden\/vakantiewoning\/beloeil\/la-forgette\/#breadcrumb"},"inLanguage":"nl-NL","potentialAction":[{"@type":"ReadAction","target":["https:\/\/gitesdewallonie.be\/nl\/een-vakantiehuis-vinden\/vakantiewoning\/beloeil\/la-forgette\/"]}]},{"@type":"BreadcrumbList","@id":"https:\/\/gitesdewallonie.be\/nl\/een-vakantiehuis-vinden\/vakantiewoning\/beloeil\/la-forgette\/#breadcrumb","itemListElement":[{"@type":"ListItem","position":1,"name":"Accueil","item":"https:\/\/gitesdewallonie.be\/nl\/"},{"@type":"ListItem","position":2,"name":"H\u00e9bergements","item":"https:\/\/gitesdewallonie.be\/nl\/hebergements\/%type%\/%region%\/"},{"@type":"ListItem","position":3,"name":"G\u00eete pour 6 personnes La Forgette"}]},{"@type":"WebSite","@id":"https:\/\/gitesdewallonie.be\/nl\/#website","url":"https:\/\/gitesdewallonie.be\/nl\/","name":"F\u00e9d\u00e9ration des G\u00eetes et Chambres d'h\u00f4tes de Wallonie","description":"","publisher":{"@id":"https:\/\/gitesdewallonie.be\/nl\/#organization"},"potentialAction":[{"@type":"SearchAction","target":{"@type":"EntryPoint","urlTemplate":"https:\/\/gitesdewallonie.be\/nl\/?s={search_term_string}"},"query-input":{"@type":"PropertyValueSpecification","valueRequired":true,"valueName":"search_term_string"}}],"inLanguage":"nl-NL"},{"@type":"Organization","@id":"https:\/\/gitesdewallonie.be\/nl\/#organization","name":"F\u00e9d\u00e9ration des G\u00eetes et Chambres d'h\u00f4tes de Wallonie","alternateName":"GDW","url":"https:\/\/gitesdewallonie.be\/nl\/","logo":{"@type":"ImageObject","inLanguage":"nl-NL","@id":"https:\/\/gitesdewallonie.be\/nl\/#\/schema\/logo\/image\/","url":"https:\/\/gitesdewallonie.be\/wp-content\/uploads\/2024\/08\/logo-gdw.svg","contentUrl":"https:\/\/gitesdewallonie.be\/wp-content\/uploads\/2024\/08\/logo-gdw.svg","caption":"F\u00e9d\u00e9ration des G\u00eetes et Chambres d'h\u00f4tes de Wallonie"},"image":{"@id":"https:\/\/gitesdewallonie.be\/nl\/#\/schema\/logo\/image\/"},"sameAs":["https:\/\/www.facebook.com\/GitesdeWallonie","https:\/\/www.instagram.com\/gitesdewallonie.be\/"]}]}},"_links":{"self":[{"href":"https:\/\/gitesdewallonie.be\/nl\/wp-json\/wp\/v2\/lodging\/113054","targetHints":{"allow":["GET"]}}],"collection":[{"href":"https:\/\/gitesdewallonie.be\/nl\/wp-json\/wp\/v2\/lodging"}],"about":[{"href":"https:\/\/gitesdewallonie.be\/nl\/wp-json\/wp\/v2\/types\/lodging"}],"wp:attachment":[{"href":"https:\/\/gitesdewallonie.be\/nl\/wp-json\/wp\/v2\/media?parent=113054"}],"wp:term":[{"taxonomy":"lodging_type","embeddable":true,"href":"https:\/\/gitesdewallonie.be\/nl\/wp-json\/wp\/v2\/lodging_type?post=113054"},{"taxonomy":"lodging_official_category","embeddable":true,"href":"https:\/\/gitesdewallonie.be\/nl\/wp-json\/wp\/v2\/lodging_official_category?post=113054"},{"taxonomy":"lodging_subtype","embeddable":true,"href":"https:\/\/gitesdewallonie.be\/nl\/wp-json\/wp\/v2\/lodging_subtype?post=113054"},{"taxonomy":"lodging_situation","embeddable":true,"href":"https:\/\/gitesdewallonie.be\/nl\/wp-json\/wp\/v2\/lodging_situation?post=113054"},{"taxonomy":"lodging_layout","embeddable":true,"href":"https:\/\/gitesdewallonie.be\/nl\/wp-json\/wp\/v2\/lodging_layout?post=113054"},{"taxonomy":"lodging_bedding","embeddable":true,"href":"https:\/\/gitesdewallonie.be\/nl\/wp-json\/wp\/v2\/lodging_bedding?post=113054"},{"taxonomy":"lodging_additional_rate_type","embeddable":true,"href":"https:\/\/gitesdewallonie.be\/nl\/wp-json\/wp\/v2\/lodging_additional_rate_type?post=113054"},{"taxonomy":"lodging_external_equipment","embeddable":true,"href":"https:\/\/gitesdewallonie.be\/nl\/wp-json\/wp\/v2\/lodging_external_equipment?post=113054"},{"taxonomy":"lodging_household_appliances","embeddable":true,"href":"https:\/\/gitesdewallonie.be\/nl\/wp-json\/wp\/v2\/lodging_household_appliances?post=113054"},{"taxonomy":"lodging_interior_equipment","embeddable":true,"href":"https:\/\/gitesdewallonie.be\/nl\/wp-json\/wp\/v2\/lodging_interior_equipment?post=113054"},{"taxonomy":"lodging_sport_and_leisure","embeddable":true,"href":"https:\/\/gitesdewallonie.be\/nl\/wp-json\/wp\/v2\/lodging_sport_and_leisure?post=113054"},{"taxonomy":"lodging_type_of_stay","embeddable":true,"href":"https:\/\/gitesdewallonie.be\/nl\/wp-json\/wp\/v2\/lodging_type_of_stay?post=113054"},{"taxonomy":"lodging_adapted_to","embeddable":true,"href":"https:\/\/gitesdewallonie.be\/nl\/wp-json\/wp\/v2\/lodging_adapted_to?post=113054"},{"taxonomy":"lodging_wellness","embeddable":true,"href":"https:\/\/gitesdewallonie.be\/nl\/wp-json\/wp\/v2\/lodging_wellness?post=113054"},{"taxonomy":"lodging_baby","embeddable":true,"href":"https:\/\/gitesdewallonie.be\/nl\/wp-json\/wp\/v2\/lodging_baby?post=113054"},{"taxonomy":"lodging_business_mice","embeddable":true,"href":"https:\/\/gitesdewallonie.be\/nl\/wp-json\/wp\/v2\/lodging_business_mice?post=113054"},{"taxonomy":"lodging_accessibility","embeddable":true,"href":"https:\/\/gitesdewallonie.be\/nl\/wp-json\/wp\/v2\/lodging_accessibility?post=113054"},{"taxonomy":"lodging_nearby","embeddable":true,"href":"https:\/\/gitesdewallonie.be\/nl\/wp-json\/wp\/v2\/lodging_nearby?post=113054"},{"taxonomy":"lodging_car_motorcycle_bike","embeddable":true,"href":"https:\/\/gitesdewallonie.be\/nl\/wp-json\/wp\/v2\/lodging_car_motorcycle_bike?post=113054"},{"taxonomy":"lodging_room_type","embeddable":true,"href":"https:\/\/gitesdewallonie.be\/nl\/wp-json\/wp\/v2\/lodging_room_type?post=113054"},{"taxonomy":"lodging_thematic","embeddable":true,"href":"https:\/\/gitesdewallonie.be\/nl\/wp-json\/wp\/v2\/lodging_thematic?post=113054"},{"taxonomy":"lodging_status","embeddable":true,"href":"https:\/\/gitesdewallonie.be\/nl\/wp-json\/wp\/v2\/lodging_status?post=113054"},{"taxonomy":"lodging_other_informations","embeddable":true,"href":"https:\/\/gitesdewallonie.be\/nl\/wp-json\/wp\/v2\/lodging_other_informations?post=113054"}],"curies":[{"name":"wp","href":"https:\/\/api.w.org\/{rel}","templated":true}]}}