{"id":113086,"date":"2024-08-27T09:14:26","date_gmt":"2024-08-27T07:14:26","guid":{"rendered":"https:\/\/gitesdewallonie.be\/hebergements\/%type%\/%region%\/la-jardiniere\/"},"modified":"2024-10-23T09:48:03","modified_gmt":"2024-10-23T07:48:03","slug":"la-jardiniere","status":"publish","type":"lodging","link":"https:\/\/gitesdewallonie.be\/nl\/een-vakantiehuis-vinden\/kamer\/erezee\/la-jardiniere\/","title":{"rendered":"La Jardini\u00e8re"},"content":{"rendered":"","protected":false},"template":"","meta":{"lodging_type":"chambre-hote","lodging_UID":"b8e97b9ccc39442199e46a165d4d6e2b","lodging_pk":"3720","lodging_description_fr":"<p>Nous vous accueillons dans nos chambres d'h\u00f4tes au c\u0153ur des Ardennes, id\u00e9alement situ\u00e9 en pleine nature dans la vall\u00e9e de l'Aisne entre La Roche et Durbuy.\r\nVenez profiter d'un petit d\u00e9jeuner du terroir, copieux, un maximum fait maison et local.<\/p><p>Nous apportons un soin particulier \u00e0 l'accueil, le confort et la d\u00e9coration. \r\nNous disposons d'un grand jardin avec potager et verger dans lequel vous pourrez vous balader et admirer les paysages. \r\nDes transats et des tables sont install\u00e9s pour que vous profitiez un maximum du calme environnant.   \r\nPour les temps plus frais nous avons \u00e9galement un salon confortable avec po\u00eale \u00e0 bois et biblioth\u00e8que. \r\nNous mettons \u00e0 votre disposition un frigo dans la salle \u00e0 manger, avec soft, vins et bi\u00e8res locales.\r\nDe nombreux d\u00e9parts de balades, \u00e0 pieds ou \u00e0 v\u00e9lo sont possibles \u00e0 partir de notre h\u00e9bergement.<\/p>","lodging_description_nl":"<p>Wij heten u welkom in onze bed and breakfast in het hart van de Ardennen, ideaal gelegen midden in de natuur in de Aisnevallei tussen La Roche en Durbuy.\r\nKom genieten van een stevig streekontbijt met zo veel mogelijk huisgemaakte producten.<\/p><p>We besteden bijzondere aandacht aan het onthaal, het comfort en de inrichting. \r\nWe hebben een grote tuin met een moestuin en een boomgaard waar u kunt rondkuieren en het landschap kunt bewonderen. \r\nEr zijn ligstoelen en tafels aanwezig zodat u optimaal kunt genieten van de rustige omgeving.   \r\nVoor de koudere dagen hebben we ook een comfortabel salon met een houtkachel en een bibliotheek. \r\nEr is een koelkast in de eetkamer, gevuld met frisdrank, lokale wijnen en bieren.\r\nVeel wandelingen en fietstochten starten vanaf onze accommodatie.<\/p>","lodging_description_en":"<p>We welcome you to our guest rooms in the heart of the Ardennes, ideally located in the heart of nature in the Aisne valley between La Roche and Durbuy.\r\nCome and enjoy a traditional breakfast that will fill you up with as much homemade and local produce as possible.<\/p><p>We pay particular attention to hospitality, comfort and decoration.\r\nWe have a large garden with a vegetable patch and orchard in which you can stroll and admire the landscapes.\r\nDeckchairs and tables are installed so that you can make the most of the surrounding calm.\r\nFor cooler weather, we also have a cosy lounge with a wood burning stove and library.\r\nWe provide you with a fridge in the dining room, with soft drinks, wines and local beers.\r\nMany paths to explore on foot or by bike are possible from the doorsteps of the residence.<\/p>","lodging_email":"lajardinierebnb@gmail.com","lodging_website":"https:\/\/www.lajardinierebnb.be","lodging_lat":"50.2654443797","lodging_lng":"5.55789113045","lodging_locality":"Amonines","lodging_commune":"Erez\u00e9e","lodging_owner":"68e96691853c4cb8b101039652cbb3c2","lodging_zip_code":"6997","lodging_street":"Rue de Beffe","lodging_number":"13","lodging_ranking":"0","lodging_accessi_url":"","lodging_gallery":"","lodging_elloha_product_id":"975229a5-bec9-40b7-9fdc-1c4a67dba7cb","lodging_elloha_offer_id":"","lodging_elloha_id":"","lodging_elloha_price_from":"90","lodging_experience_title_fr":"","lodging_experience_title_nl":"","lodging_experience_title_en":"","lodging_experience_content_fr":"","lodging_experience_content_nl":"","lodging_experience_content_en":"","lodging_expert_content_fr":"","lodging_expert_content_nl":"","lodging_expert_content_en":"","lodging_expert_id":"","lodging_testimonials_tripadvisor":"","lodging_testimonials_google":"","lodging_testimonials_booking":"","lodging_real_min_capacity":"","lodging_max_capacity":"9","lodging_min_capacity":"1","lodging_min_night":"","lodging_number_of_bathrooms":"","lodging_number_of_bedrooms":"5","lodging_number_of_levels":"2","lodging_smoking_accommodation":"","lodging_surface_area":"","lodging_animals_accepted":"","lodging_peb_class":"","lodging_peb_code":"","lodging_peb_primary":"","lodging_peb_total":"","lodging_nearby_distance":"","lodging_room_description":"{\"coin-salon\":1,\"cuisine\":1,\"salle-a-manger\":1}","lodging_other_informations":"","lodging_charge":"","lodging_charge_amount":"","lodging_code_cgt":"","lodging_bedding":"","lodging_lodgings_relation":"","lodging_hosting_advantages":"","lodging_3dvue":"","lodging_video":"","lodging_streetview":"","lodging_percent":"{\"peb\":0,\"other_informations\":0,\"localisation\":100,\"general\":80,\"equipments\":100,\"medias\":100,\"total\":63}","lodging_mentions":""},"lodging_type":[34],"lodging_official_category":[4656],"lodging_subtype":[],"lodging_situation":[8909,8912,9103],"lodging_layout":[420],"lodging_bedding":[],"lodging_additional_rate_type":[],"lodging_external_equipment":[8894,9056,8896,9163,8897,8898,8899],"lodging_household_appliances":[8885,8886,8888,9003,8891],"lodging_interior_equipment":[9112,8874,9043,8875,8878,9113,8881],"lodging_sport_and_leisure":[],"lodging_type_of_stay":[9023,9057],"lodging_adapted_to":[],"lodging_wellness":[],"lodging_baby":[8904,8906],"lodging_business_mice":[],"lodging_accessibility":[],"lodging_nearby":[],"lodging_car_motorcycle_bike":[9127,8907,8908],"lodging_room_type":[],"lodging_thematic":[],"lodging_status":[167],"lodging_other_informations":[],"class_list":["post-113086","lodging","type-lodging","status-publish","hentry","lodging_type-chambre-dhotes","lodging_official_category-room","lodging_situation-a-la-campagne","lodging_situation-au-bord-des-champs","lodging_situation-dans-un-village","lodging_layout-hebergement-mitoyen","lodging_external_equipment-borne-de-recharge-pour-voiture-electrique","lodging_external_equipment-cour","lodging_external_equipment-jardin","lodging_external_equipment-potager","lodging_external_equipment-salon-de-jardin","lodging_external_equipment-terrasse","lodging_external_equipment-verger","lodging_household_appliances-grille-pain","lodging_household_appliances-lave-linge","lodging_household_appliances-machine-a-cafe","lodging_household_appliances-micro-ondes","lodging_household_appliances-refrigerateur","lodging_interior_equipment-bar","lodging_interior_equipment-bibliotheque","lodging_interior_equipment-bureau","lodging_interior_equipment-feu-ouvert","lodging_interior_equipment-poele","lodging_interior_equipment-salle-polyvalente","lodging_interior_equipment-wi-fi","lodging_type_of_stay-en-couple","lodging_type_of_stay-en-famille","lodging_baby-chaise-pour-enfant","lodging_baby-lit-bebe","lodging_car_motorcycle_bike-garage-moto","lodging_car_motorcycle_bike-local-a-velo","lodging_car_motorcycle_bike-parking-prive","lodging_status-published"],"yoast_head":"<!-- This site is optimized with the Yoast SEO Premium plugin v26.7 (Yoast SEO v26.7) - https:\/\/yoast.com\/wordpress\/plugins\/seo\/ -->\n<title>La Jardini\u00e8re - gitesdewallonie.be<\/title>\n<meta name=\"robots\" content=\"index, follow, max-snippet:-1, max-image-preview:large, max-video-preview:-1\" \/>\n<link rel=\"canonical\" href=\"https:\/\/gitesdewallonie.be\/nl\/een-vakantiehuis-vinden\/kamer\/erezee\/la-jardiniere\/\" \/>\n<meta property=\"og:locale\" content=\"nl_NL\" \/>\n<meta property=\"og:type\" content=\"article\" \/>\n<meta property=\"og:title\" content=\"La Jardini\u00e8re\" \/>\n<meta property=\"og:url\" content=\"https:\/\/gitesdewallonie.be\/nl\/een-vakantiehuis-vinden\/kamer\/erezee\/la-jardiniere\/\" \/>\n<meta property=\"og:site_name\" content=\"gitesdewallonie.be\" \/>\n<meta property=\"article:publisher\" content=\"https:\/\/www.facebook.com\/GitesdeWallonie\" \/>\n<meta property=\"article:modified_time\" content=\"2024-10-23T07:48:03+00:00\" \/>\n<meta name=\"twitter:card\" content=\"summary_large_image\" \/>\n<script type=\"application\/ld+json\" class=\"yoast-schema-graph\">{\"@context\":\"https:\/\/schema.org\",\"@graph\":[{\"@type\":\"WebPage\",\"@id\":\"https:\/\/gitesdewallonie.be\/nl\/een-vakantiehuis-vinden\/kamer\/erezee\/la-jardiniere\/\",\"url\":\"https:\/\/gitesdewallonie.be\/nl\/een-vakantiehuis-vinden\/kamer\/erezee\/la-jardiniere\/\",\"name\":\"La Jardini\u00e8re - gitesdewallonie.be\",\"isPartOf\":{\"@id\":\"https:\/\/gitesdewallonie.be\/nl\/#website\"},\"datePublished\":\"2024-08-27T07:14:26+00:00\",\"dateModified\":\"2024-10-23T07:48:03+00:00\",\"breadcrumb\":{\"@id\":\"https:\/\/gitesdewallonie.be\/nl\/een-vakantiehuis-vinden\/kamer\/erezee\/la-jardiniere\/#breadcrumb\"},\"inLanguage\":\"nl-NL\",\"potentialAction\":[{\"@type\":\"ReadAction\",\"target\":[\"https:\/\/gitesdewallonie.be\/nl\/een-vakantiehuis-vinden\/kamer\/erezee\/la-jardiniere\/\"]}]},{\"@type\":\"BreadcrumbList\",\"@id\":\"https:\/\/gitesdewallonie.be\/nl\/een-vakantiehuis-vinden\/kamer\/erezee\/la-jardiniere\/#breadcrumb\",\"itemListElement\":[{\"@type\":\"ListItem\",\"position\":1,\"name\":\"Accueil\",\"item\":\"https:\/\/gitesdewallonie.be\/nl\/\"},{\"@type\":\"ListItem\",\"position\":2,\"name\":\"H\u00e9bergements\",\"item\":\"https:\/\/gitesdewallonie.be\/nl\/hebergements\/%type%\/%region%\/\"},{\"@type\":\"ListItem\",\"position\":3,\"name\":\"La Jardini\u00e8re\"}]},{\"@type\":\"WebSite\",\"@id\":\"https:\/\/gitesdewallonie.be\/nl\/#website\",\"url\":\"https:\/\/gitesdewallonie.be\/nl\/\",\"name\":\"F\u00e9d\u00e9ration des G\u00eetes et Chambres d'h\u00f4tes de Wallonie\",\"description\":\"\",\"publisher\":{\"@id\":\"https:\/\/gitesdewallonie.be\/nl\/#organization\"},\"potentialAction\":[{\"@type\":\"SearchAction\",\"target\":{\"@type\":\"EntryPoint\",\"urlTemplate\":\"https:\/\/gitesdewallonie.be\/nl\/?s={search_term_string}\"},\"query-input\":{\"@type\":\"PropertyValueSpecification\",\"valueRequired\":true,\"valueName\":\"search_term_string\"}}],\"inLanguage\":\"nl-NL\"},{\"@type\":\"Organization\",\"@id\":\"https:\/\/gitesdewallonie.be\/nl\/#organization\",\"name\":\"F\u00e9d\u00e9ration des G\u00eetes et Chambres d'h\u00f4tes de Wallonie\",\"alternateName\":\"GDW\",\"url\":\"https:\/\/gitesdewallonie.be\/nl\/\",\"logo\":{\"@type\":\"ImageObject\",\"inLanguage\":\"nl-NL\",\"@id\":\"https:\/\/gitesdewallonie.be\/nl\/#\/schema\/logo\/image\/\",\"url\":\"https:\/\/gitesdewallonie.be\/wp-content\/uploads\/2024\/08\/logo-gdw.svg\",\"contentUrl\":\"https:\/\/gitesdewallonie.be\/wp-content\/uploads\/2024\/08\/logo-gdw.svg\",\"caption\":\"F\u00e9d\u00e9ration des G\u00eetes et Chambres d'h\u00f4tes de Wallonie\"},\"image\":{\"@id\":\"https:\/\/gitesdewallonie.be\/nl\/#\/schema\/logo\/image\/\"},\"sameAs\":[\"https:\/\/www.facebook.com\/GitesdeWallonie\",\"https:\/\/www.instagram.com\/gitesdewallonie.be\/\"]}]}<\/script>\n<!-- \/ Yoast SEO Premium plugin. -->","yoast_head_json":{"title":"La Jardini\u00e8re - gitesdewallonie.be","robots":{"index":"index","follow":"follow","max-snippet":"max-snippet:-1","max-image-preview":"max-image-preview:large","max-video-preview":"max-video-preview:-1"},"canonical":"https:\/\/gitesdewallonie.be\/nl\/een-vakantiehuis-vinden\/kamer\/erezee\/la-jardiniere\/","og_locale":"nl_NL","og_type":"article","og_title":"La Jardini\u00e8re","og_url":"https:\/\/gitesdewallonie.be\/nl\/een-vakantiehuis-vinden\/kamer\/erezee\/la-jardiniere\/","og_site_name":"gitesdewallonie.be","article_publisher":"https:\/\/www.facebook.com\/GitesdeWallonie","article_modified_time":"2024-10-23T07:48:03+00:00","twitter_card":"summary_large_image","schema":{"@context":"https:\/\/schema.org","@graph":[{"@type":"WebPage","@id":"https:\/\/gitesdewallonie.be\/nl\/een-vakantiehuis-vinden\/kamer\/erezee\/la-jardiniere\/","url":"https:\/\/gitesdewallonie.be\/nl\/een-vakantiehuis-vinden\/kamer\/erezee\/la-jardiniere\/","name":"La Jardini\u00e8re - gitesdewallonie.be","isPartOf":{"@id":"https:\/\/gitesdewallonie.be\/nl\/#website"},"datePublished":"2024-08-27T07:14:26+00:00","dateModified":"2024-10-23T07:48:03+00:00","breadcrumb":{"@id":"https:\/\/gitesdewallonie.be\/nl\/een-vakantiehuis-vinden\/kamer\/erezee\/la-jardiniere\/#breadcrumb"},"inLanguage":"nl-NL","potentialAction":[{"@type":"ReadAction","target":["https:\/\/gitesdewallonie.be\/nl\/een-vakantiehuis-vinden\/kamer\/erezee\/la-jardiniere\/"]}]},{"@type":"BreadcrumbList","@id":"https:\/\/gitesdewallonie.be\/nl\/een-vakantiehuis-vinden\/kamer\/erezee\/la-jardiniere\/#breadcrumb","itemListElement":[{"@type":"ListItem","position":1,"name":"Accueil","item":"https:\/\/gitesdewallonie.be\/nl\/"},{"@type":"ListItem","position":2,"name":"H\u00e9bergements","item":"https:\/\/gitesdewallonie.be\/nl\/hebergements\/%type%\/%region%\/"},{"@type":"ListItem","position":3,"name":"La Jardini\u00e8re"}]},{"@type":"WebSite","@id":"https:\/\/gitesdewallonie.be\/nl\/#website","url":"https:\/\/gitesdewallonie.be\/nl\/","name":"F\u00e9d\u00e9ration des G\u00eetes et Chambres d'h\u00f4tes de Wallonie","description":"","publisher":{"@id":"https:\/\/gitesdewallonie.be\/nl\/#organization"},"potentialAction":[{"@type":"SearchAction","target":{"@type":"EntryPoint","urlTemplate":"https:\/\/gitesdewallonie.be\/nl\/?s={search_term_string}"},"query-input":{"@type":"PropertyValueSpecification","valueRequired":true,"valueName":"search_term_string"}}],"inLanguage":"nl-NL"},{"@type":"Organization","@id":"https:\/\/gitesdewallonie.be\/nl\/#organization","name":"F\u00e9d\u00e9ration des G\u00eetes et Chambres d'h\u00f4tes de Wallonie","alternateName":"GDW","url":"https:\/\/gitesdewallonie.be\/nl\/","logo":{"@type":"ImageObject","inLanguage":"nl-NL","@id":"https:\/\/gitesdewallonie.be\/nl\/#\/schema\/logo\/image\/","url":"https:\/\/gitesdewallonie.be\/wp-content\/uploads\/2024\/08\/logo-gdw.svg","contentUrl":"https:\/\/gitesdewallonie.be\/wp-content\/uploads\/2024\/08\/logo-gdw.svg","caption":"F\u00e9d\u00e9ration des G\u00eetes et Chambres d'h\u00f4tes de Wallonie"},"image":{"@id":"https:\/\/gitesdewallonie.be\/nl\/#\/schema\/logo\/image\/"},"sameAs":["https:\/\/www.facebook.com\/GitesdeWallonie","https:\/\/www.instagram.com\/gitesdewallonie.be\/"]}]}},"_links":{"self":[{"href":"https:\/\/gitesdewallonie.be\/nl\/wp-json\/wp\/v2\/lodging\/113086","targetHints":{"allow":["GET"]}}],"collection":[{"href":"https:\/\/gitesdewallonie.be\/nl\/wp-json\/wp\/v2\/lodging"}],"about":[{"href":"https:\/\/gitesdewallonie.be\/nl\/wp-json\/wp\/v2\/types\/lodging"}],"wp:attachment":[{"href":"https:\/\/gitesdewallonie.be\/nl\/wp-json\/wp\/v2\/media?parent=113086"}],"wp:term":[{"taxonomy":"lodging_type","embeddable":true,"href":"https:\/\/gitesdewallonie.be\/nl\/wp-json\/wp\/v2\/lodging_type?post=113086"},{"taxonomy":"lodging_official_category","embeddable":true,"href":"https:\/\/gitesdewallonie.be\/nl\/wp-json\/wp\/v2\/lodging_official_category?post=113086"},{"taxonomy":"lodging_subtype","embeddable":true,"href":"https:\/\/gitesdewallonie.be\/nl\/wp-json\/wp\/v2\/lodging_subtype?post=113086"},{"taxonomy":"lodging_situation","embeddable":true,"href":"https:\/\/gitesdewallonie.be\/nl\/wp-json\/wp\/v2\/lodging_situation?post=113086"},{"taxonomy":"lodging_layout","embeddable":true,"href":"https:\/\/gitesdewallonie.be\/nl\/wp-json\/wp\/v2\/lodging_layout?post=113086"},{"taxonomy":"lodging_bedding","embeddable":true,"href":"https:\/\/gitesdewallonie.be\/nl\/wp-json\/wp\/v2\/lodging_bedding?post=113086"},{"taxonomy":"lodging_additional_rate_type","embeddable":true,"href":"https:\/\/gitesdewallonie.be\/nl\/wp-json\/wp\/v2\/lodging_additional_rate_type?post=113086"},{"taxonomy":"lodging_external_equipment","embeddable":true,"href":"https:\/\/gitesdewallonie.be\/nl\/wp-json\/wp\/v2\/lodging_external_equipment?post=113086"},{"taxonomy":"lodging_household_appliances","embeddable":true,"href":"https:\/\/gitesdewallonie.be\/nl\/wp-json\/wp\/v2\/lodging_household_appliances?post=113086"},{"taxonomy":"lodging_interior_equipment","embeddable":true,"href":"https:\/\/gitesdewallonie.be\/nl\/wp-json\/wp\/v2\/lodging_interior_equipment?post=113086"},{"taxonomy":"lodging_sport_and_leisure","embeddable":true,"href":"https:\/\/gitesdewallonie.be\/nl\/wp-json\/wp\/v2\/lodging_sport_and_leisure?post=113086"},{"taxonomy":"lodging_type_of_stay","embeddable":true,"href":"https:\/\/gitesdewallonie.be\/nl\/wp-json\/wp\/v2\/lodging_type_of_stay?post=113086"},{"taxonomy":"lodging_adapted_to","embeddable":true,"href":"https:\/\/gitesdewallonie.be\/nl\/wp-json\/wp\/v2\/lodging_adapted_to?post=113086"},{"taxonomy":"lodging_wellness","embeddable":true,"href":"https:\/\/gitesdewallonie.be\/nl\/wp-json\/wp\/v2\/lodging_wellness?post=113086"},{"taxonomy":"lodging_baby","embeddable":true,"href":"https:\/\/gitesdewallonie.be\/nl\/wp-json\/wp\/v2\/lodging_baby?post=113086"},{"taxonomy":"lodging_business_mice","embeddable":true,"href":"https:\/\/gitesdewallonie.be\/nl\/wp-json\/wp\/v2\/lodging_business_mice?post=113086"},{"taxonomy":"lodging_accessibility","embeddable":true,"href":"https:\/\/gitesdewallonie.be\/nl\/wp-json\/wp\/v2\/lodging_accessibility?post=113086"},{"taxonomy":"lodging_nearby","embeddable":true,"href":"https:\/\/gitesdewallonie.be\/nl\/wp-json\/wp\/v2\/lodging_nearby?post=113086"},{"taxonomy":"lodging_car_motorcycle_bike","embeddable":true,"href":"https:\/\/gitesdewallonie.be\/nl\/wp-json\/wp\/v2\/lodging_car_motorcycle_bike?post=113086"},{"taxonomy":"lodging_room_type","embeddable":true,"href":"https:\/\/gitesdewallonie.be\/nl\/wp-json\/wp\/v2\/lodging_room_type?post=113086"},{"taxonomy":"lodging_thematic","embeddable":true,"href":"https:\/\/gitesdewallonie.be\/nl\/wp-json\/wp\/v2\/lodging_thematic?post=113086"},{"taxonomy":"lodging_status","embeddable":true,"href":"https:\/\/gitesdewallonie.be\/nl\/wp-json\/wp\/v2\/lodging_status?post=113086"},{"taxonomy":"lodging_other_informations","embeddable":true,"href":"https:\/\/gitesdewallonie.be\/nl\/wp-json\/wp\/v2\/lodging_other_informations?post=113086"}],"curies":[{"name":"wp","href":"https:\/\/api.w.org\/{rel}","templated":true}]}}