{"id":113285,"date":"2024-08-27T09:15:15","date_gmt":"2024-08-27T07:15:15","guid":{"rendered":"https:\/\/gitesdewallonie.be\/hebergements\/%type%\/%region%\/le-43\/"},"modified":"2024-08-27T09:15:15","modified_gmt":"2024-08-27T07:15:15","slug":"le-43","status":"publish","type":"lodging","link":"https:\/\/gitesdewallonie.be\/nl\/een-vakantiehuis-vinden\/vakantiehuisje-op-het-platteland\/merbes-le-ch\u00e2teau\/le-43\/","title":{"rendered":"Le 43"},"content":{"rendered":"","protected":false},"template":"","meta":{"lodging_type":"gite","lodging_UID":"f161f63d1f0d4a1da1ebcb94d1ebcbbb","lodging_pk":"3563","lodging_description_fr":"<p>D\u00e9tendez-vous dans ce logement calme et \u00e9l\u00e9gant. Proche de Binche et de Mons, pour se reposer, se balader (Ravel \u00e0 300m), visiter, ou t\u00e9l\u00e9travailler...<\/p><p>Nous vous accueillons \u00e0 bras ouverts dans notre belle maison et esp\u00e9rons que vous appr\u00e9cierez votre s\u00e9jour autant que nous appr\u00e9cions y vivre. Pr\u00e8s des villes, mais au coeur de la campagne! 'Le 43' offre une chambre avec une salle de bain privative et un espace pour manger, lire ou travailler (Acc\u00e8s WIFI gratuit.), une cuisine \u00e9quip\u00e9e, un salon cosy avec 2 fauteuils confortables et un canap\u00e9. La terrasse privative vous accueille avec un salon de jardin. Le g\u00eete dispose d'un parking priv\u00e9 et s\u00e9curis\u00e9 dans la propri\u00e9t\u00e9. La proximit\u00e9 du Ravel (300m) est id\u00e9ale pour cyclotouristes et randonneurs.<\/p>","lodging_description_nl":"Ontspan in deze rustige en elegante accommodatie. Dicht bij Binche en Mons, om te rusten, wandelen (Ravel op 300m), bezoeken, of telewerken...\n\nWe verwelkomen u met open armen in ons prachtige huis en hopen dat u net zo van uw verblijf zult genieten als wij van het leven hier. Dicht bij de steden, maar midden in het platteland! 'Le 43' biedt een kamer met een eigen badkamer en een ruimte om te eten, lezen of werken (gratis WIFI), een uitgeruste keuken, een gezellige woonkamer met 2 comfortabele fauteuils en een bank. Het priv\u00e9terras verwelkomt u met tuinmeubelen. Het huisje heeft een eigen en beveiligde parkeerplaats op het terrein. De nabijheid van de Ravel (300m) is ideaal voor fietsers en wandelaars.","lodging_description_en":"Relax in this quiet and elegant accommodation. Close to Binche and Mons, to rest, walk (Ravel at 300m), visit, or telework...\n\nWe welcome you with open arms in our beautiful house and hope that you will enjoy your stay as much as we enjoy living here. Close to the cities, but in the heart of the countryside! 'Le 43' offers a room with a private bathroom and a space for dining, reading or working (Free WIFI access), a fully equipped kitchen, a cozy living room with 2 comfortable armchairs and a sofa. The private terrace welcomes you with a garden lounge. The cottage has a private and secure parking on the property. The proximity of the Ravel (300m) is ideal for cyclists and hikers.","lodging_email":"lepoivre.luc@gmail.com","lodging_website":"","lodging_lat":"50.326164590149","lodging_lng":"4.161937594381","lodging_locality":"MERBES-LE-CHATEAU","lodging_commune":"Merbes-le-Ch\u00e2teau","lodging_owner":"d29cc0efbef5448daee6a25b2bd65032","lodging_zip_code":"6567","lodging_street":"rue haute","lodging_number":"43","lodging_ranking":"3","lodging_accessi_url":"","lodging_gallery":"","lodging_elloha_product_id":"c49429ba-571c-4158-a248-7591ba54eb9e","lodging_elloha_offer_id":"0934ab03-18ec-472b-b5bf-5806c2ca2fb9","lodging_elloha_id":"","lodging_elloha_price_from":"95","lodging_experience_title_fr":"","lodging_experience_title_nl":"","lodging_experience_title_en":"","lodging_experience_content_fr":"","lodging_experience_content_nl":"","lodging_experience_content_en":"","lodging_expert_content_fr":"","lodging_expert_content_nl":"","lodging_expert_content_en":"","lodging_expert_id":"","lodging_testimonials_tripadvisor":"","lodging_testimonials_google":"","lodging_testimonials_booking":"","lodging_real_min_capacity":"","lodging_max_capacity":"2","lodging_min_capacity":"2","lodging_min_night":"","lodging_number_of_bathrooms":"1","lodging_number_of_bedrooms":"1","lodging_number_of_levels":"1","lodging_smoking_accommodation":"non","lodging_surface_area":"65","lodging_animals_accepted":"0","lodging_peb_class":"","lodging_peb_code":"","lodging_peb_primary":"","lodging_peb_total":"","lodging_nearby_distance":"[{\"type_of_activity\":\"aeroport\",\"distance\":44},{\"type_of_activity\":\"boulangerie\",\"distance\":3},{\"type_of_activity\":\"bureau-de-poste\",\"distance\":1},{\"type_of_activity\":\"gare\",\"distance\":3},{\"type_of_activity\":\"hopital\",\"distance\":11},{\"type_of_activity\":\"magasins\",\"distance\":3},{\"type_of_activity\":\"musees\",\"distance\":10},{\"type_of_activity\":\"pharmacie\",\"distance\":1},{\"type_of_activity\":\"ravel\",\"distance\":1},{\"type_of_activity\":\"restaurants\",\"distance\":1},{\"type_of_activity\":\"retrait-dargent\",\"distance\":1}]","lodging_room_description":"{\"cuisine\":1,\"salle-a-manger\":1,\"salon\":1,\"toilette\":1}","lodging_other_informations":"{\"heure-darrivee\":{\"fr\":\"<p>ENTRE 16H00 ET 19H30<\/p>\"},\"heure-de-depart\":{\"fr\":\"<p>11H00<\/p>\"},\"\":{\"fr\":\"\"}}","lodging_charge":"","lodging_charge_amount":"","lodging_code_cgt":"","lodging_bedding":"[{\"roomtype\":\"chambre\",\"bedding\":[\"1-lit-double-ou-2-lits-simples\"]}]","lodging_lodgings_relation":"","lodging_hosting_advantages":"[\"parking-prive\",\"terrasse\",\"jardin\",\"salon-de-jardin\",\"lave-linge\",\"lave-vaisselle\"]","lodging_3dvue":"","lodging_video":"","lodging_streetview":"","lodging_percent":"{\"peb\":0,\"other_informations\":100,\"localisation\":100,\"rates\":100,\"general\":92,\"equipments\":100,\"medias\":100,\"total\":85}","lodging_mentions":""},"lodging_type":[33],"lodging_official_category":[4380],"lodging_subtype":[],"lodging_situation":[8909,9103],"lodging_layout":[366],"lodging_bedding":[],"lodging_additional_rate_type":[],"lodging_external_equipment":[8896,9005,8897,8898],"lodging_household_appliances":[9146,9001,9020,8884,8885,8886,8887,8888,9003,9004,8891],"lodging_interior_equipment":[9000,8879,8880,8881],"lodging_sport_and_leisure":[],"lodging_type_of_stay":[9023,9107],"lodging_adapted_to":[],"lodging_wellness":[],"lodging_baby":[],"lodging_business_mice":[],"lodging_accessibility":[],"lodging_nearby":[],"lodging_car_motorcycle_bike":[8908],"lodging_room_type":[],"lodging_thematic":[],"lodging_status":[167],"lodging_other_informations":[],"class_list":["post-113285","lodging","type-lodging","status-publish","hentry","lodging_type-gite","lodging_official_category-ruralgite","lodging_situation-a-la-campagne","lodging_situation-dans-un-village","lodging_layout-hebergement-non-mitoyen","lodging_external_equipment-jardin","lodging_external_equipment-jardin-cloture","lodging_external_equipment-salon-de-jardin","lodging_external_equipment-terrasse","lodging_household_appliances-appareil-a-raclette","lodging_household_appliances-aspirateur","lodging_household_appliances-cafetiere","lodging_household_appliances-four","lodging_household_appliances-grille-pain","lodging_household_appliances-lave-linge","lodging_household_appliances-lave-vaisselle","lodging_household_appliances-machine-a-cafe","lodging_household_appliances-micro-ondes","lodging_household_appliances-plaque-de-cuisson-vitroceramique","lodging_household_appliances-refrigerateur","lodging_interior_equipment-radio","lodging_interior_equipment-seche-cheveux","lodging_interior_equipment-television","lodging_interior_equipment-wi-fi","lodging_type_of_stay-en-couple","lodging_type_of_stay-en-groupe","lodging_car_motorcycle_bike-parking-prive","lodging_status-published"],"yoast_head":"<!-- This site is optimized with the Yoast SEO Premium plugin v26.7 (Yoast SEO v26.7) - https:\/\/yoast.com\/wordpress\/plugins\/seo\/ -->\n<title>Le 43 - gitesdewallonie.be<\/title>\n<meta name=\"robots\" content=\"index, follow, max-snippet:-1, max-image-preview:large, max-video-preview:-1\" \/>\n<link rel=\"canonical\" href=\"https:\/\/gitesdewallonie.be\/nl\/een-vakantiehuis-vinden\/vakantiehuisje-op-het-platteland\/merbes-le-ch\u00e2teau\/le-43\/\" \/>\n<meta property=\"og:locale\" content=\"nl_NL\" \/>\n<meta property=\"og:type\" content=\"article\" \/>\n<meta property=\"og:title\" content=\"Le 43\" \/>\n<meta property=\"og:url\" content=\"https:\/\/gitesdewallonie.be\/nl\/een-vakantiehuis-vinden\/vakantiehuisje-op-het-platteland\/merbes-le-ch\u00e2teau\/le-43\/\" \/>\n<meta property=\"og:site_name\" content=\"gitesdewallonie.be\" \/>\n<meta property=\"article:publisher\" content=\"https:\/\/www.facebook.com\/GitesdeWallonie\" \/>\n<meta name=\"twitter:card\" content=\"summary_large_image\" \/>\n<script type=\"application\/ld+json\" class=\"yoast-schema-graph\">{\"@context\":\"https:\/\/schema.org\",\"@graph\":[{\"@type\":\"WebPage\",\"@id\":\"https:\/\/gitesdewallonie.be\/nl\/een-vakantiehuis-vinden\/vakantiehuisje-op-het-platteland\/merbes-le-ch\u00e2teau\/le-43\/\",\"url\":\"https:\/\/gitesdewallonie.be\/nl\/een-vakantiehuis-vinden\/vakantiehuisje-op-het-platteland\/merbes-le-ch\u00e2teau\/le-43\/\",\"name\":\"Le 43 - gitesdewallonie.be\",\"isPartOf\":{\"@id\":\"https:\/\/gitesdewallonie.be\/nl\/#website\"},\"datePublished\":\"2024-08-27T07:15:15+00:00\",\"breadcrumb\":{\"@id\":\"https:\/\/gitesdewallonie.be\/nl\/een-vakantiehuis-vinden\/vakantiehuisje-op-het-platteland\/merbes-le-ch\u00e2teau\/le-43\/#breadcrumb\"},\"inLanguage\":\"nl-NL\",\"potentialAction\":[{\"@type\":\"ReadAction\",\"target\":[\"https:\/\/gitesdewallonie.be\/nl\/een-vakantiehuis-vinden\/vakantiehuisje-op-het-platteland\/merbes-le-ch\u00e2teau\/le-43\/\"]}]},{\"@type\":\"BreadcrumbList\",\"@id\":\"https:\/\/gitesdewallonie.be\/nl\/een-vakantiehuis-vinden\/vakantiehuisje-op-het-platteland\/merbes-le-ch\u00e2teau\/le-43\/#breadcrumb\",\"itemListElement\":[{\"@type\":\"ListItem\",\"position\":1,\"name\":\"Accueil\",\"item\":\"https:\/\/gitesdewallonie.be\/nl\/\"},{\"@type\":\"ListItem\",\"position\":2,\"name\":\"H\u00e9bergements\",\"item\":\"https:\/\/gitesdewallonie.be\/nl\/hebergements\/%type%\/%region%\/\"},{\"@type\":\"ListItem\",\"position\":3,\"name\":\"Le 43\"}]},{\"@type\":\"WebSite\",\"@id\":\"https:\/\/gitesdewallonie.be\/nl\/#website\",\"url\":\"https:\/\/gitesdewallonie.be\/nl\/\",\"name\":\"F\u00e9d\u00e9ration des G\u00eetes et Chambres d'h\u00f4tes de Wallonie\",\"description\":\"\",\"publisher\":{\"@id\":\"https:\/\/gitesdewallonie.be\/nl\/#organization\"},\"potentialAction\":[{\"@type\":\"SearchAction\",\"target\":{\"@type\":\"EntryPoint\",\"urlTemplate\":\"https:\/\/gitesdewallonie.be\/nl\/?s={search_term_string}\"},\"query-input\":{\"@type\":\"PropertyValueSpecification\",\"valueRequired\":true,\"valueName\":\"search_term_string\"}}],\"inLanguage\":\"nl-NL\"},{\"@type\":\"Organization\",\"@id\":\"https:\/\/gitesdewallonie.be\/nl\/#organization\",\"name\":\"F\u00e9d\u00e9ration des G\u00eetes et Chambres d'h\u00f4tes de Wallonie\",\"alternateName\":\"GDW\",\"url\":\"https:\/\/gitesdewallonie.be\/nl\/\",\"logo\":{\"@type\":\"ImageObject\",\"inLanguage\":\"nl-NL\",\"@id\":\"https:\/\/gitesdewallonie.be\/nl\/#\/schema\/logo\/image\/\",\"url\":\"https:\/\/gitesdewallonie.be\/wp-content\/uploads\/2024\/08\/logo-gdw.svg\",\"contentUrl\":\"https:\/\/gitesdewallonie.be\/wp-content\/uploads\/2024\/08\/logo-gdw.svg\",\"caption\":\"F\u00e9d\u00e9ration des G\u00eetes et Chambres d'h\u00f4tes de Wallonie\"},\"image\":{\"@id\":\"https:\/\/gitesdewallonie.be\/nl\/#\/schema\/logo\/image\/\"},\"sameAs\":[\"https:\/\/www.facebook.com\/GitesdeWallonie\",\"https:\/\/www.instagram.com\/gitesdewallonie.be\/\"]}]}<\/script>\n<!-- \/ Yoast SEO Premium plugin. -->","yoast_head_json":{"title":"Le 43 - gitesdewallonie.be","robots":{"index":"index","follow":"follow","max-snippet":"max-snippet:-1","max-image-preview":"max-image-preview:large","max-video-preview":"max-video-preview:-1"},"canonical":"https:\/\/gitesdewallonie.be\/nl\/een-vakantiehuis-vinden\/vakantiehuisje-op-het-platteland\/merbes-le-ch\u00e2teau\/le-43\/","og_locale":"nl_NL","og_type":"article","og_title":"Le 43","og_url":"https:\/\/gitesdewallonie.be\/nl\/een-vakantiehuis-vinden\/vakantiehuisje-op-het-platteland\/merbes-le-ch\u00e2teau\/le-43\/","og_site_name":"gitesdewallonie.be","article_publisher":"https:\/\/www.facebook.com\/GitesdeWallonie","twitter_card":"summary_large_image","schema":{"@context":"https:\/\/schema.org","@graph":[{"@type":"WebPage","@id":"https:\/\/gitesdewallonie.be\/nl\/een-vakantiehuis-vinden\/vakantiehuisje-op-het-platteland\/merbes-le-ch\u00e2teau\/le-43\/","url":"https:\/\/gitesdewallonie.be\/nl\/een-vakantiehuis-vinden\/vakantiehuisje-op-het-platteland\/merbes-le-ch\u00e2teau\/le-43\/","name":"Le 43 - gitesdewallonie.be","isPartOf":{"@id":"https:\/\/gitesdewallonie.be\/nl\/#website"},"datePublished":"2024-08-27T07:15:15+00:00","breadcrumb":{"@id":"https:\/\/gitesdewallonie.be\/nl\/een-vakantiehuis-vinden\/vakantiehuisje-op-het-platteland\/merbes-le-ch\u00e2teau\/le-43\/#breadcrumb"},"inLanguage":"nl-NL","potentialAction":[{"@type":"ReadAction","target":["https:\/\/gitesdewallonie.be\/nl\/een-vakantiehuis-vinden\/vakantiehuisje-op-het-platteland\/merbes-le-ch\u00e2teau\/le-43\/"]}]},{"@type":"BreadcrumbList","@id":"https:\/\/gitesdewallonie.be\/nl\/een-vakantiehuis-vinden\/vakantiehuisje-op-het-platteland\/merbes-le-ch\u00e2teau\/le-43\/#breadcrumb","itemListElement":[{"@type":"ListItem","position":1,"name":"Accueil","item":"https:\/\/gitesdewallonie.be\/nl\/"},{"@type":"ListItem","position":2,"name":"H\u00e9bergements","item":"https:\/\/gitesdewallonie.be\/nl\/hebergements\/%type%\/%region%\/"},{"@type":"ListItem","position":3,"name":"Le 43"}]},{"@type":"WebSite","@id":"https:\/\/gitesdewallonie.be\/nl\/#website","url":"https:\/\/gitesdewallonie.be\/nl\/","name":"F\u00e9d\u00e9ration des G\u00eetes et Chambres d'h\u00f4tes de Wallonie","description":"","publisher":{"@id":"https:\/\/gitesdewallonie.be\/nl\/#organization"},"potentialAction":[{"@type":"SearchAction","target":{"@type":"EntryPoint","urlTemplate":"https:\/\/gitesdewallonie.be\/nl\/?s={search_term_string}"},"query-input":{"@type":"PropertyValueSpecification","valueRequired":true,"valueName":"search_term_string"}}],"inLanguage":"nl-NL"},{"@type":"Organization","@id":"https:\/\/gitesdewallonie.be\/nl\/#organization","name":"F\u00e9d\u00e9ration des G\u00eetes et Chambres d'h\u00f4tes de Wallonie","alternateName":"GDW","url":"https:\/\/gitesdewallonie.be\/nl\/","logo":{"@type":"ImageObject","inLanguage":"nl-NL","@id":"https:\/\/gitesdewallonie.be\/nl\/#\/schema\/logo\/image\/","url":"https:\/\/gitesdewallonie.be\/wp-content\/uploads\/2024\/08\/logo-gdw.svg","contentUrl":"https:\/\/gitesdewallonie.be\/wp-content\/uploads\/2024\/08\/logo-gdw.svg","caption":"F\u00e9d\u00e9ration des G\u00eetes et Chambres d'h\u00f4tes de Wallonie"},"image":{"@id":"https:\/\/gitesdewallonie.be\/nl\/#\/schema\/logo\/image\/"},"sameAs":["https:\/\/www.facebook.com\/GitesdeWallonie","https:\/\/www.instagram.com\/gitesdewallonie.be\/"]}]}},"_links":{"self":[{"href":"https:\/\/gitesdewallonie.be\/nl\/wp-json\/wp\/v2\/lodging\/113285","targetHints":{"allow":["GET"]}}],"collection":[{"href":"https:\/\/gitesdewallonie.be\/nl\/wp-json\/wp\/v2\/lodging"}],"about":[{"href":"https:\/\/gitesdewallonie.be\/nl\/wp-json\/wp\/v2\/types\/lodging"}],"wp:attachment":[{"href":"https:\/\/gitesdewallonie.be\/nl\/wp-json\/wp\/v2\/media?parent=113285"}],"wp:term":[{"taxonomy":"lodging_type","embeddable":true,"href":"https:\/\/gitesdewallonie.be\/nl\/wp-json\/wp\/v2\/lodging_type?post=113285"},{"taxonomy":"lodging_official_category","embeddable":true,"href":"https:\/\/gitesdewallonie.be\/nl\/wp-json\/wp\/v2\/lodging_official_category?post=113285"},{"taxonomy":"lodging_subtype","embeddable":true,"href":"https:\/\/gitesdewallonie.be\/nl\/wp-json\/wp\/v2\/lodging_subtype?post=113285"},{"taxonomy":"lodging_situation","embeddable":true,"href":"https:\/\/gitesdewallonie.be\/nl\/wp-json\/wp\/v2\/lodging_situation?post=113285"},{"taxonomy":"lodging_layout","embeddable":true,"href":"https:\/\/gitesdewallonie.be\/nl\/wp-json\/wp\/v2\/lodging_layout?post=113285"},{"taxonomy":"lodging_bedding","embeddable":true,"href":"https:\/\/gitesdewallonie.be\/nl\/wp-json\/wp\/v2\/lodging_bedding?post=113285"},{"taxonomy":"lodging_additional_rate_type","embeddable":true,"href":"https:\/\/gitesdewallonie.be\/nl\/wp-json\/wp\/v2\/lodging_additional_rate_type?post=113285"},{"taxonomy":"lodging_external_equipment","embeddable":true,"href":"https:\/\/gitesdewallonie.be\/nl\/wp-json\/wp\/v2\/lodging_external_equipment?post=113285"},{"taxonomy":"lodging_household_appliances","embeddable":true,"href":"https:\/\/gitesdewallonie.be\/nl\/wp-json\/wp\/v2\/lodging_household_appliances?post=113285"},{"taxonomy":"lodging_interior_equipment","embeddable":true,"href":"https:\/\/gitesdewallonie.be\/nl\/wp-json\/wp\/v2\/lodging_interior_equipment?post=113285"},{"taxonomy":"lodging_sport_and_leisure","embeddable":true,"href":"https:\/\/gitesdewallonie.be\/nl\/wp-json\/wp\/v2\/lodging_sport_and_leisure?post=113285"},{"taxonomy":"lodging_type_of_stay","embeddable":true,"href":"https:\/\/gitesdewallonie.be\/nl\/wp-json\/wp\/v2\/lodging_type_of_stay?post=113285"},{"taxonomy":"lodging_adapted_to","embeddable":true,"href":"https:\/\/gitesdewallonie.be\/nl\/wp-json\/wp\/v2\/lodging_adapted_to?post=113285"},{"taxonomy":"lodging_wellness","embeddable":true,"href":"https:\/\/gitesdewallonie.be\/nl\/wp-json\/wp\/v2\/lodging_wellness?post=113285"},{"taxonomy":"lodging_baby","embeddable":true,"href":"https:\/\/gitesdewallonie.be\/nl\/wp-json\/wp\/v2\/lodging_baby?post=113285"},{"taxonomy":"lodging_business_mice","embeddable":true,"href":"https:\/\/gitesdewallonie.be\/nl\/wp-json\/wp\/v2\/lodging_business_mice?post=113285"},{"taxonomy":"lodging_accessibility","embeddable":true,"href":"https:\/\/gitesdewallonie.be\/nl\/wp-json\/wp\/v2\/lodging_accessibility?post=113285"},{"taxonomy":"lodging_nearby","embeddable":true,"href":"https:\/\/gitesdewallonie.be\/nl\/wp-json\/wp\/v2\/lodging_nearby?post=113285"},{"taxonomy":"lodging_car_motorcycle_bike","embeddable":true,"href":"https:\/\/gitesdewallonie.be\/nl\/wp-json\/wp\/v2\/lodging_car_motorcycle_bike?post=113285"},{"taxonomy":"lodging_room_type","embeddable":true,"href":"https:\/\/gitesdewallonie.be\/nl\/wp-json\/wp\/v2\/lodging_room_type?post=113285"},{"taxonomy":"lodging_thematic","embeddable":true,"href":"https:\/\/gitesdewallonie.be\/nl\/wp-json\/wp\/v2\/lodging_thematic?post=113285"},{"taxonomy":"lodging_status","embeddable":true,"href":"https:\/\/gitesdewallonie.be\/nl\/wp-json\/wp\/v2\/lodging_status?post=113285"},{"taxonomy":"lodging_other_informations","embeddable":true,"href":"https:\/\/gitesdewallonie.be\/nl\/wp-json\/wp\/v2\/lodging_other_informations?post=113285"}],"curies":[{"name":"wp","href":"https:\/\/api.w.org\/{rel}","templated":true}]}}