{"id":113486,"date":"2024-08-27T09:16:14","date_gmt":"2024-08-27T07:16:14","guid":{"rendered":"https:\/\/gitesdewallonie.be\/hebergements\/%type%\/%region%\/le-nid-da-cote\/"},"modified":"2024-08-27T09:16:14","modified_gmt":"2024-08-27T07:16:14","slug":"le-nid-da-cote","status":"publish","type":"lodging","link":"https:\/\/gitesdewallonie.be\/nl\/een-vakantiehuis-vinden\/vakantiehuisje-op-het-platteland\/havelange\/le-nid-da-cote\/","title":{"rendered":"Le Nid d&#8217;\u00e0 C\u00f4t\u00e9"},"content":{"rendered":"","protected":false},"template":"","meta":{"lodging_type":"gite","lodging_UID":"cb47eaefbc5f4bdcb63ca25f1a3e40f7","lodging_pk":"2818","lodging_description_fr":"<p>Aux portes de l'Ardenne et dans le paysage ondulant du Condroz \u00e0 M\u00e9an, dans une maison de charme datant du 17\u00e9me si\u00e8cle. G\u00eete chaleureux et tout confort avec un magnifique jardin Situ\u00e9 dans un village paisible \u00e0 10 min de Durbuy<\/p><p>Un g\u00eete confortable am\u00e9nag\u00e9 avec charme o\u00f9 vous vous sentirez comme chez vous. Nous accueillons les chevaux et leurs cavaliers. REZ-DE-CHAUSS\u00c9E: Hall d'entr\u00e9e, WC et rangements. 1ER \u00c9TAGE: Agr\u00e9able espace de vie comprenant cuisine \u00e9quip\u00e9e, coin repas et coin salon. Lit double \"suspendu\" dans la pi\u00e8ce de vie. Chambre double avec lit double ainsi qu'un lit 1 personne suppl\u00e9mentaire. Salle de bain attenante \u00e0 la chambre comprenant un double \u00e9vier, une baignoire encastr\u00e9e dans le sol, une douche et un WC. Grand dressing pour rangement EXT\u00c9RIEUR: Grand jardin arbor\u00e9 \u00e0 disposition. Espace barbecue en fonction de la disponibilit\u00e9.<\/p>","lodging_description_nl":"Aan de poorten van de Ardennen en in het glooiende landschap van de Condroz in M\u00e9an, in een charmant huis uit de 17e eeuw. Gezellig en comfortabel vakantiehuis met een prachtige tuin. Gelegen in een rustig dorp op 10 minuten van Durbuy. Een comfortabel vakantiehuis met charme waar u zich thuis zult voelen. We verwelkomen paarden en hun ruiters. BENEDENVERDIEPING: Inkomhal, toilet en opbergruimte. EERSTE VERDIEPING: Aangename leefruimte met uitgeruste keuken, eethoek en zithoek. \"Hangend\" tweepersoonsbed in de leefruimte. Tweepersoonskamer met tweepersoonsbed en een extra eenpersoonsbed. Badkamer grenzend aan de kamer met dubbele wastafel, in de vloer ingebouwd bad, douche en toilet. Grote kleedkamer voor opslag. BUITEN: Grote tuin beschikbaar. Barbecue ruimte afhankelijk van beschikbaarheid.","lodging_description_en":"At the gates of the Ardennes and in the rolling landscape of Condroz in M\u00e9an, in a charming house dating from the 17th century. Cozy and comfortable cottage with a beautiful garden located in a peaceful village 10 minutes from Durbuy.\n\nA comfortable cottage furnished with charm where you will feel at home. We welcome horses and their riders. GROUND FLOOR: Entrance hall, toilet and storage. 1ST FLOOR: Pleasant living space including equipped kitchen, dining area and living area. \"Hanging\" double bed in the living room. Double bedroom with double bed and an additional single bed. Bathroom attached to the bedroom with a double sink, a sunken bathtub, a shower and a toilet. Large dressing room for storage. OUTDOOR: Large wooded garden available. Barbecue area depending on availability.","lodging_email":"info@lmdc.be","lodging_website":"http:\/\/www.lmdc.be","lodging_lat":"50.361636","lodging_lng":"5.337152","lodging_locality":"M\u00e9an","lodging_commune":"Havelange (5370)","lodging_owner":"a944ebc384be42a6bb2fccf40fe5f2c5","lodging_zip_code":"5372","lodging_street":"Rue du Centre","lodging_number":"7","lodging_ranking":"2","lodging_accessi_url":"","lodging_gallery":"","lodging_elloha_product_id":"","lodging_elloha_offer_id":"","lodging_elloha_id":"","lodging_elloha_price_from":"","lodging_experience_title_fr":"","lodging_experience_title_nl":"","lodging_experience_title_en":"","lodging_experience_content_fr":"","lodging_experience_content_nl":"","lodging_experience_content_en":"","lodging_expert_content_fr":"","lodging_expert_content_nl":"","lodging_expert_content_en":"","lodging_expert_id":"","lodging_testimonials_tripadvisor":"","lodging_testimonials_google":"","lodging_testimonials_booking":"","lodging_real_min_capacity":"","lodging_max_capacity":"5","lodging_min_capacity":"3","lodging_min_night":"2","lodging_number_of_bathrooms":"1","lodging_number_of_bedrooms":"1","lodging_number_of_levels":"2","lodging_smoking_accommodation":"non","lodging_surface_area":"","lodging_animals_accepted":"0","lodging_peb_class":"","lodging_peb_code":"","lodging_peb_primary":"","lodging_peb_total":"","lodging_nearby_distance":"[{\"distance\":\"2\",\"type_of_activity\":\"golf\"},{\"distance\":\"2\",\"type_of_activity\":\"boulangerie\"},{\"distance\":\"5\",\"type_of_activity\":\"foret\"},{\"distance\":\"9\",\"type_of_activity\":\"equitation\"},{\"distance\":\"16\",\"type_of_activity\":\"gare\"},{\"distance\":\"9\",\"type_of_activity\":\"bureau-de-poste\"},{\"distance\":\"20\",\"type_of_activity\":\"hopital\"},{\"distance\":\"2\",\"type_of_activity\":\"magasins\"},{\"distance\":\"9\",\"type_of_activity\":\"marche\"},{\"distance\":0,\"type_of_activity\":\"pharmacie\"},{\"distance\":\"6\",\"type_of_activity\":\"piscine\"},{\"distance\":\"9\",\"type_of_activity\":\"ravel\"},{\"distance\":0,\"type_of_activity\":\"randonnee\"},{\"distance\":\"2\",\"type_of_activity\":\"restaurants\"},{\"distance\":\"9\",\"type_of_activity\":\"retrait-dargent\"},{\"distance\":\"9\",\"type_of_activity\":\"bureau-de-poste\"}]","lodging_room_description":"{\"salon-salle-a-manger\":2,\"cuisine\":1,\"salle-de-bain\":1,\"toilettes\":2}","lodging_other_informations":"{\"informations\":{\"fr\":\"<p>Heure d'arriv\u00e9e \u00e0 partir de 16 H et heure de d\u00e9part \u00e0 11H. Draps de lit et serviettes de bain \u00e0 emporter<\/p>\"}}","lodging_charge":"","lodging_charge_amount":"","lodging_code_cgt":"","lodging_bedding":"[{\"roomtype\":\"chambre\",\"bedding\":[\"1-lit-simple\",\"1-lit-double\"]},{\"roomtype\":\"mezzanine\",\"bedding\":[\"1-lit-double\"]}]","lodging_lodgings_relation":"","lodging_hosting_advantages":"[\"television\",\"wi-fi\",\"seche-cheveux\",\"lave-vaisselle\",\"barbecue\",\"lit-bebe\"]","lodging_3dvue":"","lodging_video":"","lodging_streetview":"","lodging_percent":"{\"peb\":0,\"other_informations\":100,\"localisation\":100,\"rates\":{\"2026\":100,\"2027\":1,\"2028\":0},\"general\":92,\"equipments\":100,\"medias\":100,\"total\":66}","lodging_mentions":"[]"},"lodging_type":[33],"lodging_official_category":[4380],"lodging_subtype":[],"lodging_situation":[8909,9103],"lodging_layout":[420],"lodging_bedding":[],"lodging_additional_rate_type":[],"lodging_external_equipment":[8896,8898],"lodging_household_appliances":[8883,8887,9003],"lodging_interior_equipment":[8880,8881],"lodging_sport_and_leisure":[9167],"lodging_type_of_stay":[9021,9057],"lodging_adapted_to":[],"lodging_wellness":[],"lodging_baby":[8904,8906],"lodging_business_mice":[],"lodging_accessibility":[],"lodging_nearby":[],"lodging_car_motorcycle_bike":[8908],"lodging_room_type":[],"lodging_thematic":[27],"lodging_status":[167],"lodging_other_informations":[],"class_list":["post-113486","lodging","type-lodging","status-publish","hentry","lodging_type-gite","lodging_official_category-ruralgite","lodging_situation-a-la-campagne","lodging_situation-dans-un-village","lodging_layout-hebergement-mitoyen","lodging_external_equipment-jardin","lodging_external_equipment-terrasse","lodging_household_appliances-congelateur","lodging_household_appliances-lave-vaisselle","lodging_household_appliances-micro-ondes","lodging_interior_equipment-television","lodging_interior_equipment-wi-fi","lodging_sport_and_leisure-bac-a-sable","lodging_type_of_stay-a-velo","lodging_type_of_stay-en-famille","lodging_baby-chaise-pour-enfant","lodging_baby-lit-bebe","lodging_car_motorcycle_bike-parking-prive","lodging_thematic-bienvenue-velo","lodging_status-published"],"yoast_head":"<!-- This site is optimized with the Yoast SEO Premium plugin v26.7 (Yoast SEO v26.7) - https:\/\/yoast.com\/wordpress\/plugins\/seo\/ -->\n<title>Le Nid d&#039;\u00e0 C\u00f4t\u00e9 - gitesdewallonie.be<\/title>\n<meta name=\"robots\" content=\"index, follow, max-snippet:-1, max-image-preview:large, max-video-preview:-1\" \/>\n<link rel=\"canonical\" href=\"https:\/\/gitesdewallonie.be\/nl\/een-vakantiehuis-vinden\/vakantiehuisje-op-het-platteland\/havelange\/le-nid-da-cote\/\" \/>\n<meta property=\"og:locale\" content=\"nl_NL\" \/>\n<meta property=\"og:type\" content=\"article\" \/>\n<meta property=\"og:title\" content=\"Le Nid d&#039;\u00e0 C\u00f4t\u00e9\" \/>\n<meta property=\"og:url\" content=\"https:\/\/gitesdewallonie.be\/nl\/een-vakantiehuis-vinden\/vakantiehuisje-op-het-platteland\/havelange\/le-nid-da-cote\/\" \/>\n<meta property=\"og:site_name\" content=\"gitesdewallonie.be\" \/>\n<meta property=\"article:publisher\" content=\"https:\/\/www.facebook.com\/GitesdeWallonie\" \/>\n<meta name=\"twitter:card\" content=\"summary_large_image\" \/>\n<script type=\"application\/ld+json\" class=\"yoast-schema-graph\">{\"@context\":\"https:\/\/schema.org\",\"@graph\":[{\"@type\":\"WebPage\",\"@id\":\"https:\/\/gitesdewallonie.be\/nl\/een-vakantiehuis-vinden\/vakantiehuisje-op-het-platteland\/havelange\/le-nid-da-cote\/\",\"url\":\"https:\/\/gitesdewallonie.be\/nl\/een-vakantiehuis-vinden\/vakantiehuisje-op-het-platteland\/havelange\/le-nid-da-cote\/\",\"name\":\"Le Nid d'\u00e0 C\u00f4t\u00e9 - gitesdewallonie.be\",\"isPartOf\":{\"@id\":\"https:\/\/gitesdewallonie.be\/nl\/#website\"},\"datePublished\":\"2024-08-27T07:16:14+00:00\",\"breadcrumb\":{\"@id\":\"https:\/\/gitesdewallonie.be\/nl\/een-vakantiehuis-vinden\/vakantiehuisje-op-het-platteland\/havelange\/le-nid-da-cote\/#breadcrumb\"},\"inLanguage\":\"nl-NL\",\"potentialAction\":[{\"@type\":\"ReadAction\",\"target\":[\"https:\/\/gitesdewallonie.be\/nl\/een-vakantiehuis-vinden\/vakantiehuisje-op-het-platteland\/havelange\/le-nid-da-cote\/\"]}]},{\"@type\":\"BreadcrumbList\",\"@id\":\"https:\/\/gitesdewallonie.be\/nl\/een-vakantiehuis-vinden\/vakantiehuisje-op-het-platteland\/havelange\/le-nid-da-cote\/#breadcrumb\",\"itemListElement\":[{\"@type\":\"ListItem\",\"position\":1,\"name\":\"Accueil\",\"item\":\"https:\/\/gitesdewallonie.be\/nl\/\"},{\"@type\":\"ListItem\",\"position\":2,\"name\":\"H\u00e9bergements\",\"item\":\"https:\/\/gitesdewallonie.be\/nl\/hebergements\/%type%\/%region%\/\"},{\"@type\":\"ListItem\",\"position\":3,\"name\":\"Le Nid d&rsquo;\u00e0 C\u00f4t\u00e9\"}]},{\"@type\":\"WebSite\",\"@id\":\"https:\/\/gitesdewallonie.be\/nl\/#website\",\"url\":\"https:\/\/gitesdewallonie.be\/nl\/\",\"name\":\"F\u00e9d\u00e9ration des G\u00eetes et Chambres d'h\u00f4tes de Wallonie\",\"description\":\"\",\"publisher\":{\"@id\":\"https:\/\/gitesdewallonie.be\/nl\/#organization\"},\"potentialAction\":[{\"@type\":\"SearchAction\",\"target\":{\"@type\":\"EntryPoint\",\"urlTemplate\":\"https:\/\/gitesdewallonie.be\/nl\/?s={search_term_string}\"},\"query-input\":{\"@type\":\"PropertyValueSpecification\",\"valueRequired\":true,\"valueName\":\"search_term_string\"}}],\"inLanguage\":\"nl-NL\"},{\"@type\":\"Organization\",\"@id\":\"https:\/\/gitesdewallonie.be\/nl\/#organization\",\"name\":\"F\u00e9d\u00e9ration des G\u00eetes et Chambres d'h\u00f4tes de Wallonie\",\"alternateName\":\"GDW\",\"url\":\"https:\/\/gitesdewallonie.be\/nl\/\",\"logo\":{\"@type\":\"ImageObject\",\"inLanguage\":\"nl-NL\",\"@id\":\"https:\/\/gitesdewallonie.be\/nl\/#\/schema\/logo\/image\/\",\"url\":\"https:\/\/gitesdewallonie.be\/wp-content\/uploads\/2024\/08\/logo-gdw.svg\",\"contentUrl\":\"https:\/\/gitesdewallonie.be\/wp-content\/uploads\/2024\/08\/logo-gdw.svg\",\"caption\":\"F\u00e9d\u00e9ration des G\u00eetes et Chambres d'h\u00f4tes de Wallonie\"},\"image\":{\"@id\":\"https:\/\/gitesdewallonie.be\/nl\/#\/schema\/logo\/image\/\"},\"sameAs\":[\"https:\/\/www.facebook.com\/GitesdeWallonie\",\"https:\/\/www.instagram.com\/gitesdewallonie.be\/\"]}]}<\/script>\n<!-- \/ Yoast SEO Premium plugin. -->","yoast_head_json":{"title":"Le Nid d'\u00e0 C\u00f4t\u00e9 - gitesdewallonie.be","robots":{"index":"index","follow":"follow","max-snippet":"max-snippet:-1","max-image-preview":"max-image-preview:large","max-video-preview":"max-video-preview:-1"},"canonical":"https:\/\/gitesdewallonie.be\/nl\/een-vakantiehuis-vinden\/vakantiehuisje-op-het-platteland\/havelange\/le-nid-da-cote\/","og_locale":"nl_NL","og_type":"article","og_title":"Le Nid d'\u00e0 C\u00f4t\u00e9","og_url":"https:\/\/gitesdewallonie.be\/nl\/een-vakantiehuis-vinden\/vakantiehuisje-op-het-platteland\/havelange\/le-nid-da-cote\/","og_site_name":"gitesdewallonie.be","article_publisher":"https:\/\/www.facebook.com\/GitesdeWallonie","twitter_card":"summary_large_image","schema":{"@context":"https:\/\/schema.org","@graph":[{"@type":"WebPage","@id":"https:\/\/gitesdewallonie.be\/nl\/een-vakantiehuis-vinden\/vakantiehuisje-op-het-platteland\/havelange\/le-nid-da-cote\/","url":"https:\/\/gitesdewallonie.be\/nl\/een-vakantiehuis-vinden\/vakantiehuisje-op-het-platteland\/havelange\/le-nid-da-cote\/","name":"Le Nid d'\u00e0 C\u00f4t\u00e9 - gitesdewallonie.be","isPartOf":{"@id":"https:\/\/gitesdewallonie.be\/nl\/#website"},"datePublished":"2024-08-27T07:16:14+00:00","breadcrumb":{"@id":"https:\/\/gitesdewallonie.be\/nl\/een-vakantiehuis-vinden\/vakantiehuisje-op-het-platteland\/havelange\/le-nid-da-cote\/#breadcrumb"},"inLanguage":"nl-NL","potentialAction":[{"@type":"ReadAction","target":["https:\/\/gitesdewallonie.be\/nl\/een-vakantiehuis-vinden\/vakantiehuisje-op-het-platteland\/havelange\/le-nid-da-cote\/"]}]},{"@type":"BreadcrumbList","@id":"https:\/\/gitesdewallonie.be\/nl\/een-vakantiehuis-vinden\/vakantiehuisje-op-het-platteland\/havelange\/le-nid-da-cote\/#breadcrumb","itemListElement":[{"@type":"ListItem","position":1,"name":"Accueil","item":"https:\/\/gitesdewallonie.be\/nl\/"},{"@type":"ListItem","position":2,"name":"H\u00e9bergements","item":"https:\/\/gitesdewallonie.be\/nl\/hebergements\/%type%\/%region%\/"},{"@type":"ListItem","position":3,"name":"Le Nid d&rsquo;\u00e0 C\u00f4t\u00e9"}]},{"@type":"WebSite","@id":"https:\/\/gitesdewallonie.be\/nl\/#website","url":"https:\/\/gitesdewallonie.be\/nl\/","name":"F\u00e9d\u00e9ration des G\u00eetes et Chambres d'h\u00f4tes de Wallonie","description":"","publisher":{"@id":"https:\/\/gitesdewallonie.be\/nl\/#organization"},"potentialAction":[{"@type":"SearchAction","target":{"@type":"EntryPoint","urlTemplate":"https:\/\/gitesdewallonie.be\/nl\/?s={search_term_string}"},"query-input":{"@type":"PropertyValueSpecification","valueRequired":true,"valueName":"search_term_string"}}],"inLanguage":"nl-NL"},{"@type":"Organization","@id":"https:\/\/gitesdewallonie.be\/nl\/#organization","name":"F\u00e9d\u00e9ration des G\u00eetes et Chambres d'h\u00f4tes de Wallonie","alternateName":"GDW","url":"https:\/\/gitesdewallonie.be\/nl\/","logo":{"@type":"ImageObject","inLanguage":"nl-NL","@id":"https:\/\/gitesdewallonie.be\/nl\/#\/schema\/logo\/image\/","url":"https:\/\/gitesdewallonie.be\/wp-content\/uploads\/2024\/08\/logo-gdw.svg","contentUrl":"https:\/\/gitesdewallonie.be\/wp-content\/uploads\/2024\/08\/logo-gdw.svg","caption":"F\u00e9d\u00e9ration des G\u00eetes et Chambres d'h\u00f4tes de Wallonie"},"image":{"@id":"https:\/\/gitesdewallonie.be\/nl\/#\/schema\/logo\/image\/"},"sameAs":["https:\/\/www.facebook.com\/GitesdeWallonie","https:\/\/www.instagram.com\/gitesdewallonie.be\/"]}]}},"_links":{"self":[{"href":"https:\/\/gitesdewallonie.be\/nl\/wp-json\/wp\/v2\/lodging\/113486","targetHints":{"allow":["GET"]}}],"collection":[{"href":"https:\/\/gitesdewallonie.be\/nl\/wp-json\/wp\/v2\/lodging"}],"about":[{"href":"https:\/\/gitesdewallonie.be\/nl\/wp-json\/wp\/v2\/types\/lodging"}],"wp:attachment":[{"href":"https:\/\/gitesdewallonie.be\/nl\/wp-json\/wp\/v2\/media?parent=113486"}],"wp:term":[{"taxonomy":"lodging_type","embeddable":true,"href":"https:\/\/gitesdewallonie.be\/nl\/wp-json\/wp\/v2\/lodging_type?post=113486"},{"taxonomy":"lodging_official_category","embeddable":true,"href":"https:\/\/gitesdewallonie.be\/nl\/wp-json\/wp\/v2\/lodging_official_category?post=113486"},{"taxonomy":"lodging_subtype","embeddable":true,"href":"https:\/\/gitesdewallonie.be\/nl\/wp-json\/wp\/v2\/lodging_subtype?post=113486"},{"taxonomy":"lodging_situation","embeddable":true,"href":"https:\/\/gitesdewallonie.be\/nl\/wp-json\/wp\/v2\/lodging_situation?post=113486"},{"taxonomy":"lodging_layout","embeddable":true,"href":"https:\/\/gitesdewallonie.be\/nl\/wp-json\/wp\/v2\/lodging_layout?post=113486"},{"taxonomy":"lodging_bedding","embeddable":true,"href":"https:\/\/gitesdewallonie.be\/nl\/wp-json\/wp\/v2\/lodging_bedding?post=113486"},{"taxonomy":"lodging_additional_rate_type","embeddable":true,"href":"https:\/\/gitesdewallonie.be\/nl\/wp-json\/wp\/v2\/lodging_additional_rate_type?post=113486"},{"taxonomy":"lodging_external_equipment","embeddable":true,"href":"https:\/\/gitesdewallonie.be\/nl\/wp-json\/wp\/v2\/lodging_external_equipment?post=113486"},{"taxonomy":"lodging_household_appliances","embeddable":true,"href":"https:\/\/gitesdewallonie.be\/nl\/wp-json\/wp\/v2\/lodging_household_appliances?post=113486"},{"taxonomy":"lodging_interior_equipment","embeddable":true,"href":"https:\/\/gitesdewallonie.be\/nl\/wp-json\/wp\/v2\/lodging_interior_equipment?post=113486"},{"taxonomy":"lodging_sport_and_leisure","embeddable":true,"href":"https:\/\/gitesdewallonie.be\/nl\/wp-json\/wp\/v2\/lodging_sport_and_leisure?post=113486"},{"taxonomy":"lodging_type_of_stay","embeddable":true,"href":"https:\/\/gitesdewallonie.be\/nl\/wp-json\/wp\/v2\/lodging_type_of_stay?post=113486"},{"taxonomy":"lodging_adapted_to","embeddable":true,"href":"https:\/\/gitesdewallonie.be\/nl\/wp-json\/wp\/v2\/lodging_adapted_to?post=113486"},{"taxonomy":"lodging_wellness","embeddable":true,"href":"https:\/\/gitesdewallonie.be\/nl\/wp-json\/wp\/v2\/lodging_wellness?post=113486"},{"taxonomy":"lodging_baby","embeddable":true,"href":"https:\/\/gitesdewallonie.be\/nl\/wp-json\/wp\/v2\/lodging_baby?post=113486"},{"taxonomy":"lodging_business_mice","embeddable":true,"href":"https:\/\/gitesdewallonie.be\/nl\/wp-json\/wp\/v2\/lodging_business_mice?post=113486"},{"taxonomy":"lodging_accessibility","embeddable":true,"href":"https:\/\/gitesdewallonie.be\/nl\/wp-json\/wp\/v2\/lodging_accessibility?post=113486"},{"taxonomy":"lodging_nearby","embeddable":true,"href":"https:\/\/gitesdewallonie.be\/nl\/wp-json\/wp\/v2\/lodging_nearby?post=113486"},{"taxonomy":"lodging_car_motorcycle_bike","embeddable":true,"href":"https:\/\/gitesdewallonie.be\/nl\/wp-json\/wp\/v2\/lodging_car_motorcycle_bike?post=113486"},{"taxonomy":"lodging_room_type","embeddable":true,"href":"https:\/\/gitesdewallonie.be\/nl\/wp-json\/wp\/v2\/lodging_room_type?post=113486"},{"taxonomy":"lodging_thematic","embeddable":true,"href":"https:\/\/gitesdewallonie.be\/nl\/wp-json\/wp\/v2\/lodging_thematic?post=113486"},{"taxonomy":"lodging_status","embeddable":true,"href":"https:\/\/gitesdewallonie.be\/nl\/wp-json\/wp\/v2\/lodging_status?post=113486"},{"taxonomy":"lodging_other_informations","embeddable":true,"href":"https:\/\/gitesdewallonie.be\/nl\/wp-json\/wp\/v2\/lodging_other_informations?post=113486"}],"curies":[{"name":"wp","href":"https:\/\/api.w.org\/{rel}","templated":true}]}}