{"id":113725,"date":"2024-08-27T09:17:13","date_gmt":"2024-08-27T07:17:13","guid":{"rendered":"https:\/\/gitesdewallonie.be\/hebergements\/%type%\/%region%\/les-gites-de-juliane-et-eric-alcinse-chez-jean\/"},"modified":"2024-08-27T09:17:13","modified_gmt":"2024-08-27T07:17:13","slug":"les-gites-de-juliane-et-eric-alcinse-chez-jean","status":"publish","type":"lodging","link":"https:\/\/gitesdewallonie.be\/nl\/een-vakantiehuis-vinden\/vakantiehuis\/gedinne\/les-gites-de-juliane-et-eric-alcinse-chez-jean\/","title":{"rendered":"Les g\u00eetes de Juliane et Eric : Al&#8217;Cinse chez Jean"},"content":{"rendered":"","protected":false},"template":"","meta":{"lodging_type":"gite","lodging_UID":"47ef8811e0f24ff8848f52991d958105","lodging_pk":"3781","lodging_description_fr":"<p>H\u00e9bergement pour 6 personnes comprenant 3 chambres, 2 salles de bain, 2 WC, salon, salle \u00e0 manger, cuisine.<\/p><p>Le G\u00eete A'l Cinse chez Jean, con\u00e7u pour accueillir jusqu'\u00e0 6 personnes, incarne l'essence du charme rural et de l'authenticit\u00e9. Nich\u00e9 dans la partie transform\u00e9e de l'ancienne \u00e9table et grange de la ferme, ce g\u00eete offre une exp\u00e9rience unique. \u00c0 l'entr\u00e9e commune, un petit vestibule vous m\u00e8ne \u00e0 une spacieuse salle de s\u00e9jour et salle \u00e0 manger, autrefois la grange. La cuisine, \u00e9galement g\u00e9n\u00e9reuse en espace, s'ouvre sur une terrasse et un jardin, invitant \u00e0 des repas en plein air. \u00c0 l'\u00e9tage, un hall de nuit donne acc\u00e8s \u00e0 trois chambres \u00e9l\u00e9gamment am\u00e9nag\u00e9es, offrant une oasis de d\u00e9tente. Une grande salle de bain, \u00e9quip\u00e9e d'une baignoire, d'une douche, d'un \u00e9vier et d'un s\u00e8che-cheveux, ainsi qu'un WC s\u00e9par\u00e9, veillent \u00e0 votre confort. Une des chambres est m\u00eame pourvue de sa propre salle de bain.\r\n\r\nL'\u00e9quipement de ce g\u00eete ne laisse rien \u00e0 d\u00e9sirer. Le rez-de-chauss\u00e9e pr\u00e9sente un hall d'entr\u00e9e commun aux deux g\u00eetes, un vestibule, des espaces de vie confortables, et une cuisine richement \u00e9quip\u00e9e, incluant un lave-vaisselle, une machine \u00e0 laver, un four \u00e9lectrique, des taques vitroc\u00e9ramiques, un four micro-ondes, et bien plus encore. \u00c0 l'\u00e9tage, un hall de nuit agr\u00e9ment\u00e9 d'une t\u00e9l\u00e9vision, un coin de jeux de soci\u00e9t\u00e9, un coin pour les enfants, et m\u00eame un kicker vous offrent des moments de divertissement. Les chambres sont une invitation \u00e0 la d\u00e9tente, avec des lits confortables et des am\u00e9nagements astucieux. Le G\u00eete A'l Cinse chez Jean est un lieu o\u00f9 le charme de la campagne rencontre le confort moderne pour des vacances inoubliables.<\/p>","lodging_description_nl":"<p>Accomodatie voor 6 personen bestaande uit 3 slaapkamers, 2 badkamers, 2 toiletten, woonkamer, eetkamer, keuken.<\/p><p>G\u00eete A'l Cinse chez Jean, ontworpen voor maximaal 6 personen, belichaamt de essentie van landelijke charme en authenticiteit. Genesteld in het omgebouwde deel van de voormalige stal en schuur van de boerderij, biedt deze g\u00eete een unieke ervaring. Bij binnenkomst leidt een kleine vestibule naar een ruime woon- en eetkamer, voorheen de schuur. De keuken is ook ruim opgevat en geeft uit op het terras en de tuin waar u bij mooi weer kunt eten. Boven geeft een nachthal toegang tot drie stijlvol ingerichte slaapkamers, die een oase van rust bieden. Een grote badkamer met bad, douche, wastafel en haardroger en een apart toilet bieden u maximaal comfort. Een van de slaapkamers heeft zelfs een eigen badkamer.\r\n\r\nDe faciliteiten in deze g\u00eete laten niets te wensen over. Op de begane grond is er een hal die gedeeld wordt door beide g\u00eetes, een vestibule, comfortabele leefruimtes en een volledig uitgeruste keuken, inclusief vaatwasser, wasmachine, elektrische oven, keramische kookplaat, magnetron en nog veel meer. Op de bovenverdieping zorgen een nachthal met tv, een ruimte voor gezelschapsspellen, een kinderhoek en zelfs een kicker voor genoeg vermaak. De slim ingerichte slaapkamers met comfortabele bedden zijn d\u00e9 plek om te ontspannen. G\u00eete A'l Cinse chez Jean is een plek waar landelijke charme samenkomt met modern comfort voor een onvergetelijke vakantie.<\/p>","lodging_description_en":"<p>The residence can welcome 6 people and includes 3 bedrooms, 2 bathrooms, 2 toilets, a  living room, a dining room, and a kitchen.<\/p><p>G\u00eete A'l Cinse chez Jean is designed to accommodate up to 6 people, and embodies pure rural charm and authenticity. Tucked away  in the converted part of the old stable and barn of the farm, this cottage offers a unique experience. At the common entrance, a small lobby entrance leads you to a spacious living and dining room that used to be the barn. The spacious kitchen opens onto a terrace and a garden, inviting outdoor dining. Upstairs, a night hall gives access to three elegantly appointed bedrooms, offering an oasis of relaxation. A large bathroom, equipped with a bathtub, a shower, a sink and a hairdryer, as well as a separate toilet ensures your comfort. One of the bedrooms even has its own bathroom.\r\n\r\nThe appliances here cover all of your needs. The ground floor has an entrance hall that is  shared by the 2 holiday homes, a lobby entrance, comfortable living spaces, and a well-equipped kitchen, including a dishwasher, a washing machine, an electric oven, ceramic hobs , a microwave, and much more. Upstairs, there is a landing with a television, a board games area, an area for kids, and even table football for your entertainment. The bedrooms are perfect for relaxing, with comfortable beds and clever fittings. G\u00eete A'l Cinse chez Jean is a place where the charm of the countryside meets modern comfort for an unforgettable stay.<\/p>","lodging_email":"ericlaffut15@gmail.com","lodging_website":"https:\/\/www.gitesderienne.be","lodging_lat":"49.9954775375","lodging_lng":"4.88484085767","lodging_locality":"Rienne","lodging_commune":"Gedinne","lodging_owner":"19c153e247dc4d739347a84c585d68b0","lodging_zip_code":"5575","lodging_street":"Rue Edouard Pisvin","lodging_number":"49","lodging_ranking":"","lodging_accessi_url":"","lodging_gallery":"","lodging_elloha_product_id":"17621b77-ef0b-4352-ba29-4c07e6f54c88","lodging_elloha_offer_id":"2b3a2956-5957-48eb-9ae1-d7c2c8c0bf32","lodging_elloha_id":"","lodging_elloha_price_from":"144.3","lodging_experience_title_fr":"","lodging_experience_title_nl":"","lodging_experience_title_en":"","lodging_experience_content_fr":"","lodging_experience_content_nl":"","lodging_experience_content_en":"","lodging_expert_content_fr":"","lodging_expert_content_nl":"","lodging_expert_content_en":"","lodging_expert_id":"","lodging_testimonials_tripadvisor":"","lodging_testimonials_google":"","lodging_testimonials_booking":"","lodging_real_min_capacity":"","lodging_max_capacity":"6","lodging_min_capacity":"4","lodging_min_night":"","lodging_number_of_bathrooms":"2","lodging_number_of_bedrooms":"3","lodging_number_of_levels":"2","lodging_smoking_accommodation":"","lodging_surface_area":"160","lodging_animals_accepted":"","lodging_peb_class":"","lodging_peb_code":"","lodging_peb_primary":"","lodging_peb_total":"","lodging_nearby_distance":"","lodging_room_description":"{\"cuisine\":1,\"coin-nuit\":1,\"coin-salon\":2,\"salles-de-bain\":2,\"salle-a-manger\":1,\"toilettes\":2}","lodging_other_informations":"{\"a-disposition\":{\"en\":\"Sheltered and secure storage space for bicycles. Motorcycle parking at the rear of the residence, secure  parking.\",\"fr\":\"Endroit de rangement pour v\u00e9los \u00e0 l'abri et s\u00e9curis\u00e9.  Parking motos \u00e0 l'arri\u00e8re des g\u00eetes, parking en dur.\",\"nl\":\"Veilige, overdekte fietsenstalling.  Parkeerplaats voor motoren aan de achterkant van de g\u00eetes, verharde parking.\"},\"heure-darrivee\":{\"en\":\"Between 6 pm and 8 pm\",\"fr\":\"Entre 18h00 et 20h00\",\"nl\":\"Tussen 18u en 20u\"},\"heure-de-depart\":{\"en\":\"Between 10 am and 12 am\",\"fr\":\"Entre 10h00 et 12h00\",\"nl\":\"Tussen 10u en 12u\"}}","lodging_charge":"","lodging_charge_amount":"","lodging_code_cgt":"HEB-TE-165113-3F12","lodging_bedding":"[{\"roomtype\":\"chambre\",\"bedding\":[\"1-lit-double\"]},{\"roomtype\":\"chambre\",\"bedding\":[\"1-lit-double\"]},{\"roomtype\":\"chambre\",\"bedding\":[\"2-lits-simples\"]}]","lodging_lodgings_relation":"","lodging_hosting_advantages":"[\"terrasse\"]","lodging_3dvue":"","lodging_video":"","lodging_streetview":"","lodging_percent":"{\"peb\":0,\"other_informations\":100,\"localisation\":100,\"rates\":{\"2027\":0,\"2028\":0},\"general\":92,\"equipments\":100,\"medias\":100,\"total\":62}","lodging_mentions":""},"lodging_type":[33],"lodging_official_category":[4563],"lodging_subtype":[],"lodging_situation":[8909,9103],"lodging_layout":[366],"lodging_bedding":[],"lodging_additional_rate_type":[],"lodging_external_equipment":[8893,9005,8897,8898],"lodging_household_appliances":[9080,9081,9001,8882,9020,9002,8884,8885,8886,8887,8888,9003,8889,9004,8891],"lodging_interior_equipment":[8877,8879,9035,8881],"lodging_sport_and_leisure":[9116,8901],"lodging_type_of_stay":[],"lodging_adapted_to":[],"lodging_wellness":[],"lodging_baby":[8906],"lodging_business_mice":[],"lodging_accessibility":[],"lodging_nearby":[],"lodging_car_motorcycle_bike":[8908],"lodging_room_type":[],"lodging_thematic":[],"lodging_status":[167],"lodging_other_informations":[],"class_list":["post-113725","lodging","type-lodging","status-publish","hentry","lodging_type-gite","lodging_official_category-gite","lodging_situation-a-la-campagne","lodging_situation-dans-un-village","lodging_layout-hebergement-non-mitoyen","lodging_external_equipment-barbecue","lodging_external_equipment-jardin-cloture","lodging_external_equipment-salon-de-jardin","lodging_external_equipment-terrasse","lodging_household_appliances-appareil-a-fondue","lodging_household_appliances-appareil-a-pierrade","lodging_household_appliances-aspirateur","lodging_household_appliances-bouilloire-electrique","lodging_household_appliances-cafetiere","lodging_household_appliances-fer-et-table-a-repasser","lodging_household_appliances-four","lodging_household_appliances-grille-pain","lodging_household_appliances-lave-linge","lodging_household_appliances-lave-vaisselle","lodging_household_appliances-machine-a-cafe","lodging_household_appliances-micro-ondes","lodging_household_appliances-mixeur","lodging_household_appliances-plaque-de-cuisson-vitroceramique","lodging_household_appliances-refrigerateur","lodging_interior_equipment-penderie","lodging_interior_equipment-seche-cheveux","lodging_interior_equipment-serviettes-de-toilette","lodging_interior_equipment-wi-fi","lodging_sport_and_leisure-baby-foot","lodging_sport_and_leisure-jeux-de-societe","lodging_baby-lit-bebe","lodging_car_motorcycle_bike-parking-prive","lodging_status-published"],"yoast_head":"<!-- This site is optimized with the Yoast SEO Premium plugin v26.7 (Yoast SEO v26.7) - https:\/\/yoast.com\/wordpress\/plugins\/seo\/ -->\n<title>Les g\u00eetes de Juliane et Eric : Al&#039;Cinse chez Jean - gitesdewallonie.be<\/title>\n<meta name=\"robots\" content=\"index, follow, max-snippet:-1, max-image-preview:large, max-video-preview:-1\" \/>\n<link rel=\"canonical\" href=\"https:\/\/gitesdewallonie.be\/nl\/een-vakantiehuis-vinden\/vakantiehuis\/gedinne\/les-gites-de-juliane-et-eric-alcinse-chez-jean\/\" \/>\n<meta property=\"og:locale\" content=\"nl_NL\" \/>\n<meta property=\"og:type\" content=\"article\" \/>\n<meta property=\"og:title\" content=\"Les g\u00eetes de Juliane et Eric : Al&#039;Cinse chez Jean\" \/>\n<meta property=\"og:url\" content=\"https:\/\/gitesdewallonie.be\/nl\/een-vakantiehuis-vinden\/vakantiehuis\/gedinne\/les-gites-de-juliane-et-eric-alcinse-chez-jean\/\" \/>\n<meta property=\"og:site_name\" content=\"gitesdewallonie.be\" \/>\n<meta property=\"article:publisher\" content=\"https:\/\/www.facebook.com\/GitesdeWallonie\" \/>\n<meta name=\"twitter:card\" content=\"summary_large_image\" \/>\n<script type=\"application\/ld+json\" class=\"yoast-schema-graph\">{\"@context\":\"https:\/\/schema.org\",\"@graph\":[{\"@type\":\"WebPage\",\"@id\":\"https:\/\/gitesdewallonie.be\/nl\/een-vakantiehuis-vinden\/vakantiehuis\/gedinne\/les-gites-de-juliane-et-eric-alcinse-chez-jean\/\",\"url\":\"https:\/\/gitesdewallonie.be\/nl\/een-vakantiehuis-vinden\/vakantiehuis\/gedinne\/les-gites-de-juliane-et-eric-alcinse-chez-jean\/\",\"name\":\"Les g\u00eetes de Juliane et Eric : Al'Cinse chez Jean - gitesdewallonie.be\",\"isPartOf\":{\"@id\":\"https:\/\/gitesdewallonie.be\/nl\/#website\"},\"datePublished\":\"2024-08-27T07:17:13+00:00\",\"breadcrumb\":{\"@id\":\"https:\/\/gitesdewallonie.be\/nl\/een-vakantiehuis-vinden\/vakantiehuis\/gedinne\/les-gites-de-juliane-et-eric-alcinse-chez-jean\/#breadcrumb\"},\"inLanguage\":\"nl-NL\",\"potentialAction\":[{\"@type\":\"ReadAction\",\"target\":[\"https:\/\/gitesdewallonie.be\/nl\/een-vakantiehuis-vinden\/vakantiehuis\/gedinne\/les-gites-de-juliane-et-eric-alcinse-chez-jean\/\"]}]},{\"@type\":\"BreadcrumbList\",\"@id\":\"https:\/\/gitesdewallonie.be\/nl\/een-vakantiehuis-vinden\/vakantiehuis\/gedinne\/les-gites-de-juliane-et-eric-alcinse-chez-jean\/#breadcrumb\",\"itemListElement\":[{\"@type\":\"ListItem\",\"position\":1,\"name\":\"Accueil\",\"item\":\"https:\/\/gitesdewallonie.be\/nl\/\"},{\"@type\":\"ListItem\",\"position\":2,\"name\":\"H\u00e9bergements\",\"item\":\"https:\/\/gitesdewallonie.be\/nl\/hebergements\/%type%\/%region%\/\"},{\"@type\":\"ListItem\",\"position\":3,\"name\":\"Les g\u00eetes de Juliane et Eric : Al&rsquo;Cinse chez Jean\"}]},{\"@type\":\"WebSite\",\"@id\":\"https:\/\/gitesdewallonie.be\/nl\/#website\",\"url\":\"https:\/\/gitesdewallonie.be\/nl\/\",\"name\":\"F\u00e9d\u00e9ration des G\u00eetes et Chambres d'h\u00f4tes de Wallonie\",\"description\":\"\",\"publisher\":{\"@id\":\"https:\/\/gitesdewallonie.be\/nl\/#organization\"},\"potentialAction\":[{\"@type\":\"SearchAction\",\"target\":{\"@type\":\"EntryPoint\",\"urlTemplate\":\"https:\/\/gitesdewallonie.be\/nl\/?s={search_term_string}\"},\"query-input\":{\"@type\":\"PropertyValueSpecification\",\"valueRequired\":true,\"valueName\":\"search_term_string\"}}],\"inLanguage\":\"nl-NL\"},{\"@type\":\"Organization\",\"@id\":\"https:\/\/gitesdewallonie.be\/nl\/#organization\",\"name\":\"F\u00e9d\u00e9ration des G\u00eetes et Chambres d'h\u00f4tes de Wallonie\",\"alternateName\":\"GDW\",\"url\":\"https:\/\/gitesdewallonie.be\/nl\/\",\"logo\":{\"@type\":\"ImageObject\",\"inLanguage\":\"nl-NL\",\"@id\":\"https:\/\/gitesdewallonie.be\/nl\/#\/schema\/logo\/image\/\",\"url\":\"https:\/\/gitesdewallonie.be\/wp-content\/uploads\/2024\/08\/logo-gdw.svg\",\"contentUrl\":\"https:\/\/gitesdewallonie.be\/wp-content\/uploads\/2024\/08\/logo-gdw.svg\",\"caption\":\"F\u00e9d\u00e9ration des G\u00eetes et Chambres d'h\u00f4tes de Wallonie\"},\"image\":{\"@id\":\"https:\/\/gitesdewallonie.be\/nl\/#\/schema\/logo\/image\/\"},\"sameAs\":[\"https:\/\/www.facebook.com\/GitesdeWallonie\",\"https:\/\/www.instagram.com\/gitesdewallonie.be\/\"]}]}<\/script>\n<!-- \/ Yoast SEO Premium plugin. -->","yoast_head_json":{"title":"Les g\u00eetes de Juliane et Eric : Al'Cinse chez Jean - gitesdewallonie.be","robots":{"index":"index","follow":"follow","max-snippet":"max-snippet:-1","max-image-preview":"max-image-preview:large","max-video-preview":"max-video-preview:-1"},"canonical":"https:\/\/gitesdewallonie.be\/nl\/een-vakantiehuis-vinden\/vakantiehuis\/gedinne\/les-gites-de-juliane-et-eric-alcinse-chez-jean\/","og_locale":"nl_NL","og_type":"article","og_title":"Les g\u00eetes de Juliane et Eric : Al'Cinse chez Jean","og_url":"https:\/\/gitesdewallonie.be\/nl\/een-vakantiehuis-vinden\/vakantiehuis\/gedinne\/les-gites-de-juliane-et-eric-alcinse-chez-jean\/","og_site_name":"gitesdewallonie.be","article_publisher":"https:\/\/www.facebook.com\/GitesdeWallonie","twitter_card":"summary_large_image","schema":{"@context":"https:\/\/schema.org","@graph":[{"@type":"WebPage","@id":"https:\/\/gitesdewallonie.be\/nl\/een-vakantiehuis-vinden\/vakantiehuis\/gedinne\/les-gites-de-juliane-et-eric-alcinse-chez-jean\/","url":"https:\/\/gitesdewallonie.be\/nl\/een-vakantiehuis-vinden\/vakantiehuis\/gedinne\/les-gites-de-juliane-et-eric-alcinse-chez-jean\/","name":"Les g\u00eetes de Juliane et Eric : Al'Cinse chez Jean - gitesdewallonie.be","isPartOf":{"@id":"https:\/\/gitesdewallonie.be\/nl\/#website"},"datePublished":"2024-08-27T07:17:13+00:00","breadcrumb":{"@id":"https:\/\/gitesdewallonie.be\/nl\/een-vakantiehuis-vinden\/vakantiehuis\/gedinne\/les-gites-de-juliane-et-eric-alcinse-chez-jean\/#breadcrumb"},"inLanguage":"nl-NL","potentialAction":[{"@type":"ReadAction","target":["https:\/\/gitesdewallonie.be\/nl\/een-vakantiehuis-vinden\/vakantiehuis\/gedinne\/les-gites-de-juliane-et-eric-alcinse-chez-jean\/"]}]},{"@type":"BreadcrumbList","@id":"https:\/\/gitesdewallonie.be\/nl\/een-vakantiehuis-vinden\/vakantiehuis\/gedinne\/les-gites-de-juliane-et-eric-alcinse-chez-jean\/#breadcrumb","itemListElement":[{"@type":"ListItem","position":1,"name":"Accueil","item":"https:\/\/gitesdewallonie.be\/nl\/"},{"@type":"ListItem","position":2,"name":"H\u00e9bergements","item":"https:\/\/gitesdewallonie.be\/nl\/hebergements\/%type%\/%region%\/"},{"@type":"ListItem","position":3,"name":"Les g\u00eetes de Juliane et Eric : Al&rsquo;Cinse chez Jean"}]},{"@type":"WebSite","@id":"https:\/\/gitesdewallonie.be\/nl\/#website","url":"https:\/\/gitesdewallonie.be\/nl\/","name":"F\u00e9d\u00e9ration des G\u00eetes et Chambres d'h\u00f4tes de Wallonie","description":"","publisher":{"@id":"https:\/\/gitesdewallonie.be\/nl\/#organization"},"potentialAction":[{"@type":"SearchAction","target":{"@type":"EntryPoint","urlTemplate":"https:\/\/gitesdewallonie.be\/nl\/?s={search_term_string}"},"query-input":{"@type":"PropertyValueSpecification","valueRequired":true,"valueName":"search_term_string"}}],"inLanguage":"nl-NL"},{"@type":"Organization","@id":"https:\/\/gitesdewallonie.be\/nl\/#organization","name":"F\u00e9d\u00e9ration des G\u00eetes et Chambres d'h\u00f4tes de Wallonie","alternateName":"GDW","url":"https:\/\/gitesdewallonie.be\/nl\/","logo":{"@type":"ImageObject","inLanguage":"nl-NL","@id":"https:\/\/gitesdewallonie.be\/nl\/#\/schema\/logo\/image\/","url":"https:\/\/gitesdewallonie.be\/wp-content\/uploads\/2024\/08\/logo-gdw.svg","contentUrl":"https:\/\/gitesdewallonie.be\/wp-content\/uploads\/2024\/08\/logo-gdw.svg","caption":"F\u00e9d\u00e9ration des G\u00eetes et Chambres d'h\u00f4tes de Wallonie"},"image":{"@id":"https:\/\/gitesdewallonie.be\/nl\/#\/schema\/logo\/image\/"},"sameAs":["https:\/\/www.facebook.com\/GitesdeWallonie","https:\/\/www.instagram.com\/gitesdewallonie.be\/"]}]}},"_links":{"self":[{"href":"https:\/\/gitesdewallonie.be\/nl\/wp-json\/wp\/v2\/lodging\/113725","targetHints":{"allow":["GET"]}}],"collection":[{"href":"https:\/\/gitesdewallonie.be\/nl\/wp-json\/wp\/v2\/lodging"}],"about":[{"href":"https:\/\/gitesdewallonie.be\/nl\/wp-json\/wp\/v2\/types\/lodging"}],"wp:attachment":[{"href":"https:\/\/gitesdewallonie.be\/nl\/wp-json\/wp\/v2\/media?parent=113725"}],"wp:term":[{"taxonomy":"lodging_type","embeddable":true,"href":"https:\/\/gitesdewallonie.be\/nl\/wp-json\/wp\/v2\/lodging_type?post=113725"},{"taxonomy":"lodging_official_category","embeddable":true,"href":"https:\/\/gitesdewallonie.be\/nl\/wp-json\/wp\/v2\/lodging_official_category?post=113725"},{"taxonomy":"lodging_subtype","embeddable":true,"href":"https:\/\/gitesdewallonie.be\/nl\/wp-json\/wp\/v2\/lodging_subtype?post=113725"},{"taxonomy":"lodging_situation","embeddable":true,"href":"https:\/\/gitesdewallonie.be\/nl\/wp-json\/wp\/v2\/lodging_situation?post=113725"},{"taxonomy":"lodging_layout","embeddable":true,"href":"https:\/\/gitesdewallonie.be\/nl\/wp-json\/wp\/v2\/lodging_layout?post=113725"},{"taxonomy":"lodging_bedding","embeddable":true,"href":"https:\/\/gitesdewallonie.be\/nl\/wp-json\/wp\/v2\/lodging_bedding?post=113725"},{"taxonomy":"lodging_additional_rate_type","embeddable":true,"href":"https:\/\/gitesdewallonie.be\/nl\/wp-json\/wp\/v2\/lodging_additional_rate_type?post=113725"},{"taxonomy":"lodging_external_equipment","embeddable":true,"href":"https:\/\/gitesdewallonie.be\/nl\/wp-json\/wp\/v2\/lodging_external_equipment?post=113725"},{"taxonomy":"lodging_household_appliances","embeddable":true,"href":"https:\/\/gitesdewallonie.be\/nl\/wp-json\/wp\/v2\/lodging_household_appliances?post=113725"},{"taxonomy":"lodging_interior_equipment","embeddable":true,"href":"https:\/\/gitesdewallonie.be\/nl\/wp-json\/wp\/v2\/lodging_interior_equipment?post=113725"},{"taxonomy":"lodging_sport_and_leisure","embeddable":true,"href":"https:\/\/gitesdewallonie.be\/nl\/wp-json\/wp\/v2\/lodging_sport_and_leisure?post=113725"},{"taxonomy":"lodging_type_of_stay","embeddable":true,"href":"https:\/\/gitesdewallonie.be\/nl\/wp-json\/wp\/v2\/lodging_type_of_stay?post=113725"},{"taxonomy":"lodging_adapted_to","embeddable":true,"href":"https:\/\/gitesdewallonie.be\/nl\/wp-json\/wp\/v2\/lodging_adapted_to?post=113725"},{"taxonomy":"lodging_wellness","embeddable":true,"href":"https:\/\/gitesdewallonie.be\/nl\/wp-json\/wp\/v2\/lodging_wellness?post=113725"},{"taxonomy":"lodging_baby","embeddable":true,"href":"https:\/\/gitesdewallonie.be\/nl\/wp-json\/wp\/v2\/lodging_baby?post=113725"},{"taxonomy":"lodging_business_mice","embeddable":true,"href":"https:\/\/gitesdewallonie.be\/nl\/wp-json\/wp\/v2\/lodging_business_mice?post=113725"},{"taxonomy":"lodging_accessibility","embeddable":true,"href":"https:\/\/gitesdewallonie.be\/nl\/wp-json\/wp\/v2\/lodging_accessibility?post=113725"},{"taxonomy":"lodging_nearby","embeddable":true,"href":"https:\/\/gitesdewallonie.be\/nl\/wp-json\/wp\/v2\/lodging_nearby?post=113725"},{"taxonomy":"lodging_car_motorcycle_bike","embeddable":true,"href":"https:\/\/gitesdewallonie.be\/nl\/wp-json\/wp\/v2\/lodging_car_motorcycle_bike?post=113725"},{"taxonomy":"lodging_room_type","embeddable":true,"href":"https:\/\/gitesdewallonie.be\/nl\/wp-json\/wp\/v2\/lodging_room_type?post=113725"},{"taxonomy":"lodging_thematic","embeddable":true,"href":"https:\/\/gitesdewallonie.be\/nl\/wp-json\/wp\/v2\/lodging_thematic?post=113725"},{"taxonomy":"lodging_status","embeddable":true,"href":"https:\/\/gitesdewallonie.be\/nl\/wp-json\/wp\/v2\/lodging_status?post=113725"},{"taxonomy":"lodging_other_informations","embeddable":true,"href":"https:\/\/gitesdewallonie.be\/nl\/wp-json\/wp\/v2\/lodging_other_informations?post=113725"}],"curies":[{"name":"wp","href":"https:\/\/api.w.org\/{rel}","templated":true}]}}