{"id":113755,"date":"2024-08-27T09:17:22","date_gmt":"2024-08-27T07:17:22","guid":{"rendered":"https:\/\/gitesdewallonie.be\/hebergements\/%type%\/%region%\/les-hauts-du-foyau\/"},"modified":"2024-08-27T09:17:22","modified_gmt":"2024-08-27T07:17:22","slug":"les-hauts-du-foyau","status":"publish","type":"lodging","link":"https:\/\/gitesdewallonie.be\/nl\/een-vakantiehuis-vinden\/vakantiehuisje-op-het-platteland\/braine-le-ch\u00e2teau\/les-hauts-du-foyau\/","title":{"rendered":"Les Hauts du Foyau"},"content":{"rendered":"","protected":false},"template":"","meta":{"lodging_type":"gite","lodging_UID":"c7fe934b52704970a6fbe438216f2aee","lodging_pk":"2815","lodging_description_fr":"<p>G\u00eete de 90 m2, confortable, chaleureux, au calme et proche de commodit\u00e9s, situ\u00e9 au 1er \u00e9tage via une entr\u00e9e ind\u00e9pendante d'une villa.\r\nDur\u00e9e de location de minimum 7 nuits<\/p><p>Situ\u00e9 au calme dans une zone r\u00e9sidentielle, \u00e0 moins de 5 minutes \u00e0 pied d\u2019un supermarch\u00e9 ouvert 7 jours sur 7 et d\u2019un arr\u00eat de bus, \u00e0 20 minutes \u00e0 pied du centre ville de Braine-Le-Ch\u00e2teau, le G\u00eete rural 3 \u00e9pis \u00ab Les Hauts du Foyau \u00bb poss\u00e8de une situation g\u00e9ographique id\u00e9ale gr\u00e2ce \u00e0 son acc\u00e8s ais\u00e9 aux principaux points d\u2019int\u00e9r\u00eat touristique de Bruxelles, de sa p\u00e9riph\u00e9rie et du reste de la Belgique. \r\nPour votre confort, vous y trouverez trois belles chambres dont une de 24m\u00b2, un salon avec TV-BOX-WIFI, une salle \u00e0 manger, une biblioth\u00e8que, une cuisine super \u00e9quip\u00e9e, deux salles de douche, un WC, un jardin cl\u00f4tur\u00e9 et deux parkings dont un ferm\u00e9. R\u00e9servation minimum de 7 nuits<\/p>","lodging_description_nl":"<p>Comfortabele en gezellige g\u00eete van 90 m2, ingericht op de eerste verdieping, met aparte ingang, van een villa, rustige ligging maar met alle gemakken in de omgeving.\r\nMinimale huurperiode van 7 nachten<\/p><p>Rustig gelegen in een woonwijk, minder dan 5 minuten lopen van een supermarkt 7 dagen per week geopend en een bushalte, 20 minuten lopen van het stadscentrum van Braine-Le-Ch\u00e2teau. Deze landelijke  g\u00eete \u201cLes Hauts du Foyau\u201d met 3 aren is ideaal gelegen dankzij de gemakkelijke toegang tot de belangrijkste toeristische trekpleisters in Brussel, de rand en de rest van Belgi\u00eb.\r\nVoor uw comfort vindt u drie mooie slaapkamers, waarvan \u00e9\u00e9n van 24m\u00b2, een woonkamer met TV-BOX-WIFI, een eetkamer, een bibliotheek, een volledig uitgeruste keuken, twee doucheruimtes, een toilet, een omheinde tuin en twee parkings waaronder een gesloten. Minimale boeking van 7 nachten.<\/p>","lodging_description_en":"<p>This 90 m2 holiday home is warm, comfortable, quiet and near all amenities. It is located on the 1st floor and you can get there through a separate entrance to a villa.<\/p><p>Quietly located in a residential area, less than 5 minutes walk from a supermarket that is open 7 days a week with a bus stop; 20 minutes on foot from the town centre of Braine-Le-Ch\u00e2teau. \"Les Hauts du Foyau\" holiday home was awarded with 3 \u00e9pis from the regional tourist board. It has an ideal geographical location by having easy access to the main tourist attractions in Brussels, the surrounding areas and the rest of Belgium.\r\nFor your comfort, you will find 3 beautiful bedrooms. One of the bedrooms has a surface area of 24m\u00b2. There is also a living room with a television\/box\/Wi-Fi, a dining room, a library, a fully equipped kitchen, 2 shower rooms, a toilet, a fenced-in garden, a covered parking space and an additional outdoor parking space. You must rent this place for 7 nights or more.<\/p>","lodging_email":"leshautsdufoyau@gmail.com","lodging_website":"http:\/\/www.hauts-du-foyau.be","lodging_lat":"50.6690891473","lodging_lng":"4.27967905998","lodging_locality":"","lodging_commune":"Braine-le-Ch\u00e2teau","lodging_owner":"78d7ea667ffb46cc99918a543fbdb874","lodging_zip_code":"1440","lodging_street":"Chemin du Bois de Clabecq","lodging_number":"5","lodging_ranking":"3","lodging_accessi_url":"","lodging_gallery":"","lodging_elloha_product_id":"","lodging_elloha_offer_id":"","lodging_elloha_id":"","lodging_elloha_price_from":"","lodging_experience_title_fr":"","lodging_experience_title_nl":"","lodging_experience_title_en":"","lodging_experience_content_fr":"","lodging_experience_content_nl":"","lodging_experience_content_en":"","lodging_expert_content_fr":"","lodging_expert_content_nl":"","lodging_expert_content_en":"","lodging_expert_id":"","lodging_testimonials_tripadvisor":"","lodging_testimonials_google":"","lodging_testimonials_booking":"","lodging_real_min_capacity":"","lodging_max_capacity":"6","lodging_min_capacity":"4","lodging_min_night":"1","lodging_number_of_bathrooms":"2","lodging_number_of_bedrooms":"3","lodging_number_of_levels":"1","lodging_smoking_accommodation":"","lodging_surface_area":"90","lodging_animals_accepted":"","lodging_peb_class":"","lodging_peb_code":"","lodging_peb_primary":"","lodging_peb_total":"","lodging_nearby_distance":"","lodging_room_description":"{\"salon\":1,\"salle-a-manger\":1,\"cuisine\":1,\"salles-de-bain\":2,\"toilette\":1}","lodging_other_informations":"{\"informations\":{\"fr\":\"Suppl\u00e9ment par adulte \\n\u2013 SEMAINE \u2013 7 nuits  par s\u00e9jour              120\u20ac\\n\u2013 2 SEMAINES \u2013 14 nuits                          145\u20ac\\n\\n Tarif sp\u00e9cial pour enfants et adolescents.\\n* De 0 \u00e0 3 ans : remise de 75% du suppl\u00e9ment adulte.\\n* De 3 \u00e0 8 ans : remise de 50% du suppl\u00e9ment adulte.\\n* De 8 \u00e0 15 ans : remise de 25% du suppl\u00e9ment adulte.\",\"nl\":\"Toeslag per volwassene\\n- WEEK - 7 nachten per verblijf 120\u20ac\\n- 2 WEKEN - 14 nachten 145\u20ac\\n\\nSpeciaal tarief voor kinderen en tieners.\\n* Van 0 tot 3 jaar: 75% korting op de toeslag voor volwassenen.\\n* Van 3 tot 8 jaar: 50% korting op de toeslag voor volwassenen.\\n* Van 8 tot 15 jaar: 25% korting op de toeslag voor volwassenen.\",\"en\":\"Adult supplement\\n- WEEK - 7 nights per stay 120\u20ac\\n- 2 WEEKS - 14 nights 145\u20ac\\n\\nSpecial rate for children and teenagers.\\n* From 0 to 3 years old: 75% discount on the adult supplement.\\n* From 3 to 8 years old: 50% discount on the adult supplement.\\n* From 8 to 15 years old: 25% discount on the adult supplement.\"},\"\":{\"fr\":\"CHARGES\\n\\nELECTRICITE , EAU\/EAU CHAUDE , WIFI, TV NUMERIQUE COMPRIS\\nCHAUFFAGE\\n\u2013 Sept. Oct. \/ Mars. Avril :                                                                                   7,25 \u20ac par jour\\n\\n\u2013 Nov. Dec. Janv. F\u00e9vr. :                                                                                       11 \u20ac par jour\",\"nl\":\"KOSTEN\\n\\nELEKTRICITEIT, WATER\/WARM WATER, WIFI, DIGITALE TV INBEGREPEN\\nVERWARMING\\n- Sept. Okt. \/ Maart. April: 7,25 \u20ac per dag\\n\\n- Nov. Dec. Jan. Feb.: 11 \u20ac per dag\",\"en\":\"CHARGES\\n\\nELECTRICITY, WATER\/HOT WATER, WIFI, DIGITAL TV INCLUDED\\nHEATING\\n- Sept. Oct. \/ Mar. Apr.: 7.25 \u20ac per day\\n\\n- Nov. Dec. Jan. Feb.: 11 \u20ac per day\"}}","lodging_charge":"","lodging_charge_amount":"","lodging_code_cgt":"","lodging_bedding":"[{\"roomtype\":\"chambre\",\"bedding\":[\"1-lit-double\"]},{\"roomtype\":\"chambre\",\"bedding\":[\"2-lits-simples\"]},{\"roomtype\":\"chambre\",\"bedding\":[\"2-lits-simples\"]}]","lodging_lodgings_relation":"","lodging_hosting_advantages":"[\"logement-de-plain-pied\"]","lodging_3dvue":"","lodging_video":"","lodging_streetview":"","lodging_percent":"{\"peb\":0,\"other_informations\":100,\"localisation\":80,\"rates\":{\"2026\":100,\"2027\":0,\"2028\":0},\"general\":92,\"equipments\":100,\"medias\":100,\"total\":64}","lodging_mentions":""},"lodging_type":[33],"lodging_official_category":[4380],"lodging_subtype":[],"lodging_situation":[9103],"lodging_layout":[420],"lodging_bedding":[],"lodging_additional_rate_type":[],"lodging_external_equipment":[8893,8896,9005,8897],"lodging_household_appliances":[9001,8882,9020,8883,9002,8884,8885,8886,8887,8888,9003,8889,9004,8891,8892],"lodging_interior_equipment":[8874,8877,8879,8880,8881],"lodging_sport_and_leisure":[8901,9214],"lodging_type_of_stay":[],"lodging_adapted_to":[],"lodging_wellness":[],"lodging_baby":[],"lodging_business_mice":[9044],"lodging_accessibility":[9150],"lodging_nearby":[],"lodging_car_motorcycle_bike":[8908],"lodging_room_type":[],"lodging_thematic":[],"lodging_status":[167],"lodging_other_informations":[],"class_list":["post-113755","lodging","type-lodging","status-publish","hentry","lodging_type-gite","lodging_official_category-ruralgite","lodging_situation-dans-un-village","lodging_layout-hebergement-mitoyen","lodging_external_equipment-barbecue","lodging_external_equipment-jardin","lodging_external_equipment-jardin-cloture","lodging_external_equipment-salon-de-jardin","lodging_household_appliances-aspirateur","lodging_household_appliances-bouilloire-electrique","lodging_household_appliances-cafetiere","lodging_household_appliances-congelateur","lodging_household_appliances-fer-et-table-a-repasser","lodging_household_appliances-four","lodging_household_appliances-grille-pain","lodging_household_appliances-lave-linge","lodging_household_appliances-lave-vaisselle","lodging_household_appliances-machine-a-cafe","lodging_household_appliances-micro-ondes","lodging_household_appliances-mixeur","lodging_household_appliances-plaque-de-cuisson-vitroceramique","lodging_household_appliances-refrigerateur","lodging_household_appliances-seche-linge","lodging_interior_equipment-bibliotheque","lodging_interior_equipment-penderie","lodging_interior_equipment-seche-cheveux","lodging_interior_equipment-television","lodging_interior_equipment-wi-fi","lodging_sport_and_leisure-jeux-de-societe","lodging_sport_and_leisure-panier-de-basket","lodging_business_mice-espace-de-travail","lodging_accessibility-logement-de-plain-pied","lodging_car_motorcycle_bike-parking-prive","lodging_status-published"],"yoast_head":"<!-- This site is optimized with the Yoast SEO Premium plugin v26.7 (Yoast SEO v26.7) - https:\/\/yoast.com\/wordpress\/plugins\/seo\/ -->\n<title>Les Hauts du Foyau - gitesdewallonie.be<\/title>\n<meta name=\"robots\" content=\"index, follow, max-snippet:-1, max-image-preview:large, max-video-preview:-1\" \/>\n<link rel=\"canonical\" href=\"https:\/\/gitesdewallonie.be\/nl\/een-vakantiehuis-vinden\/vakantiehuisje-op-het-platteland\/braine-le-ch\u00e2teau\/les-hauts-du-foyau\/\" \/>\n<meta property=\"og:locale\" content=\"nl_NL\" \/>\n<meta property=\"og:type\" content=\"article\" \/>\n<meta property=\"og:title\" content=\"Les Hauts du Foyau\" \/>\n<meta property=\"og:url\" content=\"https:\/\/gitesdewallonie.be\/nl\/een-vakantiehuis-vinden\/vakantiehuisje-op-het-platteland\/braine-le-ch\u00e2teau\/les-hauts-du-foyau\/\" \/>\n<meta property=\"og:site_name\" content=\"gitesdewallonie.be\" \/>\n<meta property=\"article:publisher\" content=\"https:\/\/www.facebook.com\/GitesdeWallonie\" \/>\n<meta name=\"twitter:card\" content=\"summary_large_image\" \/>\n<script type=\"application\/ld+json\" class=\"yoast-schema-graph\">{\"@context\":\"https:\/\/schema.org\",\"@graph\":[{\"@type\":\"WebPage\",\"@id\":\"https:\/\/gitesdewallonie.be\/nl\/een-vakantiehuis-vinden\/vakantiehuisje-op-het-platteland\/braine-le-ch\u00e2teau\/les-hauts-du-foyau\/\",\"url\":\"https:\/\/gitesdewallonie.be\/nl\/een-vakantiehuis-vinden\/vakantiehuisje-op-het-platteland\/braine-le-ch\u00e2teau\/les-hauts-du-foyau\/\",\"name\":\"Les Hauts du Foyau - gitesdewallonie.be\",\"isPartOf\":{\"@id\":\"https:\/\/gitesdewallonie.be\/nl\/#website\"},\"datePublished\":\"2024-08-27T07:17:22+00:00\",\"breadcrumb\":{\"@id\":\"https:\/\/gitesdewallonie.be\/nl\/een-vakantiehuis-vinden\/vakantiehuisje-op-het-platteland\/braine-le-ch\u00e2teau\/les-hauts-du-foyau\/#breadcrumb\"},\"inLanguage\":\"nl-NL\",\"potentialAction\":[{\"@type\":\"ReadAction\",\"target\":[\"https:\/\/gitesdewallonie.be\/nl\/een-vakantiehuis-vinden\/vakantiehuisje-op-het-platteland\/braine-le-ch\u00e2teau\/les-hauts-du-foyau\/\"]}]},{\"@type\":\"BreadcrumbList\",\"@id\":\"https:\/\/gitesdewallonie.be\/nl\/een-vakantiehuis-vinden\/vakantiehuisje-op-het-platteland\/braine-le-ch\u00e2teau\/les-hauts-du-foyau\/#breadcrumb\",\"itemListElement\":[{\"@type\":\"ListItem\",\"position\":1,\"name\":\"Accueil\",\"item\":\"https:\/\/gitesdewallonie.be\/nl\/\"},{\"@type\":\"ListItem\",\"position\":2,\"name\":\"H\u00e9bergements\",\"item\":\"https:\/\/gitesdewallonie.be\/nl\/hebergements\/%type%\/%region%\/\"},{\"@type\":\"ListItem\",\"position\":3,\"name\":\"Les Hauts du Foyau\"}]},{\"@type\":\"WebSite\",\"@id\":\"https:\/\/gitesdewallonie.be\/nl\/#website\",\"url\":\"https:\/\/gitesdewallonie.be\/nl\/\",\"name\":\"F\u00e9d\u00e9ration des G\u00eetes et Chambres d'h\u00f4tes de Wallonie\",\"description\":\"\",\"publisher\":{\"@id\":\"https:\/\/gitesdewallonie.be\/nl\/#organization\"},\"potentialAction\":[{\"@type\":\"SearchAction\",\"target\":{\"@type\":\"EntryPoint\",\"urlTemplate\":\"https:\/\/gitesdewallonie.be\/nl\/?s={search_term_string}\"},\"query-input\":{\"@type\":\"PropertyValueSpecification\",\"valueRequired\":true,\"valueName\":\"search_term_string\"}}],\"inLanguage\":\"nl-NL\"},{\"@type\":\"Organization\",\"@id\":\"https:\/\/gitesdewallonie.be\/nl\/#organization\",\"name\":\"F\u00e9d\u00e9ration des G\u00eetes et Chambres d'h\u00f4tes de Wallonie\",\"alternateName\":\"GDW\",\"url\":\"https:\/\/gitesdewallonie.be\/nl\/\",\"logo\":{\"@type\":\"ImageObject\",\"inLanguage\":\"nl-NL\",\"@id\":\"https:\/\/gitesdewallonie.be\/nl\/#\/schema\/logo\/image\/\",\"url\":\"https:\/\/gitesdewallonie.be\/wp-content\/uploads\/2024\/08\/logo-gdw.svg\",\"contentUrl\":\"https:\/\/gitesdewallonie.be\/wp-content\/uploads\/2024\/08\/logo-gdw.svg\",\"caption\":\"F\u00e9d\u00e9ration des G\u00eetes et Chambres d'h\u00f4tes de Wallonie\"},\"image\":{\"@id\":\"https:\/\/gitesdewallonie.be\/nl\/#\/schema\/logo\/image\/\"},\"sameAs\":[\"https:\/\/www.facebook.com\/GitesdeWallonie\",\"https:\/\/www.instagram.com\/gitesdewallonie.be\/\"]}]}<\/script>\n<!-- \/ Yoast SEO Premium plugin. -->","yoast_head_json":{"title":"Les Hauts du Foyau - gitesdewallonie.be","robots":{"index":"index","follow":"follow","max-snippet":"max-snippet:-1","max-image-preview":"max-image-preview:large","max-video-preview":"max-video-preview:-1"},"canonical":"https:\/\/gitesdewallonie.be\/nl\/een-vakantiehuis-vinden\/vakantiehuisje-op-het-platteland\/braine-le-ch\u00e2teau\/les-hauts-du-foyau\/","og_locale":"nl_NL","og_type":"article","og_title":"Les Hauts du Foyau","og_url":"https:\/\/gitesdewallonie.be\/nl\/een-vakantiehuis-vinden\/vakantiehuisje-op-het-platteland\/braine-le-ch\u00e2teau\/les-hauts-du-foyau\/","og_site_name":"gitesdewallonie.be","article_publisher":"https:\/\/www.facebook.com\/GitesdeWallonie","twitter_card":"summary_large_image","schema":{"@context":"https:\/\/schema.org","@graph":[{"@type":"WebPage","@id":"https:\/\/gitesdewallonie.be\/nl\/een-vakantiehuis-vinden\/vakantiehuisje-op-het-platteland\/braine-le-ch\u00e2teau\/les-hauts-du-foyau\/","url":"https:\/\/gitesdewallonie.be\/nl\/een-vakantiehuis-vinden\/vakantiehuisje-op-het-platteland\/braine-le-ch\u00e2teau\/les-hauts-du-foyau\/","name":"Les Hauts du Foyau - gitesdewallonie.be","isPartOf":{"@id":"https:\/\/gitesdewallonie.be\/nl\/#website"},"datePublished":"2024-08-27T07:17:22+00:00","breadcrumb":{"@id":"https:\/\/gitesdewallonie.be\/nl\/een-vakantiehuis-vinden\/vakantiehuisje-op-het-platteland\/braine-le-ch\u00e2teau\/les-hauts-du-foyau\/#breadcrumb"},"inLanguage":"nl-NL","potentialAction":[{"@type":"ReadAction","target":["https:\/\/gitesdewallonie.be\/nl\/een-vakantiehuis-vinden\/vakantiehuisje-op-het-platteland\/braine-le-ch\u00e2teau\/les-hauts-du-foyau\/"]}]},{"@type":"BreadcrumbList","@id":"https:\/\/gitesdewallonie.be\/nl\/een-vakantiehuis-vinden\/vakantiehuisje-op-het-platteland\/braine-le-ch\u00e2teau\/les-hauts-du-foyau\/#breadcrumb","itemListElement":[{"@type":"ListItem","position":1,"name":"Accueil","item":"https:\/\/gitesdewallonie.be\/nl\/"},{"@type":"ListItem","position":2,"name":"H\u00e9bergements","item":"https:\/\/gitesdewallonie.be\/nl\/hebergements\/%type%\/%region%\/"},{"@type":"ListItem","position":3,"name":"Les Hauts du Foyau"}]},{"@type":"WebSite","@id":"https:\/\/gitesdewallonie.be\/nl\/#website","url":"https:\/\/gitesdewallonie.be\/nl\/","name":"F\u00e9d\u00e9ration des G\u00eetes et Chambres d'h\u00f4tes de Wallonie","description":"","publisher":{"@id":"https:\/\/gitesdewallonie.be\/nl\/#organization"},"potentialAction":[{"@type":"SearchAction","target":{"@type":"EntryPoint","urlTemplate":"https:\/\/gitesdewallonie.be\/nl\/?s={search_term_string}"},"query-input":{"@type":"PropertyValueSpecification","valueRequired":true,"valueName":"search_term_string"}}],"inLanguage":"nl-NL"},{"@type":"Organization","@id":"https:\/\/gitesdewallonie.be\/nl\/#organization","name":"F\u00e9d\u00e9ration des G\u00eetes et Chambres d'h\u00f4tes de Wallonie","alternateName":"GDW","url":"https:\/\/gitesdewallonie.be\/nl\/","logo":{"@type":"ImageObject","inLanguage":"nl-NL","@id":"https:\/\/gitesdewallonie.be\/nl\/#\/schema\/logo\/image\/","url":"https:\/\/gitesdewallonie.be\/wp-content\/uploads\/2024\/08\/logo-gdw.svg","contentUrl":"https:\/\/gitesdewallonie.be\/wp-content\/uploads\/2024\/08\/logo-gdw.svg","caption":"F\u00e9d\u00e9ration des G\u00eetes et Chambres d'h\u00f4tes de Wallonie"},"image":{"@id":"https:\/\/gitesdewallonie.be\/nl\/#\/schema\/logo\/image\/"},"sameAs":["https:\/\/www.facebook.com\/GitesdeWallonie","https:\/\/www.instagram.com\/gitesdewallonie.be\/"]}]}},"_links":{"self":[{"href":"https:\/\/gitesdewallonie.be\/nl\/wp-json\/wp\/v2\/lodging\/113755","targetHints":{"allow":["GET"]}}],"collection":[{"href":"https:\/\/gitesdewallonie.be\/nl\/wp-json\/wp\/v2\/lodging"}],"about":[{"href":"https:\/\/gitesdewallonie.be\/nl\/wp-json\/wp\/v2\/types\/lodging"}],"wp:attachment":[{"href":"https:\/\/gitesdewallonie.be\/nl\/wp-json\/wp\/v2\/media?parent=113755"}],"wp:term":[{"taxonomy":"lodging_type","embeddable":true,"href":"https:\/\/gitesdewallonie.be\/nl\/wp-json\/wp\/v2\/lodging_type?post=113755"},{"taxonomy":"lodging_official_category","embeddable":true,"href":"https:\/\/gitesdewallonie.be\/nl\/wp-json\/wp\/v2\/lodging_official_category?post=113755"},{"taxonomy":"lodging_subtype","embeddable":true,"href":"https:\/\/gitesdewallonie.be\/nl\/wp-json\/wp\/v2\/lodging_subtype?post=113755"},{"taxonomy":"lodging_situation","embeddable":true,"href":"https:\/\/gitesdewallonie.be\/nl\/wp-json\/wp\/v2\/lodging_situation?post=113755"},{"taxonomy":"lodging_layout","embeddable":true,"href":"https:\/\/gitesdewallonie.be\/nl\/wp-json\/wp\/v2\/lodging_layout?post=113755"},{"taxonomy":"lodging_bedding","embeddable":true,"href":"https:\/\/gitesdewallonie.be\/nl\/wp-json\/wp\/v2\/lodging_bedding?post=113755"},{"taxonomy":"lodging_additional_rate_type","embeddable":true,"href":"https:\/\/gitesdewallonie.be\/nl\/wp-json\/wp\/v2\/lodging_additional_rate_type?post=113755"},{"taxonomy":"lodging_external_equipment","embeddable":true,"href":"https:\/\/gitesdewallonie.be\/nl\/wp-json\/wp\/v2\/lodging_external_equipment?post=113755"},{"taxonomy":"lodging_household_appliances","embeddable":true,"href":"https:\/\/gitesdewallonie.be\/nl\/wp-json\/wp\/v2\/lodging_household_appliances?post=113755"},{"taxonomy":"lodging_interior_equipment","embeddable":true,"href":"https:\/\/gitesdewallonie.be\/nl\/wp-json\/wp\/v2\/lodging_interior_equipment?post=113755"},{"taxonomy":"lodging_sport_and_leisure","embeddable":true,"href":"https:\/\/gitesdewallonie.be\/nl\/wp-json\/wp\/v2\/lodging_sport_and_leisure?post=113755"},{"taxonomy":"lodging_type_of_stay","embeddable":true,"href":"https:\/\/gitesdewallonie.be\/nl\/wp-json\/wp\/v2\/lodging_type_of_stay?post=113755"},{"taxonomy":"lodging_adapted_to","embeddable":true,"href":"https:\/\/gitesdewallonie.be\/nl\/wp-json\/wp\/v2\/lodging_adapted_to?post=113755"},{"taxonomy":"lodging_wellness","embeddable":true,"href":"https:\/\/gitesdewallonie.be\/nl\/wp-json\/wp\/v2\/lodging_wellness?post=113755"},{"taxonomy":"lodging_baby","embeddable":true,"href":"https:\/\/gitesdewallonie.be\/nl\/wp-json\/wp\/v2\/lodging_baby?post=113755"},{"taxonomy":"lodging_business_mice","embeddable":true,"href":"https:\/\/gitesdewallonie.be\/nl\/wp-json\/wp\/v2\/lodging_business_mice?post=113755"},{"taxonomy":"lodging_accessibility","embeddable":true,"href":"https:\/\/gitesdewallonie.be\/nl\/wp-json\/wp\/v2\/lodging_accessibility?post=113755"},{"taxonomy":"lodging_nearby","embeddable":true,"href":"https:\/\/gitesdewallonie.be\/nl\/wp-json\/wp\/v2\/lodging_nearby?post=113755"},{"taxonomy":"lodging_car_motorcycle_bike","embeddable":true,"href":"https:\/\/gitesdewallonie.be\/nl\/wp-json\/wp\/v2\/lodging_car_motorcycle_bike?post=113755"},{"taxonomy":"lodging_room_type","embeddable":true,"href":"https:\/\/gitesdewallonie.be\/nl\/wp-json\/wp\/v2\/lodging_room_type?post=113755"},{"taxonomy":"lodging_thematic","embeddable":true,"href":"https:\/\/gitesdewallonie.be\/nl\/wp-json\/wp\/v2\/lodging_thematic?post=113755"},{"taxonomy":"lodging_status","embeddable":true,"href":"https:\/\/gitesdewallonie.be\/nl\/wp-json\/wp\/v2\/lodging_status?post=113755"},{"taxonomy":"lodging_other_informations","embeddable":true,"href":"https:\/\/gitesdewallonie.be\/nl\/wp-json\/wp\/v2\/lodging_other_informations?post=113755"}],"curies":[{"name":"wp","href":"https:\/\/api.w.org\/{rel}","templated":true}]}}