{"id":113927,"date":"2024-08-27T09:18:05","date_gmt":"2024-08-27T07:18:05","guid":{"rendered":"https:\/\/gitesdewallonie.be\/hebergements\/%type%\/%region%\/paysages-et-saveurs-le-fournil\/"},"modified":"2024-11-22T12:23:39","modified_gmt":"2024-11-22T11:23:39","slug":"gite-rural-le-fournil-au-coeur-du-parc-national-de-la-vallee-de-la-semois","status":"publish","type":"lodging","link":"https:\/\/gitesdewallonie.be\/nl\/een-vakantiehuis-vinden\/vakantiehuisje-op-het-platteland\/bouillon\/gite-rural-le-fournil-au-coeur-du-parc-national-de-la-vallee-de-la-semois\/","title":{"rendered":"G\u00eete Rural &#8220;Le Fournil&#8221; au Coeur du Parc National de la Vall\u00e9e de la Semois"},"content":{"rendered":"","protected":false},"template":"","meta":{"lodging_type":"gite","lodging_UID":"2bd8a396dfc2400284e1af1900274a80","lodging_pk":"58","lodging_description_fr":"<p>Situ\u00e9 \"c\u00f4t\u00e9 jardin\", au c\u0153ur du village d'Ucimont et non loin du r\u00e9put\u00e9 point de vue du Tombeau du G\u00e9ant, d\u00e9part de nombreuses promenades p\u00e9destres, le g\u00eete permet d'accueillir 1 ou 2 familles dans la s\u00e9r\u00e9nit\u00e9, gr\u00e2ce \u00e0 la terrasse de plain-pied.<\/p><p>Un petit coin de l'Ardenne pour go\u00fbter au plaisir d'\u00eatre l\u00e0... Envie de d\u00e9paysement, de moments de vie agr\u00e9ables et de repos. Vivre au ralenti, le temps d'un s\u00e9jour \u00e0 Ucimont, un village accueillant pr\u00e8s de Bouillon. Partir \u00e0 la rencontre de la nature, de la Semois et des paysages environnants comme celui du \"Tombeau du G\u00e9ant\" \u00e0 Botassart ou celui du \"Jambon de la Semois\" \u00e0 Membre. \u00c9chapper en famille ou entre amis aux tr\u00e9pidations de la ville. Profiter de la terrasse et du jardin lors des soir\u00e9es d'\u00e9t\u00e9 ou de l'espace de vie convivial autour du feu ouvert en automne ou en hiver. La maison vous offre ses lits douillets, sa d\u00e9co originale faite de toiles originales r\u00e9alis\u00e9es par Nathalie, fille des propri\u00e9taires. Le rez-de-chauss\u00e9e du g\u00eete est adapt\u00e9 aux personnes \u00e0 mobilit\u00e9 r\u00e9duite accompagn\u00e9es Dominique et Thierry mettent tout en \u0153uvre pour rendre votre s\u00e9jour inoubliable.<\/p>","lodging_description_nl":"Gelegen aan de \"tuinzijde\", in het hart van het dorp Ucimont en niet ver van het bekende uitkijkpunt van het Graf van de Reus, het vertrekpunt van vele wandelingen, biedt het vakantiehuis plaats aan 1 of 2 gezinnen in alle rust, dankzij het gelijkvloerse terras. Een klein stukje Ardennen om te genieten van het plezier om daar te zijn... Zin in een verandering van omgeving, aangename momenten en rust. Langzamer leven, tijdens een verblijf in Ucimont, een gastvrij dorpje nabij Bouillon. Ontdek de natuur, de Semois en de omliggende landschappen zoals die van het \"Graf van de Reus\" in Botassart of die van de \"Jambon de Semois\" in Membre. Ontsnap met familie of vrienden aan de drukte van de stad. Geniet van het terras en de tuin tijdens zomeravonden of van de gezellige leefruimte rond de open haard in de herfst of winter. Het huis biedt u comfortabele bedden, een originele inrichting gemaakt van originele doeken gemaakt door Nathalie, dochter van de eigenaars. De begane grond van het vakantiehuis is aangepast voor mensen met beperkte mobiliteit, vergezeld van Dominique en Thierry doen er alles aan om uw verblijf onvergetelijk te maken.","lodging_description_en":"Located \"garden side\", in the heart of the village of Ucimont and not far from the renowned viewpoint of the Giant's Tomb, the starting point for many walks, the cottage can accommodate 1 or 2 families in serenity, thanks to the ground-level terrace.\n\nA little corner of the Ardennes to savor the pleasure of being there... A desire for change of scenery, pleasant moments of life, and rest. Living in slow motion, during a stay in Ucimont, a welcoming village near Bouillon. Meet nature, the Semois River, and the surrounding landscapes such as the \"Giant's Tomb\" in Botassart or the \"Semois Ham\" in Membre. Escape with family or friends from the hustle and bustle of the city. Enjoy the terrace and garden during summer evenings or the cozy living space around the open fire in autumn or winter. The house offers you cozy beds, original decoration made of original canvases created by Nathalie, daughter of the owners. The ground floor of the cottage is adapted for people with reduced mobility, accompanied by Dominique and Thierry who do everything to make your stay unforgettable.","lodging_email":"contact@paysagesetsaveurs.be","lodging_website":"https:\/\/www.bouillongites.be","lodging_lat":"49.831567580842","lodging_lng":"5.0553846359253","lodging_locality":"Ucimont","lodging_commune":"Bouillon (6830)","lodging_owner":"a7f90c490125431d974238c5c9ef016b","lodging_zip_code":"6833","lodging_street":"Rue du Ch\u00e2teau-le-Duc","lodging_number":"25B","lodging_ranking":"3","lodging_accessi_url":"","lodging_gallery":"","lodging_elloha_product_id":"bdc1596d-0551-40f6-967b-e294e3632a85","lodging_elloha_offer_id":"2405e502-4632-4503-8b12-79022cb4a11d","lodging_elloha_id":"","lodging_elloha_price_from":"113","lodging_experience_title_fr":"","lodging_experience_title_nl":"","lodging_experience_title_en":"","lodging_experience_content_fr":"","lodging_experience_content_nl":"","lodging_experience_content_en":"","lodging_expert_content_fr":"","lodging_expert_content_nl":"","lodging_expert_content_en":"","lodging_expert_id":"","lodging_testimonials_tripadvisor":"","lodging_testimonials_google":"","lodging_testimonials_booking":"","lodging_real_min_capacity":"","lodging_max_capacity":"8","lodging_min_capacity":"8","lodging_min_night":"","lodging_number_of_bathrooms":"3","lodging_number_of_bedrooms":"4","lodging_number_of_levels":"2","lodging_smoking_accommodation":"non","lodging_surface_area":"110","lodging_animals_accepted":"1","lodging_peb_class":"","lodging_peb_code":"","lodging_peb_primary":"","lodging_peb_total":"","lodging_nearby_distance":"[{\"type_of_activity\":\"boulangerie\",\"distance\":10},{\"type_of_activity\":\"foret\",\"distance\":0},{\"type_of_activity\":\"bureau-de-poste\",\"distance\":10},{\"type_of_activity\":\"gare\",\"distance\":20},{\"type_of_activity\":\"magasins\",\"distance\":10},{\"type_of_activity\":\"pharmacie\",\"distance\":10},{\"type_of_activity\":\"randonnee\",\"distance\":0},{\"type_of_activity\":\"restaurants\",\"distance\":\"10\"},{\"type_of_activity\":\"riviere\",\"distance\":3},{\"type_of_activity\":\"retrait-dargent\",\"distance\":10},{\"type_of_activity\":\"vtt\",\"distance\":1}]","lodging_room_description":"{\"salon-salle-a-manger\":1,\"coin-cuisine\":1,\"salles-de-bain\":3,\"toilettes\":2,\"buanderie\":1}","lodging_other_informations":"{\"a-emporter\":{\"en\":\"You do not need to bring any bed sheets or towels with you. These are provided for you.\",\"fr\":\"Le linge de lit et le linge de maison sont fournis. Il ne faut donc pas les emporter !!\",\"nl\":\"Beddengoed en huishoudlinnen zijn aanwezig. Niet zelf mee te nemen dus!!\"},\"a-payer-sur-place\":{\"en\":\"Additional fee if you come with a pet (\u20ac10.00)\",\"fr\":\"Les frais li\u00e9s \u00e0 la pr\u00e9sence d'un animal de compagnie (10,00 \u20ac).\",\"nl\":\"Kosten voor uw huisdier (\u20ac 10,00).\"},\"heure-darrivee\":{\"en\":\"Between 4 PM and 8 PM. If you cannot arrive earlier, please contact us by telephone.\",\"fr\":\"Entre 16h00 et 20h00. Si arriv\u00e9e tardive, \u00e0 convenir par t\u00e9l\u00e9phone.\",\"nl\":\"Tussen 16.00 en 20.00 uur Bij late aankomst telefonisch afspreken.\"},\"heure-de-depart\":{\"en\":\"Before 10 AM. For the weekends, the departure time is between 6 PM and 8 PM on Sundays and before 10 AM on Mondays.\",\"fr\":\"Avant 10h00.rnPour les weekends: le dimanche: entre 16h00 et 20h00. Le lundi: avant 10h00.\",\"nl\":\"V\u00f3\u00f3r 10.00 uurrnVoor weekends: zondag: tussen 18.00 uur en 20.00 uur; Maandag, v\u00f3\u00f3r 10.00 uur\"},\"modes-de-paiement\":{\"en\":\"Cash, bank transfer, Bancontact, Maestro, Visa, Mastercard.\",\"fr\":\"Cash, virement bancaire, Bancontact, Maestro, Visa, Mastercard.\",\"nl\":\"Cash, overschrijving, Bancontact, Maestro, Visa, Mastercard.\"}}","lodging_charge":"","lodging_charge_amount":"","lodging_code_cgt":"GRLX792","lodging_bedding":"[{\"roomtype\":\"chambre\",\"bedding\":[\"2-lits-simples\"]},{\"roomtype\":\"chambre\",\"bedding\":[\"2-lits-simples\"]},{\"roomtype\":\"chambre\",\"bedding\":[\"2-lits-simples\"]},{\"roomtype\":\"chambre\",\"bedding\":[\"2-lits-simples\"]}]","lodging_lodgings_relation":"","lodging_hosting_advantages":"[\"chambre-au-rez-de-chaussee\",\"serviettes-de-toilette\",\"jardin-cloture\",\"wi-fi\",\"feu-ouvert\",\"piscine-exterieure\"]","lodging_3dvue":"","lodging_video":"","lodging_streetview":"https:\/\/www.google.com\/maps\/@49.8312672,5.0554213,3a,75y,341.12h,90t\/data=!3m7!1e1!3m5!1scrr7SokNfERKUhMGWGRnrg!2e0!6shttps:%2F%2Fstreetviewpixels-pa.googleapis.com%2Fv1%2Fthumbnail%3Fcb_client%3Dmaps_sv.tactile%26w%3D900%26h%3D600%26pitch%3D0%26panoid%3Dcrr7SokNfERKUhMGWGRnrg%26yaw%3D341.1247!7i16384!8i8192?entry=ttu&g_ep=EgoyMDI0MTExOC4wIKXMDSoASAFQAw%3D%3D","lodging_percent":"{\"peb\":0,\"other_informations\":100,\"localisation\":100,\"rates\":{\"2025\":100,\"2026\":0,\"2027\":0},\"general\":100,\"equipments\":100,\"medias\":100,\"total\":67}","lodging_mentions":""},"lodging_type":[33],"lodging_official_category":[4380],"lodging_subtype":[],"lodging_situation":[8909,9103],"lodging_layout":[420],"lodging_bedding":[],"lodging_additional_rate_type":[],"lodging_external_equipment":[8893,9005,8897,8898],"lodging_household_appliances":[9001,8882,9020,8883,9002,8884,8885,8886,8887,9003,8889,9004,8891],"lodging_interior_equipment":[8998,8875,8999,9000,9035,8880,8881],"lodging_sport_and_leisure":[9167,9160,9161],"lodging_type_of_stay":[9098,9057],"lodging_adapted_to":[],"lodging_wellness":[9087],"lodging_baby":[8904,8906,9089],"lodging_business_mice":[],"lodging_accessibility":[9275],"lodging_nearby":[],"lodging_car_motorcycle_bike":[9036],"lodging_room_type":[],"lodging_thematic":[],"lodging_status":[167],"lodging_other_informations":[],"class_list":["post-113927","lodging","type-lodging","status-publish","hentry","lodging_type-gite","lodging_official_category-ruralgite","lodging_situation-a-la-campagne","lodging_situation-dans-un-village","lodging_layout-hebergement-mitoyen","lodging_external_equipment-barbecue","lodging_external_equipment-jardin-cloture","lodging_external_equipment-salon-de-jardin","lodging_external_equipment-terrasse","lodging_household_appliances-aspirateur","lodging_household_appliances-bouilloire-electrique","lodging_household_appliances-cafetiere","lodging_household_appliances-congelateur","lodging_household_appliances-fer-et-table-a-repasser","lodging_household_appliances-four","lodging_household_appliances-grille-pain","lodging_household_appliances-lave-linge","lodging_household_appliances-lave-vaisselle","lodging_household_appliances-micro-ondes","lodging_household_appliances-mixeur","lodging_household_appliances-plaque-de-cuisson-vitroceramique","lodging_household_appliances-refrigerateur","lodging_interior_equipment-chaine-hi-fi","lodging_interior_equipment-feu-ouvert","lodging_interior_equipment-lecteur-dvd","lodging_interior_equipment-radio","lodging_interior_equipment-serviettes-de-toilette","lodging_interior_equipment-television","lodging_interior_equipment-wi-fi","lodging_sport_and_leisure-bac-a-sable","lodging_sport_and_leisure-balancoire","lodging_sport_and_leisure-toboggan","lodging_type_of_stay-animaux-admis","lodging_type_of_stay-en-famille","lodging_wellness-piscine-exterieure","lodging_baby-chaise-pour-enfant","lodging_baby-lit-bebe","lodging_baby-table-a-langer","lodging_accessibility-chambre-au-rez-de-chaussee","lodging_car_motorcycle_bike-parking-public","lodging_status-published"],"yoast_head":"<!-- This site is optimized with the Yoast SEO Premium plugin v26.7 (Yoast SEO v26.7) - https:\/\/yoast.com\/wordpress\/plugins\/seo\/ -->\n<title>G\u00eete Rural &quot;Le Fournil&quot; au Coeur du Parc National de la Vall\u00e9e de la Semois - gitesdewallonie.be<\/title>\n<meta name=\"robots\" content=\"index, follow, max-snippet:-1, max-image-preview:large, max-video-preview:-1\" \/>\n<link rel=\"canonical\" href=\"https:\/\/gitesdewallonie.be\/nl\/een-vakantiehuis-vinden\/vakantiehuisje-op-het-platteland\/bouillon\/gite-rural-le-fournil-au-coeur-du-parc-national-de-la-vallee-de-la-semois\/\" \/>\n<meta property=\"og:locale\" content=\"nl_NL\" \/>\n<meta property=\"og:type\" content=\"article\" \/>\n<meta property=\"og:title\" content=\"G\u00eete Rural &quot;Le Fournil&quot; au Coeur du Parc National de la Vall\u00e9e de la Semois\" \/>\n<meta property=\"og:url\" content=\"https:\/\/gitesdewallonie.be\/nl\/een-vakantiehuis-vinden\/vakantiehuisje-op-het-platteland\/bouillon\/gite-rural-le-fournil-au-coeur-du-parc-national-de-la-vallee-de-la-semois\/\" \/>\n<meta property=\"og:site_name\" content=\"gitesdewallonie.be\" \/>\n<meta property=\"article:publisher\" content=\"https:\/\/www.facebook.com\/GitesdeWallonie\" \/>\n<meta property=\"article:modified_time\" content=\"2024-11-22T11:23:39+00:00\" \/>\n<meta name=\"twitter:card\" content=\"summary_large_image\" \/>\n<script type=\"application\/ld+json\" class=\"yoast-schema-graph\">{\"@context\":\"https:\/\/schema.org\",\"@graph\":[{\"@type\":\"WebPage\",\"@id\":\"https:\/\/gitesdewallonie.be\/nl\/een-vakantiehuis-vinden\/vakantiehuisje-op-het-platteland\/bouillon\/gite-rural-le-fournil-au-coeur-du-parc-national-de-la-vallee-de-la-semois\/\",\"url\":\"https:\/\/gitesdewallonie.be\/nl\/een-vakantiehuis-vinden\/vakantiehuisje-op-het-platteland\/bouillon\/gite-rural-le-fournil-au-coeur-du-parc-national-de-la-vallee-de-la-semois\/\",\"name\":\"G\u00eete Rural \\\"Le Fournil\\\" au Coeur du Parc National de la Vall\u00e9e de la Semois - gitesdewallonie.be\",\"isPartOf\":{\"@id\":\"https:\/\/gitesdewallonie.be\/nl\/#website\"},\"datePublished\":\"2024-08-27T07:18:05+00:00\",\"dateModified\":\"2024-11-22T11:23:39+00:00\",\"breadcrumb\":{\"@id\":\"https:\/\/gitesdewallonie.be\/nl\/een-vakantiehuis-vinden\/vakantiehuisje-op-het-platteland\/bouillon\/gite-rural-le-fournil-au-coeur-du-parc-national-de-la-vallee-de-la-semois\/#breadcrumb\"},\"inLanguage\":\"nl-NL\",\"potentialAction\":[{\"@type\":\"ReadAction\",\"target\":[\"https:\/\/gitesdewallonie.be\/nl\/een-vakantiehuis-vinden\/vakantiehuisje-op-het-platteland\/bouillon\/gite-rural-le-fournil-au-coeur-du-parc-national-de-la-vallee-de-la-semois\/\"]}]},{\"@type\":\"BreadcrumbList\",\"@id\":\"https:\/\/gitesdewallonie.be\/nl\/een-vakantiehuis-vinden\/vakantiehuisje-op-het-platteland\/bouillon\/gite-rural-le-fournil-au-coeur-du-parc-national-de-la-vallee-de-la-semois\/#breadcrumb\",\"itemListElement\":[{\"@type\":\"ListItem\",\"position\":1,\"name\":\"Accueil\",\"item\":\"https:\/\/gitesdewallonie.be\/nl\/\"},{\"@type\":\"ListItem\",\"position\":2,\"name\":\"H\u00e9bergements\",\"item\":\"https:\/\/gitesdewallonie.be\/nl\/hebergements\/%type%\/%region%\/\"},{\"@type\":\"ListItem\",\"position\":3,\"name\":\"G\u00eete Rural \u00ab\u00a0Le Fournil\u00a0\u00bb au Coeur du Parc National de la Vall\u00e9e de la Semois\"}]},{\"@type\":\"WebSite\",\"@id\":\"https:\/\/gitesdewallonie.be\/nl\/#website\",\"url\":\"https:\/\/gitesdewallonie.be\/nl\/\",\"name\":\"F\u00e9d\u00e9ration des G\u00eetes et Chambres d'h\u00f4tes de Wallonie\",\"description\":\"\",\"publisher\":{\"@id\":\"https:\/\/gitesdewallonie.be\/nl\/#organization\"},\"potentialAction\":[{\"@type\":\"SearchAction\",\"target\":{\"@type\":\"EntryPoint\",\"urlTemplate\":\"https:\/\/gitesdewallonie.be\/nl\/?s={search_term_string}\"},\"query-input\":{\"@type\":\"PropertyValueSpecification\",\"valueRequired\":true,\"valueName\":\"search_term_string\"}}],\"inLanguage\":\"nl-NL\"},{\"@type\":\"Organization\",\"@id\":\"https:\/\/gitesdewallonie.be\/nl\/#organization\",\"name\":\"F\u00e9d\u00e9ration des G\u00eetes et Chambres d'h\u00f4tes de Wallonie\",\"alternateName\":\"GDW\",\"url\":\"https:\/\/gitesdewallonie.be\/nl\/\",\"logo\":{\"@type\":\"ImageObject\",\"inLanguage\":\"nl-NL\",\"@id\":\"https:\/\/gitesdewallonie.be\/nl\/#\/schema\/logo\/image\/\",\"url\":\"https:\/\/gitesdewallonie.be\/wp-content\/uploads\/2024\/08\/logo-gdw.svg\",\"contentUrl\":\"https:\/\/gitesdewallonie.be\/wp-content\/uploads\/2024\/08\/logo-gdw.svg\",\"caption\":\"F\u00e9d\u00e9ration des G\u00eetes et Chambres d'h\u00f4tes de Wallonie\"},\"image\":{\"@id\":\"https:\/\/gitesdewallonie.be\/nl\/#\/schema\/logo\/image\/\"},\"sameAs\":[\"https:\/\/www.facebook.com\/GitesdeWallonie\",\"https:\/\/www.instagram.com\/gitesdewallonie.be\/\"]}]}<\/script>\n<!-- \/ Yoast SEO Premium plugin. -->","yoast_head_json":{"title":"G\u00eete Rural \"Le Fournil\" au Coeur du Parc National de la Vall\u00e9e de la Semois - gitesdewallonie.be","robots":{"index":"index","follow":"follow","max-snippet":"max-snippet:-1","max-image-preview":"max-image-preview:large","max-video-preview":"max-video-preview:-1"},"canonical":"https:\/\/gitesdewallonie.be\/nl\/een-vakantiehuis-vinden\/vakantiehuisje-op-het-platteland\/bouillon\/gite-rural-le-fournil-au-coeur-du-parc-national-de-la-vallee-de-la-semois\/","og_locale":"nl_NL","og_type":"article","og_title":"G\u00eete Rural \"Le Fournil\" au Coeur du Parc National de la Vall\u00e9e de la Semois","og_url":"https:\/\/gitesdewallonie.be\/nl\/een-vakantiehuis-vinden\/vakantiehuisje-op-het-platteland\/bouillon\/gite-rural-le-fournil-au-coeur-du-parc-national-de-la-vallee-de-la-semois\/","og_site_name":"gitesdewallonie.be","article_publisher":"https:\/\/www.facebook.com\/GitesdeWallonie","article_modified_time":"2024-11-22T11:23:39+00:00","twitter_card":"summary_large_image","schema":{"@context":"https:\/\/schema.org","@graph":[{"@type":"WebPage","@id":"https:\/\/gitesdewallonie.be\/nl\/een-vakantiehuis-vinden\/vakantiehuisje-op-het-platteland\/bouillon\/gite-rural-le-fournil-au-coeur-du-parc-national-de-la-vallee-de-la-semois\/","url":"https:\/\/gitesdewallonie.be\/nl\/een-vakantiehuis-vinden\/vakantiehuisje-op-het-platteland\/bouillon\/gite-rural-le-fournil-au-coeur-du-parc-national-de-la-vallee-de-la-semois\/","name":"G\u00eete Rural \"Le Fournil\" au Coeur du Parc National de la Vall\u00e9e de la Semois - gitesdewallonie.be","isPartOf":{"@id":"https:\/\/gitesdewallonie.be\/nl\/#website"},"datePublished":"2024-08-27T07:18:05+00:00","dateModified":"2024-11-22T11:23:39+00:00","breadcrumb":{"@id":"https:\/\/gitesdewallonie.be\/nl\/een-vakantiehuis-vinden\/vakantiehuisje-op-het-platteland\/bouillon\/gite-rural-le-fournil-au-coeur-du-parc-national-de-la-vallee-de-la-semois\/#breadcrumb"},"inLanguage":"nl-NL","potentialAction":[{"@type":"ReadAction","target":["https:\/\/gitesdewallonie.be\/nl\/een-vakantiehuis-vinden\/vakantiehuisje-op-het-platteland\/bouillon\/gite-rural-le-fournil-au-coeur-du-parc-national-de-la-vallee-de-la-semois\/"]}]},{"@type":"BreadcrumbList","@id":"https:\/\/gitesdewallonie.be\/nl\/een-vakantiehuis-vinden\/vakantiehuisje-op-het-platteland\/bouillon\/gite-rural-le-fournil-au-coeur-du-parc-national-de-la-vallee-de-la-semois\/#breadcrumb","itemListElement":[{"@type":"ListItem","position":1,"name":"Accueil","item":"https:\/\/gitesdewallonie.be\/nl\/"},{"@type":"ListItem","position":2,"name":"H\u00e9bergements","item":"https:\/\/gitesdewallonie.be\/nl\/hebergements\/%type%\/%region%\/"},{"@type":"ListItem","position":3,"name":"G\u00eete Rural \u00ab\u00a0Le Fournil\u00a0\u00bb au Coeur du Parc National de la Vall\u00e9e de la Semois"}]},{"@type":"WebSite","@id":"https:\/\/gitesdewallonie.be\/nl\/#website","url":"https:\/\/gitesdewallonie.be\/nl\/","name":"F\u00e9d\u00e9ration des G\u00eetes et Chambres d'h\u00f4tes de Wallonie","description":"","publisher":{"@id":"https:\/\/gitesdewallonie.be\/nl\/#organization"},"potentialAction":[{"@type":"SearchAction","target":{"@type":"EntryPoint","urlTemplate":"https:\/\/gitesdewallonie.be\/nl\/?s={search_term_string}"},"query-input":{"@type":"PropertyValueSpecification","valueRequired":true,"valueName":"search_term_string"}}],"inLanguage":"nl-NL"},{"@type":"Organization","@id":"https:\/\/gitesdewallonie.be\/nl\/#organization","name":"F\u00e9d\u00e9ration des G\u00eetes et Chambres d'h\u00f4tes de Wallonie","alternateName":"GDW","url":"https:\/\/gitesdewallonie.be\/nl\/","logo":{"@type":"ImageObject","inLanguage":"nl-NL","@id":"https:\/\/gitesdewallonie.be\/nl\/#\/schema\/logo\/image\/","url":"https:\/\/gitesdewallonie.be\/wp-content\/uploads\/2024\/08\/logo-gdw.svg","contentUrl":"https:\/\/gitesdewallonie.be\/wp-content\/uploads\/2024\/08\/logo-gdw.svg","caption":"F\u00e9d\u00e9ration des G\u00eetes et Chambres d'h\u00f4tes de Wallonie"},"image":{"@id":"https:\/\/gitesdewallonie.be\/nl\/#\/schema\/logo\/image\/"},"sameAs":["https:\/\/www.facebook.com\/GitesdeWallonie","https:\/\/www.instagram.com\/gitesdewallonie.be\/"]}]}},"_links":{"self":[{"href":"https:\/\/gitesdewallonie.be\/nl\/wp-json\/wp\/v2\/lodging\/113927","targetHints":{"allow":["GET"]}}],"collection":[{"href":"https:\/\/gitesdewallonie.be\/nl\/wp-json\/wp\/v2\/lodging"}],"about":[{"href":"https:\/\/gitesdewallonie.be\/nl\/wp-json\/wp\/v2\/types\/lodging"}],"wp:attachment":[{"href":"https:\/\/gitesdewallonie.be\/nl\/wp-json\/wp\/v2\/media?parent=113927"}],"wp:term":[{"taxonomy":"lodging_type","embeddable":true,"href":"https:\/\/gitesdewallonie.be\/nl\/wp-json\/wp\/v2\/lodging_type?post=113927"},{"taxonomy":"lodging_official_category","embeddable":true,"href":"https:\/\/gitesdewallonie.be\/nl\/wp-json\/wp\/v2\/lodging_official_category?post=113927"},{"taxonomy":"lodging_subtype","embeddable":true,"href":"https:\/\/gitesdewallonie.be\/nl\/wp-json\/wp\/v2\/lodging_subtype?post=113927"},{"taxonomy":"lodging_situation","embeddable":true,"href":"https:\/\/gitesdewallonie.be\/nl\/wp-json\/wp\/v2\/lodging_situation?post=113927"},{"taxonomy":"lodging_layout","embeddable":true,"href":"https:\/\/gitesdewallonie.be\/nl\/wp-json\/wp\/v2\/lodging_layout?post=113927"},{"taxonomy":"lodging_bedding","embeddable":true,"href":"https:\/\/gitesdewallonie.be\/nl\/wp-json\/wp\/v2\/lodging_bedding?post=113927"},{"taxonomy":"lodging_additional_rate_type","embeddable":true,"href":"https:\/\/gitesdewallonie.be\/nl\/wp-json\/wp\/v2\/lodging_additional_rate_type?post=113927"},{"taxonomy":"lodging_external_equipment","embeddable":true,"href":"https:\/\/gitesdewallonie.be\/nl\/wp-json\/wp\/v2\/lodging_external_equipment?post=113927"},{"taxonomy":"lodging_household_appliances","embeddable":true,"href":"https:\/\/gitesdewallonie.be\/nl\/wp-json\/wp\/v2\/lodging_household_appliances?post=113927"},{"taxonomy":"lodging_interior_equipment","embeddable":true,"href":"https:\/\/gitesdewallonie.be\/nl\/wp-json\/wp\/v2\/lodging_interior_equipment?post=113927"},{"taxonomy":"lodging_sport_and_leisure","embeddable":true,"href":"https:\/\/gitesdewallonie.be\/nl\/wp-json\/wp\/v2\/lodging_sport_and_leisure?post=113927"},{"taxonomy":"lodging_type_of_stay","embeddable":true,"href":"https:\/\/gitesdewallonie.be\/nl\/wp-json\/wp\/v2\/lodging_type_of_stay?post=113927"},{"taxonomy":"lodging_adapted_to","embeddable":true,"href":"https:\/\/gitesdewallonie.be\/nl\/wp-json\/wp\/v2\/lodging_adapted_to?post=113927"},{"taxonomy":"lodging_wellness","embeddable":true,"href":"https:\/\/gitesdewallonie.be\/nl\/wp-json\/wp\/v2\/lodging_wellness?post=113927"},{"taxonomy":"lodging_baby","embeddable":true,"href":"https:\/\/gitesdewallonie.be\/nl\/wp-json\/wp\/v2\/lodging_baby?post=113927"},{"taxonomy":"lodging_business_mice","embeddable":true,"href":"https:\/\/gitesdewallonie.be\/nl\/wp-json\/wp\/v2\/lodging_business_mice?post=113927"},{"taxonomy":"lodging_accessibility","embeddable":true,"href":"https:\/\/gitesdewallonie.be\/nl\/wp-json\/wp\/v2\/lodging_accessibility?post=113927"},{"taxonomy":"lodging_nearby","embeddable":true,"href":"https:\/\/gitesdewallonie.be\/nl\/wp-json\/wp\/v2\/lodging_nearby?post=113927"},{"taxonomy":"lodging_car_motorcycle_bike","embeddable":true,"href":"https:\/\/gitesdewallonie.be\/nl\/wp-json\/wp\/v2\/lodging_car_motorcycle_bike?post=113927"},{"taxonomy":"lodging_room_type","embeddable":true,"href":"https:\/\/gitesdewallonie.be\/nl\/wp-json\/wp\/v2\/lodging_room_type?post=113927"},{"taxonomy":"lodging_thematic","embeddable":true,"href":"https:\/\/gitesdewallonie.be\/nl\/wp-json\/wp\/v2\/lodging_thematic?post=113927"},{"taxonomy":"lodging_status","embeddable":true,"href":"https:\/\/gitesdewallonie.be\/nl\/wp-json\/wp\/v2\/lodging_status?post=113927"},{"taxonomy":"lodging_other_informations","embeddable":true,"href":"https:\/\/gitesdewallonie.be\/nl\/wp-json\/wp\/v2\/lodging_other_informations?post=113927"}],"curies":[{"name":"wp","href":"https:\/\/api.w.org\/{rel}","templated":true}]}}