{"id":114046,"date":"2024-08-27T09:19:33","date_gmt":"2024-08-27T07:19:33","guid":{"rendered":"https:\/\/gitesdewallonie.be\/hebergements\/%type%\/%region%\/a-labri-du-clocher-le-jardin-de-zelie-le-cafe-de-pepere\/"},"modified":"2024-12-17T10:21:13","modified_gmt":"2024-12-17T09:21:13","slug":"a-labri-du-clocher-le-jardin-de-zelie-le-cafe-de-pepere","status":"publish","type":"lodging","link":"https:\/\/gitesdewallonie.be\/nl\/een-vakantiehuis-vinden\/vakantiehuisje-op-het-platteland\/gedinne\/a-labri-du-clocher-le-jardin-de-zelie-le-cafe-de-pepere\/","title":{"rendered":"A l&#8217;Abri du Clocher : Le Jardin de Z\u00e9lie &amp; Le Caf\u00e9 de P\u00e9p\u00e8re"},"content":{"rendered":"","protected":false},"template":"","meta":{"lodging_type":"gite","lodging_UID":"0bc5296ff9934428ade831c754bf644d","lodging_pk":"3553","lodging_description_fr":"<p>Situ\u00e9 en Ardenne, \u00e0 Rienne, A l'Abri du Clocher est un g\u00eete au charme fou, am\u00e9nag\u00e9 dans un caf\u00e9 des ann\u00e9es 50. Ses 9 chambres peuvent accueillir 25 personnes. Les deux g\u00eetes qui le composent sont situ\u00e9s dans un seul et m\u00eame b\u00e2timent.<\/p><p>Au centre d\u2019un r\u00e9seau infini de promenades p\u00e9destres et VTT, A l'Abri du Clocher est fait pour vous si vous cherchez un d\u00e9paysement total! Les chambres chaleureuses de cet ancien caf\u00e9-auberge, totalement r\u00e9nov\u00e9 en 2021, peuvent accueillir les grands groupes et les maxi-r\u00e9unions de familles. Le caf\u00e9 et les grandes fresques murales de l'auberge ont gard\u00e9 leur authenticit\u00e9 et leur attrait d\u2019antan. Nich\u00e9 entre les vall\u00e9es de la Meuse, de la Lesse et de la Semois, \u00e0 un jet de pierre de Bouillon, Beauraing, Dinant, Han-sur-Lesse et Vresse-sur-Semois. Ce b\u00e2timent historique est \u00e9quip\u00e9 d\u2019un kicker et d\u2019un billard. Il compte un grand caf\u00e9 multifonctionnel avec : - son bar historique - ses tables capables d'accueillir 24 convives - son po\u00eale \u00e0 bois accompagn\u00e9 de son coin salon - un coin t\u00e9l\u00e9 avec un po\u00eale \u00e0 bois lui aussi - une salle-\u00e0-manger\/salle de billard - une grande cuisine vintage avec feu ouvert - des nouveaux sanitaires Un paisible jardin expos\u00e9 plein sud vous permettra de profiter d'une pause en journ\u00e9e ou en soir\u00e9e le tout agr\u00e9ment\u00e9 d\u2019un bosquet. L'ensemble permet \u00e0 toutes les g\u00e9n\u00e9rations de trouver leur bonheur en m\u00eame temps et en toute s\u00e9curit\u00e9, dans de vastes et beaux espaces ext\u00e9rieurs et int\u00e9rieurs. 0478\/484.660.<\/p>","lodging_description_nl":"Gelegen in de Ardennen, in Rienne, is A l'Abri du Clocher een charmante vakantiewoning, ingericht in een caf\u00e9 uit de jaren 50. De 9 kamers kunnen 25 personen herbergen. De twee vakantiehuizen die het vormen bevinden zich in hetzelfde gebouw.\n\nMidden in een oneindig netwerk van wandel- en mountainbikeroutes, is A l'Abri du Clocher perfect voor u als u op zoek bent naar een totale verandering van omgeving! De gezellige kamers van dit voormalige caf\u00e9-herberg, volledig gerenoveerd in 2021, kunnen grote groepen en grote familiebijeenkomsten herbergen. Het caf\u00e9 en de grote muurschilderingen van de herberg hebben hun authenticiteit en aantrekkingskracht van weleer behouden. Verscholen tussen de valleien van de Maas, de Lesse en de Semois, op een steenworp afstand van Bouillon, Beauraing, Dinant, Han-sur-Lesse en Vresse-sur-Semois. Dit historische gebouw is uitgerust met een tafelvoetbalspel en een biljarttafel. Het beschikt over een grote multifunctionele caf\u00e9 met: - zijn historische bar - tafels voor 24 gasten - een houtkachel met een zithoek - een televisiehoek met ook een houtkachel - een eetkamer\/biljartzaal - een grote vintage keuken met open haard - nieuwe sanitaire voorzieningen Een rustige tuin op het zuiden stelt u in staat om te genieten van een pauze overdag of 's avonds, allemaal omringd door een bosje. Het geheel stelt alle generaties in staat om tegelijkertijd en in alle veiligheid hun geluk te vinden, in ruime en prachtige binnen- en buitenruimtes. 0478\/484.660.","lodging_description_en":"Located in the Ardennes, in Rienne, A l'Abri du Clocher is a charming cottage, set up in a caf\u00e9 from the 1950s. Its 9 rooms can accommodate 25 people. The two cottages that make it up are located in a single building.\n\nIn the center of an infinite network of hiking and mountain biking trails, A l'Abri du Clocher is made for you if you are looking for a total change of scenery! The warm rooms of this former caf\u00e9-inn, completely renovated in 2021, can accommodate large groups and family reunions. The caf\u00e9 and the large wall frescoes of the inn have retained their authenticity and appeal of yesteryear. Nestled between the valleys of the Meuse, Lesse, and Semois, a stone's throw from Bouillon, Beauraing, Dinant, Han-sur-Lesse, and Vresse-sur-Semois. This historic building is equipped with a foosball table and a billiard table. It has a large multifunctional caf\u00e9 with: - its historic bar - its tables capable of accommodating 24 guests - its wood stove accompanied by its lounge area - a TV area with a wood stove as well - a dining room\/billiard room - a large vintage kitchen with an open fire - new bathrooms A peaceful south-facing garden will allow you to enjoy a break during the day or in the evening, all complemented by a small grove. The whole allows all generations to find their happiness at the same time and in complete safety, in vast and beautiful outdoor and indoor spaces. 0478\/484.660.","lodging_email":"alabri@alabriduclocher.be","lodging_website":"https:\/\/www.alabriduclocher.be\/","lodging_lat":"49.9926187954","lodging_lng":"4.888433218","lodging_locality":"Rienne","lodging_commune":"Gedinne","lodging_owner":"924b091d066e436cb17580bcb78cdff2","lodging_zip_code":"5575","lodging_street":"Rue Gilbert Lepropre","lodging_number":"40","lodging_ranking":"","lodging_accessi_url":"","lodging_gallery":"","lodging_elloha_product_id":"","lodging_elloha_offer_id":"","lodging_elloha_id":"","lodging_elloha_price_from":"","lodging_experience_title_fr":"","lodging_experience_title_nl":"","lodging_experience_title_en":"","lodging_experience_content_fr":"","lodging_experience_content_nl":"","lodging_experience_content_en":"","lodging_expert_content_fr":"","lodging_expert_content_nl":"","lodging_expert_content_en":"","lodging_expert_id":"","lodging_testimonials_tripadvisor":"","lodging_testimonials_google":"","lodging_testimonials_booking":"","lodging_real_min_capacity":"","lodging_max_capacity":"24","lodging_min_capacity":"24","lodging_min_night":"2","lodging_number_of_bathrooms":"3","lodging_number_of_bedrooms":"9","lodging_number_of_levels":"2","lodging_smoking_accommodation":"non","lodging_surface_area":"","lodging_animals_accepted":"1","lodging_peb_class":"","lodging_peb_code":"","lodging_peb_primary":"","lodging_peb_total":"","lodging_nearby_distance":"[{\"type_of_activity\":\"boulangerie\",\"distance\":0},{\"type_of_activity\":\"bureau-de-poste\",\"distance\":6},{\"type_of_activity\":\"foret\",\"distance\":0},{\"type_of_activity\":\"gare\",\"distance\":8},{\"type_of_activity\":\"bus\",\"distance\":0},{\"type_of_activity\":\"hopital\",\"distance\":47},{\"type_of_activity\":\"magasins\",\"distance\":0},{\"type_of_activity\":\"marche\",\"distance\":6},{\"type_of_activity\":\"musees\",\"distance\":6},{\"type_of_activity\":\"office-du-tourisme\",\"distance\":6},{\"type_of_activity\":\"pharmacie\",\"distance\":0},{\"type_of_activity\":\"peche\",\"distance\":2},{\"type_of_activity\":\"piscine\",\"distance\":17},{\"type_of_activity\":\"randonnee\",\"distance\":0},{\"type_of_activity\":\"ravel\",\"distance\":23},{\"type_of_activity\":\"restaurants\",\"distance\":6},{\"type_of_activity\":\"retrait-dargent\",\"distance\":6},{\"type_of_activity\":\"riviere\",\"distance\":6},{\"type_of_activity\":\"ski\",\"distance\":4},{\"type_of_activity\":\"sports-nautiques\",\"distance\":30},{\"type_of_activity\":\"tennis\",\"distance\":6},{\"type_of_activity\":\"vtt\",\"distance\":0}]","lodging_room_description":"{\"cuisines\":2,\"salles-a-manger\":2,\"salles-de-bain-partagees\":3,\"salle-de-detente\":1,\"salle-de-jeux\":1,\"salle-de-lecture\":1,\"salon\":1,\"coins-salon\":3,\"toilettes\":8}","lodging_other_informations":"{\"a-disposition\":{\"fr\":\"<p>2 po\u00eales \u00e0 bois<\/p><p>1 feu ouvert (qui permet de faire bbq \u00e0 l'int\u00e9rieur en hiver et quand il pleut)<\/p><p>un babyfoot, un billard, un flipper des ann\u00e9es 60, quelques jeux de caf\u00e9s<\/p><p>un bar authentique des ann\u00e9es 50<\/p><p>un splendide jardin fleuri orient\u00e9 plein sud<\/p><p>un bosquet privatif ombrag\u00e9, superbe terrain de jeu pour les enfants<\/p><p>4 frigos + grille-pain + percolateurs (filtre 4) et pas mal d'\u00e9lectros pour la cuisine<\/p>\"},\"a-emporter\":{\"fr\":\"<p>Savons et essuies mains (y compris pour les 8 toilettes)<\/p><p>Serviettes de bain, shampoing...<\/p><p>Pastilles lave-vaisselle<\/p>\"},\"heure-darrivee\":{\"fr\":\"<p>A d\u00e9finir avec vous.<\/p><p>Id\u00e9alement entre 13h30 et 16h mais nous pouvons nous adapter.<\/p>\"},\"heure-de-depart\":{\"fr\":\"<p>A convenir avec vous mais, sauf exception, c'est quand vous le voulez<\/p>\"},\"modes-de-paiement\":{\"fr\":\"<p>Par compte bancaire.<\/p>\"}}","lodging_charge":"","lodging_charge_amount":"","lodging_code_cgt":"","lodging_bedding":"[{\"roomtype\":\"chambre\",\"bedding\":[\"1-lit-double\"]},{\"roomtype\":\"chambre\",\"bedding\":[\"1-lit-double\"]},{\"roomtype\":\"chambre\",\"bedding\":[\"1-lit-double\"]},{\"roomtype\":\"chambre\",\"bedding\":[\"1-lit-double\"]},{\"roomtype\":\"chambre\",\"bedding\":[\"1-lit-double\"]},{\"roomtype\":\"chambre\",\"bedding\":[\"1-lit-double\"]},{\"roomtype\":\"chambre\",\"bedding\":[\"1-lit-double\",\"1-lit-simple\"]},{\"roomtype\":\"chambre\",\"bedding\":[\"1-lit-double\",\"2-lits-simples\"]},{\"roomtype\":\"chambre\",\"bedding\":[\"5-lits-simples\"]}]","lodging_lodgings_relation":"[\"3549\",\"3550\"]","lodging_hosting_advantages":"[\"garage\",\"jardin-cloture\"]","lodging_3dvue":"","lodging_video":"","lodging_streetview":"","lodging_percent":"{\"peb\":0,\"other_informations\":100,\"localisation\":100,\"rates\":{\"2026\":100,\"2027\":0,\"2028\":0},\"general\":92,\"equipments\":0,\"medias\":100,\"total\":55}","lodging_mentions":"[]"},"lodging_type":[33],"lodging_official_category":[4380],"lodging_subtype":[4744],"lodging_situation":[8909,8910,8912,9103],"lodging_layout":[420],"lodging_bedding":[],"lodging_additional_rate_type":[],"lodging_external_equipment":[],"lodging_household_appliances":[],"lodging_interior_equipment":[],"lodging_sport_and_leisure":[],"lodging_type_of_stay":[9107],"lodging_adapted_to":[],"lodging_wellness":[],"lodging_baby":[],"lodging_business_mice":[],"lodging_accessibility":[],"lodging_nearby":[],"lodging_car_motorcycle_bike":[],"lodging_room_type":[],"lodging_thematic":[],"lodging_status":[167],"lodging_other_informations":[],"class_list":["post-114046","lodging","type-lodging","status-publish","hentry","lodging_type-gite","lodging_official_category-ruralgite","lodging_subtype-gites-groupes","lodging_situation-a-la-campagne","lodging_situation-au-bord-de-la-foret","lodging_situation-au-bord-des-champs","lodging_situation-dans-un-village","lodging_layout-hebergement-mitoyen","lodging_type_of_stay-en-groupe","lodging_status-published"],"yoast_head":"<!-- This site is optimized with the Yoast SEO Premium plugin v26.7 (Yoast SEO v26.7) - https:\/\/yoast.com\/wordpress\/plugins\/seo\/ -->\n<title>A l&#039;Abri du Clocher : Le Jardin de Z\u00e9lie &amp; Le Caf\u00e9 de P\u00e9p\u00e8re - gitesdewallonie.be<\/title>\n<meta name=\"robots\" content=\"index, follow, max-snippet:-1, max-image-preview:large, max-video-preview:-1\" \/>\n<link rel=\"canonical\" href=\"https:\/\/gitesdewallonie.be\/nl\/een-vakantiehuis-vinden\/vakantiehuisje-op-het-platteland\/gedinne\/a-labri-du-clocher-le-jardin-de-zelie-le-cafe-de-pepere\/\" \/>\n<meta property=\"og:locale\" content=\"nl_NL\" \/>\n<meta property=\"og:type\" content=\"article\" \/>\n<meta property=\"og:title\" content=\"A l&#039;Abri du Clocher : Le Jardin de Z\u00e9lie &amp; Le Caf\u00e9 de P\u00e9p\u00e8re\" \/>\n<meta property=\"og:url\" content=\"https:\/\/gitesdewallonie.be\/nl\/een-vakantiehuis-vinden\/vakantiehuisje-op-het-platteland\/gedinne\/a-labri-du-clocher-le-jardin-de-zelie-le-cafe-de-pepere\/\" \/>\n<meta property=\"og:site_name\" content=\"gitesdewallonie.be\" \/>\n<meta property=\"article:publisher\" content=\"https:\/\/www.facebook.com\/GitesdeWallonie\" \/>\n<meta property=\"article:modified_time\" content=\"2024-12-17T09:21:13+00:00\" \/>\n<meta name=\"twitter:card\" content=\"summary_large_image\" \/>\n<script type=\"application\/ld+json\" class=\"yoast-schema-graph\">{\"@context\":\"https:\/\/schema.org\",\"@graph\":[{\"@type\":\"WebPage\",\"@id\":\"https:\/\/gitesdewallonie.be\/nl\/een-vakantiehuis-vinden\/vakantiehuisje-op-het-platteland\/gedinne\/a-labri-du-clocher-le-jardin-de-zelie-le-cafe-de-pepere\/\",\"url\":\"https:\/\/gitesdewallonie.be\/nl\/een-vakantiehuis-vinden\/vakantiehuisje-op-het-platteland\/gedinne\/a-labri-du-clocher-le-jardin-de-zelie-le-cafe-de-pepere\/\",\"name\":\"A l'Abri du Clocher : Le Jardin de Z\u00e9lie &amp; Le Caf\u00e9 de P\u00e9p\u00e8re - gitesdewallonie.be\",\"isPartOf\":{\"@id\":\"https:\/\/gitesdewallonie.be\/nl\/#website\"},\"datePublished\":\"2024-08-27T07:19:33+00:00\",\"dateModified\":\"2024-12-17T09:21:13+00:00\",\"breadcrumb\":{\"@id\":\"https:\/\/gitesdewallonie.be\/nl\/een-vakantiehuis-vinden\/vakantiehuisje-op-het-platteland\/gedinne\/a-labri-du-clocher-le-jardin-de-zelie-le-cafe-de-pepere\/#breadcrumb\"},\"inLanguage\":\"nl-NL\",\"potentialAction\":[{\"@type\":\"ReadAction\",\"target\":[\"https:\/\/gitesdewallonie.be\/nl\/een-vakantiehuis-vinden\/vakantiehuisje-op-het-platteland\/gedinne\/a-labri-du-clocher-le-jardin-de-zelie-le-cafe-de-pepere\/\"]}]},{\"@type\":\"BreadcrumbList\",\"@id\":\"https:\/\/gitesdewallonie.be\/nl\/een-vakantiehuis-vinden\/vakantiehuisje-op-het-platteland\/gedinne\/a-labri-du-clocher-le-jardin-de-zelie-le-cafe-de-pepere\/#breadcrumb\",\"itemListElement\":[{\"@type\":\"ListItem\",\"position\":1,\"name\":\"Accueil\",\"item\":\"https:\/\/gitesdewallonie.be\/nl\/\"},{\"@type\":\"ListItem\",\"position\":2,\"name\":\"H\u00e9bergements\",\"item\":\"https:\/\/gitesdewallonie.be\/nl\/hebergements\/%type%\/%region%\/\"},{\"@type\":\"ListItem\",\"position\":3,\"name\":\"A l&rsquo;Abri du Clocher : Le Jardin de Z\u00e9lie &amp; Le Caf\u00e9 de P\u00e9p\u00e8re\"}]},{\"@type\":\"WebSite\",\"@id\":\"https:\/\/gitesdewallonie.be\/nl\/#website\",\"url\":\"https:\/\/gitesdewallonie.be\/nl\/\",\"name\":\"F\u00e9d\u00e9ration des G\u00eetes et Chambres d'h\u00f4tes de Wallonie\",\"description\":\"\",\"publisher\":{\"@id\":\"https:\/\/gitesdewallonie.be\/nl\/#organization\"},\"potentialAction\":[{\"@type\":\"SearchAction\",\"target\":{\"@type\":\"EntryPoint\",\"urlTemplate\":\"https:\/\/gitesdewallonie.be\/nl\/?s={search_term_string}\"},\"query-input\":{\"@type\":\"PropertyValueSpecification\",\"valueRequired\":true,\"valueName\":\"search_term_string\"}}],\"inLanguage\":\"nl-NL\"},{\"@type\":\"Organization\",\"@id\":\"https:\/\/gitesdewallonie.be\/nl\/#organization\",\"name\":\"F\u00e9d\u00e9ration des G\u00eetes et Chambres d'h\u00f4tes de Wallonie\",\"alternateName\":\"GDW\",\"url\":\"https:\/\/gitesdewallonie.be\/nl\/\",\"logo\":{\"@type\":\"ImageObject\",\"inLanguage\":\"nl-NL\",\"@id\":\"https:\/\/gitesdewallonie.be\/nl\/#\/schema\/logo\/image\/\",\"url\":\"https:\/\/gitesdewallonie.be\/wp-content\/uploads\/2024\/08\/logo-gdw.svg\",\"contentUrl\":\"https:\/\/gitesdewallonie.be\/wp-content\/uploads\/2024\/08\/logo-gdw.svg\",\"caption\":\"F\u00e9d\u00e9ration des G\u00eetes et Chambres d'h\u00f4tes de Wallonie\"},\"image\":{\"@id\":\"https:\/\/gitesdewallonie.be\/nl\/#\/schema\/logo\/image\/\"},\"sameAs\":[\"https:\/\/www.facebook.com\/GitesdeWallonie\",\"https:\/\/www.instagram.com\/gitesdewallonie.be\/\"]}]}<\/script>\n<!-- \/ Yoast SEO Premium plugin. -->","yoast_head_json":{"title":"A l'Abri du Clocher : Le Jardin de Z\u00e9lie &amp; Le Caf\u00e9 de P\u00e9p\u00e8re - gitesdewallonie.be","robots":{"index":"index","follow":"follow","max-snippet":"max-snippet:-1","max-image-preview":"max-image-preview:large","max-video-preview":"max-video-preview:-1"},"canonical":"https:\/\/gitesdewallonie.be\/nl\/een-vakantiehuis-vinden\/vakantiehuisje-op-het-platteland\/gedinne\/a-labri-du-clocher-le-jardin-de-zelie-le-cafe-de-pepere\/","og_locale":"nl_NL","og_type":"article","og_title":"A l'Abri du Clocher : Le Jardin de Z\u00e9lie &amp; Le Caf\u00e9 de P\u00e9p\u00e8re","og_url":"https:\/\/gitesdewallonie.be\/nl\/een-vakantiehuis-vinden\/vakantiehuisje-op-het-platteland\/gedinne\/a-labri-du-clocher-le-jardin-de-zelie-le-cafe-de-pepere\/","og_site_name":"gitesdewallonie.be","article_publisher":"https:\/\/www.facebook.com\/GitesdeWallonie","article_modified_time":"2024-12-17T09:21:13+00:00","twitter_card":"summary_large_image","schema":{"@context":"https:\/\/schema.org","@graph":[{"@type":"WebPage","@id":"https:\/\/gitesdewallonie.be\/nl\/een-vakantiehuis-vinden\/vakantiehuisje-op-het-platteland\/gedinne\/a-labri-du-clocher-le-jardin-de-zelie-le-cafe-de-pepere\/","url":"https:\/\/gitesdewallonie.be\/nl\/een-vakantiehuis-vinden\/vakantiehuisje-op-het-platteland\/gedinne\/a-labri-du-clocher-le-jardin-de-zelie-le-cafe-de-pepere\/","name":"A l'Abri du Clocher : Le Jardin de Z\u00e9lie &amp; Le Caf\u00e9 de P\u00e9p\u00e8re - gitesdewallonie.be","isPartOf":{"@id":"https:\/\/gitesdewallonie.be\/nl\/#website"},"datePublished":"2024-08-27T07:19:33+00:00","dateModified":"2024-12-17T09:21:13+00:00","breadcrumb":{"@id":"https:\/\/gitesdewallonie.be\/nl\/een-vakantiehuis-vinden\/vakantiehuisje-op-het-platteland\/gedinne\/a-labri-du-clocher-le-jardin-de-zelie-le-cafe-de-pepere\/#breadcrumb"},"inLanguage":"nl-NL","potentialAction":[{"@type":"ReadAction","target":["https:\/\/gitesdewallonie.be\/nl\/een-vakantiehuis-vinden\/vakantiehuisje-op-het-platteland\/gedinne\/a-labri-du-clocher-le-jardin-de-zelie-le-cafe-de-pepere\/"]}]},{"@type":"BreadcrumbList","@id":"https:\/\/gitesdewallonie.be\/nl\/een-vakantiehuis-vinden\/vakantiehuisje-op-het-platteland\/gedinne\/a-labri-du-clocher-le-jardin-de-zelie-le-cafe-de-pepere\/#breadcrumb","itemListElement":[{"@type":"ListItem","position":1,"name":"Accueil","item":"https:\/\/gitesdewallonie.be\/nl\/"},{"@type":"ListItem","position":2,"name":"H\u00e9bergements","item":"https:\/\/gitesdewallonie.be\/nl\/hebergements\/%type%\/%region%\/"},{"@type":"ListItem","position":3,"name":"A l&rsquo;Abri du Clocher : Le Jardin de Z\u00e9lie &amp; Le Caf\u00e9 de P\u00e9p\u00e8re"}]},{"@type":"WebSite","@id":"https:\/\/gitesdewallonie.be\/nl\/#website","url":"https:\/\/gitesdewallonie.be\/nl\/","name":"F\u00e9d\u00e9ration des G\u00eetes et Chambres d'h\u00f4tes de Wallonie","description":"","publisher":{"@id":"https:\/\/gitesdewallonie.be\/nl\/#organization"},"potentialAction":[{"@type":"SearchAction","target":{"@type":"EntryPoint","urlTemplate":"https:\/\/gitesdewallonie.be\/nl\/?s={search_term_string}"},"query-input":{"@type":"PropertyValueSpecification","valueRequired":true,"valueName":"search_term_string"}}],"inLanguage":"nl-NL"},{"@type":"Organization","@id":"https:\/\/gitesdewallonie.be\/nl\/#organization","name":"F\u00e9d\u00e9ration des G\u00eetes et Chambres d'h\u00f4tes de Wallonie","alternateName":"GDW","url":"https:\/\/gitesdewallonie.be\/nl\/","logo":{"@type":"ImageObject","inLanguage":"nl-NL","@id":"https:\/\/gitesdewallonie.be\/nl\/#\/schema\/logo\/image\/","url":"https:\/\/gitesdewallonie.be\/wp-content\/uploads\/2024\/08\/logo-gdw.svg","contentUrl":"https:\/\/gitesdewallonie.be\/wp-content\/uploads\/2024\/08\/logo-gdw.svg","caption":"F\u00e9d\u00e9ration des G\u00eetes et Chambres d'h\u00f4tes de Wallonie"},"image":{"@id":"https:\/\/gitesdewallonie.be\/nl\/#\/schema\/logo\/image\/"},"sameAs":["https:\/\/www.facebook.com\/GitesdeWallonie","https:\/\/www.instagram.com\/gitesdewallonie.be\/"]}]}},"_links":{"self":[{"href":"https:\/\/gitesdewallonie.be\/nl\/wp-json\/wp\/v2\/lodging\/114046","targetHints":{"allow":["GET"]}}],"collection":[{"href":"https:\/\/gitesdewallonie.be\/nl\/wp-json\/wp\/v2\/lodging"}],"about":[{"href":"https:\/\/gitesdewallonie.be\/nl\/wp-json\/wp\/v2\/types\/lodging"}],"wp:attachment":[{"href":"https:\/\/gitesdewallonie.be\/nl\/wp-json\/wp\/v2\/media?parent=114046"}],"wp:term":[{"taxonomy":"lodging_type","embeddable":true,"href":"https:\/\/gitesdewallonie.be\/nl\/wp-json\/wp\/v2\/lodging_type?post=114046"},{"taxonomy":"lodging_official_category","embeddable":true,"href":"https:\/\/gitesdewallonie.be\/nl\/wp-json\/wp\/v2\/lodging_official_category?post=114046"},{"taxonomy":"lodging_subtype","embeddable":true,"href":"https:\/\/gitesdewallonie.be\/nl\/wp-json\/wp\/v2\/lodging_subtype?post=114046"},{"taxonomy":"lodging_situation","embeddable":true,"href":"https:\/\/gitesdewallonie.be\/nl\/wp-json\/wp\/v2\/lodging_situation?post=114046"},{"taxonomy":"lodging_layout","embeddable":true,"href":"https:\/\/gitesdewallonie.be\/nl\/wp-json\/wp\/v2\/lodging_layout?post=114046"},{"taxonomy":"lodging_bedding","embeddable":true,"href":"https:\/\/gitesdewallonie.be\/nl\/wp-json\/wp\/v2\/lodging_bedding?post=114046"},{"taxonomy":"lodging_additional_rate_type","embeddable":true,"href":"https:\/\/gitesdewallonie.be\/nl\/wp-json\/wp\/v2\/lodging_additional_rate_type?post=114046"},{"taxonomy":"lodging_external_equipment","embeddable":true,"href":"https:\/\/gitesdewallonie.be\/nl\/wp-json\/wp\/v2\/lodging_external_equipment?post=114046"},{"taxonomy":"lodging_household_appliances","embeddable":true,"href":"https:\/\/gitesdewallonie.be\/nl\/wp-json\/wp\/v2\/lodging_household_appliances?post=114046"},{"taxonomy":"lodging_interior_equipment","embeddable":true,"href":"https:\/\/gitesdewallonie.be\/nl\/wp-json\/wp\/v2\/lodging_interior_equipment?post=114046"},{"taxonomy":"lodging_sport_and_leisure","embeddable":true,"href":"https:\/\/gitesdewallonie.be\/nl\/wp-json\/wp\/v2\/lodging_sport_and_leisure?post=114046"},{"taxonomy":"lodging_type_of_stay","embeddable":true,"href":"https:\/\/gitesdewallonie.be\/nl\/wp-json\/wp\/v2\/lodging_type_of_stay?post=114046"},{"taxonomy":"lodging_adapted_to","embeddable":true,"href":"https:\/\/gitesdewallonie.be\/nl\/wp-json\/wp\/v2\/lodging_adapted_to?post=114046"},{"taxonomy":"lodging_wellness","embeddable":true,"href":"https:\/\/gitesdewallonie.be\/nl\/wp-json\/wp\/v2\/lodging_wellness?post=114046"},{"taxonomy":"lodging_baby","embeddable":true,"href":"https:\/\/gitesdewallonie.be\/nl\/wp-json\/wp\/v2\/lodging_baby?post=114046"},{"taxonomy":"lodging_business_mice","embeddable":true,"href":"https:\/\/gitesdewallonie.be\/nl\/wp-json\/wp\/v2\/lodging_business_mice?post=114046"},{"taxonomy":"lodging_accessibility","embeddable":true,"href":"https:\/\/gitesdewallonie.be\/nl\/wp-json\/wp\/v2\/lodging_accessibility?post=114046"},{"taxonomy":"lodging_nearby","embeddable":true,"href":"https:\/\/gitesdewallonie.be\/nl\/wp-json\/wp\/v2\/lodging_nearby?post=114046"},{"taxonomy":"lodging_car_motorcycle_bike","embeddable":true,"href":"https:\/\/gitesdewallonie.be\/nl\/wp-json\/wp\/v2\/lodging_car_motorcycle_bike?post=114046"},{"taxonomy":"lodging_room_type","embeddable":true,"href":"https:\/\/gitesdewallonie.be\/nl\/wp-json\/wp\/v2\/lodging_room_type?post=114046"},{"taxonomy":"lodging_thematic","embeddable":true,"href":"https:\/\/gitesdewallonie.be\/nl\/wp-json\/wp\/v2\/lodging_thematic?post=114046"},{"taxonomy":"lodging_status","embeddable":true,"href":"https:\/\/gitesdewallonie.be\/nl\/wp-json\/wp\/v2\/lodging_status?post=114046"},{"taxonomy":"lodging_other_informations","embeddable":true,"href":"https:\/\/gitesdewallonie.be\/nl\/wp-json\/wp\/v2\/lodging_other_informations?post=114046"}],"curies":[{"name":"wp","href":"https:\/\/api.w.org\/{rel}","templated":true}]}}