{"id":117909,"date":"2025-06-19T15:32:11","date_gmt":"2025-06-19T13:32:11","guid":{"rendered":"https:\/\/gitesdewallonie.be\/hebergements\/-\/-\/nouveau-logement-6\/"},"modified":"2025-06-19T15:33:25","modified_gmt":"2025-06-19T13:33:25","slug":"au-coeur-des-vallees","status":"publish","type":"lodging","link":"https:\/\/gitesdewallonie.be\/nl\/een-vakantiehuis-vinden\/vakantiehuisje-op-het-platteland\/couvin\/au-coeur-des-vallees\/","title":{"rendered":"Au C\u0153ur des Vall\u00e9es"},"content":{"rendered":"","protected":false},"template":"","meta":{"lodging_type":"gite","lodging_UID":"","lodging_pk":"4007","lodging_description_fr":"Partez \u00e0 pied ou \u00e0 v\u00e9lo sur les nombreux itin\u00e9raires balis\u00e9s du Parc National de l\u2019Entre-Sambre-et-Meuse. Vous serez \u00e9merveill\u00e9s par la richesse de la faune et de la flore de la r\u00e9gion calestienne : prairies humides, pelouses calcaires, fagnes schisteuses, for\u00eats profondes, et la r\u00e9serve naturelle de la Pr\u00e9e.\n\nFl\u00e2nez dans les villages pittoresques, le long des rivi\u00e8res cristallines et profitez de paysages authentiques, propices \u00e0 la d\u00e9tente.\n\nSitu\u00e9 au c\u0153ur des vall\u00e9es de l\u2019Eau Blanche, de l\u2019Eau Noire et du Viroin, notre g\u00eete rural vous accueille dans une charmante maison villageoise en pierre du pays, enti\u00e8rement r\u00e9nov\u00e9e avec soin et am\u00e9nag\u00e9e avec beaucoup de cachet. D\u2019une superficie de 140\u202fm\u00b2, elle peut h\u00e9berger confortablement 6 personnes et un b\u00e9b\u00e9, pour un s\u00e9jour de d\u00e9tente et de d\u00e9couverte, en famille ou entre amis.\n\nNotre maison de vacances spacieuse dispose d\u2019un jardin, d\u2019une terrasse, de trois chambres, d\u2019un salon convivial avec t\u00e9l\u00e9vision \u00e0 \u00e9cran plat, d\u2019une cuisine enti\u00e8rement \u00e9quip\u00e9e (lave-vaisselle, four\u2026) et d\u2019une salle de bains moderne avec douche \u00e0 l\u2019italienne. Le WIFI est gratuit, et pour plus d\u2019intimit\u00e9, le g\u00eete est insonoris\u00e9 et dot\u00e9 d\u2019une entr\u00e9e privative.\n\nLe quartier est calme et agr\u00e9able, avec une plaine de jeux, un terrain multisports, une boulangerie et un m\u00e9decin dans le village. Parking ais\u00e9.\n\nNous serons ravis de vous accueillir chaleureusement et de vous faire d\u00e9couvrir les tr\u00e9sors de notre belle r\u00e9gion des vall\u00e9es.\n\n","lodging_description_nl":"Ga te voet of met de fiets op de vele gemarkeerde routes van het Nationaal Park Entre-Sambre-et-Meuse. U zult versteld staan van de rijkdom aan fauna en flora in de kalkstenen regio: natte weilanden, kalkgraslanden, leisteenvenen, diepe bossen en het natuurreservaat La Pr\u00e9e. Wandel door pittoreske dorpjes, langs kristalheldere rivieren en geniet van authentieke landschappen die ideaal zijn voor ontspanning. \n\nGelegen in het hart van de valleien van de Witte Water, de Zwarte Water en de Viroin, verwelkomt ons landelijke vakantiehuis u in een charmant dorpshuis van lokale steen, volledig gerenoveerd met zorg en ingericht met veel karakter. Met een oppervlakte van 140 m\u00b2 biedt het comfortabel plaats aan 6 personen en een baby voor een ontspannen en ontdekkingsverblijf, met familie of vrienden. \n\nOns ruime vakantiehuis heeft een tuin, een terras, drie slaapkamers, een gezellige woonkamer met een flatscreen-tv, een volledig uitgeruste keuken (vaatwasser, oven...) en een moderne badkamer met inloopdouche. WiFi is gratis en voor meer privacy is het huis geluiddicht en heeft het een eigen ingang. \n\nDe buurt is rustig en aangenaam, met een speeltuin, een multisportterrein, een bakker en een dokter in het dorp. Parkeren is gemakkelijk. We verwelkomen u graag hartelijk en laten u graag de schatten van onze prachtige valleiregio ontdekken.","lodging_description_en":"Walk or bike on the many marked trails of the Entre-Sambre-et-Meuse National Park. You will be amazed by the richness of the fauna and flora of the Calestienne region: wet meadows, limestone grasslands, schist bogs, deep forests, and the Pr\u00e9e nature reserve. Stroll through picturesque villages, along crystal-clear rivers, and enjoy authentic landscapes, perfect for relaxation. Located in the heart of the valleys of the White Water, the Black Water, and the Viroin, our rural cottage welcomes you in a charming village house built with local stone, completely renovated with care and furnished with lots of character. With an area of 140 m\u00b2, it can comfortably accommodate 6 people and a baby, for a relaxing and discovery stay, with family or friends. Our spacious holiday home has a garden, a terrace, three bedrooms, a cozy living room with a flat-screen TV, a fully equipped kitchen (dishwasher, oven...), and a modern bathroom with a walk-in shower. WIFI is free, and for more privacy, the cottage is soundproofed and has a private entrance. The neighborhood is quiet and pleasant, with a playground, a multisport field, a bakery, and a doctor in the village. Easy parking. We will be delighted to warmly welcome you and show you the treasures of our beautiful valley region.","lodging_email":"lapassilore@hotmail.be","lodging_website":"https:\/\/www.giteaucoeurdesvallees.be","lodging_lat":"50.077968535598","lodging_lng":"4.5065553188488","lodging_locality":"Frasnes-lez-Couvin","lodging_commune":"Couvin (5660)","lodging_owner":"c8cd09fe2e7ac868f491476e4c6157256eaf8049ba6a2add1f6b84032e725ec2","lodging_zip_code":"5660","lodging_street":"rue Saint-Joseph","lodging_number":"36","lodging_ranking":"3","lodging_accessi_url":"","lodging_gallery":"","lodging_elloha_product_id":"13de0592-b10d-4826-bbb7-c5474b9a4412","lodging_elloha_offer_id":"67f7b83d-96a5-48b5-b27f-fdcfb84245d2","lodging_elloha_id":"","lodging_elloha_price_from":"132.3","lodging_experience_title_fr":"","lodging_experience_title_nl":"","lodging_experience_title_en":"","lodging_experience_content_fr":"","lodging_experience_content_nl":"","lodging_experience_content_en":"","lodging_expert_content_fr":"","lodging_expert_content_nl":"","lodging_expert_content_en":"","lodging_expert_id":"","lodging_testimonials_tripadvisor":"","lodging_testimonials_google":"","lodging_testimonials_booking":"","lodging_real_min_capacity":"","lodging_max_capacity":"6","lodging_min_capacity":"4","lodging_min_night":"","lodging_number_of_bathrooms":"1","lodging_number_of_bedrooms":"3","lodging_number_of_levels":"2","lodging_smoking_accommodation":"non","lodging_surface_area":"140","lodging_animals_accepted":"0","lodging_peb_class":"","lodging_peb_code":"","lodging_peb_primary":"","lodging_peb_total":"","lodging_nearby_distance":"[{\"distance\":\"3\",\"type_of_activity\":\"gare\"},{\"distance\":\"3\",\"type_of_activity\":\"piscine\"},{\"distance\":\"3\",\"type_of_activity\":\"boulangerie\"},{\"distance\":\"1\",\"type_of_activity\":\"foret\"},{\"distance\":0,\"type_of_activity\":\"bus\"},{\"distance\":\"15\",\"type_of_activity\":\"lac\"},{\"distance\":\"2\",\"type_of_activity\":\"magasins\"},{\"distance\":0,\"type_of_activity\":\"randonnee\"},{\"distance\":\"1\",\"type_of_activity\":\"ravel\"},{\"distance\":\"2\",\"type_of_activity\":\"restaurants\"},{\"distance\":\"1\",\"type_of_activity\":\"riviere\"}]","lodging_room_description":"{\"cuisine\":1,\"salle-a-manger\":1,\"salon\":1,\"toilette\":2}","lodging_other_informations":"{\"heure-darrivee\":{\"fr\":\"16h00\\n\",\"nl\":\"16u00\",\"en\":\"4:00 PM\"},\"heure-de-depart\":{\"fr\":\"10h00\",\"nl\":\"10u00\",\"en\":\"10:00\"}}","lodging_charge":"","lodging_charge_amount":"","lodging_code_cgt":"HEB-TE-695043-1915","lodging_bedding":"[{\"roomtype\":\"chambre\",\"bedding\":[\"1-lit-double\",\"1-lit-bebe\"]},{\"roomtype\":\"chambre\",\"bedding\":[\"2-lits-simples\"]},{\"roomtype\":\"chambre\",\"bedding\":[\"1-canape-convertible\"]}]","lodging_lodgings_relation":"","lodging_hosting_advantages":"[\"terrasse\",\"jardin-cloture\",\"salon-de-jardin\",\"cuisine-professionnelle\",\"wi-fi\",\"television\"]","lodging_3dvue":"","lodging_video":"","lodging_streetview":"","lodging_percent":"{\"peb\":0,\"other_informations\":100,\"localisation\":100,\"rates\":{\"2026\":0,\"2027\":0},\"general\":100,\"equipments\":100,\"medias\":100,\"total\":63}","lodging_mentions":""},"lodging_type":[33],"lodging_official_category":[4380],"lodging_subtype":[],"lodging_situation":[],"lodging_layout":[420],"lodging_bedding":[],"lodging_additional_rate_type":[],"lodging_external_equipment":[8893,9115,8896,9005,9163,8897,8898],"lodging_household_appliances":[9001,8882,9020,8883,9002,8884,8885,8887,8888,9003,8889,9055,8891],"lodging_interior_equipment":[9042,9213,8876,8877,8878,9000,8879,9035,8880,8881],"lodging_sport_and_leisure":[8901],"lodging_type_of_stay":[],"lodging_adapted_to":[],"lodging_wellness":[],"lodging_baby":[9099,8904,8906,9166,9089],"lodging_business_mice":[],"lodging_accessibility":[],"lodging_nearby":[],"lodging_car_motorcycle_bike":[9036],"lodging_room_type":[],"lodging_thematic":[],"lodging_status":[167],"lodging_other_informations":[],"class_list":["post-117909","lodging","type-lodging","status-publish","hentry","lodging_type-gite","lodging_official_category-ruralgite","lodging_layout-hebergement-mitoyen","lodging_external_equipment-barbecue","lodging_external_equipment-borne-de-recharge-pour-velo-electrique","lodging_external_equipment-jardin","lodging_external_equipment-jardin-cloture","lodging_external_equipment-potager","lodging_external_equipment-salon-de-jardin","lodging_external_equipment-terrasse","lodging_household_appliances-aspirateur","lodging_household_appliances-bouilloire-electrique","lodging_household_appliances-cafetiere","lodging_household_appliances-congelateur","lodging_household_appliances-fer-et-table-a-repasser","lodging_household_appliances-four","lodging_household_appliances-grille-pain","lodging_household_appliances-lave-vaisselle","lodging_household_appliances-machine-a-cafe","lodging_household_appliances-micro-ondes","lodging_household_appliances-mixeur","lodging_household_appliances-plaque-de-cuisson-a-induction","lodging_household_appliances-refrigerateur","lodging_interior_equipment-articles-de-toilette-gratuits","lodging_interior_equipment-cuisine-professionnelle","lodging_interior_equipment-internet-filaire","lodging_interior_equipment-penderie","lodging_interior_equipment-poele","lodging_interior_equipment-radio","lodging_interior_equipment-seche-cheveux","lodging_interior_equipment-serviettes-de-toilette","lodging_interior_equipment-television","lodging_interior_equipment-wi-fi","lodging_sport_and_leisure-jeux-de-societe","lodging_baby-baignoire-bebe","lodging_baby-chaise-pour-enfant","lodging_baby-lit-bebe","lodging_baby-parc-pour-bebe","lodging_baby-table-a-langer","lodging_car_motorcycle_bike-parking-public","lodging_status-published"],"yoast_head":"<!-- This site is optimized with the Yoast SEO Premium plugin v26.7 (Yoast SEO v26.7) - https:\/\/yoast.com\/wordpress\/plugins\/seo\/ -->\n<title>Au C\u0153ur des Vall\u00e9es - gitesdewallonie.be<\/title>\n<meta name=\"robots\" content=\"index, follow, max-snippet:-1, max-image-preview:large, max-video-preview:-1\" \/>\n<link rel=\"canonical\" href=\"https:\/\/gitesdewallonie.be\/nl\/een-vakantiehuis-vinden\/vakantiehuisje-op-het-platteland\/couvin\/au-coeur-des-vallees\/\" \/>\n<meta property=\"og:locale\" content=\"nl_NL\" \/>\n<meta property=\"og:type\" content=\"article\" \/>\n<meta property=\"og:title\" content=\"Au C\u0153ur des Vall\u00e9es\" \/>\n<meta property=\"og:url\" content=\"https:\/\/gitesdewallonie.be\/nl\/een-vakantiehuis-vinden\/vakantiehuisje-op-het-platteland\/couvin\/au-coeur-des-vallees\/\" \/>\n<meta property=\"og:site_name\" content=\"gitesdewallonie.be\" \/>\n<meta property=\"article:publisher\" content=\"https:\/\/www.facebook.com\/GitesdeWallonie\" \/>\n<meta property=\"article:modified_time\" content=\"2025-06-19T13:33:25+00:00\" \/>\n<meta name=\"twitter:card\" content=\"summary_large_image\" \/>\n<script type=\"application\/ld+json\" class=\"yoast-schema-graph\">{\"@context\":\"https:\/\/schema.org\",\"@graph\":[{\"@type\":\"WebPage\",\"@id\":\"https:\/\/gitesdewallonie.be\/nl\/een-vakantiehuis-vinden\/vakantiehuisje-op-het-platteland\/couvin\/au-coeur-des-vallees\/\",\"url\":\"https:\/\/gitesdewallonie.be\/nl\/een-vakantiehuis-vinden\/vakantiehuisje-op-het-platteland\/couvin\/au-coeur-des-vallees\/\",\"name\":\"Au C\u0153ur des Vall\u00e9es - gitesdewallonie.be\",\"isPartOf\":{\"@id\":\"https:\/\/gitesdewallonie.be\/nl\/#website\"},\"datePublished\":\"2025-06-19T13:32:11+00:00\",\"dateModified\":\"2025-06-19T13:33:25+00:00\",\"breadcrumb\":{\"@id\":\"https:\/\/gitesdewallonie.be\/nl\/een-vakantiehuis-vinden\/vakantiehuisje-op-het-platteland\/couvin\/au-coeur-des-vallees\/#breadcrumb\"},\"inLanguage\":\"nl-NL\",\"potentialAction\":[{\"@type\":\"ReadAction\",\"target\":[\"https:\/\/gitesdewallonie.be\/nl\/een-vakantiehuis-vinden\/vakantiehuisje-op-het-platteland\/couvin\/au-coeur-des-vallees\/\"]}]},{\"@type\":\"BreadcrumbList\",\"@id\":\"https:\/\/gitesdewallonie.be\/nl\/een-vakantiehuis-vinden\/vakantiehuisje-op-het-platteland\/couvin\/au-coeur-des-vallees\/#breadcrumb\",\"itemListElement\":[{\"@type\":\"ListItem\",\"position\":1,\"name\":\"Accueil\",\"item\":\"https:\/\/gitesdewallonie.be\/nl\/\"},{\"@type\":\"ListItem\",\"position\":2,\"name\":\"H\u00e9bergements\",\"item\":\"https:\/\/gitesdewallonie.be\/nl\/hebergements\/%type%\/%region%\/\"},{\"@type\":\"ListItem\",\"position\":3,\"name\":\"Au C\u0153ur des Vall\u00e9es\"}]},{\"@type\":\"WebSite\",\"@id\":\"https:\/\/gitesdewallonie.be\/nl\/#website\",\"url\":\"https:\/\/gitesdewallonie.be\/nl\/\",\"name\":\"F\u00e9d\u00e9ration des G\u00eetes et Chambres d'h\u00f4tes de Wallonie\",\"description\":\"\",\"publisher\":{\"@id\":\"https:\/\/gitesdewallonie.be\/nl\/#organization\"},\"potentialAction\":[{\"@type\":\"SearchAction\",\"target\":{\"@type\":\"EntryPoint\",\"urlTemplate\":\"https:\/\/gitesdewallonie.be\/nl\/?s={search_term_string}\"},\"query-input\":{\"@type\":\"PropertyValueSpecification\",\"valueRequired\":true,\"valueName\":\"search_term_string\"}}],\"inLanguage\":\"nl-NL\"},{\"@type\":\"Organization\",\"@id\":\"https:\/\/gitesdewallonie.be\/nl\/#organization\",\"name\":\"F\u00e9d\u00e9ration des G\u00eetes et Chambres d'h\u00f4tes de Wallonie\",\"alternateName\":\"GDW\",\"url\":\"https:\/\/gitesdewallonie.be\/nl\/\",\"logo\":{\"@type\":\"ImageObject\",\"inLanguage\":\"nl-NL\",\"@id\":\"https:\/\/gitesdewallonie.be\/nl\/#\/schema\/logo\/image\/\",\"url\":\"https:\/\/gitesdewallonie.be\/wp-content\/uploads\/2024\/08\/logo-gdw.svg\",\"contentUrl\":\"https:\/\/gitesdewallonie.be\/wp-content\/uploads\/2024\/08\/logo-gdw.svg\",\"caption\":\"F\u00e9d\u00e9ration des G\u00eetes et Chambres d'h\u00f4tes de Wallonie\"},\"image\":{\"@id\":\"https:\/\/gitesdewallonie.be\/nl\/#\/schema\/logo\/image\/\"},\"sameAs\":[\"https:\/\/www.facebook.com\/GitesdeWallonie\",\"https:\/\/www.instagram.com\/gitesdewallonie.be\/\"]}]}<\/script>\n<!-- \/ Yoast SEO Premium plugin. -->","yoast_head_json":{"title":"Au C\u0153ur des Vall\u00e9es - gitesdewallonie.be","robots":{"index":"index","follow":"follow","max-snippet":"max-snippet:-1","max-image-preview":"max-image-preview:large","max-video-preview":"max-video-preview:-1"},"canonical":"https:\/\/gitesdewallonie.be\/nl\/een-vakantiehuis-vinden\/vakantiehuisje-op-het-platteland\/couvin\/au-coeur-des-vallees\/","og_locale":"nl_NL","og_type":"article","og_title":"Au C\u0153ur des Vall\u00e9es","og_url":"https:\/\/gitesdewallonie.be\/nl\/een-vakantiehuis-vinden\/vakantiehuisje-op-het-platteland\/couvin\/au-coeur-des-vallees\/","og_site_name":"gitesdewallonie.be","article_publisher":"https:\/\/www.facebook.com\/GitesdeWallonie","article_modified_time":"2025-06-19T13:33:25+00:00","twitter_card":"summary_large_image","schema":{"@context":"https:\/\/schema.org","@graph":[{"@type":"WebPage","@id":"https:\/\/gitesdewallonie.be\/nl\/een-vakantiehuis-vinden\/vakantiehuisje-op-het-platteland\/couvin\/au-coeur-des-vallees\/","url":"https:\/\/gitesdewallonie.be\/nl\/een-vakantiehuis-vinden\/vakantiehuisje-op-het-platteland\/couvin\/au-coeur-des-vallees\/","name":"Au C\u0153ur des Vall\u00e9es - gitesdewallonie.be","isPartOf":{"@id":"https:\/\/gitesdewallonie.be\/nl\/#website"},"datePublished":"2025-06-19T13:32:11+00:00","dateModified":"2025-06-19T13:33:25+00:00","breadcrumb":{"@id":"https:\/\/gitesdewallonie.be\/nl\/een-vakantiehuis-vinden\/vakantiehuisje-op-het-platteland\/couvin\/au-coeur-des-vallees\/#breadcrumb"},"inLanguage":"nl-NL","potentialAction":[{"@type":"ReadAction","target":["https:\/\/gitesdewallonie.be\/nl\/een-vakantiehuis-vinden\/vakantiehuisje-op-het-platteland\/couvin\/au-coeur-des-vallees\/"]}]},{"@type":"BreadcrumbList","@id":"https:\/\/gitesdewallonie.be\/nl\/een-vakantiehuis-vinden\/vakantiehuisje-op-het-platteland\/couvin\/au-coeur-des-vallees\/#breadcrumb","itemListElement":[{"@type":"ListItem","position":1,"name":"Accueil","item":"https:\/\/gitesdewallonie.be\/nl\/"},{"@type":"ListItem","position":2,"name":"H\u00e9bergements","item":"https:\/\/gitesdewallonie.be\/nl\/hebergements\/%type%\/%region%\/"},{"@type":"ListItem","position":3,"name":"Au C\u0153ur des Vall\u00e9es"}]},{"@type":"WebSite","@id":"https:\/\/gitesdewallonie.be\/nl\/#website","url":"https:\/\/gitesdewallonie.be\/nl\/","name":"F\u00e9d\u00e9ration des G\u00eetes et Chambres d'h\u00f4tes de Wallonie","description":"","publisher":{"@id":"https:\/\/gitesdewallonie.be\/nl\/#organization"},"potentialAction":[{"@type":"SearchAction","target":{"@type":"EntryPoint","urlTemplate":"https:\/\/gitesdewallonie.be\/nl\/?s={search_term_string}"},"query-input":{"@type":"PropertyValueSpecification","valueRequired":true,"valueName":"search_term_string"}}],"inLanguage":"nl-NL"},{"@type":"Organization","@id":"https:\/\/gitesdewallonie.be\/nl\/#organization","name":"F\u00e9d\u00e9ration des G\u00eetes et Chambres d'h\u00f4tes de Wallonie","alternateName":"GDW","url":"https:\/\/gitesdewallonie.be\/nl\/","logo":{"@type":"ImageObject","inLanguage":"nl-NL","@id":"https:\/\/gitesdewallonie.be\/nl\/#\/schema\/logo\/image\/","url":"https:\/\/gitesdewallonie.be\/wp-content\/uploads\/2024\/08\/logo-gdw.svg","contentUrl":"https:\/\/gitesdewallonie.be\/wp-content\/uploads\/2024\/08\/logo-gdw.svg","caption":"F\u00e9d\u00e9ration des G\u00eetes et Chambres d'h\u00f4tes de Wallonie"},"image":{"@id":"https:\/\/gitesdewallonie.be\/nl\/#\/schema\/logo\/image\/"},"sameAs":["https:\/\/www.facebook.com\/GitesdeWallonie","https:\/\/www.instagram.com\/gitesdewallonie.be\/"]}]}},"_links":{"self":[{"href":"https:\/\/gitesdewallonie.be\/nl\/wp-json\/wp\/v2\/lodging\/117909","targetHints":{"allow":["GET"]}}],"collection":[{"href":"https:\/\/gitesdewallonie.be\/nl\/wp-json\/wp\/v2\/lodging"}],"about":[{"href":"https:\/\/gitesdewallonie.be\/nl\/wp-json\/wp\/v2\/types\/lodging"}],"wp:attachment":[{"href":"https:\/\/gitesdewallonie.be\/nl\/wp-json\/wp\/v2\/media?parent=117909"}],"wp:term":[{"taxonomy":"lodging_type","embeddable":true,"href":"https:\/\/gitesdewallonie.be\/nl\/wp-json\/wp\/v2\/lodging_type?post=117909"},{"taxonomy":"lodging_official_category","embeddable":true,"href":"https:\/\/gitesdewallonie.be\/nl\/wp-json\/wp\/v2\/lodging_official_category?post=117909"},{"taxonomy":"lodging_subtype","embeddable":true,"href":"https:\/\/gitesdewallonie.be\/nl\/wp-json\/wp\/v2\/lodging_subtype?post=117909"},{"taxonomy":"lodging_situation","embeddable":true,"href":"https:\/\/gitesdewallonie.be\/nl\/wp-json\/wp\/v2\/lodging_situation?post=117909"},{"taxonomy":"lodging_layout","embeddable":true,"href":"https:\/\/gitesdewallonie.be\/nl\/wp-json\/wp\/v2\/lodging_layout?post=117909"},{"taxonomy":"lodging_bedding","embeddable":true,"href":"https:\/\/gitesdewallonie.be\/nl\/wp-json\/wp\/v2\/lodging_bedding?post=117909"},{"taxonomy":"lodging_additional_rate_type","embeddable":true,"href":"https:\/\/gitesdewallonie.be\/nl\/wp-json\/wp\/v2\/lodging_additional_rate_type?post=117909"},{"taxonomy":"lodging_external_equipment","embeddable":true,"href":"https:\/\/gitesdewallonie.be\/nl\/wp-json\/wp\/v2\/lodging_external_equipment?post=117909"},{"taxonomy":"lodging_household_appliances","embeddable":true,"href":"https:\/\/gitesdewallonie.be\/nl\/wp-json\/wp\/v2\/lodging_household_appliances?post=117909"},{"taxonomy":"lodging_interior_equipment","embeddable":true,"href":"https:\/\/gitesdewallonie.be\/nl\/wp-json\/wp\/v2\/lodging_interior_equipment?post=117909"},{"taxonomy":"lodging_sport_and_leisure","embeddable":true,"href":"https:\/\/gitesdewallonie.be\/nl\/wp-json\/wp\/v2\/lodging_sport_and_leisure?post=117909"},{"taxonomy":"lodging_type_of_stay","embeddable":true,"href":"https:\/\/gitesdewallonie.be\/nl\/wp-json\/wp\/v2\/lodging_type_of_stay?post=117909"},{"taxonomy":"lodging_adapted_to","embeddable":true,"href":"https:\/\/gitesdewallonie.be\/nl\/wp-json\/wp\/v2\/lodging_adapted_to?post=117909"},{"taxonomy":"lodging_wellness","embeddable":true,"href":"https:\/\/gitesdewallonie.be\/nl\/wp-json\/wp\/v2\/lodging_wellness?post=117909"},{"taxonomy":"lodging_baby","embeddable":true,"href":"https:\/\/gitesdewallonie.be\/nl\/wp-json\/wp\/v2\/lodging_baby?post=117909"},{"taxonomy":"lodging_business_mice","embeddable":true,"href":"https:\/\/gitesdewallonie.be\/nl\/wp-json\/wp\/v2\/lodging_business_mice?post=117909"},{"taxonomy":"lodging_accessibility","embeddable":true,"href":"https:\/\/gitesdewallonie.be\/nl\/wp-json\/wp\/v2\/lodging_accessibility?post=117909"},{"taxonomy":"lodging_nearby","embeddable":true,"href":"https:\/\/gitesdewallonie.be\/nl\/wp-json\/wp\/v2\/lodging_nearby?post=117909"},{"taxonomy":"lodging_car_motorcycle_bike","embeddable":true,"href":"https:\/\/gitesdewallonie.be\/nl\/wp-json\/wp\/v2\/lodging_car_motorcycle_bike?post=117909"},{"taxonomy":"lodging_room_type","embeddable":true,"href":"https:\/\/gitesdewallonie.be\/nl\/wp-json\/wp\/v2\/lodging_room_type?post=117909"},{"taxonomy":"lodging_thematic","embeddable":true,"href":"https:\/\/gitesdewallonie.be\/nl\/wp-json\/wp\/v2\/lodging_thematic?post=117909"},{"taxonomy":"lodging_status","embeddable":true,"href":"https:\/\/gitesdewallonie.be\/nl\/wp-json\/wp\/v2\/lodging_status?post=117909"},{"taxonomy":"lodging_other_informations","embeddable":true,"href":"https:\/\/gitesdewallonie.be\/nl\/wp-json\/wp\/v2\/lodging_other_informations?post=117909"}],"curies":[{"name":"wp","href":"https:\/\/api.w.org\/{rel}","templated":true}]}}