{"id":118812,"date":"2025-09-22T17:36:19","date_gmt":"2025-09-22T15:36:19","guid":{"rendered":"https:\/\/gitesdewallonie.be\/hebergements\/-\/-\/nouveau-logement-6\/"},"modified":"2025-09-23T11:43:01","modified_gmt":"2025-09-23T09:43:01","slug":"ce-qui-nous-lie-by-tom","status":"publish","type":"lodging","link":"https:\/\/gitesdewallonie.be\/nl\/een-vakantiehuis-vinden\/kamer\/genappe\/ce-qui-nous-lie-by-tom\/","title":{"rendered":"Ce qui nous lie by Tom"},"content":{"rendered":"","protected":false},"template":"","meta":{"lodging_type":"chambre-dhotes","lodging_UID":"","lodging_pk":"4054","lodging_description_fr":"\u00ab Ce qui nous lie by Tom \u00bb est une chambre et table d\u2019h\u00f4tes situ\u00e9e dans une Tiny House con\u00e7ue pour accueillir un couple en escapade \"romantique\" ou pour un week-end \"d\u00e9couverte\" du charmant village de Baisy-Thy et de ses environs.\n\nNich\u00e9 au c\u0153ur d\u2019un vaste jardin de 15 ares, dans un cadre verdoyant \u00e0 proximit\u00e9 de l\u2019abbaye de Villers-la-Ville et \u00e0 quelques kilom\u00e8tres du \u00ab Lion de Waterloo \u00bb, cet h\u00e9bergement a \u00e9t\u00e9 pens\u00e9 comme un v\u00e9ritable havre de paix o\u00f9 il ne reste plus qu\u2019\u00e0 se d\u00e9tendre.\n\nConstruite sur mesure, cette Tiny House a \u00e9t\u00e9 con\u00e7ue pour \u00eatre chaleureuse et cosy. Chaque d\u00e9tail a \u00e9t\u00e9 soigneusement \u00e9tudi\u00e9 afin d\u2019optimiser le confort et offrir une ambiance apaisante.\n\n\u00c0 l\u2019int\u00e9rieur, vous trouverez :\n\n* Un espace nuit avec un lit douillet et une baie vitr\u00e9e offrant une belle vue sur la nature.\n* Un coin repas o\u00f9 vous pourrez savourer un petit-d\u00e9jeuner ou un d\u00eener gourmand pr\u00e9par\u00e9 avec soin.\n* Une salle de bain moderne avec douche spacieuse, toilettes suspendues et porte-serviettes chauffant.\n\nImaginez vous endormir ou vous r\u00e9veiller dans un cadre champ\u00eatre, berc\u00e9 par le chant m\u00e9lodieux des oiseaux. Gr\u00e2ce \u00e0 ses grandes baies vitr\u00e9es et \u00e0 sa terrasse, la Tiny House vous offre un spectacle naturel unique, que ce soit au lever ou au coucher du soleil voire sous un ciel \u00e9toil\u00e9.\n\nSans cuisine, mais \u00e9quip\u00e9e de tout le n\u00e9cessaire pour une pause ressour\u00e7ante : un mini-r\u00e9frig\u00e9rateur, une machine Nespresso et un micro-ondes sont mis \u00e0 votre disposition. \n\nPour parfaire l\u2019exp\u00e9rience, laissez-vous tenter par un d\u00eener \u00ab maison \u00bb concoct\u00e9 par votre h\u00f4te. Passionn\u00e9 de cuisine et de gastronomie, il se fera un plaisir de l'\u00e9laborer pour vous.\n\n\n\n","lodging_description_nl":"\"Ce qui nous lie by Tom\" is een bed and breakfast gelegen in een Tiny House die is ontworpen voor een koppel op een \"romantisch\" uitje of voor een weekend \"ontdekking\" van het charmante dorp Baisy-Thy en de omgeving. Gelegen in het hart van een uitgestrekte tuin van 15 are, in een groene omgeving nabij de abdij van Villers-la-Ville en op enkele kilometers van de \"Leeuw van Waterloo\", is deze accommodatie ontworpen als een oase van rust waar u alleen nog maar hoeft te ontspannen. Op maat gebouwd, is deze Tiny House ontworpen om gezellig en warm te zijn. Elk detail is zorgvuldig bestudeerd om het comfort te optimaliseren en een rustgevende sfeer te bieden. Binnen vindt u: * Een slaapgedeelte met een knus bed en een raam met een prachtig uitzicht op de natuur. * Een eethoek waar u kunt genieten van een zorgvuldig bereid ontbijt of diner. * Een moderne badkamer met ruime douche, zwevend toilet en verwarmd handdoekenrek. Stel je voor dat je in slaap valt of wakker wordt in een landelijke omgeving, gewiegd door het melodieuze gezang van de vogels. Dankzij de grote ramen en het terras biedt de Tiny House u een uniek natuurlijk schouwspel, of het nu bij zonsopgang of zonsondergang is, of onder een sterrenhemel. Zonder keuken, maar uitgerust met alles wat nodig is voor een verkwikkende pauze: een mini-koelkast, een Nespresso-machine en een magnetron staan tot uw beschikking. Om de ervaring compleet te maken, laat u verleiden door een \"thuis\" bereid diner door uw gastheer. Gepassioneerd door koken en gastronomie, zal hij met plezier een maaltijd voor u bereiden.","lodging_description_en":"\"What binds us by Tom\" is a bed and breakfast located in a Tiny House designed to accommodate a couple on a \"romantic\" getaway or for a weekend \"discovery\" of the charming village of Baisy-Thy and its surroundings. Nestled in the heart of a vast garden of 15 acres, in a green setting near the abbey of Villers-la-Ville and a few kilometers from the \"Lion of Waterloo\", this accommodation has been designed as a true haven of peace where all you have to do is relax. Custom built, this Tiny House has been designed to be warm and cozy. Every detail has been carefully studied to optimize comfort and offer a soothing atmosphere. Inside, you will find: * A sleeping area with a cozy bed and a bay window offering a beautiful view of nature. * A dining area where you can enjoy a carefully prepared gourmet breakfast or dinner. * A modern bathroom with a spacious shower, suspended toilet, and heated towel rail. Imagine falling asleep or waking up in a rural setting, lulled by the melodious singing of birds. Thanks to its large windows and terrace, the Tiny House offers you a unique natural spectacle, whether at sunrise or sunset or under a starry sky. Without a kitchen, but equipped with everything you need for a refreshing break: a mini-fridge, a Nespresso machine, and a microwave are at your disposal. To perfect the experience, treat yourself to a \"homemade\" dinner prepared by your host. Passionate about cooking and gastronomy, he will be delighted to prepare it for you.","lodging_email":"info@cequinousliebytom.be","lodging_website":"https:\/\/www.cequinousliebytom.be","lodging_lat":"50.596998946229","lodging_lng":"4.4769635796547","lodging_locality":"Baisy-Thy","lodging_commune":"Genappe (1470)","lodging_owner":"56541db8fab8397607facd974738b00cebd9691270d3a5f5f56a1e21687d7356","lodging_zip_code":"1470","lodging_street":"Rue Bon Air","lodging_number":"3","lodging_ranking":"","lodging_accessi_url":"","lodging_gallery":"","lodging_elloha_product_id":"","lodging_elloha_offer_id":"","lodging_elloha_id":"","lodging_elloha_price_from":"","lodging_experience_title_fr":"","lodging_experience_title_nl":"","lodging_experience_title_en":"","lodging_experience_content_fr":"","lodging_experience_content_nl":"","lodging_experience_content_en":"","lodging_expert_content_fr":"","lodging_expert_content_nl":"","lodging_expert_content_en":"","lodging_expert_id":"","lodging_testimonials_tripadvisor":"","lodging_testimonials_google":"","lodging_testimonials_booking":"","lodging_real_min_capacity":"","lodging_max_capacity":"2","lodging_min_capacity":"1","lodging_min_night":"","lodging_number_of_bathrooms":"1","lodging_number_of_bedrooms":"1","lodging_number_of_levels":"1","lodging_smoking_accommodation":"non","lodging_surface_area":"16","lodging_animals_accepted":"0","lodging_peb_class":"","lodging_peb_code":"","lodging_peb_primary":"","lodging_peb_total":"","lodging_nearby_distance":"","lodging_room_description":"[]","lodging_other_informations":"{\r\n  \"a-emporter\": {\r\n    \"fr\": \"Une petite valise de type \\\"cabine\\\".\",\r\n    \"nl\": \"Een kleine koffer van het type \\\"handbagage\\\".\",\r\n    \"en\": \"A small cabin-sized suitcase.\"\r\n  },\r\n  \"heure-darrivee\": {\r\n    \"fr\": \"L'arriv\u00e9e est souhait\u00e9e entre 16h et 18h30.\",\r\n    \"nl\": \"De aankomst wordt verwacht tussen 16.00 en 18.30 uur.\",\r\n    \"en\": \"The arrival is expected between 4pm and 6:30pm.\"\r\n  },\r\n  \"informations\": {\r\n    \"fr\": \"Le prix comprend le petit d\u00e9jeuner. Il est servi entre 8h30 et 10h30.\\nLa chambre & la table d'h\u00f4tes sont ouvertes du vendredi au samedi inclus de mars \u00e0 fin octobre.\\nR\u00e9servations et disponibilit\u00e9s uniquement sur le site \\\"Ce qui nous lie by Tom\\\".\",\r\n    \"nl\": \"De prijs is inclusief ontbijt. Het wordt geserveerd tussen 8.30 en 10.30 uur.\\nDe kamer en de gastentafel zijn geopend van vrijdag tot en met zaterdag van maart tot eind oktober.\\nReserveringen en beschikbaarheid alleen op de website \\\"Ce qui nous lie by Tom\\\".\",\r\n    \"en\": \"The price includes breakfast. It is served between 8:30 and 10:30.\\nThe guest room and table are open from Friday to Saturday inclusive from March to the end of October.\\nReservations and availability only on the website \\\"Ce qui nous lie by Tom\\\".\"\r\n  },\r\n  \"a-disposition\": {\r\n    \"fr\": \"Le linge de maison est fourni.\\nUne borne de recharge est accessible moyennant paiement.\",\r\n    \"nl\": \"Beddengoed wordt verstrekt.\\nEen oplaadpunt is beschikbaar tegen betaling.\",\r\n    \"en\": \"Household linen is provided.\\nA charging station is available for a fee.\"\r\n  },\r\n  \"a-payer-sur-place\": {\r\n    \"fr\": \"Les suppl\u00e9ments \u00e9ventuels des repas.\\nLa charge de la voiture.\\nLes boissons consomm\u00e9es durant le s\u00e9jour.\\nLes produits mis en vente (biscuits, jus de pommes, miel,...).\",\r\n    \"nl\": \"De eventuele supplementen van de maaltijden.\\nDe autolading.\\nDe drankjes die tijdens het verblijf worden geconsumeerd.\\nDe te koop aangeboden producten (koekjes, appelsap, honing,...).\",\r\n    \"en\": \"The possible meal supplements.\\nThe car's load.\\nThe drinks consumed during the stay.\\nThe products for sale (cookies, apple juice, honey,...).\"\r\n  },\r\n  \"heure-de-depart\": {\r\n    \"fr\": \"Le d\u00e9part est pr\u00e9vu pour 11h au plus tard.\\nLors de la remise des cl\u00e9s et du badge pour le portail, nous prendrons le temps d'\u00e9changer quelque peu sur votre s\u00e9jour et d'effectuer les derniers paiements.\",\r\n    \"nl\": \"Het vertrek is gepland voor 11 uur op zijn laatst.\\nBij het overhandigen van de sleutels en de badge voor de poort, zullen we wat tijd nemen om te praten over uw verblijf en de laatste betalingen uit te voeren.\",\r\n    \"en\": \"The departure is scheduled for 11am at the latest.\\nDuring the handing over of the keys and the badge for the gate, we will take the time to discuss your stay and make the final payments.\"\r\n  },\r\n  \"modes-de-paiement\": {\r\n    \"fr\": \"Par carte de cr\u00e9dit lors de la r\u00e9servation en ligne sur le site web.\\nPar payconiq sur place.\",\r\n    \"nl\": \"Met creditcard bij het online boeken op de website.\\nMet Payconiq ter plaatse.\",\r\n    \"en\": \"By credit card when booking online on the website.\\nBy Payconiq on site.\"\r\n  }\r\n}\r\n","lodging_charge":"","lodging_charge_amount":"","lodging_code_cgt":"","lodging_bedding":"","lodging_lodgings_relation":"","lodging_hosting_advantages":"[\"climatisation\",\"terrasse\",\"salon-de-jardin\",\"verger\",\"parking-prive\",\"borne-de-recharge-pour-voiture-electrique\"]","lodging_3dvue":"","lodging_video":"","lodging_streetview":"","lodging_percent":"{\"peb\":0,\"other_informations\":100,\"localisation\":100,\"general\":100,\"equipments\":100,\"medias\":20,\"total\":70}","lodging_mentions":"[\"meilleur-prix-garanti\",\"ambassadeur-dexception\"]"},"lodging_type":[34],"lodging_official_category":[4656],"lodging_subtype":[],"lodging_situation":[],"lodging_layout":[],"lodging_bedding":[],"lodging_additional_rate_type":[],"lodging_external_equipment":[8894,8896,8897,8898,8899],"lodging_household_appliances":[8882,9020,8888,9003,9156,8891],"lodging_interior_equipment":[9108,9035],"lodging_sport_and_leisure":[],"lodging_type_of_stay":[],"lodging_adapted_to":[],"lodging_wellness":[],"lodging_baby":[],"lodging_business_mice":[],"lodging_accessibility":[9150],"lodging_nearby":[],"lodging_car_motorcycle_bike":[8908],"lodging_room_type":[],"lodging_thematic":[],"lodging_status":[167],"lodging_other_informations":[],"class_list":["post-118812","lodging","type-lodging","status-publish","hentry","lodging_type-chambre-dhotes","lodging_official_category-room","lodging_external_equipment-borne-de-recharge-pour-voiture-electrique","lodging_external_equipment-jardin","lodging_external_equipment-salon-de-jardin","lodging_external_equipment-terrasse","lodging_external_equipment-verger","lodging_household_appliances-bouilloire-electrique","lodging_household_appliances-cafetiere","lodging_household_appliances-machine-a-cafe","lodging_household_appliances-micro-ondes","lodging_household_appliances-minibar","lodging_household_appliances-refrigerateur","lodging_interior_equipment-climatisation","lodging_interior_equipment-serviettes-de-toilette","lodging_accessibility-logement-de-plain-pied","lodging_car_motorcycle_bike-parking-prive","lodging_status-published"],"yoast_head":"<!-- This site is optimized with the Yoast SEO Premium plugin v26.7 (Yoast SEO v26.7) - https:\/\/yoast.com\/wordpress\/plugins\/seo\/ -->\n<title>Ce qui nous lie by Tom - gitesdewallonie.be<\/title>\n<meta name=\"robots\" content=\"index, follow, max-snippet:-1, max-image-preview:large, max-video-preview:-1\" \/>\n<link rel=\"canonical\" href=\"https:\/\/gitesdewallonie.be\/nl\/een-vakantiehuis-vinden\/kamer\/genappe\/ce-qui-nous-lie-by-tom\/\" \/>\n<meta property=\"og:locale\" content=\"nl_NL\" \/>\n<meta property=\"og:type\" content=\"article\" \/>\n<meta property=\"og:title\" content=\"Ce qui nous lie by Tom\" \/>\n<meta property=\"og:url\" content=\"https:\/\/gitesdewallonie.be\/nl\/een-vakantiehuis-vinden\/kamer\/genappe\/ce-qui-nous-lie-by-tom\/\" \/>\n<meta property=\"og:site_name\" content=\"gitesdewallonie.be\" \/>\n<meta property=\"article:publisher\" content=\"https:\/\/www.facebook.com\/GitesdeWallonie\" \/>\n<meta property=\"article:modified_time\" content=\"2025-09-23T09:43:01+00:00\" \/>\n<meta name=\"twitter:card\" content=\"summary_large_image\" \/>\n<script type=\"application\/ld+json\" class=\"yoast-schema-graph\">{\"@context\":\"https:\/\/schema.org\",\"@graph\":[{\"@type\":\"WebPage\",\"@id\":\"https:\/\/gitesdewallonie.be\/nl\/een-vakantiehuis-vinden\/kamer\/genappe\/ce-qui-nous-lie-by-tom\/\",\"url\":\"https:\/\/gitesdewallonie.be\/nl\/een-vakantiehuis-vinden\/kamer\/genappe\/ce-qui-nous-lie-by-tom\/\",\"name\":\"Ce qui nous lie by Tom - gitesdewallonie.be\",\"isPartOf\":{\"@id\":\"https:\/\/gitesdewallonie.be\/nl\/#website\"},\"datePublished\":\"2025-09-22T15:36:19+00:00\",\"dateModified\":\"2025-09-23T09:43:01+00:00\",\"breadcrumb\":{\"@id\":\"https:\/\/gitesdewallonie.be\/nl\/een-vakantiehuis-vinden\/kamer\/genappe\/ce-qui-nous-lie-by-tom\/#breadcrumb\"},\"inLanguage\":\"nl-NL\",\"potentialAction\":[{\"@type\":\"ReadAction\",\"target\":[\"https:\/\/gitesdewallonie.be\/nl\/een-vakantiehuis-vinden\/kamer\/genappe\/ce-qui-nous-lie-by-tom\/\"]}]},{\"@type\":\"BreadcrumbList\",\"@id\":\"https:\/\/gitesdewallonie.be\/nl\/een-vakantiehuis-vinden\/kamer\/genappe\/ce-qui-nous-lie-by-tom\/#breadcrumb\",\"itemListElement\":[{\"@type\":\"ListItem\",\"position\":1,\"name\":\"Accueil\",\"item\":\"https:\/\/gitesdewallonie.be\/nl\/\"},{\"@type\":\"ListItem\",\"position\":2,\"name\":\"H\u00e9bergements\",\"item\":\"https:\/\/gitesdewallonie.be\/nl\/hebergements\/%type%\/%region%\/\"},{\"@type\":\"ListItem\",\"position\":3,\"name\":\"Ce qui nous lie by Tom\"}]},{\"@type\":\"WebSite\",\"@id\":\"https:\/\/gitesdewallonie.be\/nl\/#website\",\"url\":\"https:\/\/gitesdewallonie.be\/nl\/\",\"name\":\"F\u00e9d\u00e9ration des G\u00eetes et Chambres d'h\u00f4tes de Wallonie\",\"description\":\"\",\"publisher\":{\"@id\":\"https:\/\/gitesdewallonie.be\/nl\/#organization\"},\"potentialAction\":[{\"@type\":\"SearchAction\",\"target\":{\"@type\":\"EntryPoint\",\"urlTemplate\":\"https:\/\/gitesdewallonie.be\/nl\/?s={search_term_string}\"},\"query-input\":{\"@type\":\"PropertyValueSpecification\",\"valueRequired\":true,\"valueName\":\"search_term_string\"}}],\"inLanguage\":\"nl-NL\"},{\"@type\":\"Organization\",\"@id\":\"https:\/\/gitesdewallonie.be\/nl\/#organization\",\"name\":\"F\u00e9d\u00e9ration des G\u00eetes et Chambres d'h\u00f4tes de Wallonie\",\"alternateName\":\"GDW\",\"url\":\"https:\/\/gitesdewallonie.be\/nl\/\",\"logo\":{\"@type\":\"ImageObject\",\"inLanguage\":\"nl-NL\",\"@id\":\"https:\/\/gitesdewallonie.be\/nl\/#\/schema\/logo\/image\/\",\"url\":\"https:\/\/gitesdewallonie.be\/wp-content\/uploads\/2024\/08\/logo-gdw.svg\",\"contentUrl\":\"https:\/\/gitesdewallonie.be\/wp-content\/uploads\/2024\/08\/logo-gdw.svg\",\"caption\":\"F\u00e9d\u00e9ration des G\u00eetes et Chambres d'h\u00f4tes de Wallonie\"},\"image\":{\"@id\":\"https:\/\/gitesdewallonie.be\/nl\/#\/schema\/logo\/image\/\"},\"sameAs\":[\"https:\/\/www.facebook.com\/GitesdeWallonie\",\"https:\/\/www.instagram.com\/gitesdewallonie.be\/\"]}]}<\/script>\n<!-- \/ Yoast SEO Premium plugin. -->","yoast_head_json":{"title":"Ce qui nous lie by Tom - gitesdewallonie.be","robots":{"index":"index","follow":"follow","max-snippet":"max-snippet:-1","max-image-preview":"max-image-preview:large","max-video-preview":"max-video-preview:-1"},"canonical":"https:\/\/gitesdewallonie.be\/nl\/een-vakantiehuis-vinden\/kamer\/genappe\/ce-qui-nous-lie-by-tom\/","og_locale":"nl_NL","og_type":"article","og_title":"Ce qui nous lie by Tom","og_url":"https:\/\/gitesdewallonie.be\/nl\/een-vakantiehuis-vinden\/kamer\/genappe\/ce-qui-nous-lie-by-tom\/","og_site_name":"gitesdewallonie.be","article_publisher":"https:\/\/www.facebook.com\/GitesdeWallonie","article_modified_time":"2025-09-23T09:43:01+00:00","twitter_card":"summary_large_image","schema":{"@context":"https:\/\/schema.org","@graph":[{"@type":"WebPage","@id":"https:\/\/gitesdewallonie.be\/nl\/een-vakantiehuis-vinden\/kamer\/genappe\/ce-qui-nous-lie-by-tom\/","url":"https:\/\/gitesdewallonie.be\/nl\/een-vakantiehuis-vinden\/kamer\/genappe\/ce-qui-nous-lie-by-tom\/","name":"Ce qui nous lie by Tom - gitesdewallonie.be","isPartOf":{"@id":"https:\/\/gitesdewallonie.be\/nl\/#website"},"datePublished":"2025-09-22T15:36:19+00:00","dateModified":"2025-09-23T09:43:01+00:00","breadcrumb":{"@id":"https:\/\/gitesdewallonie.be\/nl\/een-vakantiehuis-vinden\/kamer\/genappe\/ce-qui-nous-lie-by-tom\/#breadcrumb"},"inLanguage":"nl-NL","potentialAction":[{"@type":"ReadAction","target":["https:\/\/gitesdewallonie.be\/nl\/een-vakantiehuis-vinden\/kamer\/genappe\/ce-qui-nous-lie-by-tom\/"]}]},{"@type":"BreadcrumbList","@id":"https:\/\/gitesdewallonie.be\/nl\/een-vakantiehuis-vinden\/kamer\/genappe\/ce-qui-nous-lie-by-tom\/#breadcrumb","itemListElement":[{"@type":"ListItem","position":1,"name":"Accueil","item":"https:\/\/gitesdewallonie.be\/nl\/"},{"@type":"ListItem","position":2,"name":"H\u00e9bergements","item":"https:\/\/gitesdewallonie.be\/nl\/hebergements\/%type%\/%region%\/"},{"@type":"ListItem","position":3,"name":"Ce qui nous lie by Tom"}]},{"@type":"WebSite","@id":"https:\/\/gitesdewallonie.be\/nl\/#website","url":"https:\/\/gitesdewallonie.be\/nl\/","name":"F\u00e9d\u00e9ration des G\u00eetes et Chambres d'h\u00f4tes de Wallonie","description":"","publisher":{"@id":"https:\/\/gitesdewallonie.be\/nl\/#organization"},"potentialAction":[{"@type":"SearchAction","target":{"@type":"EntryPoint","urlTemplate":"https:\/\/gitesdewallonie.be\/nl\/?s={search_term_string}"},"query-input":{"@type":"PropertyValueSpecification","valueRequired":true,"valueName":"search_term_string"}}],"inLanguage":"nl-NL"},{"@type":"Organization","@id":"https:\/\/gitesdewallonie.be\/nl\/#organization","name":"F\u00e9d\u00e9ration des G\u00eetes et Chambres d'h\u00f4tes de Wallonie","alternateName":"GDW","url":"https:\/\/gitesdewallonie.be\/nl\/","logo":{"@type":"ImageObject","inLanguage":"nl-NL","@id":"https:\/\/gitesdewallonie.be\/nl\/#\/schema\/logo\/image\/","url":"https:\/\/gitesdewallonie.be\/wp-content\/uploads\/2024\/08\/logo-gdw.svg","contentUrl":"https:\/\/gitesdewallonie.be\/wp-content\/uploads\/2024\/08\/logo-gdw.svg","caption":"F\u00e9d\u00e9ration des G\u00eetes et Chambres d'h\u00f4tes de Wallonie"},"image":{"@id":"https:\/\/gitesdewallonie.be\/nl\/#\/schema\/logo\/image\/"},"sameAs":["https:\/\/www.facebook.com\/GitesdeWallonie","https:\/\/www.instagram.com\/gitesdewallonie.be\/"]}]}},"_links":{"self":[{"href":"https:\/\/gitesdewallonie.be\/nl\/wp-json\/wp\/v2\/lodging\/118812","targetHints":{"allow":["GET"]}}],"collection":[{"href":"https:\/\/gitesdewallonie.be\/nl\/wp-json\/wp\/v2\/lodging"}],"about":[{"href":"https:\/\/gitesdewallonie.be\/nl\/wp-json\/wp\/v2\/types\/lodging"}],"wp:attachment":[{"href":"https:\/\/gitesdewallonie.be\/nl\/wp-json\/wp\/v2\/media?parent=118812"}],"wp:term":[{"taxonomy":"lodging_type","embeddable":true,"href":"https:\/\/gitesdewallonie.be\/nl\/wp-json\/wp\/v2\/lodging_type?post=118812"},{"taxonomy":"lodging_official_category","embeddable":true,"href":"https:\/\/gitesdewallonie.be\/nl\/wp-json\/wp\/v2\/lodging_official_category?post=118812"},{"taxonomy":"lodging_subtype","embeddable":true,"href":"https:\/\/gitesdewallonie.be\/nl\/wp-json\/wp\/v2\/lodging_subtype?post=118812"},{"taxonomy":"lodging_situation","embeddable":true,"href":"https:\/\/gitesdewallonie.be\/nl\/wp-json\/wp\/v2\/lodging_situation?post=118812"},{"taxonomy":"lodging_layout","embeddable":true,"href":"https:\/\/gitesdewallonie.be\/nl\/wp-json\/wp\/v2\/lodging_layout?post=118812"},{"taxonomy":"lodging_bedding","embeddable":true,"href":"https:\/\/gitesdewallonie.be\/nl\/wp-json\/wp\/v2\/lodging_bedding?post=118812"},{"taxonomy":"lodging_additional_rate_type","embeddable":true,"href":"https:\/\/gitesdewallonie.be\/nl\/wp-json\/wp\/v2\/lodging_additional_rate_type?post=118812"},{"taxonomy":"lodging_external_equipment","embeddable":true,"href":"https:\/\/gitesdewallonie.be\/nl\/wp-json\/wp\/v2\/lodging_external_equipment?post=118812"},{"taxonomy":"lodging_household_appliances","embeddable":true,"href":"https:\/\/gitesdewallonie.be\/nl\/wp-json\/wp\/v2\/lodging_household_appliances?post=118812"},{"taxonomy":"lodging_interior_equipment","embeddable":true,"href":"https:\/\/gitesdewallonie.be\/nl\/wp-json\/wp\/v2\/lodging_interior_equipment?post=118812"},{"taxonomy":"lodging_sport_and_leisure","embeddable":true,"href":"https:\/\/gitesdewallonie.be\/nl\/wp-json\/wp\/v2\/lodging_sport_and_leisure?post=118812"},{"taxonomy":"lodging_type_of_stay","embeddable":true,"href":"https:\/\/gitesdewallonie.be\/nl\/wp-json\/wp\/v2\/lodging_type_of_stay?post=118812"},{"taxonomy":"lodging_adapted_to","embeddable":true,"href":"https:\/\/gitesdewallonie.be\/nl\/wp-json\/wp\/v2\/lodging_adapted_to?post=118812"},{"taxonomy":"lodging_wellness","embeddable":true,"href":"https:\/\/gitesdewallonie.be\/nl\/wp-json\/wp\/v2\/lodging_wellness?post=118812"},{"taxonomy":"lodging_baby","embeddable":true,"href":"https:\/\/gitesdewallonie.be\/nl\/wp-json\/wp\/v2\/lodging_baby?post=118812"},{"taxonomy":"lodging_business_mice","embeddable":true,"href":"https:\/\/gitesdewallonie.be\/nl\/wp-json\/wp\/v2\/lodging_business_mice?post=118812"},{"taxonomy":"lodging_accessibility","embeddable":true,"href":"https:\/\/gitesdewallonie.be\/nl\/wp-json\/wp\/v2\/lodging_accessibility?post=118812"},{"taxonomy":"lodging_nearby","embeddable":true,"href":"https:\/\/gitesdewallonie.be\/nl\/wp-json\/wp\/v2\/lodging_nearby?post=118812"},{"taxonomy":"lodging_car_motorcycle_bike","embeddable":true,"href":"https:\/\/gitesdewallonie.be\/nl\/wp-json\/wp\/v2\/lodging_car_motorcycle_bike?post=118812"},{"taxonomy":"lodging_room_type","embeddable":true,"href":"https:\/\/gitesdewallonie.be\/nl\/wp-json\/wp\/v2\/lodging_room_type?post=118812"},{"taxonomy":"lodging_thematic","embeddable":true,"href":"https:\/\/gitesdewallonie.be\/nl\/wp-json\/wp\/v2\/lodging_thematic?post=118812"},{"taxonomy":"lodging_status","embeddable":true,"href":"https:\/\/gitesdewallonie.be\/nl\/wp-json\/wp\/v2\/lodging_status?post=118812"},{"taxonomy":"lodging_other_informations","embeddable":true,"href":"https:\/\/gitesdewallonie.be\/nl\/wp-json\/wp\/v2\/lodging_other_informations?post=118812"}],"curies":[{"name":"wp","href":"https:\/\/api.w.org\/{rel}","templated":true}]}}