{"id":119708,"date":"2026-02-02T14:43:44","date_gmt":"2026-02-02T13:43:44","guid":{"rendered":"https:\/\/gitesdewallonie.be\/hebergements\/-\/-\/nouveau-logement-6\/"},"modified":"2026-02-02T14:50:07","modified_gmt":"2026-02-02T13:50:07","slug":"balcons-de-la-semois","status":"publish","type":"lodging","link":"https:\/\/gitesdewallonie.be\/nl\/een-vakantiehuis-vinden\/vakantiehuisje-op-het-platteland\/vresse-sur-semois\/balcons-de-la-semois\/","title":{"rendered":"Balcons de la Semois"},"content":{"rendered":"","protected":false},"template":"","meta":{"lodging_type":"gite","lodging_UID":"","lodging_pk":"4124","lodging_description_fr":"Notre maison de vacances pour 8 personnes est id\u00e9alement situ\u00e9e \u00e0 Membre.\nOffrez-vous une parenth\u00e8se de d\u00e9tente, de nature et de moments inoubliables. Partez \u00e0 la d\u00e9couverte de la vall\u00e9e de la Semois et de ses magnifiques paysages, au c\u0153ur de la r\u00e9gion du \u00ab Jambon de la Semois \u00bb. \u00c9chappez au rythme effr\u00e9n\u00e9 de la ville et partagez un s\u00e9jour ressour\u00e7ant en famille ou entre amis.\n\nProfitez pleinement de la terrasse lors des douces soir\u00e9es d\u2019\u00e9t\u00e9 ou retrouvez-vous dans le s\u00e9jour chaleureux autour du feu pendant l\u2019automne et l\u2019hiver.\n\nCette charmante maison de vacances dispose de 4 chambres confortables et de 2 salles de bain. Pour un moment de d\u00e9tente absolu, vous profiterez d\u2019une cabine infrarouge pouvant accueillir jusqu\u2019\u00e0 6 personnes, avec une douche int\u00e9gr\u00e9e.\n\nL\u2019espace de vie convivial et lumineux invite \u00e0 la d\u00e9tente apr\u00e8s une journ\u00e9e en pleine nature, tandis que la cuisine enti\u00e8rement \u00e9quip\u00e9e vous permet de pr\u00e9parer de bons repas en toute tranquillit\u00e9. Petits et grands appr\u00e9cieront les nombreux \u00e9quipements de loisirs : billard, jeu de fl\u00e9chettes, baby-foot et table de ping-pong.\n\nLes amateurs d\u2019aventure pourront partir en kayak depuis un point de d\u00e9part situ\u00e9 \u00e0 seulement 500 m\u00e8tres de la maison. De superbes promenades et randonn\u00e9es commencent directement \u00e0 proximit\u00e9, id\u00e9ales pour d\u00e9couvrir les magnifiques paysages de la r\u00e9gion.\n\n\u00c0 2 km \u00e0 pied, vous rejoindrez le charmant village de Bohan. \u00c0 Membre, un excellent restaurant est accessible \u00e0 pied depuis la maison, tandis que les villages voisins de Bohan et de Vresse-sur-Semois offrent un large choix de restaurants et de caf\u00e9s accueillants.","lodging_description_nl":"Ons vakantiehuis voor 8 personen is ideaal gelegen in Membre. Trakteer uzelf op een ontspannende vakantie, omgeven door natuur en onvergetelijke momenten. Verken de vallei van de Semois en haar prachtige landschappen, in het hart van de regio van de \"Jambon de la Semois\". Ontsnap aan de drukte van de stad en geniet van een verkwikkend verblijf met familie of vrienden. Profiteer optimaal van het terras tijdens zwoele zomeravonden of verzamel rond de gezellige open haard tijdens de herfst en winter.\n\nDit charmante vakantiehuis heeft 4 comfortabele slaapkamers en 2 badkamers. Voor een moment van ultieme ontspanning kunt u gebruik maken van een infraroodcabine die plaats biedt aan maximaal 6 personen, met een ge\u00efntegreerde douche. De gezellige en lichte leefruimte nodigt uit tot ontspanning na een dag in de natuur, terwijl de volledig uitgeruste keuken u toelaat om in alle rust heerlijke maaltijden te bereiden. Zowel jong als oud zullen genieten van de vele recreatieve voorzieningen: biljart, darts, tafelvoetbal en tafeltennis.\n\nAvontuurlijke gasten kunnen vanaf een vertrekpunt op slechts 500 meter van het huis gaan kajakken. Prachtige wandelingen en trektochten beginnen direct in de buurt, ideaal om de prachtige landschappen van de regio te ontdekken. Op 2 km loopafstand vindt u het charmante dorp Bohan. In Membre is een uitstekend restaurant op loopafstand van het huis, terwijl de naburige dorpen Bohan en Vresse-sur-Semois een ruime keuze aan restaurants en gezellige caf\u00e9s bieden.","lodging_description_en":"Our holiday home for 8 people is ideally located in Membre. Treat yourself to a relaxing break, surrounded by nature and unforgettable moments. Explore the Semois Valley and its beautiful landscapes, in the heart of the region known as the \"Semois Ham\". Escape the hustle and bustle of the city and enjoy a rejuvenating stay with family or friends. Make the most of the terrace during warm summer evenings or gather in the cozy living room around the fire during autumn and winter.\n\nThis charming holiday home has 4 comfortable bedrooms and 2 bathrooms. For a moment of absolute relaxation, you can enjoy an infrared sauna that can accommodate up to 6 people, with an integrated shower. The friendly and bright living space invites you to relax after a day in nature, while the fully equipped kitchen allows you to prepare delicious meals in peace. Both young and old will appreciate the numerous leisure facilities: billiards, darts, table football, and table tennis.\n\nAdventure enthusiasts can go kayaking from a starting point just 500 meters from the house. Wonderful walks and hikes start directly nearby, perfect for discovering the region's beautiful landscapes. A charming village of Bohan is just 2 km away on foot. In Membre, an excellent restaurant is within walking distance from the house, while the neighboring villages of Bohan and Vresse-sur-Semois offer a wide choice of welcoming restaurants and cafes.","lodging_email":"balconsdelasemois@hotmail.com","lodging_website":"https:\/\/vakantiewoning-balconsdelasemois.jimdosite.com\/","lodging_lat":"49.8657885","lodging_lng":"4.9032004","lodging_locality":"Membre","lodging_commune":"Vresse-sur-Semois (5550)","lodging_owner":"7741fac2d257dde94c80fddf5ddef469f799d69971446e1130f6c0897e948f55","lodging_zip_code":"5550","lodging_street":"Rue de Vresse","lodging_number":"87","lodging_ranking":"3","lodging_accessi_url":"","lodging_gallery":"","lodging_elloha_product_id":"","lodging_elloha_offer_id":"","lodging_elloha_id":"","lodging_elloha_price_from":"","lodging_experience_title_fr":"","lodging_experience_title_nl":"","lodging_experience_title_en":"","lodging_experience_content_fr":"","lodging_experience_content_nl":"","lodging_experience_content_en":"","lodging_expert_content_fr":"","lodging_expert_content_nl":"","lodging_expert_content_en":"","lodging_expert_id":"melanie","lodging_testimonials_tripadvisor":"","lodging_testimonials_google":"","lodging_testimonials_booking":"","lodging_real_min_capacity":"","lodging_max_capacity":"8","lodging_min_capacity":"2","lodging_min_night":"2","lodging_number_of_bathrooms":"3","lodging_number_of_bedrooms":"4","lodging_number_of_levels":"3","lodging_smoking_accommodation":"non","lodging_surface_area":"200","lodging_animals_accepted":"2","lodging_peb_class":"C","lodging_peb_code":"20240816003048","lodging_peb_primary":"205","lodging_peb_total":"42584","lodging_nearby_distance":"[{\"distance\":\"3\",\"type_of_activity\":\"boulangerie\"},{\"distance\":\"0.5\",\"type_of_activity\":\"restaurants\"},{\"distance\":\"0.5\",\"type_of_activity\":\"foret\"},{\"distance\":\"3\",\"type_of_activity\":\"marche\"},{\"distance\":0,\"type_of_activity\":\"vtt\"},{\"distance\":\"3\",\"type_of_activity\":\"magasins\"},{\"distance\":\"5\",\"type_of_activity\":\"office-du-tourisme\"}]","lodging_room_description":"","lodging_other_informations":"{\"heure-darrivee\":{\"fr\":\"15 h\",\"nl\":\"15 uur\",\"en\":\"3 PM\"},\"heure-de-depart\":{\"fr\":\"dimanche \u00e0 20 h, les autres jours \u00e0 10h \",\"nl\":\"zondag om 20.00 uur, de andere dagen om 10.00 uur.\",\"en\":\"Sunday at 8pm, the other days at 10am\"},\"a-emporter\":{\"fr\":\"Linge de lit :\\n- 3 housses de couette 200x200\\n- 3 draps-housses 160x200\\n- 2 housses de couette 140x200\\n- 2 draps-housses 90x200\\n\\nserviettes de bain\\ntorchon de cuisine\",\"nl\":\"Beddengoed:\\n- 3 dekbedovertrekken 200x200\\n- 3 hoeslakens 160x200\\n- 2 dekbedovertrekken 140x200\\n- 2 hoeslakens 90x200\\n\\nbadhanddoeken\\nkeukendoek\",\"en\":\"Bedding:\\n- 3 duvet covers 200x200\\n- 3 fitted sheets 160x200\\n- 2 duvet covers 140x200\\n- 2 fitted sheets 90x200\\n\\nbath towels\\nkitchen towel\"},\"modes-de-paiement\":{\"fr\":\"50% \u00e0 la r\u00e9servation\\n50% + caution 1 mois avant l'arriv\u00e9e\",\"nl\":\"50% bij reservering\\n50% + borg 1 maand voor aankomst\",\"en\":\"50% at booking\\n50% + security deposit 1 month before arrival\"}}","lodging_charge":"","lodging_charge_amount":"","lodging_code_cgt":"HEB-TE-381301-BD5A","lodging_bedding":"[{\"roomtype\":\"chambre\",\"bedding\":[\"1-lit-double\",\"1-lit-bebe\"]},{\"roomtype\":\"chambre\",\"bedding\":[\"1-lit-double\"]},{\"roomtype\":\"chambre\",\"bedding\":[\"1-lit-double\"]},{\"roomtype\":\"chambre\",\"bedding\":[\"2-lits-simples\"]}]","lodging_lodgings_relation":"","lodging_hosting_advantages":"","lodging_3dvue":"","lodging_video":"","lodging_streetview":"","lodging_percent":"{\"peb\":100,\"other_informations\":100,\"localisation\":100,\"rates\":{\"2026\":100,\"2027\":100,\"2028\":0},\"general\":92,\"equipments\":100,\"medias\":100,\"total\":88}","lodging_mentions":"[]"},"lodging_type":[33],"lodging_official_category":[4380],"lodging_subtype":[],"lodging_situation":[9024],"lodging_layout":[366],"lodging_bedding":[],"lodging_additional_rate_type":[],"lodging_external_equipment":[9082,8893,8896,8897,8898],"lodging_household_appliances":[9001,8882,8883,8884,8886,8887,8888,9003,8889,9114,8891],"lodging_interior_equipment":[8999,8879,9035,8880,8881],"lodging_sport_and_leisure":[8900,9117,8901,9100],"lodging_type_of_stay":[],"lodging_adapted_to":[],"lodging_wellness":[9088],"lodging_baby":[8904,8906],"lodging_business_mice":[],"lodging_accessibility":[],"lodging_nearby":[],"lodging_car_motorcycle_bike":[9127,8908],"lodging_room_type":[],"lodging_thematic":[],"lodging_status":[167],"lodging_other_informations":[],"class_list":["post-119708","lodging","type-lodging","status-publish","hentry","lodging_type-gite","lodging_official_category-ruralgite","lodging_situation-en-ville","lodging_layout-hebergement-non-mitoyen","lodging_external_equipment-balcon","lodging_external_equipment-barbecue","lodging_external_equipment-jardin","lodging_external_equipment-salon-de-jardin","lodging_external_equipment-terrasse","lodging_household_appliances-aspirateur","lodging_household_appliances-bouilloire-electrique","lodging_household_appliances-congelateur","lodging_household_appliances-four","lodging_household_appliances-lave-linge","lodging_household_appliances-lave-vaisselle","lodging_household_appliances-machine-a-cafe","lodging_household_appliances-micro-ondes","lodging_household_appliances-mixeur","lodging_household_appliances-plaque-de-cuisson-electrique","lodging_household_appliances-refrigerateur","lodging_interior_equipment-lecteur-dvd","lodging_interior_equipment-seche-cheveux","lodging_interior_equipment-serviettes-de-toilette","lodging_interior_equipment-television","lodging_interior_equipment-wi-fi","lodging_sport_and_leisure-badminton","lodging_sport_and_leisure-billard","lodging_sport_and_leisure-jeux-de-societe","lodging_sport_and_leisure-table-de-ping-pong","lodging_wellness-sauna","lodging_baby-chaise-pour-enfant","lodging_baby-lit-bebe","lodging_car_motorcycle_bike-garage-moto","lodging_car_motorcycle_bike-parking-prive","lodging_status-published"],"yoast_head":"<!-- This site is optimized with the Yoast SEO Premium plugin v26.7 (Yoast SEO v26.7) - https:\/\/yoast.com\/wordpress\/plugins\/seo\/ -->\n<title>Balcons de la Semois - gitesdewallonie.be<\/title>\n<meta name=\"robots\" content=\"index, follow, max-snippet:-1, max-image-preview:large, max-video-preview:-1\" \/>\n<link rel=\"canonical\" href=\"https:\/\/gitesdewallonie.be\/nl\/een-vakantiehuis-vinden\/vakantiehuisje-op-het-platteland\/vresse-sur-semois\/balcons-de-la-semois\/\" \/>\n<meta property=\"og:locale\" content=\"nl_NL\" \/>\n<meta property=\"og:type\" content=\"article\" \/>\n<meta property=\"og:title\" content=\"Balcons de la Semois\" \/>\n<meta property=\"og:url\" content=\"https:\/\/gitesdewallonie.be\/nl\/een-vakantiehuis-vinden\/vakantiehuisje-op-het-platteland\/vresse-sur-semois\/balcons-de-la-semois\/\" \/>\n<meta property=\"og:site_name\" content=\"gitesdewallonie.be\" \/>\n<meta property=\"article:publisher\" content=\"https:\/\/www.facebook.com\/GitesdeWallonie\" \/>\n<meta property=\"article:modified_time\" content=\"2026-02-02T13:50:07+00:00\" \/>\n<meta name=\"twitter:card\" content=\"summary_large_image\" \/>\n<script type=\"application\/ld+json\" class=\"yoast-schema-graph\">{\"@context\":\"https:\/\/schema.org\",\"@graph\":[{\"@type\":\"WebPage\",\"@id\":\"https:\/\/gitesdewallonie.be\/nl\/een-vakantiehuis-vinden\/vakantiehuisje-op-het-platteland\/vresse-sur-semois\/balcons-de-la-semois\/\",\"url\":\"https:\/\/gitesdewallonie.be\/nl\/een-vakantiehuis-vinden\/vakantiehuisje-op-het-platteland\/vresse-sur-semois\/balcons-de-la-semois\/\",\"name\":\"Balcons de la Semois - gitesdewallonie.be\",\"isPartOf\":{\"@id\":\"https:\/\/gitesdewallonie.be\/nl\/#website\"},\"datePublished\":\"2026-02-02T13:43:44+00:00\",\"dateModified\":\"2026-02-02T13:50:07+00:00\",\"breadcrumb\":{\"@id\":\"https:\/\/gitesdewallonie.be\/nl\/een-vakantiehuis-vinden\/vakantiehuisje-op-het-platteland\/vresse-sur-semois\/balcons-de-la-semois\/#breadcrumb\"},\"inLanguage\":\"nl-NL\",\"potentialAction\":[{\"@type\":\"ReadAction\",\"target\":[\"https:\/\/gitesdewallonie.be\/nl\/een-vakantiehuis-vinden\/vakantiehuisje-op-het-platteland\/vresse-sur-semois\/balcons-de-la-semois\/\"]}]},{\"@type\":\"BreadcrumbList\",\"@id\":\"https:\/\/gitesdewallonie.be\/nl\/een-vakantiehuis-vinden\/vakantiehuisje-op-het-platteland\/vresse-sur-semois\/balcons-de-la-semois\/#breadcrumb\",\"itemListElement\":[{\"@type\":\"ListItem\",\"position\":1,\"name\":\"Accueil\",\"item\":\"https:\/\/gitesdewallonie.be\/nl\/\"},{\"@type\":\"ListItem\",\"position\":2,\"name\":\"H\u00e9bergements\",\"item\":\"https:\/\/gitesdewallonie.be\/nl\/hebergements\/%type%\/%region%\/\"},{\"@type\":\"ListItem\",\"position\":3,\"name\":\"Balcons de la Semois\"}]},{\"@type\":\"WebSite\",\"@id\":\"https:\/\/gitesdewallonie.be\/nl\/#website\",\"url\":\"https:\/\/gitesdewallonie.be\/nl\/\",\"name\":\"F\u00e9d\u00e9ration des G\u00eetes et Chambres d'h\u00f4tes de Wallonie\",\"description\":\"\",\"publisher\":{\"@id\":\"https:\/\/gitesdewallonie.be\/nl\/#organization\"},\"potentialAction\":[{\"@type\":\"SearchAction\",\"target\":{\"@type\":\"EntryPoint\",\"urlTemplate\":\"https:\/\/gitesdewallonie.be\/nl\/?s={search_term_string}\"},\"query-input\":{\"@type\":\"PropertyValueSpecification\",\"valueRequired\":true,\"valueName\":\"search_term_string\"}}],\"inLanguage\":\"nl-NL\"},{\"@type\":\"Organization\",\"@id\":\"https:\/\/gitesdewallonie.be\/nl\/#organization\",\"name\":\"F\u00e9d\u00e9ration des G\u00eetes et Chambres d'h\u00f4tes de Wallonie\",\"alternateName\":\"GDW\",\"url\":\"https:\/\/gitesdewallonie.be\/nl\/\",\"logo\":{\"@type\":\"ImageObject\",\"inLanguage\":\"nl-NL\",\"@id\":\"https:\/\/gitesdewallonie.be\/nl\/#\/schema\/logo\/image\/\",\"url\":\"https:\/\/gitesdewallonie.be\/wp-content\/uploads\/2024\/08\/logo-gdw.svg\",\"contentUrl\":\"https:\/\/gitesdewallonie.be\/wp-content\/uploads\/2024\/08\/logo-gdw.svg\",\"caption\":\"F\u00e9d\u00e9ration des G\u00eetes et Chambres d'h\u00f4tes de Wallonie\"},\"image\":{\"@id\":\"https:\/\/gitesdewallonie.be\/nl\/#\/schema\/logo\/image\/\"},\"sameAs\":[\"https:\/\/www.facebook.com\/GitesdeWallonie\",\"https:\/\/www.instagram.com\/gitesdewallonie.be\/\"]}]}<\/script>\n<!-- \/ Yoast SEO Premium plugin. -->","yoast_head_json":{"title":"Balcons de la Semois - gitesdewallonie.be","robots":{"index":"index","follow":"follow","max-snippet":"max-snippet:-1","max-image-preview":"max-image-preview:large","max-video-preview":"max-video-preview:-1"},"canonical":"https:\/\/gitesdewallonie.be\/nl\/een-vakantiehuis-vinden\/vakantiehuisje-op-het-platteland\/vresse-sur-semois\/balcons-de-la-semois\/","og_locale":"nl_NL","og_type":"article","og_title":"Balcons de la Semois","og_url":"https:\/\/gitesdewallonie.be\/nl\/een-vakantiehuis-vinden\/vakantiehuisje-op-het-platteland\/vresse-sur-semois\/balcons-de-la-semois\/","og_site_name":"gitesdewallonie.be","article_publisher":"https:\/\/www.facebook.com\/GitesdeWallonie","article_modified_time":"2026-02-02T13:50:07+00:00","twitter_card":"summary_large_image","schema":{"@context":"https:\/\/schema.org","@graph":[{"@type":"WebPage","@id":"https:\/\/gitesdewallonie.be\/nl\/een-vakantiehuis-vinden\/vakantiehuisje-op-het-platteland\/vresse-sur-semois\/balcons-de-la-semois\/","url":"https:\/\/gitesdewallonie.be\/nl\/een-vakantiehuis-vinden\/vakantiehuisje-op-het-platteland\/vresse-sur-semois\/balcons-de-la-semois\/","name":"Balcons de la Semois - gitesdewallonie.be","isPartOf":{"@id":"https:\/\/gitesdewallonie.be\/nl\/#website"},"datePublished":"2026-02-02T13:43:44+00:00","dateModified":"2026-02-02T13:50:07+00:00","breadcrumb":{"@id":"https:\/\/gitesdewallonie.be\/nl\/een-vakantiehuis-vinden\/vakantiehuisje-op-het-platteland\/vresse-sur-semois\/balcons-de-la-semois\/#breadcrumb"},"inLanguage":"nl-NL","potentialAction":[{"@type":"ReadAction","target":["https:\/\/gitesdewallonie.be\/nl\/een-vakantiehuis-vinden\/vakantiehuisje-op-het-platteland\/vresse-sur-semois\/balcons-de-la-semois\/"]}]},{"@type":"BreadcrumbList","@id":"https:\/\/gitesdewallonie.be\/nl\/een-vakantiehuis-vinden\/vakantiehuisje-op-het-platteland\/vresse-sur-semois\/balcons-de-la-semois\/#breadcrumb","itemListElement":[{"@type":"ListItem","position":1,"name":"Accueil","item":"https:\/\/gitesdewallonie.be\/nl\/"},{"@type":"ListItem","position":2,"name":"H\u00e9bergements","item":"https:\/\/gitesdewallonie.be\/nl\/hebergements\/%type%\/%region%\/"},{"@type":"ListItem","position":3,"name":"Balcons de la Semois"}]},{"@type":"WebSite","@id":"https:\/\/gitesdewallonie.be\/nl\/#website","url":"https:\/\/gitesdewallonie.be\/nl\/","name":"F\u00e9d\u00e9ration des G\u00eetes et Chambres d'h\u00f4tes de Wallonie","description":"","publisher":{"@id":"https:\/\/gitesdewallonie.be\/nl\/#organization"},"potentialAction":[{"@type":"SearchAction","target":{"@type":"EntryPoint","urlTemplate":"https:\/\/gitesdewallonie.be\/nl\/?s={search_term_string}"},"query-input":{"@type":"PropertyValueSpecification","valueRequired":true,"valueName":"search_term_string"}}],"inLanguage":"nl-NL"},{"@type":"Organization","@id":"https:\/\/gitesdewallonie.be\/nl\/#organization","name":"F\u00e9d\u00e9ration des G\u00eetes et Chambres d'h\u00f4tes de Wallonie","alternateName":"GDW","url":"https:\/\/gitesdewallonie.be\/nl\/","logo":{"@type":"ImageObject","inLanguage":"nl-NL","@id":"https:\/\/gitesdewallonie.be\/nl\/#\/schema\/logo\/image\/","url":"https:\/\/gitesdewallonie.be\/wp-content\/uploads\/2024\/08\/logo-gdw.svg","contentUrl":"https:\/\/gitesdewallonie.be\/wp-content\/uploads\/2024\/08\/logo-gdw.svg","caption":"F\u00e9d\u00e9ration des G\u00eetes et Chambres d'h\u00f4tes de Wallonie"},"image":{"@id":"https:\/\/gitesdewallonie.be\/nl\/#\/schema\/logo\/image\/"},"sameAs":["https:\/\/www.facebook.com\/GitesdeWallonie","https:\/\/www.instagram.com\/gitesdewallonie.be\/"]}]}},"_links":{"self":[{"href":"https:\/\/gitesdewallonie.be\/nl\/wp-json\/wp\/v2\/lodging\/119708","targetHints":{"allow":["GET"]}}],"collection":[{"href":"https:\/\/gitesdewallonie.be\/nl\/wp-json\/wp\/v2\/lodging"}],"about":[{"href":"https:\/\/gitesdewallonie.be\/nl\/wp-json\/wp\/v2\/types\/lodging"}],"wp:attachment":[{"href":"https:\/\/gitesdewallonie.be\/nl\/wp-json\/wp\/v2\/media?parent=119708"}],"wp:term":[{"taxonomy":"lodging_type","embeddable":true,"href":"https:\/\/gitesdewallonie.be\/nl\/wp-json\/wp\/v2\/lodging_type?post=119708"},{"taxonomy":"lodging_official_category","embeddable":true,"href":"https:\/\/gitesdewallonie.be\/nl\/wp-json\/wp\/v2\/lodging_official_category?post=119708"},{"taxonomy":"lodging_subtype","embeddable":true,"href":"https:\/\/gitesdewallonie.be\/nl\/wp-json\/wp\/v2\/lodging_subtype?post=119708"},{"taxonomy":"lodging_situation","embeddable":true,"href":"https:\/\/gitesdewallonie.be\/nl\/wp-json\/wp\/v2\/lodging_situation?post=119708"},{"taxonomy":"lodging_layout","embeddable":true,"href":"https:\/\/gitesdewallonie.be\/nl\/wp-json\/wp\/v2\/lodging_layout?post=119708"},{"taxonomy":"lodging_bedding","embeddable":true,"href":"https:\/\/gitesdewallonie.be\/nl\/wp-json\/wp\/v2\/lodging_bedding?post=119708"},{"taxonomy":"lodging_additional_rate_type","embeddable":true,"href":"https:\/\/gitesdewallonie.be\/nl\/wp-json\/wp\/v2\/lodging_additional_rate_type?post=119708"},{"taxonomy":"lodging_external_equipment","embeddable":true,"href":"https:\/\/gitesdewallonie.be\/nl\/wp-json\/wp\/v2\/lodging_external_equipment?post=119708"},{"taxonomy":"lodging_household_appliances","embeddable":true,"href":"https:\/\/gitesdewallonie.be\/nl\/wp-json\/wp\/v2\/lodging_household_appliances?post=119708"},{"taxonomy":"lodging_interior_equipment","embeddable":true,"href":"https:\/\/gitesdewallonie.be\/nl\/wp-json\/wp\/v2\/lodging_interior_equipment?post=119708"},{"taxonomy":"lodging_sport_and_leisure","embeddable":true,"href":"https:\/\/gitesdewallonie.be\/nl\/wp-json\/wp\/v2\/lodging_sport_and_leisure?post=119708"},{"taxonomy":"lodging_type_of_stay","embeddable":true,"href":"https:\/\/gitesdewallonie.be\/nl\/wp-json\/wp\/v2\/lodging_type_of_stay?post=119708"},{"taxonomy":"lodging_adapted_to","embeddable":true,"href":"https:\/\/gitesdewallonie.be\/nl\/wp-json\/wp\/v2\/lodging_adapted_to?post=119708"},{"taxonomy":"lodging_wellness","embeddable":true,"href":"https:\/\/gitesdewallonie.be\/nl\/wp-json\/wp\/v2\/lodging_wellness?post=119708"},{"taxonomy":"lodging_baby","embeddable":true,"href":"https:\/\/gitesdewallonie.be\/nl\/wp-json\/wp\/v2\/lodging_baby?post=119708"},{"taxonomy":"lodging_business_mice","embeddable":true,"href":"https:\/\/gitesdewallonie.be\/nl\/wp-json\/wp\/v2\/lodging_business_mice?post=119708"},{"taxonomy":"lodging_accessibility","embeddable":true,"href":"https:\/\/gitesdewallonie.be\/nl\/wp-json\/wp\/v2\/lodging_accessibility?post=119708"},{"taxonomy":"lodging_nearby","embeddable":true,"href":"https:\/\/gitesdewallonie.be\/nl\/wp-json\/wp\/v2\/lodging_nearby?post=119708"},{"taxonomy":"lodging_car_motorcycle_bike","embeddable":true,"href":"https:\/\/gitesdewallonie.be\/nl\/wp-json\/wp\/v2\/lodging_car_motorcycle_bike?post=119708"},{"taxonomy":"lodging_room_type","embeddable":true,"href":"https:\/\/gitesdewallonie.be\/nl\/wp-json\/wp\/v2\/lodging_room_type?post=119708"},{"taxonomy":"lodging_thematic","embeddable":true,"href":"https:\/\/gitesdewallonie.be\/nl\/wp-json\/wp\/v2\/lodging_thematic?post=119708"},{"taxonomy":"lodging_status","embeddable":true,"href":"https:\/\/gitesdewallonie.be\/nl\/wp-json\/wp\/v2\/lodging_status?post=119708"},{"taxonomy":"lodging_other_informations","embeddable":true,"href":"https:\/\/gitesdewallonie.be\/nl\/wp-json\/wp\/v2\/lodging_other_informations?post=119708"}],"curies":[{"name":"wp","href":"https:\/\/api.w.org\/{rel}","templated":true}]}}