{"id":114461,"date":"2024-08-26T14:41:43","date_gmt":"2024-08-26T12:41:43","guid":{"rendered":"https:\/\/gitesdewallonie.be\/800-vakantiehuizen-en-bbs-in-de-ardennen\/het-label-gites-et-chambres-dhotes-de-wallonie\/"},"modified":"2026-01-30T16:04:03","modified_gmt":"2026-01-30T15:04:03","slug":"het-label-gites-de-wallonie","status":"publish","type":"page","link":"https:\/\/gitesdewallonie.be\/nl\/het-label-gites-de-wallonie\/","title":{"rendered":"Het label G\u00eetes et Chambres d&#8217;h\u00f4tes de Wallonie"},"content":{"rendered":"\n<p><strong>Vind meer dan 800 vakantiehuizen en BB&#8217;s gecontroleerd in Walloni\u00eb, waaronder in de Ardennen. Een kwaliteitslabel sinds 1989. <\/strong><\/p>\n\n\n\n<p>Het label G\u00eetes et Chambres d&#8217;h\u00f4tes de Wallonie is het <strong>eerste kwaliteitslabel<\/strong> voor vakantiehuisjes en BB\u2019s in Walloni\u00eb.voor vakantiehuisjes en BB\u2019s in Walloni\u00eb.<\/p>\n\n\n\n<p>Al onze vakantieverblijven worden regelmatig gecontroleerd door onze experts om een constante kwaliteit te garanderen. Ze voldoen aan onze strenge kwaliteitsnormen. Bij ons komt u nooit voor onaangename verrassingen te staan ! <\/p>\n\n\n\n<h2 class=\"wp-block-heading\" id=\"h-gites-et-chambres-d-hotes-de-wallonie-dat-betekent\"><strong>G\u00eetes et Chambres d&#8217;h\u00f4tes de Wallonie, dat betekent :<\/strong><\/h2>\n\n\n\n<div class=\"wp-block-columns is-layout-flex wp-container-core-columns-is-layout-28f84493 wp-block-columns-is-layout-flex\">\n<div class=\"wp-block-column is-layout-flow wp-block-column-is-layout-flow\" style=\"flex-basis:100%\">\n<div class=\"wp-block-columns is-layout-flex wp-container-core-columns-is-layout-28f84493 wp-block-columns-is-layout-flex\">\n<div class=\"wp-block-column is-vertically-aligned-center is-layout-flow wp-block-column-is-layout-flow\">\n<figure class=\"wp-block-image size-full is-resized is-style-haricot-reverse wp-container-content-0733e5d0\"><img loading=\"lazy\" decoding=\"async\" width=\"584\" height=\"389\" src=\"https:\/\/gitesdewallonie.be\/wp-content\/uploads\/2024\/03\/bilan-conge-detente-2024-wallons-bruxellois_0-6.jpg\" alt=\"\" class=\"wp-image-111206\" style=\"width:597px\" srcset=\"https:\/\/gitesdewallonie.be\/wp-content\/uploads\/2024\/03\/bilan-conge-detente-2024-wallons-bruxellois_0-6.jpg 584w, https:\/\/gitesdewallonie.be\/wp-content\/uploads\/2024\/03\/bilan-conge-detente-2024-wallons-bruxellois_0-6-300x200.jpg 300w\" sizes=\"auto, (max-width: 584px) 100vw, 584px\" \/><\/figure>\n<\/div>\n\n\n\n<div class=\"wp-block-column is-vertically-aligned-center is-layout-flow wp-block-column-is-layout-flow\">\n<div class=\"wp-block-group wp-container-content-0733e5d0 is-layout-constrained wp-block-group-is-layout-constrained\">\n<ul class=\"wp-block-list\">\n<li>Meer dan <strong>800 vakantiehuisjes en BB\u2019s<\/strong> die zorgvuldig gecontroleerd werden en het label hebben gekregen<\/li>\n\n\n\n<li>Meer dan <strong>800 lokale gastheren<\/strong> en -vrouwen<\/li>\n\n\n\n<li>Vakantieverblijven in <strong>heel Walloni\u00eb<\/strong>, <strong>de Ardennen<\/strong> inbegrepen<\/li>\n\n\n\n<li>Een label dat <strong>al 30 jaar<\/strong> bestaat<\/li>\n<\/ul>\n<\/div>\n<\/div>\n<\/div>\n<\/div>\n<\/div>\n\n\n\n<h2 class=\"wp-block-heading\" id=\"h-gegarandeerde-kwaliteit\"><strong>Gegarandeerde kwaliteit<\/strong><\/h2>\n\n\n\n<div class=\"wp-block-group is-layout-constrained wp-block-group-is-layout-constrained\"><\/div>\n\n\n\n<div class=\"wp-block-group is-layout-constrained wp-block-group-is-layout-constrained\">\n<div class=\"wp-block-columns is-layout-flex wp-container-core-columns-is-layout-28f84493 wp-block-columns-is-layout-flex\">\n<div class=\"wp-block-column is-vertically-aligned-center is-layout-flow wp-block-column-is-layout-flow\">\n<figure class=\"wp-block-image size-full is-resized is-style-haricot-reverse wp-container-content-0733e5d0\"><img loading=\"lazy\" decoding=\"async\" width=\"940\" height=\"788\" src=\"https:\/\/gitesdewallonie.be\/wp-content\/uploads\/2024\/08\/qualite-verifie-gite-et-chambre-dhotes.jpg\" alt=\"\" class=\"wp-image-112108\" style=\"width:597px\" srcset=\"https:\/\/gitesdewallonie.be\/wp-content\/uploads\/2024\/08\/qualite-verifie-gite-et-chambre-dhotes.jpg 940w, https:\/\/gitesdewallonie.be\/wp-content\/uploads\/2024\/08\/qualite-verifie-gite-et-chambre-dhotes-300x251.jpg 300w, https:\/\/gitesdewallonie.be\/wp-content\/uploads\/2024\/08\/qualite-verifie-gite-et-chambre-dhotes-768x644.jpg 768w\" sizes=\"auto, (max-width: 940px) 100vw, 940px\" \/><\/figure>\n<\/div>\n\n\n\n<div class=\"wp-block-column is-vertically-aligned-center is-layout-flow wp-block-column-is-layout-flow\">\n<div class=\"wp-block-group wp-container-content-0733e5d0 is-layout-constrained wp-block-group-is-layout-constrained\">\n<p>Om de kwaliteit van onze vakantieverblijven te garanderen, wordt ons label pas na een <strong>strenge selectieprocedure toegekend<\/strong> : <\/p>\n\n\n\n<ul class=\"wp-block-list\">\n<li>Een engagement van de eigenaar om ons <a href=\"https:\/\/gitesdewallonie.be\/nl\/het-label-gites-de-wallonie\/kwaliteitscharter-voor-gites-et-chambres-dhotes-de-wallonie\/\" data-type=\"page\" data-id=\"114630\" target=\"_blank\" rel=\"noreferrer noopener\"><strong>kwaliteitscharter<\/strong><\/a> te respecteren<\/li>\n\n\n\n<li>Al onze vakantiehuisjes en BB\u2019s worden <strong>gecontroleerd door onze experts<\/strong><\/li>\n\n\n\n<li>Elk vakantieverblijf heeft van de <strong>regionale autoriteit<\/strong> (<a href=\"https:\/\/www.tourismewallonie.be\/\" target=\"_blank\" rel=\"noreferrer noopener\">Commissariat g\u00e9n\u00e9ral au Tourisme<\/a>) toelating gekregen om een <strong>beschermde naam<\/strong> te gebruiken (<a href=\"https:\/\/gitesdewallonie.be\/nl\/vakantiehuis-op-het-platteland-in-ardennen\/\" target=\"_blank\" rel=\"noreferrer noopener\">Vakantiehuisje op het platteland<\/a> &#8211; <a href=\"https:\/\/gitesdewallonie.be\/nl\/vakantiehuisje-in-de-stad-in-ardennen\/\" data-type=\"page\" data-id=\"114494\" target=\"_blank\" rel=\"noreferrer noopener\">Vakantiehuisje in de stad<\/a> &#8211; <a href=\"https:\/\/gitesdewallonie.be\/nl\/vakantiehuis-op-de-hoeve-in-ardennen\/\" data-type=\"page\" data-id=\"114483\" target=\"_blank\" rel=\"noreferrer noopener\">Vakantiehuisje op de hoeve<\/a> &#8211; <a href=\"https:\/\/gitesdewallonie.be\/nl\/bed-and-breakfast-in-ardennen\/\" target=\"_blank\" rel=\"noreferrer noopener\">B&amp;B<\/a> &#8211; <a href=\"https:\/\/gitesdewallonie.be\/nl\/bed-and-breakfast-op-de-boerderij-in-de-ardennen\/\" target=\"_blank\" rel=\"noreferrer noopener\">B&amp;B op de hoeve<\/a> &#8211; <a href=\"https:\/\/gitesdewallonie.be\/nl\/vakantiewoning-in-de-ardennen\/\" target=\"_blank\" rel=\"noreferrer noopener\">Vakantiewoning<\/a>) en krijgt een <strong>offici\u00eble classificatie <\/strong>(van 1 tot 5 korenaren\/sleutels)<\/li>\n<\/ul>\n\n\n\n<p>Onze vakantieverblijven hebben een offici\u00eble classificatie die de <strong>uitrusting en het comfort beoordeelt<\/strong> :<\/p>\n\n\n\n<figure class=\"wp-block-table\"><table class=\"has-fixed-layout\"><tbody><tr><td><strong>1 korenaar of sleutel<\/strong><\/td><td><strong>2 korenaren of sleutels<\/strong><\/td><td><strong>3 korenaren of sleutels<\/strong><\/td><td><strong>4 korenaren of sleutels<\/strong><\/td><td><strong>5 korenaren of sleutels<\/strong><\/td><\/tr><tr><td>eenvoudig comfort<\/td><td>goed comfort<\/td><td>zeer goed comfort<\/td><td>uitstekend comfort<\/td><td>uitzonderlijk comfort<\/td><\/tr><\/tbody><\/table><\/figure>\n\n\n\n<p>We beknibbelen niet op veiligheid en kwaliteit, want we weten hoe belangrijk vakantie voor u is !<\/p>\n<\/div>\n<\/div>\n<\/div>\n<\/div>\n\n\n\n<h2 class=\"wp-block-heading\" id=\"h-warm-onthaal-door-lokale-gastheren-en-vrouwen\"><strong>Warm onthaal door lokale gastheren en -vrouwen<\/strong><\/h2>\n\n\n\n<div class=\"wp-block-group is-layout-constrained wp-block-group-is-layout-constrained\">\n<div class=\"wp-block-columns is-layout-flex wp-container-core-columns-is-layout-28f84493 wp-block-columns-is-layout-flex\">\n<div class=\"wp-block-column is-vertically-aligned-center is-layout-flow wp-block-column-is-layout-flow\">\n<figure class=\"wp-block-image size-full is-resized is-style-haricot-reverse wp-container-content-0733e5d0\"><img loading=\"lazy\" decoding=\"async\" width=\"1440\" height=\"1440\" src=\"https:\/\/gitesdewallonie.be\/wp-content\/uploads\/2024\/08\/accueil-gite-et-chambre-dhotes-wallonie.jpg\" alt=\"\" class=\"wp-image-112104\" style=\"width:597px\" srcset=\"https:\/\/gitesdewallonie.be\/wp-content\/uploads\/2024\/08\/accueil-gite-et-chambre-dhotes-wallonie.jpg 1440w, https:\/\/gitesdewallonie.be\/wp-content\/uploads\/2024\/08\/accueil-gite-et-chambre-dhotes-wallonie-300x300.jpg 300w, https:\/\/gitesdewallonie.be\/wp-content\/uploads\/2024\/08\/accueil-gite-et-chambre-dhotes-wallonie-1024x1024.jpg 1024w, https:\/\/gitesdewallonie.be\/wp-content\/uploads\/2024\/08\/accueil-gite-et-chambre-dhotes-wallonie-150x150.jpg 150w, https:\/\/gitesdewallonie.be\/wp-content\/uploads\/2024\/08\/accueil-gite-et-chambre-dhotes-wallonie-768x768.jpg 768w\" sizes=\"auto, (max-width: 1440px) 100vw, 1440px\" \/><\/figure>\n<\/div>\n\n\n\n<div class=\"wp-block-column is-vertically-aligned-center is-layout-flow wp-block-column-is-layout-flow\">\n<div class=\"wp-block-group wp-container-content-0733e5d0 is-layout-constrained wp-block-group-is-layout-constrained\">\n<p>Het succes van uw vakantie hangt niet alleen af van de kwaliteit van het vakantieverblijf! Daarom besteden we enorm veel <strong>aandacht aan het onthaal<\/strong>. Onze eigenaars hechten veel belang aan een <strong>warme en persoonlijke ontvangst<\/strong>. Voor hen is het een waar genoegen u bij hen thuis te mogen verwelkomen! Ze staan tot uw beschikking en zijn discreet. Ze <strong>bezorgen u graag alle informatie <\/strong>over <strong>hun vakantieverblijf<\/strong> en <strong>goede tips<\/strong> om de streek te ontdekken (restaurants, activiteiten, musea, &#8230;).    <\/p>\n\n\n\n<p>Het gebeurt regelmatig dat gasten en gastkoppels stevige vriendschapsbanden smeden en dat het afscheid zwaar valt !<\/p>\n<\/div>\n<\/div>\n<\/div>\n<\/div>\n\n\n\n<blockquote class=\"wp-block-quote is-layout-flow wp-block-quote-is-layout-flow\">\n<div class=\"wp-block-buttons is-content-justification-center is-layout-flex wp-container-core-buttons-is-layout-a89b3969 wp-block-buttons-is-layout-flex\"><\/div>\n<\/blockquote>\n","protected":false},"excerpt":{"rendered":"Vind meer dan 800 vakantiehuizen en BB&#8217;s gecontroleerd in Walloni\u00eb, waaronder in de Ardennen. Een kwaliteitslabel sinds 1989. Het label G\u00eetes et Chambres d&#8217;h\u00f4tes de Wallonie is het eerste kwaliteitslabel voor vakantiehuisjes en BB\u2019s in Walloni\u00eb.voor vakantiehuisjes en BB\u2019s in Walloni\u00eb. Al onze vakantieverblijven worden regelmatig gecontroleerd door onze experts om een constante kwaliteit te [&hellip;]","protected":false},"author":2,"featured_media":0,"parent":0,"menu_order":0,"comment_status":"closed","ping_status":"closed","template":"","meta":{"footnotes":""},"class_list":["post-114461","page","type-page","status-publish","hentry"],"yoast_head":"<!-- This site is optimized with the Yoast SEO Premium plugin v26.7 (Yoast SEO v26.7) - https:\/\/yoast.com\/wordpress\/plugins\/seo\/ -->\n<title>Het label G\u00eetes et Chambres d&#039;h\u00f4tes de Wallonie - gitesdewallonie.be<\/title>\n<meta name=\"robots\" content=\"index, follow, max-snippet:-1, max-image-preview:large, max-video-preview:-1\" \/>\n<link rel=\"canonical\" href=\"https:\/\/gitesdewallonie.be\/nl\/het-label-gites-de-wallonie\/\" \/>\n<meta property=\"og:locale\" content=\"nl_NL\" \/>\n<meta property=\"og:type\" content=\"article\" \/>\n<meta property=\"og:title\" content=\"Het label G\u00eetes et Chambres d&#039;h\u00f4tes de Wallonie\" \/>\n<meta property=\"og:description\" content=\"Vind meer dan 800 vakantiehuizen en BB&#8217;s gecontroleerd in Walloni\u00eb, waaronder in de Ardennen. Een kwaliteitslabel sinds 1989. Het label G\u00eetes et Chambres d&#8217;h\u00f4tes de Wallonie is het eerste kwaliteitslabel voor vakantiehuisjes en BB\u2019s in Walloni\u00eb.voor vakantiehuisjes en BB\u2019s in Walloni\u00eb. Al onze vakantieverblijven worden regelmatig gecontroleerd door onze experts om een constante kwaliteit te [&hellip;]\" \/>\n<meta property=\"og:url\" content=\"https:\/\/gitesdewallonie.be\/nl\/het-label-gites-de-wallonie\/\" \/>\n<meta property=\"og:site_name\" content=\"gitesdewallonie.be\" \/>\n<meta property=\"article:publisher\" content=\"https:\/\/www.facebook.com\/GitesdeWallonie\" \/>\n<meta property=\"article:modified_time\" content=\"2026-01-30T15:04:03+00:00\" \/>\n<meta property=\"og:image\" content=\"https:\/\/gitesdewallonie.be\/wp-content\/uploads\/2024\/03\/bilan-conge-detente-2024-wallons-bruxellois_0-6.jpg\" \/>\n\t<meta property=\"og:image:width\" content=\"584\" \/>\n\t<meta property=\"og:image:height\" content=\"389\" \/>\n\t<meta property=\"og:image:type\" content=\"image\/jpeg\" \/>\n<meta name=\"twitter:card\" content=\"summary_large_image\" \/>\n<meta name=\"twitter:label1\" content=\"Est. reading time\" \/>\n\t<meta name=\"twitter:data1\" content=\"3 minutes\" \/>\n<script type=\"application\/ld+json\" class=\"yoast-schema-graph\">{\"@context\":\"https:\/\/schema.org\",\"@graph\":[{\"@type\":\"WebPage\",\"@id\":\"https:\/\/gitesdewallonie.be\/nl\/het-label-gites-de-wallonie\/\",\"url\":\"https:\/\/gitesdewallonie.be\/nl\/het-label-gites-de-wallonie\/\",\"name\":\"Het label G\u00eetes et Chambres d'h\u00f4tes de Wallonie - gitesdewallonie.be\",\"isPartOf\":{\"@id\":\"https:\/\/gitesdewallonie.be\/nl\/#website\"},\"primaryImageOfPage\":{\"@id\":\"https:\/\/gitesdewallonie.be\/nl\/het-label-gites-de-wallonie\/#primaryimage\"},\"image\":{\"@id\":\"https:\/\/gitesdewallonie.be\/nl\/het-label-gites-de-wallonie\/#primaryimage\"},\"thumbnailUrl\":\"https:\/\/gitesdewallonie.be\/wp-content\/uploads\/2024\/03\/bilan-conge-detente-2024-wallons-bruxellois_0-6.jpg\",\"datePublished\":\"2024-08-26T12:41:43+00:00\",\"dateModified\":\"2026-01-30T15:04:03+00:00\",\"breadcrumb\":{\"@id\":\"https:\/\/gitesdewallonie.be\/nl\/het-label-gites-de-wallonie\/#breadcrumb\"},\"inLanguage\":\"nl-NL\",\"potentialAction\":[{\"@type\":\"ReadAction\",\"target\":[\"https:\/\/gitesdewallonie.be\/nl\/het-label-gites-de-wallonie\/\"]}]},{\"@type\":\"ImageObject\",\"inLanguage\":\"nl-NL\",\"@id\":\"https:\/\/gitesdewallonie.be\/nl\/het-label-gites-de-wallonie\/#primaryimage\",\"url\":\"https:\/\/gitesdewallonie.be\/wp-content\/uploads\/2024\/03\/bilan-conge-detente-2024-wallons-bruxellois_0-6.jpg\",\"contentUrl\":\"https:\/\/gitesdewallonie.be\/wp-content\/uploads\/2024\/03\/bilan-conge-detente-2024-wallons-bruxellois_0-6.jpg\"},{\"@type\":\"BreadcrumbList\",\"@id\":\"https:\/\/gitesdewallonie.be\/nl\/het-label-gites-de-wallonie\/#breadcrumb\",\"itemListElement\":[{\"@type\":\"ListItem\",\"position\":1,\"name\":\"Accueil\",\"item\":\"https:\/\/gitesdewallonie.be\/nl\/\"},{\"@type\":\"ListItem\",\"position\":2,\"name\":\"Het label G\u00eetes et Chambres d&rsquo;h\u00f4tes de Wallonie\"}]},{\"@type\":\"WebSite\",\"@id\":\"https:\/\/gitesdewallonie.be\/nl\/#website\",\"url\":\"https:\/\/gitesdewallonie.be\/nl\/\",\"name\":\"F\u00e9d\u00e9ration des G\u00eetes et Chambres d'h\u00f4tes de Wallonie\",\"description\":\"\",\"publisher\":{\"@id\":\"https:\/\/gitesdewallonie.be\/nl\/#organization\"},\"potentialAction\":[{\"@type\":\"SearchAction\",\"target\":{\"@type\":\"EntryPoint\",\"urlTemplate\":\"https:\/\/gitesdewallonie.be\/nl\/?s={search_term_string}\"},\"query-input\":{\"@type\":\"PropertyValueSpecification\",\"valueRequired\":true,\"valueName\":\"search_term_string\"}}],\"inLanguage\":\"nl-NL\"},{\"@type\":\"Organization\",\"@id\":\"https:\/\/gitesdewallonie.be\/nl\/#organization\",\"name\":\"F\u00e9d\u00e9ration des G\u00eetes et Chambres d'h\u00f4tes de Wallonie\",\"alternateName\":\"GDW\",\"url\":\"https:\/\/gitesdewallonie.be\/nl\/\",\"logo\":{\"@type\":\"ImageObject\",\"inLanguage\":\"nl-NL\",\"@id\":\"https:\/\/gitesdewallonie.be\/nl\/#\/schema\/logo\/image\/\",\"url\":\"https:\/\/gitesdewallonie.be\/wp-content\/uploads\/2024\/08\/logo-gdw.svg\",\"contentUrl\":\"https:\/\/gitesdewallonie.be\/wp-content\/uploads\/2024\/08\/logo-gdw.svg\",\"caption\":\"F\u00e9d\u00e9ration des G\u00eetes et Chambres d'h\u00f4tes de Wallonie\"},\"image\":{\"@id\":\"https:\/\/gitesdewallonie.be\/nl\/#\/schema\/logo\/image\/\"},\"sameAs\":[\"https:\/\/www.facebook.com\/GitesdeWallonie\",\"https:\/\/www.instagram.com\/gitesdewallonie.be\/\"]}]}<\/script>\n<!-- \/ Yoast SEO Premium plugin. -->","yoast_head_json":{"title":"Het label G\u00eetes et Chambres d'h\u00f4tes de Wallonie - gitesdewallonie.be","robots":{"index":"index","follow":"follow","max-snippet":"max-snippet:-1","max-image-preview":"max-image-preview:large","max-video-preview":"max-video-preview:-1"},"canonical":"https:\/\/gitesdewallonie.be\/nl\/het-label-gites-de-wallonie\/","og_locale":"nl_NL","og_type":"article","og_title":"Het label G\u00eetes et Chambres d'h\u00f4tes de Wallonie","og_description":"Vind meer dan 800 vakantiehuizen en BB&#8217;s gecontroleerd in Walloni\u00eb, waaronder in de Ardennen. Een kwaliteitslabel sinds 1989. Het label G\u00eetes et Chambres d&#8217;h\u00f4tes de Wallonie is het eerste kwaliteitslabel voor vakantiehuisjes en BB\u2019s in Walloni\u00eb.voor vakantiehuisjes en BB\u2019s in Walloni\u00eb. Al onze vakantieverblijven worden regelmatig gecontroleerd door onze experts om een constante kwaliteit te [&hellip;]","og_url":"https:\/\/gitesdewallonie.be\/nl\/het-label-gites-de-wallonie\/","og_site_name":"gitesdewallonie.be","article_publisher":"https:\/\/www.facebook.com\/GitesdeWallonie","article_modified_time":"2026-01-30T15:04:03+00:00","og_image":[{"width":584,"height":389,"url":"https:\/\/gitesdewallonie.be\/wp-content\/uploads\/2024\/03\/bilan-conge-detente-2024-wallons-bruxellois_0-6.jpg","type":"image\/jpeg"}],"twitter_card":"summary_large_image","twitter_misc":{"Est. reading time":"3 minutes"},"schema":{"@context":"https:\/\/schema.org","@graph":[{"@type":"WebPage","@id":"https:\/\/gitesdewallonie.be\/nl\/het-label-gites-de-wallonie\/","url":"https:\/\/gitesdewallonie.be\/nl\/het-label-gites-de-wallonie\/","name":"Het label G\u00eetes et Chambres d'h\u00f4tes de Wallonie - gitesdewallonie.be","isPartOf":{"@id":"https:\/\/gitesdewallonie.be\/nl\/#website"},"primaryImageOfPage":{"@id":"https:\/\/gitesdewallonie.be\/nl\/het-label-gites-de-wallonie\/#primaryimage"},"image":{"@id":"https:\/\/gitesdewallonie.be\/nl\/het-label-gites-de-wallonie\/#primaryimage"},"thumbnailUrl":"https:\/\/gitesdewallonie.be\/wp-content\/uploads\/2024\/03\/bilan-conge-detente-2024-wallons-bruxellois_0-6.jpg","datePublished":"2024-08-26T12:41:43+00:00","dateModified":"2026-01-30T15:04:03+00:00","breadcrumb":{"@id":"https:\/\/gitesdewallonie.be\/nl\/het-label-gites-de-wallonie\/#breadcrumb"},"inLanguage":"nl-NL","potentialAction":[{"@type":"ReadAction","target":["https:\/\/gitesdewallonie.be\/nl\/het-label-gites-de-wallonie\/"]}]},{"@type":"ImageObject","inLanguage":"nl-NL","@id":"https:\/\/gitesdewallonie.be\/nl\/het-label-gites-de-wallonie\/#primaryimage","url":"https:\/\/gitesdewallonie.be\/wp-content\/uploads\/2024\/03\/bilan-conge-detente-2024-wallons-bruxellois_0-6.jpg","contentUrl":"https:\/\/gitesdewallonie.be\/wp-content\/uploads\/2024\/03\/bilan-conge-detente-2024-wallons-bruxellois_0-6.jpg"},{"@type":"BreadcrumbList","@id":"https:\/\/gitesdewallonie.be\/nl\/het-label-gites-de-wallonie\/#breadcrumb","itemListElement":[{"@type":"ListItem","position":1,"name":"Accueil","item":"https:\/\/gitesdewallonie.be\/nl\/"},{"@type":"ListItem","position":2,"name":"Het label G\u00eetes et Chambres d&rsquo;h\u00f4tes de Wallonie"}]},{"@type":"WebSite","@id":"https:\/\/gitesdewallonie.be\/nl\/#website","url":"https:\/\/gitesdewallonie.be\/nl\/","name":"F\u00e9d\u00e9ration des G\u00eetes et Chambres d'h\u00f4tes de Wallonie","description":"","publisher":{"@id":"https:\/\/gitesdewallonie.be\/nl\/#organization"},"potentialAction":[{"@type":"SearchAction","target":{"@type":"EntryPoint","urlTemplate":"https:\/\/gitesdewallonie.be\/nl\/?s={search_term_string}"},"query-input":{"@type":"PropertyValueSpecification","valueRequired":true,"valueName":"search_term_string"}}],"inLanguage":"nl-NL"},{"@type":"Organization","@id":"https:\/\/gitesdewallonie.be\/nl\/#organization","name":"F\u00e9d\u00e9ration des G\u00eetes et Chambres d'h\u00f4tes de Wallonie","alternateName":"GDW","url":"https:\/\/gitesdewallonie.be\/nl\/","logo":{"@type":"ImageObject","inLanguage":"nl-NL","@id":"https:\/\/gitesdewallonie.be\/nl\/#\/schema\/logo\/image\/","url":"https:\/\/gitesdewallonie.be\/wp-content\/uploads\/2024\/08\/logo-gdw.svg","contentUrl":"https:\/\/gitesdewallonie.be\/wp-content\/uploads\/2024\/08\/logo-gdw.svg","caption":"F\u00e9d\u00e9ration des G\u00eetes et Chambres d'h\u00f4tes de Wallonie"},"image":{"@id":"https:\/\/gitesdewallonie.be\/nl\/#\/schema\/logo\/image\/"},"sameAs":["https:\/\/www.facebook.com\/GitesdeWallonie","https:\/\/www.instagram.com\/gitesdewallonie.be\/"]}]}},"_links":{"self":[{"href":"https:\/\/gitesdewallonie.be\/nl\/wp-json\/wp\/v2\/pages\/114461","targetHints":{"allow":["GET"]}}],"collection":[{"href":"https:\/\/gitesdewallonie.be\/nl\/wp-json\/wp\/v2\/pages"}],"about":[{"href":"https:\/\/gitesdewallonie.be\/nl\/wp-json\/wp\/v2\/types\/page"}],"author":[{"embeddable":true,"href":"https:\/\/gitesdewallonie.be\/nl\/wp-json\/wp\/v2\/users\/2"}],"replies":[{"embeddable":true,"href":"https:\/\/gitesdewallonie.be\/nl\/wp-json\/wp\/v2\/comments?post=114461"}],"version-history":[{"count":3,"href":"https:\/\/gitesdewallonie.be\/nl\/wp-json\/wp\/v2\/pages\/114461\/revisions"}],"predecessor-version":[{"id":119706,"href":"https:\/\/gitesdewallonie.be\/nl\/wp-json\/wp\/v2\/pages\/114461\/revisions\/119706"}],"wp:attachment":[{"href":"https:\/\/gitesdewallonie.be\/nl\/wp-json\/wp\/v2\/media?parent=114461"}],"curies":[{"name":"wp","href":"https:\/\/api.w.org\/{rel}","templated":true}]}}