{"id":112909,"date":"2024-08-27T09:13:39","date_gmt":"2024-08-27T07:13:39","guid":{"rendered":"https:\/\/gitesdewallonie.be\/blog\/room\/chambre-2-8\/"},"modified":"2024-08-27T09:13:39","modified_gmt":"2024-08-27T07:13:39","slug":"chambre-2-8","status":"publish","type":"room","link":"https:\/\/gitesdewallonie.be\/nl\/blog\/room\/chambre-2-8\/","title":{"rendered":"Chambre 2"},"content":{"rendered":"","protected":false},"featured_media":0,"template":"","meta":{"lodging_pk":"3109","room_uid":"ae6ef653bcf74295972c2ffc484eaf3c","room_pk":"2553","room_description_fr":"<p>Ferme r\u00e9nov\u00e9e orient\u00e9e culture.\r\nId\u00e9ales pour les couples ou en famille.\r\nChambre accueillante et en toute simplicit\u00e9. Un m\u00e9lange harmonieux de style contemporain tout en respectant l'esprit des lieux.<\/p><p>Nous sommes situ\u00e9 \u00e0 7 km de la ville de Mons et \u00e0 8 km de la ville de Binche. Situation id\u00e9ale pour visiter Mons capital culturelle 2015 et le folklore de Binche. Profitez \u00e9galement des balades dans notre campagne.\r\nUn petit d\u00e9jeuner gourmand sous forme de buffet est offert avec la chambre, flexibilit\u00e9 pour l'heure du service.\r\nAcc\u00e8s facile en voiture et en transport en commun. Possibilit\u00e9 de s\u00e9curiser les v\u00e9los. Parking ais\u00e9 dans la cour de la ferme.\r\nAvis aux allergiques, c'est une ferme et pr\u00e9sence dans la maison de chien et chats.\r\nLes chambres sont orient\u00e9es c\u00f4t\u00e9s rue, pav\u00e9e et peu fr\u00e9quent\u00e9e mais le bruit des voitures peu d\u00e9ranger. L'acc\u00e8s aux chambres se fait par un ancien escalier, assez raide.\r\nProduits d'accueil dans la chambre ainsi que la salle de bain\r\nLe nom provient d\u2019une part du lieudit \u2018La barri\u00e8re\u2019 o\u00f9 l\u2019on raconte qu\u2019\u00e0 l\u2019\u00e9poque des diligences, il y avait une barri\u00e8re avec un droit de passage pour aller d\u2019une ville \u00e0 l\u2019autre. D\u2019autre part, Alezane, la couleur de la robe de nos chevaux, les Haflinger.\r\nFamille passionn\u00e9e par cette race depuis de nombreux ann\u00e9es, nous nous rendons chaque ann\u00e9e en Autriche, dans le berceau de la race afin de suivre leur \u00e9volution et rencontrer d\u2019autre passionn\u00e9s. C\u2019est en logeant chez l\u2019habitant dans les petits villages autrichiens que nous est venu l\u2019id\u00e9e des chambres.<\/p>","room_description_nl":"<p>Gerestaureerde boerderij met focus op cultuur.\r\nIdeaal voor koppels of gezinnen.\r\nGastvrije en heel eenvoudige kamer. Een harmonieuze mix van eigentijdse stijl met respect voor de geest van de plek.<\/p><p>Wij liggen op 7 km van Mons en op 8 km van Binche. Ideale locatie om de culturele hoofdstad Bergen 2015 en de folklore van Binche te bezoeken. Geniet ook van wandelingen op ons platteland.\r\nEen gastronomisch ontbijtbuffet is inbegrepen, op flexibele uren.\r\nGemakkelijk bereikbaar met auto en openbaar vervoer. Mogelijkheid om fietsen te veilig op te bergen. Gemakkelijk parkeren op het erf.\r\nOpgelet: mensen met allergie\u00ebn, dit is een boerderij en er zijn honden en katten in huis.\r\nDe kamers liggen aan de straatkant, verhard en rustig, maar het geluid van auto's kan storend zijn. Toegang tot de kamers is via een oude trap, vrij steil.\r\nWelkomstproducten in de slaapkamer en de badkamer\r\nDe naam komt van een deel van de plaatsnaam van het gehucht \u2018La barri\u00e8re\u2019 waarvan wordt gezegd dat er ten tijde van postkoetsen een barri\u00e8re was met een doorgangsrecht om van de ene stad naar de andere te gaan. Alezane (kastanjekleurig) verwijst naar de kleur van onze paarden, de Haflingers.\r\nOns gezin is al vele jaren gepassioneerd door dit ras, we gaan elk jaar naar Oostenrijk, naar de bakermat van het ras om hun evolutie te volgen en andere enthousiastelingen te ontmoeten. Het idee van kamers in te richten kwam bij ons op nadat we zelf gelogeerd hadden bij gastgezinnen in kleine Oostenrijkse dorpjes.<\/p>","room_description_en":"<p>Renovated farm with a twist of culture.\r\nIdeal for couples or families.\r\nWarm bedroom in full simplicity.\r\nA balanced mix of modern style with traditional setting.<\/p><p>We are based 7 km from Mons and 8 km from Binche. Mons was the capital city of culture in 2015 and Binche is well known for its folklore. The surrounding countryside is great for walking.\r\nWe provide a generous buffet breakfast with the bedroom with flexible opening hours.\r\nYou can get here easily by public transport and by car. The farm courtyard has lots of car parking space. For those with allergies, there is a farm and there are cats and a dog in the house. \r\nThe bedrooms are on the paved road side which is very quiet but you may hear a car pass from time to time. You can get to the bedrooms by an old staircase which may be tricky for some guests. The bedroom has a welcome pack with a bathroom. The name of the place comes from the original place name \u201cLa Barri\u00e8re\u201d (the barrier) where there was a village toll back in the horse and coach travel era. Also, the light horses known as the Haflinger are breeded here by our family. We go every year to the original place of birth of this horse race in Austria to follow the latest trends and meet other breeders. Thanks to a previous stay in a B&B owned by breeders in a village in Austria, we came up with the idea of opening up our place to tourism.<\/p>","room_min_capacity":"2","room_max_capacity":"2","room_number_of_bathrooms":"1","room_number_of_levels":"2","room_floor":"FirstFloor","room_size":"2Double","room_description":"","room_surface_area":"","room_video":"","lodging_min_night":"1","lodging_elloha_offer_id":"","lodging_percent":"{\"rates\":{\"2026\":100},\"general\":100,\"equipments\":100,\"medias\":30,\"total\":83}"},"lodging_external_equipment":[9056],"lodging_household_appliances":[8882,8891],"lodging_interior_equipment":[9042,8877,8879,9035,8880,8881],"lodging_sport_and_leisure":[],"lodging_type_of_stay":[],"lodging_adapted_to":[],"lodging_wellness":[9085],"lodging_baby":[8904,8906],"lodging_car_motorcycle_bike":[8907],"lodging_status":[167],"lodging_other_informations":[],"room_host_table":[],"class_list":["post-112909","room","type-room","status-publish","hentry","lodging_external_equipment-cour","lodging_household_appliances-bouilloire-electrique","lodging_household_appliances-refrigerateur","lodging_interior_equipment-articles-de-toilette-gratuits","lodging_interior_equipment-penderie","lodging_interior_equipment-seche-cheveux","lodging_interior_equipment-serviettes-de-toilette","lodging_interior_equipment-television","lodging_interior_equipment-wi-fi","lodging_wellness-douche-hydromassante","lodging_baby-chaise-pour-enfant","lodging_baby-lit-bebe","lodging_car_motorcycle_bike-local-a-velo","lodging_status-published"],"yoast_head":"<!-- This site is optimized with the Yoast SEO Premium plugin v26.7 (Yoast SEO v26.7) - https:\/\/yoast.com\/wordpress\/plugins\/seo\/ -->\n<title>Chambre 2 - gitesdewallonie.be<\/title>\n<meta name=\"robots\" content=\"noindex, follow\" \/>\n<meta property=\"og:locale\" content=\"nl_NL\" \/>\n<meta property=\"og:type\" content=\"article\" \/>\n<meta property=\"og:title\" content=\"Chambre 2\" \/>\n<meta property=\"og:url\" content=\"https:\/\/gitesdewallonie.be\/nl\/blog\/room\/chambre-2-8\/\" \/>\n<meta property=\"og:site_name\" content=\"gitesdewallonie.be\" \/>\n<meta property=\"article:publisher\" content=\"https:\/\/www.facebook.com\/GitesdeWallonie\" \/>\n<meta name=\"twitter:card\" content=\"summary_large_image\" \/>\n<script type=\"application\/ld+json\" class=\"yoast-schema-graph\">{\"@context\":\"https:\/\/schema.org\",\"@graph\":[{\"@type\":\"WebPage\",\"@id\":\"https:\/\/gitesdewallonie.be\/nl\/blog\/room\/chambre-2-8\/\",\"url\":\"https:\/\/gitesdewallonie.be\/nl\/blog\/room\/chambre-2-8\/\",\"name\":\"Chambre 2 - gitesdewallonie.be\",\"isPartOf\":{\"@id\":\"https:\/\/gitesdewallonie.be\/nl\/#website\"},\"datePublished\":\"2024-08-27T07:13:39+00:00\",\"breadcrumb\":{\"@id\":\"https:\/\/gitesdewallonie.be\/nl\/blog\/room\/chambre-2-8\/#breadcrumb\"},\"inLanguage\":\"nl-NL\",\"potentialAction\":[{\"@type\":\"ReadAction\",\"target\":[\"https:\/\/gitesdewallonie.be\/nl\/blog\/room\/chambre-2-8\/\"]}]},{\"@type\":\"BreadcrumbList\",\"@id\":\"https:\/\/gitesdewallonie.be\/nl\/blog\/room\/chambre-2-8\/#breadcrumb\",\"itemListElement\":[{\"@type\":\"ListItem\",\"position\":1,\"name\":\"Accueil\",\"item\":\"https:\/\/gitesdewallonie.be\/nl\/\"},{\"@type\":\"ListItem\",\"position\":2,\"name\":\"Chambre 2\"}]},{\"@type\":\"WebSite\",\"@id\":\"https:\/\/gitesdewallonie.be\/nl\/#website\",\"url\":\"https:\/\/gitesdewallonie.be\/nl\/\",\"name\":\"F\u00e9d\u00e9ration des G\u00eetes et Chambres d'h\u00f4tes de Wallonie\",\"description\":\"\",\"publisher\":{\"@id\":\"https:\/\/gitesdewallonie.be\/nl\/#organization\"},\"potentialAction\":[{\"@type\":\"SearchAction\",\"target\":{\"@type\":\"EntryPoint\",\"urlTemplate\":\"https:\/\/gitesdewallonie.be\/nl\/?s={search_term_string}\"},\"query-input\":{\"@type\":\"PropertyValueSpecification\",\"valueRequired\":true,\"valueName\":\"search_term_string\"}}],\"inLanguage\":\"nl-NL\"},{\"@type\":\"Organization\",\"@id\":\"https:\/\/gitesdewallonie.be\/nl\/#organization\",\"name\":\"F\u00e9d\u00e9ration des G\u00eetes et Chambres d'h\u00f4tes de Wallonie\",\"alternateName\":\"GDW\",\"url\":\"https:\/\/gitesdewallonie.be\/nl\/\",\"logo\":{\"@type\":\"ImageObject\",\"inLanguage\":\"nl-NL\",\"@id\":\"https:\/\/gitesdewallonie.be\/nl\/#\/schema\/logo\/image\/\",\"url\":\"https:\/\/gitesdewallonie.be\/wp-content\/uploads\/2024\/08\/logo-gdw.svg\",\"contentUrl\":\"https:\/\/gitesdewallonie.be\/wp-content\/uploads\/2024\/08\/logo-gdw.svg\",\"caption\":\"F\u00e9d\u00e9ration des G\u00eetes et Chambres d'h\u00f4tes de Wallonie\"},\"image\":{\"@id\":\"https:\/\/gitesdewallonie.be\/nl\/#\/schema\/logo\/image\/\"},\"sameAs\":[\"https:\/\/www.facebook.com\/GitesdeWallonie\",\"https:\/\/www.instagram.com\/gitesdewallonie.be\/\"]}]}<\/script>\n<!-- \/ Yoast SEO Premium plugin. -->","yoast_head_json":{"title":"Chambre 2 - gitesdewallonie.be","robots":{"index":"noindex","follow":"follow"},"og_locale":"nl_NL","og_type":"article","og_title":"Chambre 2","og_url":"https:\/\/gitesdewallonie.be\/nl\/blog\/room\/chambre-2-8\/","og_site_name":"gitesdewallonie.be","article_publisher":"https:\/\/www.facebook.com\/GitesdeWallonie","twitter_card":"summary_large_image","schema":{"@context":"https:\/\/schema.org","@graph":[{"@type":"WebPage","@id":"https:\/\/gitesdewallonie.be\/nl\/blog\/room\/chambre-2-8\/","url":"https:\/\/gitesdewallonie.be\/nl\/blog\/room\/chambre-2-8\/","name":"Chambre 2 - gitesdewallonie.be","isPartOf":{"@id":"https:\/\/gitesdewallonie.be\/nl\/#website"},"datePublished":"2024-08-27T07:13:39+00:00","breadcrumb":{"@id":"https:\/\/gitesdewallonie.be\/nl\/blog\/room\/chambre-2-8\/#breadcrumb"},"inLanguage":"nl-NL","potentialAction":[{"@type":"ReadAction","target":["https:\/\/gitesdewallonie.be\/nl\/blog\/room\/chambre-2-8\/"]}]},{"@type":"BreadcrumbList","@id":"https:\/\/gitesdewallonie.be\/nl\/blog\/room\/chambre-2-8\/#breadcrumb","itemListElement":[{"@type":"ListItem","position":1,"name":"Accueil","item":"https:\/\/gitesdewallonie.be\/nl\/"},{"@type":"ListItem","position":2,"name":"Chambre 2"}]},{"@type":"WebSite","@id":"https:\/\/gitesdewallonie.be\/nl\/#website","url":"https:\/\/gitesdewallonie.be\/nl\/","name":"F\u00e9d\u00e9ration des G\u00eetes et Chambres d'h\u00f4tes de Wallonie","description":"","publisher":{"@id":"https:\/\/gitesdewallonie.be\/nl\/#organization"},"potentialAction":[{"@type":"SearchAction","target":{"@type":"EntryPoint","urlTemplate":"https:\/\/gitesdewallonie.be\/nl\/?s={search_term_string}"},"query-input":{"@type":"PropertyValueSpecification","valueRequired":true,"valueName":"search_term_string"}}],"inLanguage":"nl-NL"},{"@type":"Organization","@id":"https:\/\/gitesdewallonie.be\/nl\/#organization","name":"F\u00e9d\u00e9ration des G\u00eetes et Chambres d'h\u00f4tes de Wallonie","alternateName":"GDW","url":"https:\/\/gitesdewallonie.be\/nl\/","logo":{"@type":"ImageObject","inLanguage":"nl-NL","@id":"https:\/\/gitesdewallonie.be\/nl\/#\/schema\/logo\/image\/","url":"https:\/\/gitesdewallonie.be\/wp-content\/uploads\/2024\/08\/logo-gdw.svg","contentUrl":"https:\/\/gitesdewallonie.be\/wp-content\/uploads\/2024\/08\/logo-gdw.svg","caption":"F\u00e9d\u00e9ration des G\u00eetes et Chambres d'h\u00f4tes de Wallonie"},"image":{"@id":"https:\/\/gitesdewallonie.be\/nl\/#\/schema\/logo\/image\/"},"sameAs":["https:\/\/www.facebook.com\/GitesdeWallonie","https:\/\/www.instagram.com\/gitesdewallonie.be\/"]}]}},"_links":{"self":[{"href":"https:\/\/gitesdewallonie.be\/nl\/wp-json\/wp\/v2\/room\/112909","targetHints":{"allow":["GET"]}}],"collection":[{"href":"https:\/\/gitesdewallonie.be\/nl\/wp-json\/wp\/v2\/room"}],"about":[{"href":"https:\/\/gitesdewallonie.be\/nl\/wp-json\/wp\/v2\/types\/room"}],"wp:attachment":[{"href":"https:\/\/gitesdewallonie.be\/nl\/wp-json\/wp\/v2\/media?parent=112909"}],"wp:term":[{"taxonomy":"lodging_external_equipment","embeddable":true,"href":"https:\/\/gitesdewallonie.be\/nl\/wp-json\/wp\/v2\/lodging_external_equipment?post=112909"},{"taxonomy":"lodging_household_appliances","embeddable":true,"href":"https:\/\/gitesdewallonie.be\/nl\/wp-json\/wp\/v2\/lodging_household_appliances?post=112909"},{"taxonomy":"lodging_interior_equipment","embeddable":true,"href":"https:\/\/gitesdewallonie.be\/nl\/wp-json\/wp\/v2\/lodging_interior_equipment?post=112909"},{"taxonomy":"lodging_sport_and_leisure","embeddable":true,"href":"https:\/\/gitesdewallonie.be\/nl\/wp-json\/wp\/v2\/lodging_sport_and_leisure?post=112909"},{"taxonomy":"lodging_type_of_stay","embeddable":true,"href":"https:\/\/gitesdewallonie.be\/nl\/wp-json\/wp\/v2\/lodging_type_of_stay?post=112909"},{"taxonomy":"lodging_adapted_to","embeddable":true,"href":"https:\/\/gitesdewallonie.be\/nl\/wp-json\/wp\/v2\/lodging_adapted_to?post=112909"},{"taxonomy":"lodging_wellness","embeddable":true,"href":"https:\/\/gitesdewallonie.be\/nl\/wp-json\/wp\/v2\/lodging_wellness?post=112909"},{"taxonomy":"lodging_baby","embeddable":true,"href":"https:\/\/gitesdewallonie.be\/nl\/wp-json\/wp\/v2\/lodging_baby?post=112909"},{"taxonomy":"lodging_car_motorcycle_bike","embeddable":true,"href":"https:\/\/gitesdewallonie.be\/nl\/wp-json\/wp\/v2\/lodging_car_motorcycle_bike?post=112909"},{"taxonomy":"lodging_status","embeddable":true,"href":"https:\/\/gitesdewallonie.be\/nl\/wp-json\/wp\/v2\/lodging_status?post=112909"},{"taxonomy":"lodging_other_informations","embeddable":true,"href":"https:\/\/gitesdewallonie.be\/nl\/wp-json\/wp\/v2\/lodging_other_informations?post=112909"},{"taxonomy":"room_host_table","embeddable":true,"href":"https:\/\/gitesdewallonie.be\/nl\/wp-json\/wp\/v2\/room_host_table?post=112909"}],"curies":[{"name":"wp","href":"https:\/\/api.w.org\/{rel}","templated":true}]}}