{"id":115661,"date":"2024-10-16T15:33:04","date_gmt":"2024-10-16T13:33:04","guid":{"rendered":"https:\/\/gitesdewallonie.be\/?p=115661"},"modified":"2026-01-29T16:56:15","modified_gmt":"2026-01-29T15:56:15","slug":"duurzaam-vakantie","status":"publish","type":"theme_holidays","link":"https:\/\/gitesdewallonie.be\/nl\/onze-themaverblijven\/duurzaam-vakantie\/","title":{"rendered":"Duurzaam verblijf"},"content":{"rendered":"\n<div class=\"wp-block-group is-layout-constrained wp-block-group-is-layout-constrained\">\n<h2 class=\"wp-block-heading\"><strong>Het Green Key-label garandeert kwaliteit en duurzaamheid.<\/strong><\/h2>\n\n\n\n<p><strong>Iedereen die het label verkrijgt, verbindt zich ertoe op verschillende vlakken inspanningen te leveren :<\/strong><\/p>\n\n\n\n<ul class=\"wp-block-list\">\n<li>bijhouden van water- en energieverbruik<\/li>\n\n\n\n<li>water- en energiebesparing<\/li>\n\n\n\n<li>afvalpreventie en -sortering<\/li>\n\n\n\n<li>behoud van biodiversiteit<\/li>\n\n\n\n<li>duurzaam voedsel en duurzame mobiliteit<\/li>\n\n\n\n<li>gasten informeren en betrekken om de milieu-impact van hun verblijf te beperken<\/li>\n\n\n\n<li>gebruik van meer ecologische producten voor schoonmaak en onderhoud<\/li>\n\n\n\n<li>\u00a0dialoog en communicatie over het milieu, maatschappelijke verantwoordelijkheid en continue verbetering.<\/li>\n<\/ul>\n\n\n\n<p>Elk van deze domeinen houdt verschillende criteria in. Dankzij die lange lijst aan criteria is Green Key met voorsprong het meest ambitieuze label.<\/p>\n\n\n\n<p><strong>Green Key voert een duurzaam beleid op het vlak van :<\/strong><\/p>\n\n\n\n<ul class=\"wp-block-list\">\n<li>het individu : de werknemer, de eigenaar, de zaakvoerder en de klant<\/li>\n\n\n\n<li>het bedrijf : administratie, communicatie, beleid, inkoop, missie<\/li>\n\n\n\n<li>de keten : leveranciers, verenigingen, intercommunales, sectorfederaties, partners, sponsors<\/li>\n\n\n\n<li>de samenleving : groen, afvalpreventie, duurzaam voedsel en duurzame mobiliteit.<\/li>\n<\/ul>\n\n\n\n<p>Green Key gaat veel verder dan een paar maatregelen die het milieu sparen. De criteria worden elke vier jaar herzien, zodat het label een voortrekkersrol blijft spelen in de huidige uitdagingen. De criteria zijn ook erkend door de Global Sustainable Tourism Council (GCTC) en door het UNEP (United Nations Environment Programme).<\/p>\n\n\n\n<p>Op de website&nbsp;<a href=\"https:\/\/www.green-key.be\/\" rel=\"noreferrer noopener\" target=\"_blank\">www.green-key.be<\/a>&nbsp;vindt u alle informatie over het label.&nbsp;<\/p>\n<\/div>\n\n\n\n<div style=\"height:100px\" aria-hidden=\"true\" class=\"wp-block-spacer\"><\/div>\n","protected":false},"featured_media":114319,"template":"","meta":{"lodging_theme_filter_query":"{\"personQty\":{\"adults-qty\":\"0\",\"children-qty\":\"0\",\"babies-qty\":\"0\",\"pets-qty\":\"0\"},\"lodging-label\":[\"green-key\"]}","lodging_theme_filter_query_lodgings":"","lodging_theme_home_title":""},"theme_holidays_category":[9338],"class_list":["post-115661","theme_holidays","type-theme_holidays","status-publish","has-post-thumbnail","hentry","theme_holidays_category-homepage"],"yoast_head":"<!-- This site is optimized with the Yoast SEO Premium plugin v26.7 (Yoast SEO v26.7) - https:\/\/yoast.com\/wordpress\/plugins\/seo\/ -->\n<title>Vakantiehuizen en B&amp;B&#039;s met het label Green Key<\/title>\n<meta name=\"description\" content=\"Verblijf in een vakantiehuis of B&amp;B met het label Green Key in de Ardennen : een milieuvriendelijke accommodatie die comfort, natuur en respect voor het milieu combineert.\" \/>\n<meta name=\"robots\" content=\"index, follow, max-snippet:-1, max-image-preview:large, max-video-preview:-1\" \/>\n<link rel=\"canonical\" href=\"https:\/\/gitesdewallonie.be\/nl\/onze-themaverblijven\/duurzaam-vakantie\/\" \/>\n<meta property=\"og:locale\" content=\"nl_NL\" \/>\n<meta property=\"og:type\" content=\"article\" \/>\n<meta property=\"og:title\" content=\"Duurzaam verblijf\" \/>\n<meta property=\"og:description\" content=\"Verblijf in een vakantiehuis of B&amp;B met het label Green Key in de Ardennen : een milieuvriendelijke accommodatie die comfort, natuur en respect voor het milieu combineert.\" \/>\n<meta property=\"og:url\" content=\"https:\/\/gitesdewallonie.be\/nl\/onze-themaverblijven\/duurzaam-vakantie\/\" \/>\n<meta property=\"og:site_name\" content=\"gitesdewallonie.be\" \/>\n<meta property=\"article:publisher\" content=\"https:\/\/www.facebook.com\/GitesdeWallonie\" \/>\n<meta property=\"article:modified_time\" content=\"2026-01-29T15:56:15+00:00\" \/>\n<meta property=\"og:image\" content=\"https:\/\/gitesdewallonie.be\/wp-content\/uploads\/2024\/05\/gites-et-chambres-dhotes-green-key-en-wallonie.jpeg\" \/>\n\t<meta property=\"og:image:width\" content=\"768\" \/>\n\t<meta property=\"og:image:height\" content=\"511\" \/>\n\t<meta property=\"og:image:type\" content=\"image\/jpeg\" \/>\n<meta name=\"twitter:card\" content=\"summary_large_image\" \/>\n<meta name=\"twitter:label1\" content=\"Est. reading time\" \/>\n\t<meta name=\"twitter:data1\" content=\"2 minutes\" \/>\n<script type=\"application\/ld+json\" class=\"yoast-schema-graph\">{\"@context\":\"https:\/\/schema.org\",\"@graph\":[{\"@type\":\"WebPage\",\"@id\":\"https:\/\/gitesdewallonie.be\/nl\/onze-themaverblijven\/duurzaam-vakantie\/\",\"url\":\"https:\/\/gitesdewallonie.be\/nl\/onze-themaverblijven\/duurzaam-vakantie\/\",\"name\":\"Vakantiehuizen en B&B's met het label Green Key\",\"isPartOf\":{\"@id\":\"https:\/\/gitesdewallonie.be\/nl\/#website\"},\"primaryImageOfPage\":{\"@id\":\"https:\/\/gitesdewallonie.be\/nl\/onze-themaverblijven\/duurzaam-vakantie\/#primaryimage\"},\"image\":{\"@id\":\"https:\/\/gitesdewallonie.be\/nl\/onze-themaverblijven\/duurzaam-vakantie\/#primaryimage\"},\"thumbnailUrl\":\"https:\/\/gitesdewallonie.be\/wp-content\/uploads\/2024\/05\/gites-et-chambres-dhotes-green-key-en-wallonie.jpeg\",\"datePublished\":\"2024-10-16T13:33:04+00:00\",\"dateModified\":\"2026-01-29T15:56:15+00:00\",\"description\":\"Verblijf in een vakantiehuis of B&B met het label Green Key in de Ardennen : een milieuvriendelijke accommodatie die comfort, natuur en respect voor het milieu combineert.\",\"breadcrumb\":{\"@id\":\"https:\/\/gitesdewallonie.be\/nl\/onze-themaverblijven\/duurzaam-vakantie\/#breadcrumb\"},\"inLanguage\":\"nl-NL\",\"potentialAction\":[{\"@type\":\"ReadAction\",\"target\":[\"https:\/\/gitesdewallonie.be\/nl\/onze-themaverblijven\/duurzaam-vakantie\/\"]}]},{\"@type\":\"ImageObject\",\"inLanguage\":\"nl-NL\",\"@id\":\"https:\/\/gitesdewallonie.be\/nl\/onze-themaverblijven\/duurzaam-vakantie\/#primaryimage\",\"url\":\"https:\/\/gitesdewallonie.be\/wp-content\/uploads\/2024\/05\/gites-et-chambres-dhotes-green-key-en-wallonie.jpeg\",\"contentUrl\":\"https:\/\/gitesdewallonie.be\/wp-content\/uploads\/2024\/05\/gites-et-chambres-dhotes-green-key-en-wallonie.jpeg\",\"width\":768,\"height\":511},{\"@type\":\"BreadcrumbList\",\"@id\":\"https:\/\/gitesdewallonie.be\/nl\/onze-themaverblijven\/duurzaam-vakantie\/#breadcrumb\",\"itemListElement\":[{\"@type\":\"ListItem\",\"position\":1,\"name\":\"Accueil\",\"item\":\"https:\/\/gitesdewallonie.be\/nl\/\"},{\"@type\":\"ListItem\",\"position\":2,\"name\":\"Themaverblijven\",\"item\":\"https:\/\/gitesdewallonie.be\/nl\/onze-themaverblijven\/\"},{\"@type\":\"ListItem\",\"position\":3,\"name\":\"Duurzaam verblijf\"}]},{\"@type\":\"WebSite\",\"@id\":\"https:\/\/gitesdewallonie.be\/nl\/#website\",\"url\":\"https:\/\/gitesdewallonie.be\/nl\/\",\"name\":\"F\u00e9d\u00e9ration des G\u00eetes et Chambres d'h\u00f4tes de Wallonie\",\"description\":\"\",\"publisher\":{\"@id\":\"https:\/\/gitesdewallonie.be\/nl\/#organization\"},\"potentialAction\":[{\"@type\":\"SearchAction\",\"target\":{\"@type\":\"EntryPoint\",\"urlTemplate\":\"https:\/\/gitesdewallonie.be\/nl\/?s={search_term_string}\"},\"query-input\":{\"@type\":\"PropertyValueSpecification\",\"valueRequired\":true,\"valueName\":\"search_term_string\"}}],\"inLanguage\":\"nl-NL\"},{\"@type\":\"Organization\",\"@id\":\"https:\/\/gitesdewallonie.be\/nl\/#organization\",\"name\":\"F\u00e9d\u00e9ration des G\u00eetes et Chambres d'h\u00f4tes de Wallonie\",\"alternateName\":\"GDW\",\"url\":\"https:\/\/gitesdewallonie.be\/nl\/\",\"logo\":{\"@type\":\"ImageObject\",\"inLanguage\":\"nl-NL\",\"@id\":\"https:\/\/gitesdewallonie.be\/nl\/#\/schema\/logo\/image\/\",\"url\":\"https:\/\/gitesdewallonie.be\/wp-content\/uploads\/2024\/08\/logo-gdw.svg\",\"contentUrl\":\"https:\/\/gitesdewallonie.be\/wp-content\/uploads\/2024\/08\/logo-gdw.svg\",\"caption\":\"F\u00e9d\u00e9ration des G\u00eetes et Chambres d'h\u00f4tes de Wallonie\"},\"image\":{\"@id\":\"https:\/\/gitesdewallonie.be\/nl\/#\/schema\/logo\/image\/\"},\"sameAs\":[\"https:\/\/www.facebook.com\/GitesdeWallonie\",\"https:\/\/www.instagram.com\/gitesdewallonie.be\/\"]}]}<\/script>\n<!-- \/ Yoast SEO Premium plugin. -->","yoast_head_json":{"title":"Vakantiehuizen en B&B's met het label Green Key","description":"Verblijf in een vakantiehuis of B&B met het label Green Key in de Ardennen : een milieuvriendelijke accommodatie die comfort, natuur en respect voor het milieu combineert.","robots":{"index":"index","follow":"follow","max-snippet":"max-snippet:-1","max-image-preview":"max-image-preview:large","max-video-preview":"max-video-preview:-1"},"canonical":"https:\/\/gitesdewallonie.be\/nl\/onze-themaverblijven\/duurzaam-vakantie\/","og_locale":"nl_NL","og_type":"article","og_title":"Duurzaam verblijf","og_description":"Verblijf in een vakantiehuis of B&B met het label Green Key in de Ardennen : een milieuvriendelijke accommodatie die comfort, natuur en respect voor het milieu combineert.","og_url":"https:\/\/gitesdewallonie.be\/nl\/onze-themaverblijven\/duurzaam-vakantie\/","og_site_name":"gitesdewallonie.be","article_publisher":"https:\/\/www.facebook.com\/GitesdeWallonie","article_modified_time":"2026-01-29T15:56:15+00:00","og_image":[{"width":768,"height":511,"url":"https:\/\/gitesdewallonie.be\/wp-content\/uploads\/2024\/05\/gites-et-chambres-dhotes-green-key-en-wallonie.jpeg","type":"image\/jpeg"}],"twitter_card":"summary_large_image","twitter_misc":{"Est. reading time":"2 minutes"},"schema":{"@context":"https:\/\/schema.org","@graph":[{"@type":"WebPage","@id":"https:\/\/gitesdewallonie.be\/nl\/onze-themaverblijven\/duurzaam-vakantie\/","url":"https:\/\/gitesdewallonie.be\/nl\/onze-themaverblijven\/duurzaam-vakantie\/","name":"Vakantiehuizen en B&B's met het label Green Key","isPartOf":{"@id":"https:\/\/gitesdewallonie.be\/nl\/#website"},"primaryImageOfPage":{"@id":"https:\/\/gitesdewallonie.be\/nl\/onze-themaverblijven\/duurzaam-vakantie\/#primaryimage"},"image":{"@id":"https:\/\/gitesdewallonie.be\/nl\/onze-themaverblijven\/duurzaam-vakantie\/#primaryimage"},"thumbnailUrl":"https:\/\/gitesdewallonie.be\/wp-content\/uploads\/2024\/05\/gites-et-chambres-dhotes-green-key-en-wallonie.jpeg","datePublished":"2024-10-16T13:33:04+00:00","dateModified":"2026-01-29T15:56:15+00:00","description":"Verblijf in een vakantiehuis of B&B met het label Green Key in de Ardennen : een milieuvriendelijke accommodatie die comfort, natuur en respect voor het milieu combineert.","breadcrumb":{"@id":"https:\/\/gitesdewallonie.be\/nl\/onze-themaverblijven\/duurzaam-vakantie\/#breadcrumb"},"inLanguage":"nl-NL","potentialAction":[{"@type":"ReadAction","target":["https:\/\/gitesdewallonie.be\/nl\/onze-themaverblijven\/duurzaam-vakantie\/"]}]},{"@type":"ImageObject","inLanguage":"nl-NL","@id":"https:\/\/gitesdewallonie.be\/nl\/onze-themaverblijven\/duurzaam-vakantie\/#primaryimage","url":"https:\/\/gitesdewallonie.be\/wp-content\/uploads\/2024\/05\/gites-et-chambres-dhotes-green-key-en-wallonie.jpeg","contentUrl":"https:\/\/gitesdewallonie.be\/wp-content\/uploads\/2024\/05\/gites-et-chambres-dhotes-green-key-en-wallonie.jpeg","width":768,"height":511},{"@type":"BreadcrumbList","@id":"https:\/\/gitesdewallonie.be\/nl\/onze-themaverblijven\/duurzaam-vakantie\/#breadcrumb","itemListElement":[{"@type":"ListItem","position":1,"name":"Accueil","item":"https:\/\/gitesdewallonie.be\/nl\/"},{"@type":"ListItem","position":2,"name":"Themaverblijven","item":"https:\/\/gitesdewallonie.be\/nl\/onze-themaverblijven\/"},{"@type":"ListItem","position":3,"name":"Duurzaam verblijf"}]},{"@type":"WebSite","@id":"https:\/\/gitesdewallonie.be\/nl\/#website","url":"https:\/\/gitesdewallonie.be\/nl\/","name":"F\u00e9d\u00e9ration des G\u00eetes et Chambres d'h\u00f4tes de Wallonie","description":"","publisher":{"@id":"https:\/\/gitesdewallonie.be\/nl\/#organization"},"potentialAction":[{"@type":"SearchAction","target":{"@type":"EntryPoint","urlTemplate":"https:\/\/gitesdewallonie.be\/nl\/?s={search_term_string}"},"query-input":{"@type":"PropertyValueSpecification","valueRequired":true,"valueName":"search_term_string"}}],"inLanguage":"nl-NL"},{"@type":"Organization","@id":"https:\/\/gitesdewallonie.be\/nl\/#organization","name":"F\u00e9d\u00e9ration des G\u00eetes et Chambres d'h\u00f4tes de Wallonie","alternateName":"GDW","url":"https:\/\/gitesdewallonie.be\/nl\/","logo":{"@type":"ImageObject","inLanguage":"nl-NL","@id":"https:\/\/gitesdewallonie.be\/nl\/#\/schema\/logo\/image\/","url":"https:\/\/gitesdewallonie.be\/wp-content\/uploads\/2024\/08\/logo-gdw.svg","contentUrl":"https:\/\/gitesdewallonie.be\/wp-content\/uploads\/2024\/08\/logo-gdw.svg","caption":"F\u00e9d\u00e9ration des G\u00eetes et Chambres d'h\u00f4tes de Wallonie"},"image":{"@id":"https:\/\/gitesdewallonie.be\/nl\/#\/schema\/logo\/image\/"},"sameAs":["https:\/\/www.facebook.com\/GitesdeWallonie","https:\/\/www.instagram.com\/gitesdewallonie.be\/"]}]}},"_links":{"self":[{"href":"https:\/\/gitesdewallonie.be\/nl\/wp-json\/wp\/v2\/theme_holidays\/115661","targetHints":{"allow":["GET"]}}],"collection":[{"href":"https:\/\/gitesdewallonie.be\/nl\/wp-json\/wp\/v2\/theme_holidays"}],"about":[{"href":"https:\/\/gitesdewallonie.be\/nl\/wp-json\/wp\/v2\/types\/theme_holidays"}],"wp:featuredmedia":[{"embeddable":true,"href":"https:\/\/gitesdewallonie.be\/nl\/wp-json\/wp\/v2\/media\/114319"}],"wp:attachment":[{"href":"https:\/\/gitesdewallonie.be\/nl\/wp-json\/wp\/v2\/media?parent=115661"}],"wp:term":[{"taxonomy":"theme_holidays_category","embeddable":true,"href":"https:\/\/gitesdewallonie.be\/nl\/wp-json\/wp\/v2\/theme_holidays_category?post=115661"}],"curies":[{"name":"wp","href":"https:\/\/api.w.org\/{rel}","templated":true}]}}